{"id":734,"date":"2013-04-01T15:37:54","date_gmt":"2013-04-01T13:37:54","guid":{"rendered":"http:\/\/www.kriesi.at\/themes\/enfold\/?page_id=734"},"modified":"2025-11-07T17:24:25","modified_gmt":"2025-11-07T16:24:25","slug":"homepage","status":"publish","type":"page","link":"https:\/\/www.ekiz-sued.at\/ekiz\/","title":{"rendered":"Home"},"content":{"rendered":"<div id='layer_slider_1'  class='avia-layerslider main_color avia-shadow  avia-builder-el-0  el_before_av_one_third  avia-builder-el-first  container_wrap sidebar_right'  style='height: 471px;'  ><\/div><div id='after_layer_slider_1'  class='main_color av_default_container_wrap container_wrap sidebar_right'  ><div class='container av-section-cont-open' ><div class='template-page content  av-content-small alpha units'><div class='post-entry post-entry-type-page post-entry-734'><div class='entry-content-wrapper clearfix'>\n<div class='flex_column av-wc37a-83fd35f03681d5c2e1e8bedb000dd0ca av_one_third  avia-builder-el-1  el_after_av_layerslider  el_before_av_one_third  avia-builder-el-first  first flex_column_div '   ><article  class=\"iconbox iconbox_left av-8vqlqm-b4427eaeb4697af1609a45bf40d2accb  avia-builder-el-2  avia-builder-el-no-sibling  \"  itemscope=\"itemscope\" itemtype=\"https:\/\/schema.org\/CreativeWork\" ><div class=\"iconbox_content\"><header class=\"entry-content-header\"><div class=\"iconbox_icon heading-color\" aria-hidden='true' data-av_icon='\ue889' data-av_iconfont='entypo-fontello'><\/div><h3 class='iconbox_content_title  '  itemprop=\"headline\" >Programmheft 2026<\/h3><\/header><div class='iconbox_content_container  '  itemprop=\"text\" ><p>Unsere Angebote im EKIZ und Familienzentrum:<br \/>\n<a href=\"http:\/\/www.ekiz-sued.at\/2026-web.pdf\" target=\"_blank\" rel=\"noopener\">Download, pdf<\/a><\/p>\n<p><a href=\"https:\/\/www.ekiz-sued.at\/ekiz\/wp-content\/uploads\/2025\/11\/2026-ekiz.png\"><img loading=\"lazy\" decoding=\"async\" class=\"alignnone wp-image-4270\" src=\"https:\/\/www.ekiz-sued.at\/ekiz\/wp-content\/uploads\/2025\/11\/2026-ekiz.png\" alt=\"\" width=\"181\" height=\"237\" \/><\/a><\/p>\n<p><a href=\"http:\/\/www.ekiz-sued.at\/2026-web.pdf\" target=\"_blank\" rel=\"noopener\">Gerne auch in Papierform erh\u00e4ltlich!<br \/>\nDownload, pdf<\/a><\/p>\n<\/div><\/div><footer class=\"entry-footer\"><\/footer><\/article><\/div><div class='flex_column av-9ds0li-75366c5dfe6fb4f2ba81e4bdc4214f7b av_one_third  avia-builder-el-3  el_after_av_one_third  el_before_av_one_third  flex_column_div '   ><article  class=\"iconbox iconbox_left av-9jma1i-22cfd4fa9654afb503012f81d1fb51e8  avia-builder-el-4  avia-builder-el-no-sibling  \"  itemscope=\"itemscope\" itemtype=\"https:\/\/schema.org\/CreativeWork\" ><div class=\"iconbox_content\"><header class=\"entry-content-header\"><div class=\"iconbox_icon heading-color\" aria-hidden='true' data-av_icon='\ue807' data-av_iconfont='entypo-fontello'><\/div><h3 class='iconbox_content_title  '  itemprop=\"headline\" >Herzlich willkommen im Eltern-Kind-Zentrum <\/h3><\/header><div class='iconbox_content_container  '  itemprop=\"text\" ><p>Wir sind ein Platz f\u00fcr Familien.<\/p>\n<p>Bei uns findest Du eine vertrauensvolle Umgebung, Kontakt zu anderen Familien und viele Informationen rund um Deine Familie.<\/p>\n<p><em>\u201eEs braucht ein ganzes Dorf um ein Kind zu erziehen.\u201c<\/em><br \/>\nGerne sind wir ein Teil Deines Dorfes und begleiten Dich und Deine Familie.<\/p>\n<p><em>Komm vorbei und lerne uns kennen.<br \/>\nWir freuen uns auf Dich!<\/em><\/p>\n<\/div><\/div><footer class=\"entry-footer\"><\/footer><\/article><\/div><\/p>\n<div class='flex_column av-1q1la-f1fbd5f739dc08bf1e7b2e5bbe04c566 av_one_third  avia-builder-el-5  el_after_av_one_third  el_before_av_section  avia-builder-el-last  flex_column_div '   ><p><article  class=\"iconbox iconbox_left av-95k97y-c29cdf9ee8043b08df5aafbd63044ae4  avia-builder-el-6  el_before_av_icon_box  avia-builder-el-first  \"  itemscope=\"itemscope\" itemtype=\"https:\/\/schema.org\/CreativeWork\" ><div class=\"iconbox_content\"><header class=\"entry-content-header\"><div class=\"iconbox_icon heading-color\" aria-hidden='true' data-av_icon='\ue806' data-av_iconfont='entypo-fontello'><\/div><h3 class='iconbox_content_title  '  itemprop=\"headline\" >Unterst\u00fctzung<\/h3><\/header><div class='iconbox_content_container  '  itemprop=\"text\" ><p>Sie wollen unsere Arbeit im Eltern-Kind-Zentrum finanziell oder ideell unterst\u00fctzen?<\/p>\n<p><a href=\"..\/ekiz\/unterstuetzen\/\"><img loading=\"lazy\" decoding=\"async\" class=\"alignnone wp-image-3400\" src=\"..\/wp-content\/uploads\/2021\/12\/spende-300x254.jpg\" alt=\"Unterst\u00fctzung\" width=\"137\" height=\"117\" srcset=\"https:\/\/www.ekiz-sued.at\/ekiz\/wp-content\/uploads\/2021\/12\/spende-300x254.jpg 300w, https:\/\/www.ekiz-sued.at\/ekiz\/wp-content\/uploads\/2021\/12\/spende-768x650.jpg 768w, https:\/\/www.ekiz-sued.at\/ekiz\/wp-content\/uploads\/2021\/12\/spende-705x597.jpg 705w, https:\/\/www.ekiz-sued.at\/ekiz\/wp-content\/uploads\/2021\/12\/spende.jpg 1024w\" sizes=\"auto, (max-width: 137px) 100vw, 137px\" \/><\/a><\/p>\n<\/div><\/div><footer class=\"entry-footer\"><\/footer><\/article><br \/>\n<article  class=\"iconbox iconbox_left av-9m3o6-8ed61a48a45b34ebc405a799a45d487f  avia-builder-el-7  el_after_av_icon_box  avia-builder-el-last  \"  itemscope=\"itemscope\" itemtype=\"https:\/\/schema.org\/CreativeWork\" ><div class=\"iconbox_content\"><header class=\"entry-content-header\"><div class=\"iconbox_icon heading-color\" aria-hidden='true' data-av_icon='\ue80b' data-av_iconfont='entypo-fontello'><\/div><h3 class='iconbox_content_title  '  itemprop=\"headline\" >Mitglied werden<\/h3><\/header><div class='iconbox_content_container  '  itemprop=\"text\" ><p>Es gibt die M\u00f6glichkeit Mitglied im EKiZ &amp; Familienzentrum zu werden.<\/p>\n<p><strong><a href=\"https:\/\/www.ekiz-sued.at\/ekiz\/ekiz\/mitgliedschaft\/\">Vorteile der Mitgliedschaft &#8211; weitere Informationen.<\/a><br \/>\n<\/strong><\/p>\n<\/div><\/div><footer class=\"entry-footer\"><\/footer><\/article><\/p><\/div>\n<\/div><\/div><\/div><!-- close content main div --><\/div><\/div><div id='av_section_1'  class='avia-section av-v8ue6-17e733b4c7af8d4d8a00a15a274d3fde alternate_color avia-section-large avia-shadow  avia-builder-el-8  el_after_av_one_third  el_before_av_section  avia-bg-style-scroll  container_wrap sidebar_right'  ><div class='container av-section-cont-open' ><div class='template-page content  av-content-small alpha units'><div class='post-entry post-entry-type-page post-entry-734'><div class='entry-content-wrapper clearfix'>\n<div class='flex_column av-8kw4n2-3b37137224b9c3fdcca689adcccdfcf8 av_one_full  avia-builder-el-9  avia-builder-el-no-sibling  first flex_column_div '   ><section  class='av_textblock_section av-8enwvq-58691b43c7774dd067647efd15f6e2a6 '  itemscope=\"itemscope\" itemtype=\"https:\/\/schema.org\/CreativeWork\" ><div class='avia_textblock '  itemprop=\"text\" ><h2 style=\"text-align: center;\">EKiZ- Ein Kind ist Zukunft<\/h2>\n<\/div><\/section><br \/>\n<div  class='hr av-85efha-b88bf2d9ff433f355a139f04fc9ee811 hr-short  avia-builder-el-11  el_after_av_textblock  el_before_av_textblock  hr-center '><span class='hr-inner '><span class=\"hr-inner-style\"><\/span><\/span><\/div><br \/>\n<section  class='av_textblock_section av-816dpq-8c928dbde4163961f89656f0193c43bb '  itemscope=\"itemscope\" itemtype=\"https:\/\/schema.org\/CreativeWork\" ><div class='avia_textblock '  itemprop=\"text\" ><p style=\"text-align: center;\">Im Zentrum unserer Arbeit stehen<strong> Eltern<\/strong> und <strong>Kinder<\/strong>. Durch unsere Bildungs- und Bewegungsangebote wollen wir die Kompetenz und das Vertrauen der Eltern in ihre eigenen F\u00e4higkeiten st\u00e4rken, denn Kinder brauchen eine einf\u00fchlsame und verst\u00e4ndnisvolle Beziehung, um zu starken eigenst\u00e4ndigen Personen heranzuwachsen, die ihr Leben selbstbewusst gestalten.<\/p>\n<h3 style=\"text-align: center;\">Wir arbeiten pr\u00e4ventiv &#8211; Kinder sind unsere Zukunft!<\/h3>\n<p style=\"text-align: center;\">Das EKiZ S\u00fcd will werdende und junge Eltern ermutigen, unterst\u00fctzen und informieren.<\/p>\n<p style=\"text-align: center;\">Nicht nur Kinder brauchen Kinder, um gl\u00fccklich zu werden und soziale Kompetenz zu st\u00e4rken, sondern auch Eltern Orte, wo sie mit anderen Eltern \u00fcber dies und das, aber vor allem \u00fcber den Familienalltag reden k\u00f6nnen.<\/p>\n<p style=\"text-align: center;\">Besonders in der Zeit, in der die Kinder noch sehr klein sind, ist es meist f\u00fcr die M\u00fctter eine Bereicherung, sich mit anderen Eltern, die sich in derselben Lebens-phase befinden, auszutauschen.<\/p>\n<h5 style=\"text-align: center;\">Wir wollen Eltern unterst\u00fctzen, ihre Verantwortung sich selbst und ihren Kindern gegen\u00fcber besser wahrzunehmen.<\/h5>\n<h6><\/h6>\n<p style=\"text-align: center;\">Eltern sein und Kind sein kann belastend sein &#8211; alleine.<br \/>\nGemeinsam, mit Austausch und Information, geht vieles leichter.<\/p>\n<\/div><\/section><br \/>\n\n<style type=\"text\/css\" data-created_by=\"avia_inline_auto\" id=\"style-css-av-7u8tx2-00691f6632d58c58a0c6228691b889ab\">\n#top .hr.hr-invisible.av-7u8tx2-00691f6632d58c58a0c6228691b889ab{\nheight:70px;\n}\n<\/style>\n<div  class='hr av-7u8tx2-00691f6632d58c58a0c6228691b889ab hr-invisible  avia-builder-el-13  el_after_av_textblock  el_before_av_portfolio  avia-builder-el-last  '><span class='hr-inner '><span class=\"hr-inner-style\"><\/span><\/span><\/div><br \/>\n<div  id=\"av-sc-portfolio-1\"  class=' grid-sort-container isotope   no_margin-container with-title-container grid-total-odd grid-col-5 grid-links-' data-portfolio-id='1'><div data-ajax-id='46' class=' grid-entry flex_column isotope-item all_sort no_margin post-entry post-entry-46 grid-entry-overview grid-loop-1 grid-parity-odd   av_one_fifth first default_av_fullwidth '><article class='main_color inner-entry'  itemscope=\"itemscope\" itemtype=\"https:\/\/schema.org\/CreativeWork\" ><a href=\"https:\/\/www.ekiz-sued.at\/ekiz\/portfolio-item\/babykurse\/\" title='Geburt &#038; Schwangerschaft | Babyangebote'  data-rel='grid-1' class='grid-image avia-hover-fx'> <img decoding=\"async\" width=\"260\" height=\"185\" src=\"https:\/\/www.ekiz-sued.at\/ekiz\/wp-content\/uploads\/2011\/12\/Fotolia_28862961_M-260x185.jpg\" class=\"wp-image-3440 avia-img-lazy-loading-not-3440 attachment-portfolio_small size-portfolio_small wp-post-image\" alt=\"\" \/><\/a><div class='grid-content'><div class='avia-arrow'><\/div><header class=\"entry-content-header\"><h3 class='grid-entry-title entry-title '  itemprop=\"headline\" ><a href='https:\/\/www.ekiz-sued.at\/ekiz\/portfolio-item\/babykurse\/' title='Geburt &#038; Schwangerschaft | Babyangebote'>Geburt &#038; Schwangerschaft | Babyangebote<\/a><\/h3><\/header><\/div><footer class=\"entry-footer\"><\/footer><\/article><\/div><div data-ajax-id='44' class=' grid-entry flex_column isotope-item all_sort no_margin post-entry post-entry-44 grid-entry-overview grid-loop-2 grid-parity-even   av_one_fifth  default_av_fullwidth '><article class='main_color inner-entry'  itemscope=\"itemscope\" itemtype=\"https:\/\/schema.org\/CreativeWork\" ><a href=\"https:\/\/www.ekiz-sued.at\/ekiz\/portfolio-item\/kinderangebote\/\" title='Kinderangebote | Vorlese- und Mitmachgeschichten'  data-rel='grid-1' class='grid-image avia-hover-fx'> <img decoding=\"async\" width=\"260\" height=\"185\" src=\"https:\/\/www.ekiz-sued.at\/ekiz\/wp-content\/uploads\/2021\/12\/kinder-260x185.jpg\" class=\"wp-image-3438 avia-img-lazy-loading-not-3438 attachment-portfolio_small size-portfolio_small wp-post-image\" alt=\"\" \/><\/a><div class='grid-content'><div class='avia-arrow'><\/div><header class=\"entry-content-header\"><h3 class='grid-entry-title entry-title '  itemprop=\"headline\" ><a href='https:\/\/www.ekiz-sued.at\/ekiz\/portfolio-item\/kinderangebote\/' title='Kinderangebote | Vorlese- und Mitmachgeschichten'>Kinderangebote | Vorlese- und Mitmachgeschichten<\/a><\/h3><\/header><\/div><footer class=\"entry-footer\"><\/footer><\/article><\/div><div data-ajax-id='41' class=' grid-entry flex_column isotope-item all_sort no_margin post-entry post-entry-41 grid-entry-overview grid-loop-3 grid-parity-odd   av_one_fifth  default_av_fullwidth '><article class='main_color inner-entry'  itemscope=\"itemscope\" itemtype=\"https:\/\/schema.org\/CreativeWork\" ><a href=\"https:\/\/www.ekiz-sued.at\/ekiz\/portfolio-item\/portfolio-big\/\" title='Gesundheit | Ern\u00e4hrung | Bewegung'  data-rel='grid-1' class='grid-image avia-hover-fx'> <img decoding=\"async\" width=\"260\" height=\"185\" src=\"https:\/\/www.ekiz-sued.at\/ekiz\/wp-content\/uploads\/2011\/12\/Fotolia_71056424_XS-260x185.jpg\" class=\"wp-image-3449 avia-img-lazy-loading-not-3449 attachment-portfolio_small size-portfolio_small wp-post-image\" alt=\"\" \/><\/a><div class='grid-content'><div class='avia-arrow'><\/div><header class=\"entry-content-header\"><h3 class='grid-entry-title entry-title '  itemprop=\"headline\" ><a href='https:\/\/www.ekiz-sued.at\/ekiz\/portfolio-item\/portfolio-big\/' title='Gesundheit | Ern\u00e4hrung | Bewegung'>Gesundheit | Ern\u00e4hrung | Bewegung<\/a><\/h3><\/header><\/div><footer class=\"entry-footer\"><\/footer><\/article><\/div><div data-ajax-id='3653' class=' grid-entry flex_column isotope-item all_sort no_margin post-entry post-entry-3653 grid-entry-overview grid-loop-4 grid-parity-even   av_one_fifth  default_av_fullwidth '><article class='main_color inner-entry'  itemscope=\"itemscope\" itemtype=\"https:\/\/schema.org\/CreativeWork\" ><a href=\"https:\/\/www.ekiz-sued.at\/ekiz\/portfolio-item\/elternbildung\/\" title='Elternbildung'  data-rel='grid-1' class='grid-image avia-hover-fx'> <img decoding=\"async\" width=\"260\" height=\"185\" src=\"https:\/\/www.ekiz-sued.at\/ekiz\/wp-content\/uploads\/2022\/01\/Fotolia_55304369_L-260x185.jpg\" class=\"wp-image-3656 avia-img-lazy-loading-not-3656 attachment-portfolio_small size-portfolio_small wp-post-image\" alt=\"\" \/><\/a><div class='grid-content'><div class='avia-arrow'><\/div><header class=\"entry-content-header\"><h3 class='grid-entry-title entry-title '  itemprop=\"headline\" ><a href='https:\/\/www.ekiz-sued.at\/ekiz\/portfolio-item\/elternbildung\/' title='Elternbildung'>Elternbildung<\/a><\/h3><\/header><\/div><footer class=\"entry-footer\"><\/footer><\/article><\/div><div data-ajax-id='45' class=' grid-entry flex_column isotope-item all_sort no_margin post-entry post-entry-45 grid-entry-overview grid-loop-5 grid-parity-odd  post-entry-last   av_one_fifth  default_av_fullwidth '><article class='main_color inner-entry'  itemscope=\"itemscope\" itemtype=\"https:\/\/schema.org\/CreativeWork\" ><a href=\"https:\/\/www.ekiz-sued.at\/ekiz\/portfolio-item\/generationenkurse\/\" title='Generationenkurse'  data-rel='grid-1' class='grid-image avia-hover-fx'> <img decoding=\"async\" width=\"260\" height=\"185\" src=\"https:\/\/www.ekiz-sued.at\/ekiz\/wp-content\/uploads\/2011\/01\/Fotolia_51433524_S-Kopie-260x185.jpg\" class=\"wp-image-3453 avia-img-lazy-loading-not-3453 attachment-portfolio_small size-portfolio_small wp-post-image\" alt=\"\" \/><\/a><div class='grid-content'><div class='avia-arrow'><\/div><header class=\"entry-content-header\"><h3 class='grid-entry-title entry-title '  itemprop=\"headline\" ><a href='https:\/\/www.ekiz-sued.at\/ekiz\/portfolio-item\/generationenkurse\/' title='Generationenkurse'>Generationenkurse<\/a><\/h3><\/header><\/div><footer class=\"entry-footer\"><\/footer><\/article><\/div><\/div><br \/>\n<div  class='hr av-7k3ouu-2a3c08e1a8f240d3aeeea4be3b6a3bb1 hr-short  avia-builder-el-15  el_after_av_portfolio  avia-builder-el-no-sibling  hr-center '><span class='hr-inner '><span class=\"hr-inner-style\"><\/span><\/span><\/div><\/p><\/div>\n\n<\/div><\/div><\/div><!-- close content main div --><\/div><\/div><div id='av_section_2'  class='avia-section av-6yv9ke-d07130d20283d76b564702ce841ec6d1 main_color avia-section-large avia-no-shadow  avia-builder-el-16  el_after_av_section  el_before_av_section  avia-bg-style-scroll  container_wrap sidebar_right'  ><div class='container av-section-cont-open' ><div class='template-page content  av-content-small alpha units'><div class='post-entry post-entry-type-page post-entry-734'><div class='entry-content-wrapper clearfix'>\n<div class='flex_column av-6wk6tq-e9bd7297d69323ced2fe1cb0baa99ef7 av_one_half  avia-builder-el-17  el_before_av_one_half  avia-builder-el-first  first flex_column_div '   ><section  class='av_textblock_section av-kyod78zb-619e1727cf491ab4bc831ffc200e2c1f '  itemscope=\"itemscope\" itemtype=\"https:\/\/schema.org\/CreativeWork\" ><div class='avia_textblock '  itemprop=\"text\" ><p><iframe loading=\"lazy\" src=\"https:\/\/my.matterport.com\/show\/?m=oYGzRc3t76T\" width=\"420\" height=\"260\" frameborder=\"0\" allowfullscreen=\"allowfullscreen\"><\/iframe><\/p>\n<p><iframe loading=\"lazy\" src=\"https:\/\/my.matterport.com\/show\/?m=uWRG26CEBuw&amp;brand=0\" width=\"420\" height=\"260\" frameborder=\"0\" allowfullscreen=\"allowfullscreen\"><\/iframe><\/p>\n<\/div><\/section><\/div><div class='flex_column av-6krpym-e50f40218b32d4bdcde44be2959c5f42 av_one_half  avia-builder-el-19  el_after_av_one_half  avia-builder-el-last  flex_column_div '   ><section  class='av_textblock_section av-n052e-0aa26dc86de83b9bb0c9876bfa3432a5 '  itemscope=\"itemscope\" itemtype=\"https:\/\/schema.org\/CreativeWork\" ><div class='avia_textblock '  itemprop=\"text\" ><h2><span class=\"d2edcug0 hpfvmrgz qv66sw1b c1et5uql rrkovp55 a8c37x1j keod5gw0 nxhoafnm aigsh9s9 d3f4x2em fe6kdd0r mau55g9w c8b282yb iv3no6db jq4qci2q a3bd9o3v knj5qynh oo9gr5id hzawbc8m\" dir=\"auto\">Eine virtuelle Entdeckungsreise<\/span><\/h2>\n<\/div><\/section><br \/>\n<div  class='hr av-65q0f2-0a9dda592bef04dc3abf1488eba4d7b0 hr-short  avia-builder-el-21  el_after_av_textblock  el_before_av_textblock  hr-left '><span class='hr-inner '><span class=\"hr-inner-style\"><\/span><\/span><\/div><br \/>\n<section  class='av_textblock_section av-5z02ji-122239ecfccda249916a82694b530d97 '  itemscope=\"itemscope\" itemtype=\"https:\/\/schema.org\/CreativeWork\" ><div class='avia_textblock '  itemprop=\"text\" ><p>Machen Sie einen Rundgang durch unser <strong>Eltern Kind Zentrum Wagna<\/strong> und <strong>Familienzentrum Leibnitz<\/strong>.<\/p>\n<p>Unsre R\u00e4umlichkeiten k\u00f6nnen auch gemietet werden:<\/p>\n<ul>\n<li>Geburtstagsfeiern<\/li>\n<li>Kurse<\/li>\n<li>Veranstaltungen<\/li>\n<li>Spielnachmittag<\/li>\n<\/ul>\n<\/div><\/section><br \/>\n<div  class='hr av-5veye6-6a31b1940a78b3347042256138abfc19 hr-short  avia-builder-el-23  el_after_av_textblock  avia-builder-el-last  hr-left '><span class='hr-inner '><span class=\"hr-inner-style\"><\/span><\/span><\/div><\/p><\/div>\n\n<\/div><\/div><\/div><!-- close content main div --><\/div><\/div><div id='av_section_3'  class='avia-section av-5h9i46-68c268989eb674290360fe33af052af7 alternate_color avia-section-large avia-shadow  avia-builder-el-24  el_after_av_section  el_before_av_one_fourth  avia-bg-style-scroll  container_wrap sidebar_right'  ><div class='container av-section-cont-open' ><div class='template-page content  av-content-small alpha units'><div class='post-entry post-entry-type-page post-entry-734'><div class='entry-content-wrapper clearfix'>\n<div class='flex_column av-5bf39q-d62979196ac7cad9406a8142bcb0ad88 av_one_half  avia-builder-el-25  el_before_av_one_half  avia-builder-el-first  first flex_column_div '   ><section  class='av_textblock_section av-59xt26-d40c58eba8f536ec66653b7a614c9543 '  itemscope=\"itemscope\" itemtype=\"https:\/\/schema.org\/CreativeWork\" ><div class='avia_textblock '  itemprop=\"text\" ><h2 style=\"text-align: left;\">EkIZ<\/h2>\n<\/div><\/section><br \/>\n<div  class='hr av-50gzrq-24cbad4f48d6927427501a884accbaa1 hr-short  avia-builder-el-27  el_after_av_textblock  el_before_av_textblock  hr-right '><span class='hr-inner '><span class=\"hr-inner-style\"><\/span><\/span><\/div><br \/>\n<section  class='av_textblock_section av-4wsxwu-966e8aa572fe5910f18b09faf0e4a7d0 '  itemscope=\"itemscope\" itemtype=\"https:\/\/schema.org\/CreativeWork\" ><div class='avia_textblock '  itemprop=\"text\" ><p><strong>\u00a0Eltern-Kind-Zentren<\/strong> sind wichtige Begegnungsorte f\u00fcr Familien.<\/p>\n<p>Das Eltern-Kind-Zentrum WAGNA ist ein Ort der Begegnung f\u00fcr<strong> Eltern<\/strong> mit <strong>Kindern<\/strong>.<\/p>\n<p><strong><span class=\"font-size-24 m-font-size-16\">Gemeinsam f\u00fcr ein sicheres und <\/span><span class=\"font-size-24 m-font-size-16\">gesundes Miteinander!<\/span><\/strong><\/p>\n<\/div><\/section><br \/>\n<div  class='hr av-4oxp5i-57c06657c405f4d8b521bc7c02e9c387 hr-short  avia-builder-el-29  el_after_av_textblock  el_before_av_button  hr-right '><span class='hr-inner '><span class=\"hr-inner-style\"><\/span><\/span><\/div><br \/>\n<div  class='avia-button-wrap avia-button-right  avia-builder-el-30  el_after_av_hr  avia-builder-el-last ' ><a href='https:\/\/www.ekiz-sued.at\/ekiz\/team\/'  class='avia-button av-4kibhy-2f73cf65b4d0832347234a1a3bd8f4cb avia-icon_select-yes-left-icon avia-size-large avia-position-right avia-color-theme-color-subtle ' ><span class='avia_button_icon avia_button_icon_left' aria-hidden='true' data-av_icon='\ue80b' data-av_iconfont='entypo-fontello'><\/span><span class='avia_iconbox_title' >Unser Team<\/span><\/a><\/div><\/p><\/div><div class='flex_column av-4eg6vi-4d5091f579716f558f7c995f9a3d9eb7 av_one_half  avia-builder-el-31  el_after_av_one_half  el_before_av_textblock  flex_column_div '   ><p>\n<style type=\"text\/css\" data-created_by=\"avia_inline_auto\" id=\"style-css-av-kxsoh92n-641f9db58414b5404ae633bc9a23daf7\">\n#top .av-special-heading.av-kxsoh92n-641f9db58414b5404ae633bc9a23daf7{\npadding-bottom:10px;\n}\n<\/style>\n<div  class='av-special-heading av-kxsoh92n-641f9db58414b5404ae633bc9a23daf7 av-special-heading-h3  avia-builder-el-32  el_before_av_iconlist  avia-builder-el-first  '><h3 class='av-special-heading-tag '  itemprop=\"headline\"  >Was wir bieten<\/h3><div class='special-heading-border'><div class='special-heading-inner-border'><\/div><\/div><\/div><br \/>\n<div  class='avia-icon-list-container av-f7xvi-0799a9aa2a81f4e1d33102e7e0de873e  avia-builder-el-33  el_after_av_heading  avia-builder-el-last  '><ul class='avia-icon-list avia_animate_when_almost_visible avia-icon-list-left av-iconlist-big av-f7xvi-0799a9aa2a81f4e1d33102e7e0de873e avia-iconlist-animate'>\n<li><div class='iconlist_icon av-3rd67i-52f41db2c67bad3e8d6bacb541f47040 avia-font-entypo-fontello'><span class='iconlist-char ' aria-hidden='true' data-av_icon='\ue807' data-av_iconfont='entypo-fontello'><\/span><\/div><article class=\"article-icon-entry av-iconlist-empty\"  itemscope=\"itemscope\" itemtype=\"https:\/\/schema.org\/CreativeWork\" ><div class='iconlist_content_wrap'><header class=\"entry-content-header\"><h4 class='av_iconlist_title iconlist_title   '  itemprop=\"headline\" >Informations- &amp; Kontaktm\u00f6glichekeit<\/h4><\/header><div class='iconlist_content  '  itemprop=\"text\" ><\/div><\/div><footer class=\"entry-footer\"><\/footer><\/article><div class='iconlist-timeline'><\/div><\/li>\n<li><div class='iconlist_icon av-3yr1yu-2ff91b94253787aff9f978f04e186aca avia-font-entypo-fontello'><span class='iconlist-char ' aria-hidden='true' data-av_icon='\ue807' data-av_iconfont='entypo-fontello'><\/span><\/div><article class=\"article-icon-entry av-iconlist-empty\"  itemscope=\"itemscope\" itemtype=\"https:\/\/schema.org\/CreativeWork\" ><div class='iconlist_content_wrap'><header class=\"entry-content-header\"><h4 class='av_iconlist_title iconlist_title   '  itemprop=\"headline\" >F\u00fctter-, Wickel-, Still-, Spielm\u00f6glichkeit<\/h4><\/header><div class='iconlist_content  '  itemprop=\"text\" ><\/div><\/div><footer class=\"entry-footer\"><\/footer><\/article><div class='iconlist-timeline'><\/div><\/li>\n<li><div class='iconlist_icon av-3mguzi-06373a4a482cdcced773506241870667 avia-font-entypo-fontello'><span class='iconlist-char ' aria-hidden='true' data-av_icon='\ue807' data-av_iconfont='entypo-fontello'><\/span><\/div><article class=\"article-icon-entry av-iconlist-empty\"  itemscope=\"itemscope\" itemtype=\"https:\/\/schema.org\/CreativeWork\" ><div class='iconlist_content_wrap'><header class=\"entry-content-header\"><h4 class='av_iconlist_title iconlist_title   '  itemprop=\"headline\" >Allerlei rund und um Schwangerschaft &amp; Baby<\/h4><\/header><div class='iconlist_content  '  itemprop=\"text\" ><\/div><\/div><footer class=\"entry-footer\"><\/footer><\/article><div class='iconlist-timeline'><\/div><\/li>\n<li><div class='iconlist_icon av-3mguzi-a25bc2d91bb7b23b605adefae37b378f avia-font-entypo-fontello'><span class='iconlist-char ' aria-hidden='true' data-av_icon='\ue807' data-av_iconfont='entypo-fontello'><\/span><\/div><article class=\"article-icon-entry av-iconlist-empty\"  itemscope=\"itemscope\" itemtype=\"https:\/\/schema.org\/CreativeWork\" ><div class='iconlist_content_wrap'><header class=\"entry-content-header\"><h4 class='av_iconlist_title iconlist_title   '  itemprop=\"headline\" >Eltern-Kind-Gruppen<\/h4><\/header><div class='iconlist_content  '  itemprop=\"text\" ><\/div><\/div><footer class=\"entry-footer\"><\/footer><\/article><div class='iconlist-timeline'><\/div><\/li>\n<li><div class='iconlist_icon av-3mguzi-fe9ad0480e844a9776efe9b7d6089d10 avia-font-entypo-fontello'><span class='iconlist-char ' aria-hidden='true' data-av_icon='\ue807' data-av_iconfont='entypo-fontello'><\/span><\/div><article class=\"article-icon-entry av-iconlist-empty\"  itemscope=\"itemscope\" itemtype=\"https:\/\/schema.org\/CreativeWork\" ><div class='iconlist_content_wrap'><header class=\"entry-content-header\"><h4 class='av_iconlist_title iconlist_title   '  itemprop=\"headline\" >Kinderprogramm<\/h4><\/header><div class='iconlist_content  '  itemprop=\"text\" ><\/div><\/div><footer class=\"entry-footer\"><\/footer><\/article><div class='iconlist-timeline'><\/div><\/li>\n<li><div class='iconlist_icon av-3mguzi-acbafa961aa5624c669015cf7fc1d0a4 avia-font-entypo-fontello'><span class='iconlist-char ' aria-hidden='true' data-av_icon='\ue807' data-av_iconfont='entypo-fontello'><\/span><\/div><article class=\"article-icon-entry av-iconlist-empty\"  itemscope=\"itemscope\" itemtype=\"https:\/\/schema.org\/CreativeWork\" ><div class='iconlist_content_wrap'><header class=\"entry-content-header\"><h4 class='av_iconlist_title iconlist_title   '  itemprop=\"headline\" >Vermietung der R\u00e4umlichkeiten<\/h4><\/header><div class='iconlist_content  '  itemprop=\"text\" ><\/div><\/div><footer class=\"entry-footer\"><\/footer><\/article><div class='iconlist-timeline'><\/div><\/li>\n<li><div class='iconlist_icon av-3mguzi-5882d18eb99749a407abea2e19a9836e avia-font-entypo-fontello'><span class='iconlist-char ' aria-hidden='true' data-av_icon='\ue807' data-av_iconfont='entypo-fontello'><\/span><\/div><article class=\"article-icon-entry \"  itemscope=\"itemscope\" itemtype=\"https:\/\/schema.org\/CreativeWork\" ><div class='iconlist_content_wrap'><header class=\"entry-content-header\"><h4 class='av_iconlist_title iconlist_title   '  itemprop=\"headline\" >Kinderbetreuung bei HochzeitenFirmenfesten<\/h4><\/header><div class='iconlist_content  '  itemprop=\"text\" ><p>bei Hochzeiten, Firmenfesten, &#8230;<\/p>\n<\/div><\/div><footer class=\"entry-footer\"><\/footer><\/article><div class='iconlist-timeline'><\/div><\/li>\n<\/ul><\/div><\/p><\/div><section  class='av_textblock_section av-l31f6n01-406289e396567794daf8e96a810291bb '  itemscope=\"itemscope\" itemtype=\"https:\/\/schema.org\/CreativeWork\" ><div class='avia_textblock '  itemprop=\"text\" ><h3><strong>R\u00fcckblick Familienfest 2022 &#8211; 15 Jahre EKIZ<br \/>\n<\/strong><\/h3>\n<\/div><\/section>\n<div  class='avia-video av-l31f4qhn-8e4fb6ba1678c513020820ed82ee1b97 avia-video-16-9 avia-video-html5 '  itemprop=\"video\" itemtype=\"https:\/\/schema.org\/VideoObject\"  data-original_url='https:\/\/www.ekiz-sued.at\/ekiz\/wp-content\/uploads\/Ekiz_Sommerfest.mp4'><video class='avia_video'    preload=\"auto\"  controls id='player_734_1663848151_1299665889'><source src=\"https:\/\/www.ekiz-sued.at\/ekiz\/wp-content\/uploads\/Ekiz_Sommerfest.mp4\" type=\"video\/mp4\" \/><\/video><\/div>\n<\/div><\/div><\/div><!-- close content main div --><\/div><\/div><div id='after_section_3'  class='main_color av_default_container_wrap container_wrap sidebar_right'  ><div class='container av-section-cont-open' ><div class='template-page content  av-content-small alpha units'><div class='post-entry post-entry-type-page post-entry-734'><div class='entry-content-wrapper clearfix'>\n<div class='flex_column av-bs3ji-9505891540e1cdb48b7768af5cab7af9 av_one_fourth  avia-builder-el-36  el_after_av_section  el_before_av_one_third  avia-builder-el-first  first flex_column_div '   ><\/div>\n<div class='flex_column av-6v232-062a1502db2cb422e1a445dd88fc282d av_one_third  avia-builder-el-37  el_after_av_one_fourth  el_before_av_one_third  flex_column_div '   ><\/div>\n<div class='flex_column av-7d96e-90c1da9ee80b9d4c538cd11da7e5712c av_one_third  avia-builder-el-38  el_after_av_one_third  avia-builder-el-last  flex_column_div '   ><\/div>\n","protected":false},"excerpt":{"rendered":"<p>This is a Page excerpt. It will be displayed for search results<\/p>\n","protected":false},"author":1,"featured_media":0,"parent":0,"menu_order":7,"comment_status":"open","ping_status":"closed","template":"","meta":{"footnotes":""},"class_list":["post-734","page","type-page","status-publish","hentry"],"_links":{"self":[{"href":"https:\/\/www.ekiz-sued.at\/ekiz\/wp-json\/wp\/v2\/pages\/734","targetHints":{"allow":["GET"]}}],"collection":[{"href":"https:\/\/www.ekiz-sued.at\/ekiz\/wp-json\/wp\/v2\/pages"}],"about":[{"href":"https:\/\/www.ekiz-sued.at\/ekiz\/wp-json\/wp\/v2\/types\/page"}],"author":[{"embeddable":true,"href":"https:\/\/www.ekiz-sued.at\/ekiz\/wp-json\/wp\/v2\/users\/1"}],"replies":[{"embeddable":true,"href":"https:\/\/www.ekiz-sued.at\/ekiz\/wp-json\/wp\/v2\/comments?post=734"}],"version-history":[{"count":65,"href":"https:\/\/www.ekiz-sued.at\/ekiz\/wp-json\/wp\/v2\/pages\/734\/revisions"}],"predecessor-version":[{"id":4271,"href":"https:\/\/www.ekiz-sued.at\/ekiz\/wp-json\/wp\/v2\/pages\/734\/revisions\/4271"}],"wp:attachment":[{"href":"https:\/\/www.ekiz-sued.at\/ekiz\/wp-json\/wp\/v2\/media?parent=734"}],"curies":[{"name":"wp","href":"https:\/\/api.w.org\/{rel}","templated":true}]}}