{"id":3932,"date":"2022-02-09T11:02:47","date_gmt":"2022-02-09T10:02:47","guid":{"rendered":"https:\/\/www.ekiz-sued.at\/ekiz\/?page_id=3932"},"modified":"2022-02-09T11:07:04","modified_gmt":"2022-02-09T10:07:04","slug":"beratung","status":"publish","type":"page","link":"https:\/\/www.ekiz-sued.at\/ekiz\/ekiz\/beratung\/","title":{"rendered":"Beratung"},"content":{"rendered":"\n<style type=\"text\/css\" data-created_by=\"avia_inline_auto\" id=\"style-css-av-kzfdpr2n-cf8d4653c52ed650dc3cbf82c6622362\">\n#top .av-special-heading.av-kzfdpr2n-cf8d4653c52ed650dc3cbf82c6622362{\npadding-bottom:0px;\n}\n<\/style>\n<div  class='av-special-heading av-kzfdpr2n-cf8d4653c52ed650dc3cbf82c6622362 av-special-heading-h3 meta-heading  avia-builder-el-0  el_before_av_toggle_container  avia-builder-el-first  '><h3 class='av-special-heading-tag '  itemprop=\"headline\"  >Beratung<\/h3><div class='special-heading-border'><div class='special-heading-inner-border'><\/div><\/div><\/div>\n<div  class='togglecontainer av-kzfdvkpx-1d9cc297968bfa00649e99f617f44311  avia-builder-el-1  el_after_av_heading  el_before_av_hr  toggle_close_all ' ><div class='taglist'><a href=\"#\" data-tag=\"{Alle}\" class=\"activeFilter\">Alle<\/a><span class='tag-seperator'>\/<\/span><a href=\"#\" data-tag=\"{Erziehungsberatung}\" class=\"\">Erziehungsberatung<\/a><span class='tag-seperator'>\/<\/span><a href=\"#\" data-tag=\"{M\u00fctter-\/Elternberatung im Familienzentrum}\" class=\"\">M\u00fctter-\/Elternberatung im Familienzentrum<\/a><span class='tag-seperator'>\/<\/span><a href=\"#\" data-tag=\"{Stillgespr\u00e4ch}\" class=\"\">Stillgespr\u00e4ch<\/a><span class='tag-seperator'>\/<\/span><a href=\"#\" data-tag=\"{Trageberatung}\" class=\"\">Trageberatung<\/a><span class='tag-seperator'>\/<\/span><\/div>\n<section class='av_toggle_section av-kzfdtt80-ad7d2070439898424027522b6a06f912'  itemscope=\"itemscope\" itemtype=\"https:\/\/schema.org\/CreativeWork\" ><div role=\"tablist\" class=\"single_toggle\" data-tags=\"{Alle} {Erziehungsberatung} \"  ><p data-fake-id='#toggle-id-1' class='toggler   '  itemprop=\"headline\"  role='tab' tabindex='0' aria-controls='toggle-id-1'>Erziehungsberatung<span class=\"toggle_icon\"><span class=\"vert_icon\"><\/span><span class=\"hor_icon\"><\/span><\/span><\/p><div id='toggle-id-1' class='toggle_wrap  '  ><div class='toggle_content invers-color '  itemprop=\"text\" ><p><span dir=\"ltr\" role=\"presentation\">Wer kennt das nicht?<\/span> <span dir=\"ltr\" role=\"presentation\">Kinder die nicht schlafen wollen, den t\u00e4glichen <\/span><br role=\"presentation\" \/><span dir=\"ltr\" role=\"presentation\">Kampf ums Anziehen, in solchen und anderen Fragen begleiten und <\/span><br role=\"presentation\" \/><span dir=\"ltr\" role=\"presentation\">unterst\u00fctzen wir sie gerne!<br \/>\n<\/span><br role=\"presentation\" \/><span dir=\"ltr\" role=\"presentation\">In der heutigen Zeit ergeben sich oft viele Erziehungsfragen.<\/span><br role=\"presentation\" \/><span dir=\"ltr\" role=\"presentation\">Es gibt bestimmte Situationen, bei denen man sich \u00fcberfordert oder <\/span><br role=\"presentation\" \/><span dir=\"ltr\" role=\"presentation\">unsicher f\u00fchlt. Wir bieten f\u00fcr sie, ein pers\u00f6nliches und vertrauliches <\/span><br role=\"presentation\" \/><span dir=\"ltr\" role=\"presentation\">Gespr\u00e4ch, bei der Bew\u00e4ltigung von schwierigen oder unklaren Situationen <\/span><br role=\"presentation\" \/><span dir=\"ltr\" role=\"presentation\">im Erziehungsalltag an.<br \/>\n<\/span><br role=\"presentation\" \/><span dir=\"ltr\" role=\"presentation\">Beratung: <\/span><span dir=\"ltr\" role=\"presentation\">Sie sind der Experte f\u00fcr ihr Leben, aber manchmal kommt es <\/span><br role=\"presentation\" \/><span dir=\"ltr\" role=\"presentation\">einem so vor, dass man den Wald vor lauter B\u00e4umen nicht mehr sieht. <\/span><br role=\"presentation\" \/><span dir=\"ltr\" role=\"presentation\">Wir unterst\u00fctzen sie gerne, um wieder Klarheit in bestimmten Situationen <\/span><br role=\"presentation\" \/><span dir=\"ltr\" role=\"presentation\">zu bekommen, zu ihren eigenen Ressourcen zu gelangen und ihre <\/span><br role=\"presentation\" \/><span dir=\"ltr\" role=\"presentation\">F\u00e4higkeiten zu nutzen.<br \/>\n<\/span><br role=\"presentation\" \/><span dir=\"ltr\" role=\"presentation\"><strong><em>Termine und Kosten:<\/em><\/strong> auf Anfrage <\/span><br role=\"presentation\" \/><span dir=\"ltr\" role=\"presentation\"><strong>Leitung:<\/strong> Christina <\/span><span dir=\"ltr\" role=\"presentation\">Pratter-Kastenhuber<\/span><span dir=\"ltr\" role=\"presentation\">, Kinder-, Jugendlichen- und <\/span> <br role=\"presentation\" \/><span dir=\"ltr\" role=\"presentation\">Elternberaterin, Janou H\u00f6dl-Scheibengraf, Lebens- Sozial- <\/span> <br role=\"presentation\" \/><span dir=\"ltr\" role=\"presentation\">und Erziehungsberatung<\/span><\/p>\n<\/div><\/div><\/div><\/section>\n<section class='av_toggle_section av-kzfdu9se-f328a154fe5f3089aa1161ba591d957c'  itemscope=\"itemscope\" itemtype=\"https:\/\/schema.org\/CreativeWork\" ><div role=\"tablist\" class=\"single_toggle\" data-tags=\"{Alle} {M\u00fctter-\/Elternberatung im Familienzentrum} \"  ><p data-fake-id='#toggle-id-2' class='toggler   '  itemprop=\"headline\"  role='tab' tabindex='0' aria-controls='toggle-id-2'>M\u00fctter-\/Elternberatung im Familienzentrum<span class=\"toggle_icon\"><span class=\"vert_icon\"><\/span><span class=\"hor_icon\"><\/span><\/span><\/p><div id='toggle-id-2' class='toggle_wrap  '  ><div class='toggle_content invers-color '  itemprop=\"text\" ><p><span dir=\"ltr\" role=\"presentation\">Dr. Viktoria Fesharaki-Winkler, DKKS Barbara Maderthaner, <\/span><br role=\"presentation\" \/><span dir=\"ltr\" role=\"presentation\">Fr. Katrin Fritz, BA &amp; Fr. Nadja Neundlinger, BSc BA,<\/span><br role=\"presentation\" \/><span dir=\"ltr\" role=\"presentation\">bieten umfassende Beratung rund um Versorgung, Pflege, Ern\u00e4hrung und <\/span><br role=\"presentation\" \/><span dir=\"ltr\" role=\"presentation\">Erziehung in den ersten Lebensjahren ihres Kindes an!<br \/>\n<\/span><br role=\"presentation\" \/><em><strong><span dir=\"ltr\" role=\"presentation\">Wir stehen f\u00fcr Sie an jedem ersten und dritten Dienstag des Monats <\/span><\/strong><\/em><br role=\"presentation\" \/><span dir=\"ltr\" role=\"presentation\"><em><strong>von 8-11 Uhr zur Verf\u00fcgung!<\/strong><\/em><br \/>\n<\/span><br role=\"presentation\" \/><span dir=\"ltr\" role=\"presentation\">Keine Voranmeldung notwendig, das Angebot ist kostenlos!<\/span><\/p>\n<\/div><\/div><\/div><\/section>\n<section class='av_toggle_section av-kzfdv17j-028c2d73c173543bdbe5496140328054'  itemscope=\"itemscope\" itemtype=\"https:\/\/schema.org\/CreativeWork\" ><div role=\"tablist\" class=\"single_toggle\" data-tags=\"{Alle} {Stillgespr\u00e4ch} \"  ><p data-fake-id='#toggle-id-3' class='toggler   '  itemprop=\"headline\"  role='tab' tabindex='0' aria-controls='toggle-id-3'>Stillgespr\u00e4ch<span class=\"toggle_icon\"><span class=\"vert_icon\"><\/span><span class=\"hor_icon\"><\/span><\/span><\/p><div id='toggle-id-3' class='toggle_wrap  '  ><div class='toggle_content invers-color '  itemprop=\"text\" ><p><span dir=\"ltr\" role=\"presentation\">F\u00fcr alle Fragen rund ums Stillen, die Ern\u00e4hrung des Babys und die erste <\/span><br role=\"presentation\" \/><span dir=\"ltr\" role=\"presentation\">Zeit mit dem Baby stehe ich gerne unterst\u00fctzend zur Seite. Stillen ist <\/span><br role=\"presentation\" \/><span dir=\"ltr\" role=\"presentation\">etwas Besonderes, denn jedes Mutter-Kind-Paar ist einmalig und <\/span><br role=\"presentation\" \/><span dir=\"ltr\" role=\"presentation\">manchmal erfordert eine Stillbeziehung eine pers\u00f6nliche Betreuung, ein <\/span><br role=\"presentation\" \/><span dir=\"ltr\" role=\"presentation\">wenig Ausdauer und Mut zum Stillen, um den richtigen Weg zu finden.<br \/>\n<\/span> <br role=\"presentation\" \/><strong><span dir=\"ltr\" role=\"presentation\">Individuelle Terminvereinbarung unter 0664\/88474261<\/span><\/strong> <br role=\"presentation\" \/><span dir=\"ltr\" role=\"presentation\"><strong>Leitung:<\/strong> Barbara Maderthaner, Dipl.Kinderkrankenschwester <\/span><br role=\"presentation\" \/><span dir=\"ltr\" role=\"presentation\">Im Familienzentrum Leibnitz<\/span><\/p>\n<\/div><\/div><\/div><\/section>\n<section class='av_toggle_section av-kzfdvjtf-156c8b65008261e0d0077319ad2aae82'  itemscope=\"itemscope\" itemtype=\"https:\/\/schema.org\/CreativeWork\" ><div role=\"tablist\" class=\"single_toggle\" data-tags=\"{Alle} {Trageberatung} \"  ><p data-fake-id='#toggle-id-4' class='toggler   '  itemprop=\"headline\"  role='tab' tabindex='0' aria-controls='toggle-id-4'>Trageberatung<span class=\"toggle_icon\"><span class=\"vert_icon\"><\/span><span class=\"hor_icon\"><\/span><\/span><\/p><div id='toggle-id-4' class='toggle_wrap  '  ><div class='toggle_content invers-color '  itemprop=\"text\" ><p><span dir=\"ltr\" role=\"presentation\">\u201eTrag mich!\u201c w\u00e4re wahrscheinlich eine der am h\u00e4ufigsten ge\u00e4u\u00dferten <\/span> <br role=\"presentation\" \/><span dir=\"ltr\" role=\"presentation\">Bitten von Babys, wenn sie sprechen k\u00f6nnten. Das Tragen im Tragetuch <\/span><br role=\"presentation\" \/><span dir=\"ltr\" role=\"presentation\">bietet K\u00f6rperkontakt, N\u00e4he, Halt, Zuwendung und festigt die Bindung <\/span><br role=\"presentation\" \/><span dir=\"ltr\" role=\"presentation\">zwischen Eltern und Kind. Gerne berate ich Sie hinsichtlich der vielen <\/span><br role=\"presentation\" \/><span dir=\"ltr\" role=\"presentation\">Vorteile des Tragens, der richtigen Technik und der verschiedenen <\/span><br role=\"presentation\" \/><span dir=\"ltr\" role=\"presentation\">Tragehilfen. <\/span><br role=\"presentation\" \/><br role=\"presentation\" \/><span dir=\"ltr\" role=\"presentation\">Unser Sortiment umfasst Traget\u00fccher und Tragehilfen der Firmen <\/span><br role=\"presentation\" \/><span dir=\"ltr\" role=\"presentation\">Didymos, Kokadi, Hoppediz, Fidella, Buzzidil, Girasol, Frl. H\u00fcbsch, <\/span><br role=\"presentation\" \/><span dir=\"ltr\" role=\"presentation\">Storchenwiege und Manduca. <\/span><br role=\"presentation\" \/><span dir=\"ltr\" role=\"presentation\">Gegen eine Kaution und eine monatliche Miete k\u00f6nnen verschiedene <\/span><br role=\"presentation\" \/><span dir=\"ltr\" role=\"presentation\">Modelle auch zum Testen ausgeborgt werden.<\/span><br role=\"presentation\" \/><br role=\"presentation\" \/><strong><span dir=\"ltr\" role=\"presentation\">Anmeldung und n\u00e4here Informationen:<\/span><span dir=\"ltr\" role=\"presentation\"> unter 0664\/88474261<\/span><\/strong><br role=\"presentation\" \/><span dir=\"ltr\" role=\"presentation\"><strong>Leitung:<\/strong> Barbara Maderthaner<\/span><\/p>\n<\/div><\/div><\/div><\/section>\n<\/div>\n<div  class='hr av-42vpz0-8c5a3142898ea0eec9224681689ba63b hr-default  avia-builder-el-2  el_after_av_toggle_container  el_before_av_textblock  '><span class='hr-inner '><span class=\"hr-inner-style\"><\/span><\/span><\/div>\n<section  class='av_textblock_section av-kzfdrn2f-ef5fb17c58d9a8e5c64bff248460769b '  itemscope=\"itemscope\" itemtype=\"https:\/\/schema.org\/CreativeWork\" ><div class='avia_textblock '  itemprop=\"text\" ><h2><\/h2>\n<p style=\"text-align: center;\"><a href=\"https:\/\/www.ekiz-sued.at\/ekiz\/veranstaltungen\/\">&gt;&gt;Weitere Kurse und Veranstaltungen im EKIZ&lt;&lt;<\/a><\/p>\n<\/div><\/section>\n<div  class='hr av-1v9myk-2c14b7602041f750f42fc6f4f4e10fab hr-short  avia-builder-el-4  el_after_av_textblock  avia-builder-el-last  hr-center '><span class='hr-inner '><span class=\"hr-inner-style\"><\/span><\/span><\/div>\n","protected":false},"excerpt":{"rendered":"","protected":false},"author":1,"featured_media":0,"parent":1122,"menu_order":1,"comment_status":"closed","ping_status":"closed","template":"","meta":{"footnotes":""},"class_list":["post-3932","page","type-page","status-publish","hentry"],"_links":{"self":[{"href":"https:\/\/www.ekiz-sued.at\/ekiz\/wp-json\/wp\/v2\/pages\/3932","targetHints":{"allow":["GET"]}}],"collection":[{"href":"https:\/\/www.ekiz-sued.at\/ekiz\/wp-json\/wp\/v2\/pages"}],"about":[{"href":"https:\/\/www.ekiz-sued.at\/ekiz\/wp-json\/wp\/v2\/types\/page"}],"author":[{"embeddable":true,"href":"https:\/\/www.ekiz-sued.at\/ekiz\/wp-json\/wp\/v2\/users\/1"}],"replies":[{"embeddable":true,"href":"https:\/\/www.ekiz-sued.at\/ekiz\/wp-json\/wp\/v2\/comments?post=3932"}],"version-history":[{"count":5,"href":"https:\/\/www.ekiz-sued.at\/ekiz\/wp-json\/wp\/v2\/pages\/3932\/revisions"}],"predecessor-version":[{"id":3937,"href":"https:\/\/www.ekiz-sued.at\/ekiz\/wp-json\/wp\/v2\/pages\/3932\/revisions\/3937"}],"up":[{"embeddable":true,"href":"https:\/\/www.ekiz-sued.at\/ekiz\/wp-json\/wp\/v2\/pages\/1122"}],"wp:attachment":[{"href":"https:\/\/www.ekiz-sued.at\/ekiz\/wp-json\/wp\/v2\/media?parent=3932"}],"curies":[{"name":"wp","href":"https:\/\/api.w.org\/{rel}","templated":true}]}}