{"id":3894,"date":"2022-01-31T11:33:42","date_gmt":"2022-01-31T10:33:42","guid":{"rendered":"https:\/\/www.ekiz-sued.at\/ekiz\/?page_id=3894"},"modified":"2022-01-31T11:34:09","modified_gmt":"2022-01-31T10:34:09","slug":"ernaehrung-gesundheit","status":"publish","type":"page","link":"https:\/\/www.ekiz-sued.at\/ekiz\/veranstaltungen\/ernaehrung-gesundheit\/","title":{"rendered":"Ern\u00e4hrung \/ Gesundheit"},"content":{"rendered":"<div class=\"mec-wrap mec-skin-list-container  \" id=\"mec_skin_3819\">\n    \n    \n            <div class=\"mec-skin-list-events-container\" id=\"mec_skin_events_3819\">\n        <div class=\"mec-wrap colorskin-custom\">\n\t<div class=\"mec-event-list-modern\">\n\t\t\n                        <div class=\"mec-month-divider\" data-toggle-divider=\"mec-toggle-202605-3819\"><span>Mai 2026<\/span><i class=\"mec-sl-arrow-down\"><\/i><\/div>\n            \n                    <script type=\"application\/ld+json\">\n        {\n            \"@context\": \"http:\/\/schema.org\",\n            \"@type\": \"Event\",\n            \"eventStatus\": \"https:\/\/schema.org\/EventScheduled\",\n            \"startDate\": \"2026-05-30\",\n            \"endDate\": \"2026-05-30\",\n            \"eventAttendanceMode\": \"https:\/\/schema.org\/OfflineEventAttendanceMode\",\n            \"location\":\n            {\n                \"@type\": \"Place\",\n                                \"name\": \"Familienzentrum Leibnitz\",\n                \"image\": \"\",\n                \"address\": \"\"\n                            },\n            \"organizer\":\n            {\n                \"@type\": \"Person\",\n                \"name\": \"\",\n                \"url\": \"\"\n            },\n            \"offers\":\n            {\n                \"url\": \"https:\/\/www.ekiz-sued.at\/ekiz\/events\/babyfreundliche-beikost-mit-und-ohne-brei\/\",\n                \"price\": \"\",\n                \"priceCurrency\": \"EUR\",\n                \"availability\": \"https:\/\/schema.org\/InStock\",\n                \"validFrom\": \"2026-05-30T00:00\"\n            },\n            \"performer\": \"\",\n            \"description\": \"&lt;p&gt;Dieser Workshop richtet sich an alle, die noch nicht mit der Beikost&lt;br \/&gt; gestartet haben.&lt;\/p&gt; &lt;p&gt;Du m\u00f6chtest dich perfekt auf den Beikoststart vorbereiten, bist dir aber&lt;br \/&gt; unsicher wie? Breikost, BLW oder doch beides?&lt;br \/&gt; Dann ist dieser Workshop genau das richtige!&lt;br \/&gt; Das erwartet dich:&lt;br \/&gt; -Wann | Beikostreifezeichen&lt;br \/&gt; -Wie | achtsames unterst\u00fctzen\/f\u00fcttern&lt;br \/&gt; -Was und Wie viel&lt;br \/&gt; -Breikost und BLW&lt;br \/&gt; -Gl\u00e4schen oder lieber selbst gekocht?&lt;br \/&gt; -Einf\u00fchrung neuer Lebensmittel&lt;br \/&gt; -Getr\u00e4nke&lt;br \/&gt; -Allergiepr\u00e4vention&lt;\/p&gt; &lt;p&gt;Du bekommst ein tolles Kochbuch mit vielen Rezeptideen (auch f\u00fcr den&lt;br \/&gt; Familientisch geeignet &#8211; PDF) sowie Checklisten uvm. In diesem Workshop&lt;br \/&gt; m\u00f6chte ich der Beikost-Zeit ihren Schrecken nehmen und dir zeigen wie du&lt;br \/&gt; diese Zeit entspannt entgegen sehen kannst!&lt;\/p&gt; &lt;p&gt;&nbsp;&lt;\/p&gt; &lt;p&gt;Referentin: Yvonne Rothmann&lt;\/p&gt; \",\n            \"image\": \"\",\n            \"name\": \"Babyfreundliche Beikost mit und ohne Brei\",\n            \"url\": \"https:\/\/www.ekiz-sued.at\/ekiz\/events\/babyfreundliche-beikost-mit-und-ohne-brei\/?occurrence=2026-05-30&time=1780131600\"\n        }\n        <\/script>\n                    <article class=\"mec-past-event mec-event-article  mec-clear  mec-divider-toggle mec-toggle-202605-3819\" itemscope>\n                                    <div class=\"col-md-2 col-sm-2\">\n\n                                                <div class=\"mec-event-date\">\n                            <div class=\"event-d mec-color\">30<\/div>\n                            <div class=\"event-f\">Mai<\/div>\n                            <div class=\"event-da\">Samstag<\/div>\n                        <\/div>\n                                            <\/div>\n                    <div class=\"col-md-6 col-sm-6\">\n                                                                        <h4 class=\"mec-event-title\"><a class=\"mec-color-hover\"  data-event-id=\"4280\" href=\"https:\/\/www.ekiz-sued.at\/ekiz\/events\/babyfreundliche-beikost-mit-und-ohne-brei\/?occurrence=2026-05-30&time=1780131600\" target=\"_blank\" rel=\"noopener\">Babyfreundliche Beikost mit und ohne Brei<\/a><span class=\"event-color\" style=\"background: #\"><\/span><\/h4>\n                                                <div class=\"mec-event-detail\">\n                            <div class=\"mec-event-loc-place\">Familienzentrum Leibnitz<\/div>\n                                                                                                            <\/div>\n                        <ul class=\"mec-event-sharing\"><li class=\"mec-event-social-icon\"><a class=\"facebook\" href=\"https:\/\/www.facebook.com\/sharer\/sharer.php?u=https%3A%2F%2Fwww.ekiz-sued.at%2Fekiz%2Fevents%2Fbabyfreundliche-beikost-mit-und-ohne-brei%2F\" onclick=\"javascript:window.open(this.href, '', 'menubar=no,toolbar=no,resizable=yes,scrollbars=yes,height=500,width=600'); return false;\" title=\"Teilen auf Facebook\"><i class=\"mec-fa-facebook\"><\/i><\/a><\/li><li class=\"mec-event-social-icon\"><a class=\"whatsapp\" href=\"whatsapp:\/\/send\/?text=https%3A%2F%2Fwww.ekiz-sued.at%2Fekiz%2Fevents%2Fbabyfreundliche-beikost-mit-und-ohne-brei%2F\" title=\"Share on WhatsApp\"><i class=\"mec-fa-whatsapp\"><\/i><\/a><\/li><li class=\"mec-event-social-icon\"><a class=\"email\" href=\"mailto:?subject=Babyfreundliche Beikost mit und ohne Brei&body=https%3A%2F%2Fwww.ekiz-sued.at%2Fekiz%2Fevents%2Fbabyfreundliche-beikost-mit-und-ohne-brei%2F\" title=\"E-Mail\"><i class=\"mec-fa-envelope\"><\/i><\/a><\/li><\/ul>\n                    <\/div>\n                    <div class=\"col-md-4 col-sm-4 mec-btn-wrapper\">\n                                                <a class=\"mec-booking-button\"  data-event-id=\"4280\" href=\"https:\/\/www.ekiz-sued.at\/ekiz\/events\/babyfreundliche-beikost-mit-und-ohne-brei\/?occurrence=2026-05-30&time=1780131600\" target=\"_blank\" rel=\"noopener\">Details <\/a>                                            <\/div>\n                            <\/article>\n            \t\t\n                        <div class=\"mec-month-divider\" data-toggle-divider=\"mec-toggle-202606-3819\"><span>Juni 2026<\/span><i class=\"mec-sl-arrow-down\"><\/i><\/div>\n            \n                    <script type=\"application\/ld+json\">\n        {\n            \"@context\": \"http:\/\/schema.org\",\n            \"@type\": \"Event\",\n            \"eventStatus\": \"https:\/\/schema.org\/EventScheduled\",\n            \"startDate\": \"2026-06-26\",\n            \"endDate\": \"2026-06-26\",\n            \"eventAttendanceMode\": \"https:\/\/schema.org\/OfflineEventAttendanceMode\",\n            \"location\":\n            {\n                \"@type\": \"Place\",\n                                \"name\": \"Ekiz Wagna\",\n                \"image\": \"\",\n                \"address\": \"\"\n                            },\n            \"organizer\":\n            {\n                \"@type\": \"Person\",\n                \"name\": \"\",\n                \"url\": \"\"\n            },\n            \"offers\":\n            {\n                \"url\": \"https:\/\/www.ekiz-sued.at\/ekiz\/events\/konflikte-beruhigend-begleiten-2-129-316-434-765\/\",\n                \"price\": \"\u20ac35.00\",\n                \"priceCurrency\": \"EUR\",\n                \"availability\": \"https:\/\/schema.org\/InStock\",\n                \"validFrom\": \"2026-06-26T00:00\"\n            },\n            \"performer\": \"\",\n            \"description\": \"&lt;p&gt;Dieser Workshop richtet sich an alle, die bereits mit der Beikost gestartet&lt;br \/&gt; haben &#8211; bis zum 2. Lebensjahr.&lt;br \/&gt; Es sind zwischenzeitlich Fragen aufgekommen oder die Beikost will nicht so&lt;br \/&gt; richtig klappen? Es ist jedes mal eine Tortur, wenn das Kind in den&lt;br \/&gt; Hochstuhl, sitzen bleiben oder das L\u00e4tzchen anziehen soll?&lt;br \/&gt; Diese und weitere Themen werden in diesem Workshop bearbeitet.&lt;\/p&gt; &lt;p&gt;Das erwartet dich:&lt;br \/&gt; -Beikostformen&lt;br \/&gt; -Getr\u00e4nke&lt;br \/&gt; -Spielen | Tischsitten | Besteck&lt;br \/&gt; -Wochenpl\u00e4ne&lt;br \/&gt; -Fastfood&lt;br \/&gt; -Konflikte vermeiden&lt;br \/&gt; -Nachtisch&lt;br \/&gt; -Rot | Gr\u00fcn&lt;br \/&gt; -uvm.&lt;\/p&gt; &lt;p&gt;Du bekommst ein tolles Kochbuch mit vielen Rezeptideen (auch f\u00fcr den&lt;br \/&gt; Familientisch geeignet &#8211; PDF) sowie Checklisten und das Beikost ABC.&lt;br \/&gt; In diesem Workshop m\u00f6chte ich dir zeigen, wie du stressfrei durch die&lt;br \/&gt; Beikost-Zeit mit Kleinkindern kommst.&lt;\/p&gt; &lt;p&gt;Teilnahmevoraussetzungen:&lt;br \/&gt; Dein Baby ist zwischen 7 und 24 Monate und ihr habt bereits mit der Bei-&lt;br \/&gt; kost gestartet.&lt;\/p&gt; \",\n            \"image\": \"\",\n            \"name\": \"Stressfrei Essen mit Kleinkindern\",\n            \"url\": \"https:\/\/www.ekiz-sued.at\/ekiz\/events\/konflikte-beruhigend-begleiten-2-129-316-434-765\/?occurrence=2026-06-26&time=1782486000\"\n        }\n        <\/script>\n                    <article class=\"mec-past-event mec-event-article  mec-clear  mec-divider-toggle mec-toggle-202606-3819\" itemscope>\n                                    <div class=\"col-md-2 col-sm-2\">\n\n                                                <div class=\"mec-event-date\">\n                            <div class=\"event-d mec-color\">26<\/div>\n                            <div class=\"event-f\">Juni<\/div>\n                            <div class=\"event-da\">Freitag<\/div>\n                        <\/div>\n                                            <\/div>\n                    <div class=\"col-md-6 col-sm-6\">\n                                                                        <h4 class=\"mec-event-title\"><a class=\"mec-color-hover\"  data-event-id=\"4183\" href=\"https:\/\/www.ekiz-sued.at\/ekiz\/events\/konflikte-beruhigend-begleiten-2-129-316-434-765\/?occurrence=2026-06-26&time=1782486000\" target=\"_blank\" rel=\"noopener\">Stressfrei Essen mit Kleinkindern<\/a><span class=\"event-color\" style=\"background: #\"><\/span><\/h4>\n                                                <div class=\"mec-event-detail\">\n                            <div class=\"mec-event-loc-place\">Ekiz Wagna<\/div>\n                                                                                                            <\/div>\n                        <ul class=\"mec-event-sharing\"><li class=\"mec-event-social-icon\"><a class=\"facebook\" href=\"https:\/\/www.facebook.com\/sharer\/sharer.php?u=https%3A%2F%2Fwww.ekiz-sued.at%2Fekiz%2Fevents%2Fkonflikte-beruhigend-begleiten-2-129-316-434-765%2F\" onclick=\"javascript:window.open(this.href, '', 'menubar=no,toolbar=no,resizable=yes,scrollbars=yes,height=500,width=600'); return false;\" title=\"Teilen auf Facebook\"><i class=\"mec-fa-facebook\"><\/i><\/a><\/li><li class=\"mec-event-social-icon\"><a class=\"whatsapp\" href=\"whatsapp:\/\/send\/?text=https%3A%2F%2Fwww.ekiz-sued.at%2Fekiz%2Fevents%2Fkonflikte-beruhigend-begleiten-2-129-316-434-765%2F\" title=\"Share on WhatsApp\"><i class=\"mec-fa-whatsapp\"><\/i><\/a><\/li><li class=\"mec-event-social-icon\"><a class=\"email\" href=\"mailto:?subject=Stressfrei Essen mit Kleinkindern&body=https%3A%2F%2Fwww.ekiz-sued.at%2Fekiz%2Fevents%2Fkonflikte-beruhigend-begleiten-2-129-316-434-765%2F\" title=\"E-Mail\"><i class=\"mec-fa-envelope\"><\/i><\/a><\/li><\/ul>\n                    <\/div>\n                    <div class=\"col-md-4 col-sm-4 mec-btn-wrapper\">\n                                                <a class=\"mec-booking-button\"  data-event-id=\"4183\" href=\"https:\/\/www.ekiz-sued.at\/ekiz\/events\/konflikte-beruhigend-begleiten-2-129-316-434-765\/?occurrence=2026-06-26&time=1782486000\" target=\"_blank\" rel=\"noopener\">Details <\/a>                                            <\/div>\n                            <\/article>\n            \t\t\n                        <div class=\"mec-month-divider\" data-toggle-divider=\"mec-toggle-202607-3819\"><span>Juli 2026<\/span><i class=\"mec-sl-arrow-down\"><\/i><\/div>\n            \n                    <script type=\"application\/ld+json\">\n        {\n            \"@context\": \"http:\/\/schema.org\",\n            \"@type\": \"Event\",\n            \"eventStatus\": \"https:\/\/schema.org\/EventScheduled\",\n            \"startDate\": \"2026-07-09\",\n            \"endDate\": \"2026-07-09\",\n            \"eventAttendanceMode\": \"https:\/\/schema.org\/OfflineEventAttendanceMode\",\n            \"location\":\n            {\n                \"@type\": \"Place\",\n                                \"name\": \"Familienzentrum Leibnitz\",\n                \"image\": \"\",\n                \"address\": \"\"\n                            },\n            \"organizer\":\n            {\n                \"@type\": \"Person\",\n                \"name\": \"\",\n                \"url\": \"\"\n            },\n            \"offers\":\n            {\n                \"url\": \"https:\/\/www.ekiz-sued.at\/ekiz\/events\/ernaehrungsworkshop-im-beikostalter\/\",\n                \"price\": \"\",\n                \"priceCurrency\": \"EUR\",\n                \"availability\": \"https:\/\/schema.org\/InStock\",\n                \"validFrom\": \"2026-07-09T00:00\"\n            },\n            \"performer\": \"\",\n            \"description\": \"&lt;p&gt;&lt;strong&gt;&lt;span dir=&quot;ltr&quot; role=&quot;presentation&quot;&gt;Babys erstes L\u00f6ffelchen&lt;\/span&gt;&lt;\/strong&gt;&lt;\/p&gt; &lt;p&gt;&lt;span dir=&quot;ltr&quot; role=&quot;presentation&quot;&gt;Etwa ab dem sechsten Lebensmonat reicht Muttermilch alleine nicht mehr &lt;\/span&gt;&lt;br role=&quot;presentation&quot; \/&gt;&lt;span dir=&quot;ltr&quot; role=&quot;presentation&quot;&gt;aus, um den Energie- und N\u00e4hrstoffbedarf des S\u00e4uglings zu decken. &lt;\/span&gt; &lt;br role=&quot;presentation&quot; \/&gt;&lt;br role=&quot;presentation&quot; \/&gt;&lt;span dir=&quot;ltr&quot; role=&quot;presentation&quot;&gt;Es ist an der Zeit, das Baby an Beikost zu gew\u00f6hnen. Dieser \u00dcbergang von &lt;\/span&gt;&lt;br role=&quot;presentation&quot; \/&gt;&lt;span dir=&quot;ltr&quot; role=&quot;presentation&quot;&gt;Muttermilch zu \u201enormaler\u201c Kost soll behutsam und Schritt f\u00fcr Schritt erfolgen.&lt;\/span&gt;&lt;br role=&quot;presentation&quot; \/&gt;&lt;span dir=&quot;ltr&quot; role=&quot;presentation&quot;&gt;Inhalte: Milchs\u00e4uglingsnahrungen \u2013 Unterschiede, was versteht man unter &lt;\/span&gt;&lt;br role=&quot;presentation&quot; \/&gt;&lt;span dir=&quot;ltr&quot; role=&quot;presentation&quot;&gt;Beikost, wann kann ich mit der Beikost beginnen, Pr\u00e4gung der Geschmacks-&lt;\/span&gt;&lt;br role=&quot;presentation&quot; \/&gt;&lt;span dir=&quot;ltr&quot; role=&quot;presentation&quot;&gt;vorlieben, Energie- und N\u00e4hrstoffbedarf des Kindes, Mahlzeitenzubereitung &lt;\/span&gt;&lt;span dir=&quot;ltr&quot; role=&quot;presentation&quot;&gt;und Rezepte, Ma\u00dfnahmen zur Verhinderung von Allergien und Z\u00f6liakie&lt;\/span&gt;&lt;\/p&gt; &lt;p&gt;&lt;br role=&quot;presentation&quot; \/&gt;&lt;span dir=&quot;ltr&quot; role=&quot;presentation&quot;&gt;Kosten:&lt;\/span&gt;&lt;span dir=&quot;ltr&quot; role=&quot;presentation&quot;&gt; keine, finanziert \u00fcber das Projekt \u201eRichtig essen von Anfang an\u201c&lt;\/span&gt; &lt;br role=&quot;presentation&quot; \/&gt;&lt;span dir=&quot;ltr&quot; role=&quot;presentation&quot;&gt;Anmeldung:&lt;\/span&gt; &lt;span dir=&quot;ltr&quot; role=&quot;presentation&quot;&gt;Mo-Fr von 8-12h unter 05 0766 1511-31&lt;\/span&gt;&lt;br role=&quot;presentation&quot; \/&gt;&lt;span dir=&quot;ltr&quot; role=&quot;presentation&quot;&gt;oder richtigessen-15@oegk.at&lt;\/span&gt;&lt;br role=&quot;presentation&quot; \/&gt;&lt;span dir=&quot;ltr&quot; role=&quot;presentation&quot;&gt;Leitung: Ulrike Kettl, Di\u00e4tologin&lt;\/span&gt;&lt;\/p&gt; \",\n            \"image\": \"\",\n            \"name\": \"Ern\u00e4hrungsworkshop im Beikostalter:\",\n            \"url\": \"https:\/\/www.ekiz-sued.at\/ekiz\/events\/ernaehrungsworkshop-im-beikostalter\/?occurrence=2026-07-09&time=1783605600\"\n        }\n        <\/script>\n                    <article class=\"mec-past-event mec-event-article  mec-clear  mec-divider-toggle mec-toggle-202607-3819\" itemscope>\n                                    <div class=\"col-md-2 col-sm-2\">\n\n                                                <div class=\"mec-event-date\">\n                            <div class=\"event-d mec-color\">09<\/div>\n                            <div class=\"event-f\">Juli<\/div>\n                            <div class=\"event-da\">Donnerstag<\/div>\n                        <\/div>\n                                            <\/div>\n                    <div class=\"col-md-6 col-sm-6\">\n                                                                        <h4 class=\"mec-event-title\"><a class=\"mec-color-hover\"  data-event-id=\"3898\" href=\"https:\/\/www.ekiz-sued.at\/ekiz\/events\/ernaehrungsworkshop-im-beikostalter\/?occurrence=2026-07-09&time=1783605600\" target=\"_blank\" rel=\"noopener\">Ern\u00e4hrungsworkshop im Beikostalter:<\/a><span class=\"event-color\" style=\"background: #\"><\/span><\/h4>\n                                                <div class=\"mec-event-detail\">\n                            <div class=\"mec-event-loc-place\">Familienzentrum Leibnitz<\/div>\n                                                                                                            <\/div>\n                        <ul class=\"mec-event-sharing\"><li class=\"mec-event-social-icon\"><a class=\"facebook\" href=\"https:\/\/www.facebook.com\/sharer\/sharer.php?u=https%3A%2F%2Fwww.ekiz-sued.at%2Fekiz%2Fevents%2Fernaehrungsworkshop-im-beikostalter%2F\" onclick=\"javascript:window.open(this.href, '', 'menubar=no,toolbar=no,resizable=yes,scrollbars=yes,height=500,width=600'); return false;\" title=\"Teilen auf Facebook\"><i class=\"mec-fa-facebook\"><\/i><\/a><\/li><li class=\"mec-event-social-icon\"><a class=\"whatsapp\" href=\"whatsapp:\/\/send\/?text=https%3A%2F%2Fwww.ekiz-sued.at%2Fekiz%2Fevents%2Fernaehrungsworkshop-im-beikostalter%2F\" title=\"Share on WhatsApp\"><i class=\"mec-fa-whatsapp\"><\/i><\/a><\/li><li class=\"mec-event-social-icon\"><a class=\"email\" href=\"mailto:?subject=Ern\u00e4hrungsworkshop im Beikostalter:&body=https%3A%2F%2Fwww.ekiz-sued.at%2Fekiz%2Fevents%2Fernaehrungsworkshop-im-beikostalter%2F\" title=\"E-Mail\"><i class=\"mec-fa-envelope\"><\/i><\/a><\/li><\/ul>\n                    <\/div>\n                    <div class=\"col-md-4 col-sm-4 mec-btn-wrapper\">\n                                                <a class=\"mec-booking-button\"  data-event-id=\"3898\" href=\"https:\/\/www.ekiz-sued.at\/ekiz\/events\/ernaehrungsworkshop-im-beikostalter\/?occurrence=2026-07-09&time=1783605600\" target=\"_blank\" rel=\"noopener\">Details <\/a>                                            <\/div>\n                            <\/article>\n            \t\t\n                        <div class=\"mec-month-divider\" data-toggle-divider=\"mec-toggle-202609-3819\"><span>September 2026<\/span><i class=\"mec-sl-arrow-down\"><\/i><\/div>\n            \n                    <script type=\"application\/ld+json\">\n        {\n            \"@context\": \"http:\/\/schema.org\",\n            \"@type\": \"Event\",\n            \"eventStatus\": \"https:\/\/schema.org\/EventScheduled\",\n            \"startDate\": \"2026-09-10\",\n            \"endDate\": \"2026-09-10\",\n            \"eventAttendanceMode\": \"https:\/\/schema.org\/OfflineEventAttendanceMode\",\n            \"location\":\n            {\n                \"@type\": \"Place\",\n                                \"name\": \"\",\n                \"image\": \"\",\n                \"address\": \"\"\n                            },\n            \"organizer\":\n            {\n                \"@type\": \"Person\",\n                \"name\": \"\",\n                \"url\": \"\"\n            },\n            \"offers\":\n            {\n                \"url\": \"https:\/\/www.ekiz-sued.at\/ekiz\/events\/gemuesetigeralarm\/\",\n                \"price\": \"\",\n                \"priceCurrency\": \"EUR\",\n                \"availability\": \"https:\/\/schema.org\/InStock\",\n                \"validFrom\": \"2026-09-10T00:00\"\n            },\n            \"performer\": \"\",\n            \"description\": \"&lt;p&gt;Ern\u00e4hrung der 1 \u2013 3 &#8211; J\u00e4hrigen&lt;\/p&gt; &lt;p&gt;Wenn Babys sich langsam f\u00fcr \u201crichtiges\u201d Essen interessieren, beginnt f\u00fcr&lt;br \/&gt; Familien eine neue spannende Zeit. Praktische Anregungen, kindgerechte&lt;br \/&gt; Zufuhrempfehlungen und alltagsnahe Tipps inkl. Rezepte erleichtern den&lt;br \/&gt; \u00dcbergang von der Babykost zum Familienessen.&lt;\/p&gt; &lt;p&gt;weitere Infos unter: www.gesundheitskassa.at\/richtigessen-15&lt;br \/&gt; Anmeldung: Mo-Fr von 8-12h unter 05 0766 1511-31 oder&lt;br \/&gt; richtigessen-15@oegk.at&lt;br \/&gt; Leitung: Viktoria Guss, BSc. &#038; Eva-Maria Polz, BSc. MA.&lt;br \/&gt; Team Ern\u00e4hrung&lt;\/p&gt; \",\n            \"image\": \"\",\n            \"name\": \"Gem\u00fcsetigeralarm\",\n            \"url\": \"https:\/\/www.ekiz-sued.at\/ekiz\/events\/gemuesetigeralarm\/?occurrence=2026-09-10&time=1789048800\"\n        }\n        <\/script>\n                    <article class=\"mec-past-event mec-event-article  mec-clear  mec-divider-toggle mec-toggle-202609-3819\" itemscope>\n                                    <div class=\"col-md-2 col-sm-2\">\n\n                                                <div class=\"mec-event-date\">\n                            <div class=\"event-d mec-color\">10<\/div>\n                            <div class=\"event-f\">September<\/div>\n                            <div class=\"event-da\">Donnerstag<\/div>\n                        <\/div>\n                                            <\/div>\n                    <div class=\"col-md-6 col-sm-6\">\n                                                                        <h4 class=\"mec-event-title\"><a class=\"mec-color-hover\"  data-event-id=\"4232\" href=\"https:\/\/www.ekiz-sued.at\/ekiz\/events\/gemuesetigeralarm\/?occurrence=2026-09-10&time=1789048800\" target=\"_blank\" rel=\"noopener\">Gem\u00fcsetigeralarm<\/a><span class=\"event-color\" style=\"background: #\"><\/span><\/h4>\n                                                <div class=\"mec-event-detail\">\n                            <div class=\"mec-event-loc-place\"><\/div>\n                                                                                                            <\/div>\n                        <ul class=\"mec-event-sharing\"><li class=\"mec-event-social-icon\"><a class=\"facebook\" href=\"https:\/\/www.facebook.com\/sharer\/sharer.php?u=https%3A%2F%2Fwww.ekiz-sued.at%2Fekiz%2Fevents%2Fgemuesetigeralarm%2F\" onclick=\"javascript:window.open(this.href, '', 'menubar=no,toolbar=no,resizable=yes,scrollbars=yes,height=500,width=600'); return false;\" title=\"Teilen auf Facebook\"><i class=\"mec-fa-facebook\"><\/i><\/a><\/li><li class=\"mec-event-social-icon\"><a class=\"whatsapp\" href=\"whatsapp:\/\/send\/?text=https%3A%2F%2Fwww.ekiz-sued.at%2Fekiz%2Fevents%2Fgemuesetigeralarm%2F\" title=\"Share on WhatsApp\"><i class=\"mec-fa-whatsapp\"><\/i><\/a><\/li><li class=\"mec-event-social-icon\"><a class=\"email\" href=\"mailto:?subject=Gem\u00fcsetigeralarm&body=https%3A%2F%2Fwww.ekiz-sued.at%2Fekiz%2Fevents%2Fgemuesetigeralarm%2F\" title=\"E-Mail\"><i class=\"mec-fa-envelope\"><\/i><\/a><\/li><\/ul>\n                    <\/div>\n                    <div class=\"col-md-4 col-sm-4 mec-btn-wrapper\">\n                                                <a class=\"mec-booking-button\"  data-event-id=\"4232\" href=\"https:\/\/www.ekiz-sued.at\/ekiz\/events\/gemuesetigeralarm\/?occurrence=2026-09-10&time=1789048800\" target=\"_blank\" rel=\"noopener\">Details <\/a>                                            <\/div>\n                            <\/article>\n            \t\t\n            \n                    <script type=\"application\/ld+json\">\n        {\n            \"@context\": \"http:\/\/schema.org\",\n            \"@type\": \"Event\",\n            \"eventStatus\": \"https:\/\/schema.org\/EventScheduled\",\n            \"startDate\": \"2026-09-26\",\n            \"endDate\": \"2026-09-26\",\n            \"eventAttendanceMode\": \"https:\/\/schema.org\/OfflineEventAttendanceMode\",\n            \"location\":\n            {\n                \"@type\": \"Place\",\n                                \"name\": \"Familienzentrum Leibnitz\",\n                \"image\": \"\",\n                \"address\": \"\"\n                            },\n            \"organizer\":\n            {\n                \"@type\": \"Person\",\n                \"name\": \"\",\n                \"url\": \"\"\n            },\n            \"offers\":\n            {\n                \"url\": \"https:\/\/www.ekiz-sued.at\/ekiz\/events\/kinderkrankheiten-natuerlich-lindern\/\",\n                \"price\": \"\u20ac39.00\",\n                \"priceCurrency\": \"EUR\",\n                \"availability\": \"https:\/\/schema.org\/InStock\",\n                \"validFrom\": \"2026-09-26T00:00\"\n            },\n            \"performer\": \"\",\n            \"description\": \"&lt;p&gt;Ein Workshop f\u00fcr Familien, die Ihr Kind mit bew\u00e4hrten Hausmitteln gut&lt;br \/&gt; begleiten m\u00f6chten, wenn es krank ist oder Beschwerden hat. Du m\u00f6chtest&lt;br \/&gt; Dein Kind auf nat\u00fcrliche Weise beim Genesen unterst\u00fctzen, wei\u00dft aber&lt;br \/&gt; nicht wie und m\u00f6chtest wissen welche Hausmittel f\u00fcr S\u00e4uglinge und kleine&lt;br \/&gt; Kinder geeignet sind?&lt;br \/&gt; In diesem Vortrag erhaltest Du Tipps zur Linderung von Husten, Schnupfen,&lt;br \/&gt; Fieber, Ohrenschmerzen, Bauchschmerzen, Zahnen und wundem Po aus der&lt;br \/&gt; Naturheilkunde und Hom\u00f6opathie.&lt;\/p&gt; &lt;p&gt;Die Hausmittel und deren Anwendung werden an einer Puppe gezeigt,&lt;br \/&gt; damit Du die n\u00f6tige Sicherheit im Umgang mit den kleinen Patienten&lt;br \/&gt; bekommst. Alle Anwendungen sind auch bei gr\u00f6\u00dferen Kindern und Erwach-&lt;br \/&gt; senen m\u00f6glich!&lt;\/p&gt; &lt;p&gt;Zielgruppe:&lt;br \/&gt; Schwangere bzw. werdende Eltern, Eltern mit Babys und Kleinkinder,&lt;br \/&gt; Gro\u00dfeltern oder andere Bezugspersonen&lt;\/p&gt; &lt;p&gt;&nbsp;&lt;\/p&gt; &lt;p&gt;Referentin: Yvonne Rothmann&lt;\/p&gt; \",\n            \"image\": \"\",\n            \"name\": \"Kinderkrankheiten nat\u00fcrlich lindern\",\n            \"url\": \"https:\/\/www.ekiz-sued.at\/ekiz\/events\/kinderkrankheiten-natuerlich-lindern\/?occurrence=2026-09-26&time=1790413200\"\n        }\n        <\/script>\n                    <article class=\"mec-past-event mec-event-article  mec-clear  mec-divider-toggle mec-toggle-202609-3819\" itemscope>\n                                    <div class=\"col-md-2 col-sm-2\">\n\n                                                <div class=\"mec-event-date\">\n                            <div class=\"event-d mec-color\">26<\/div>\n                            <div class=\"event-f\">September<\/div>\n                            <div class=\"event-da\">Samstag<\/div>\n                        <\/div>\n                                            <\/div>\n                    <div class=\"col-md-6 col-sm-6\">\n                                                                        <h4 class=\"mec-event-title\"><a class=\"mec-color-hover\"  data-event-id=\"4279\" href=\"https:\/\/www.ekiz-sued.at\/ekiz\/events\/kinderkrankheiten-natuerlich-lindern\/?occurrence=2026-09-26&time=1790413200\" target=\"_blank\" rel=\"noopener\">Kinderkrankheiten nat\u00fcrlich lindern<\/a><span class=\"event-color\" style=\"background: #\"><\/span><\/h4>\n                                                <div class=\"mec-event-detail\">\n                            <div class=\"mec-event-loc-place\">Familienzentrum Leibnitz<\/div>\n                                                                                                            <\/div>\n                        <ul class=\"mec-event-sharing\"><li class=\"mec-event-social-icon\"><a class=\"facebook\" href=\"https:\/\/www.facebook.com\/sharer\/sharer.php?u=https%3A%2F%2Fwww.ekiz-sued.at%2Fekiz%2Fevents%2Fkinderkrankheiten-natuerlich-lindern%2F\" onclick=\"javascript:window.open(this.href, '', 'menubar=no,toolbar=no,resizable=yes,scrollbars=yes,height=500,width=600'); return false;\" title=\"Teilen auf Facebook\"><i class=\"mec-fa-facebook\"><\/i><\/a><\/li><li class=\"mec-event-social-icon\"><a class=\"whatsapp\" href=\"whatsapp:\/\/send\/?text=https%3A%2F%2Fwww.ekiz-sued.at%2Fekiz%2Fevents%2Fkinderkrankheiten-natuerlich-lindern%2F\" title=\"Share on WhatsApp\"><i class=\"mec-fa-whatsapp\"><\/i><\/a><\/li><li class=\"mec-event-social-icon\"><a class=\"email\" href=\"mailto:?subject=Kinderkrankheiten nat\u00fcrlich lindern&body=https%3A%2F%2Fwww.ekiz-sued.at%2Fekiz%2Fevents%2Fkinderkrankheiten-natuerlich-lindern%2F\" title=\"E-Mail\"><i class=\"mec-fa-envelope\"><\/i><\/a><\/li><\/ul>\n                    <\/div>\n                    <div class=\"col-md-4 col-sm-4 mec-btn-wrapper\">\n                                                <a class=\"mec-booking-button\"  data-event-id=\"4279\" href=\"https:\/\/www.ekiz-sued.at\/ekiz\/events\/kinderkrankheiten-natuerlich-lindern\/?occurrence=2026-09-26&time=1790413200\" target=\"_blank\" rel=\"noopener\">Details <\/a>                                            <\/div>\n                            <\/article>\n            \t\t\n                        <div class=\"mec-month-divider\" data-toggle-divider=\"mec-toggle-202610-3819\"><span>Oktober 2026<\/span><i class=\"mec-sl-arrow-down\"><\/i><\/div>\n            \n                    <script type=\"application\/ld+json\">\n        {\n            \"@context\": \"http:\/\/schema.org\",\n            \"@type\": \"Event\",\n            \"eventStatus\": \"https:\/\/schema.org\/EventScheduled\",\n            \"startDate\": \"2026-10-09\",\n            \"endDate\": \"2026-10-09\",\n            \"eventAttendanceMode\": \"https:\/\/schema.org\/OfflineEventAttendanceMode\",\n            \"location\":\n            {\n                \"@type\": \"Place\",\n                                \"name\": \"Familienzentrum Leibnitz\",\n                \"image\": \"\",\n                \"address\": \"\"\n                            },\n            \"organizer\":\n            {\n                \"@type\": \"Person\",\n                \"name\": \"\",\n                \"url\": \"\"\n            },\n            \"offers\":\n            {\n                \"url\": \"https:\/\/www.ekiz-sued.at\/ekiz\/events\/ernaehrungsworkshop-im-beikostalter\/\",\n                \"price\": \"\",\n                \"priceCurrency\": \"EUR\",\n                \"availability\": \"https:\/\/schema.org\/InStock\",\n                \"validFrom\": \"2026-10-09T00:00\"\n            },\n            \"performer\": \"\",\n            \"description\": \"&lt;p&gt;&lt;strong&gt;&lt;span dir=&quot;ltr&quot; role=&quot;presentation&quot;&gt;Babys erstes L\u00f6ffelchen&lt;\/span&gt;&lt;\/strong&gt;&lt;\/p&gt; &lt;p&gt;&lt;span dir=&quot;ltr&quot; role=&quot;presentation&quot;&gt;Etwa ab dem sechsten Lebensmonat reicht Muttermilch alleine nicht mehr &lt;\/span&gt;&lt;br role=&quot;presentation&quot; \/&gt;&lt;span dir=&quot;ltr&quot; role=&quot;presentation&quot;&gt;aus, um den Energie- und N\u00e4hrstoffbedarf des S\u00e4uglings zu decken. &lt;\/span&gt; &lt;br role=&quot;presentation&quot; \/&gt;&lt;br role=&quot;presentation&quot; \/&gt;&lt;span dir=&quot;ltr&quot; role=&quot;presentation&quot;&gt;Es ist an der Zeit, das Baby an Beikost zu gew\u00f6hnen. Dieser \u00dcbergang von &lt;\/span&gt;&lt;br role=&quot;presentation&quot; \/&gt;&lt;span dir=&quot;ltr&quot; role=&quot;presentation&quot;&gt;Muttermilch zu \u201enormaler\u201c Kost soll behutsam und Schritt f\u00fcr Schritt erfolgen.&lt;\/span&gt;&lt;br role=&quot;presentation&quot; \/&gt;&lt;span dir=&quot;ltr&quot; role=&quot;presentation&quot;&gt;Inhalte: Milchs\u00e4uglingsnahrungen \u2013 Unterschiede, was versteht man unter &lt;\/span&gt;&lt;br role=&quot;presentation&quot; \/&gt;&lt;span dir=&quot;ltr&quot; role=&quot;presentation&quot;&gt;Beikost, wann kann ich mit der Beikost beginnen, Pr\u00e4gung der Geschmacks-&lt;\/span&gt;&lt;br role=&quot;presentation&quot; \/&gt;&lt;span dir=&quot;ltr&quot; role=&quot;presentation&quot;&gt;vorlieben, Energie- und N\u00e4hrstoffbedarf des Kindes, Mahlzeitenzubereitung &lt;\/span&gt;&lt;span dir=&quot;ltr&quot; role=&quot;presentation&quot;&gt;und Rezepte, Ma\u00dfnahmen zur Verhinderung von Allergien und Z\u00f6liakie&lt;\/span&gt;&lt;\/p&gt; &lt;p&gt;&lt;br role=&quot;presentation&quot; \/&gt;&lt;span dir=&quot;ltr&quot; role=&quot;presentation&quot;&gt;Kosten:&lt;\/span&gt;&lt;span dir=&quot;ltr&quot; role=&quot;presentation&quot;&gt; keine, finanziert \u00fcber das Projekt \u201eRichtig essen von Anfang an\u201c&lt;\/span&gt; &lt;br role=&quot;presentation&quot; \/&gt;&lt;span dir=&quot;ltr&quot; role=&quot;presentation&quot;&gt;Anmeldung:&lt;\/span&gt; &lt;span dir=&quot;ltr&quot; role=&quot;presentation&quot;&gt;Mo-Fr von 8-12h unter 05 0766 1511-31&lt;\/span&gt;&lt;br role=&quot;presentation&quot; \/&gt;&lt;span dir=&quot;ltr&quot; role=&quot;presentation&quot;&gt;oder richtigessen-15@oegk.at&lt;\/span&gt;&lt;br role=&quot;presentation&quot; \/&gt;&lt;span dir=&quot;ltr&quot; role=&quot;presentation&quot;&gt;Leitung: Ulrike Kettl, Di\u00e4tologin&lt;\/span&gt;&lt;\/p&gt; \",\n            \"image\": \"\",\n            \"name\": \"Ern\u00e4hrungsworkshop im Beikostalter:\",\n            \"url\": \"https:\/\/www.ekiz-sued.at\/ekiz\/events\/ernaehrungsworkshop-im-beikostalter\/?occurrence=2026-10-09&time=1791554400\"\n        }\n        <\/script>\n                    <article class=\"mec-past-event mec-event-article  mec-clear  mec-divider-toggle mec-toggle-202610-3819\" itemscope>\n                                    <div class=\"col-md-2 col-sm-2\">\n\n                                                <div class=\"mec-event-date\">\n                            <div class=\"event-d mec-color\">09<\/div>\n                            <div class=\"event-f\">Oktober<\/div>\n                            <div class=\"event-da\">Freitag<\/div>\n                        <\/div>\n                                            <\/div>\n                    <div class=\"col-md-6 col-sm-6\">\n                                                                        <h4 class=\"mec-event-title\"><a class=\"mec-color-hover\"  data-event-id=\"3898\" href=\"https:\/\/www.ekiz-sued.at\/ekiz\/events\/ernaehrungsworkshop-im-beikostalter\/?occurrence=2026-10-09&time=1791554400\" target=\"_blank\" rel=\"noopener\">Ern\u00e4hrungsworkshop im Beikostalter:<\/a><span class=\"event-color\" style=\"background: #\"><\/span><\/h4>\n                                                <div class=\"mec-event-detail\">\n                            <div class=\"mec-event-loc-place\">Familienzentrum Leibnitz<\/div>\n                                                                                                            <\/div>\n                        <ul class=\"mec-event-sharing\"><li class=\"mec-event-social-icon\"><a class=\"facebook\" href=\"https:\/\/www.facebook.com\/sharer\/sharer.php?u=https%3A%2F%2Fwww.ekiz-sued.at%2Fekiz%2Fevents%2Fernaehrungsworkshop-im-beikostalter%2F\" onclick=\"javascript:window.open(this.href, '', 'menubar=no,toolbar=no,resizable=yes,scrollbars=yes,height=500,width=600'); return false;\" title=\"Teilen auf Facebook\"><i class=\"mec-fa-facebook\"><\/i><\/a><\/li><li class=\"mec-event-social-icon\"><a class=\"whatsapp\" href=\"whatsapp:\/\/send\/?text=https%3A%2F%2Fwww.ekiz-sued.at%2Fekiz%2Fevents%2Fernaehrungsworkshop-im-beikostalter%2F\" title=\"Share on WhatsApp\"><i class=\"mec-fa-whatsapp\"><\/i><\/a><\/li><li class=\"mec-event-social-icon\"><a class=\"email\" href=\"mailto:?subject=Ern\u00e4hrungsworkshop im Beikostalter:&body=https%3A%2F%2Fwww.ekiz-sued.at%2Fekiz%2Fevents%2Fernaehrungsworkshop-im-beikostalter%2F\" title=\"E-Mail\"><i class=\"mec-fa-envelope\"><\/i><\/a><\/li><\/ul>\n                    <\/div>\n                    <div class=\"col-md-4 col-sm-4 mec-btn-wrapper\">\n                                                <a class=\"mec-booking-button\"  data-event-id=\"3898\" href=\"https:\/\/www.ekiz-sued.at\/ekiz\/events\/ernaehrungsworkshop-im-beikostalter\/?occurrence=2026-10-09&time=1791554400\" target=\"_blank\" rel=\"noopener\">Details <\/a>                                            <\/div>\n                            <\/article>\n            \t\t\n            \n                    <script type=\"application\/ld+json\">\n        {\n            \"@context\": \"http:\/\/schema.org\",\n            \"@type\": \"Event\",\n            \"eventStatus\": \"https:\/\/schema.org\/EventScheduled\",\n            \"startDate\": \"2026-10-23\",\n            \"endDate\": \"2026-10-23\",\n            \"eventAttendanceMode\": \"https:\/\/schema.org\/OfflineEventAttendanceMode\",\n            \"location\":\n            {\n                \"@type\": \"Place\",\n                                \"name\": \"Familienzentrum Leibnitz\",\n                \"image\": \"\",\n                \"address\": \"\"\n                            },\n            \"organizer\":\n            {\n                \"@type\": \"Person\",\n                \"name\": \"\",\n                \"url\": \"\"\n            },\n            \"offers\":\n            {\n                \"url\": \"https:\/\/www.ekiz-sued.at\/ekiz\/events\/babyfreundliche-beikost-mit-und-ohne-brei\/\",\n                \"price\": \"\",\n                \"priceCurrency\": \"EUR\",\n                \"availability\": \"https:\/\/schema.org\/InStock\",\n                \"validFrom\": \"2026-10-23T00:00\"\n            },\n            \"performer\": \"\",\n            \"description\": \"&lt;p&gt;Dieser Workshop richtet sich an alle, die noch nicht mit der Beikost&lt;br \/&gt; gestartet haben.&lt;\/p&gt; &lt;p&gt;Du m\u00f6chtest dich perfekt auf den Beikoststart vorbereiten, bist dir aber&lt;br \/&gt; unsicher wie? Breikost, BLW oder doch beides?&lt;br \/&gt; Dann ist dieser Workshop genau das richtige!&lt;br \/&gt; Das erwartet dich:&lt;br \/&gt; -Wann | Beikostreifezeichen&lt;br \/&gt; -Wie | achtsames unterst\u00fctzen\/f\u00fcttern&lt;br \/&gt; -Was und Wie viel&lt;br \/&gt; -Breikost und BLW&lt;br \/&gt; -Gl\u00e4schen oder lieber selbst gekocht?&lt;br \/&gt; -Einf\u00fchrung neuer Lebensmittel&lt;br \/&gt; -Getr\u00e4nke&lt;br \/&gt; -Allergiepr\u00e4vention&lt;\/p&gt; &lt;p&gt;Du bekommst ein tolles Kochbuch mit vielen Rezeptideen (auch f\u00fcr den&lt;br \/&gt; Familientisch geeignet &#8211; PDF) sowie Checklisten uvm. In diesem Workshop&lt;br \/&gt; m\u00f6chte ich der Beikost-Zeit ihren Schrecken nehmen und dir zeigen wie du&lt;br \/&gt; diese Zeit entspannt entgegen sehen kannst!&lt;\/p&gt; &lt;p&gt;&nbsp;&lt;\/p&gt; &lt;p&gt;Referentin: Yvonne Rothmann&lt;\/p&gt; \",\n            \"image\": \"\",\n            \"name\": \"Babyfreundliche Beikost mit und ohne Brei\",\n            \"url\": \"https:\/\/www.ekiz-sued.at\/ekiz\/events\/babyfreundliche-beikost-mit-und-ohne-brei\/?occurrence=2026-10-23&time=1792767600\"\n        }\n        <\/script>\n                    <article class=\"mec-past-event mec-event-article  mec-clear  mec-divider-toggle mec-toggle-202610-3819\" itemscope>\n                                    <div class=\"col-md-2 col-sm-2\">\n\n                                                <div class=\"mec-event-date\">\n                            <div class=\"event-d mec-color\">23<\/div>\n                            <div class=\"event-f\">Oktober<\/div>\n                            <div class=\"event-da\">Freitag<\/div>\n                        <\/div>\n                                            <\/div>\n                    <div class=\"col-md-6 col-sm-6\">\n                                                                        <h4 class=\"mec-event-title\"><a class=\"mec-color-hover\"  data-event-id=\"4280\" href=\"https:\/\/www.ekiz-sued.at\/ekiz\/events\/babyfreundliche-beikost-mit-und-ohne-brei\/?occurrence=2026-10-23&time=1792767600\" target=\"_blank\" rel=\"noopener\">Babyfreundliche Beikost mit und ohne Brei<\/a><span class=\"event-color\" style=\"background: #\"><\/span><\/h4>\n                                                <div class=\"mec-event-detail\">\n                            <div class=\"mec-event-loc-place\">Familienzentrum Leibnitz<\/div>\n                                                                                                            <\/div>\n                        <ul class=\"mec-event-sharing\"><li class=\"mec-event-social-icon\"><a class=\"facebook\" href=\"https:\/\/www.facebook.com\/sharer\/sharer.php?u=https%3A%2F%2Fwww.ekiz-sued.at%2Fekiz%2Fevents%2Fbabyfreundliche-beikost-mit-und-ohne-brei%2F\" onclick=\"javascript:window.open(this.href, '', 'menubar=no,toolbar=no,resizable=yes,scrollbars=yes,height=500,width=600'); return false;\" title=\"Teilen auf Facebook\"><i class=\"mec-fa-facebook\"><\/i><\/a><\/li><li class=\"mec-event-social-icon\"><a class=\"whatsapp\" href=\"whatsapp:\/\/send\/?text=https%3A%2F%2Fwww.ekiz-sued.at%2Fekiz%2Fevents%2Fbabyfreundliche-beikost-mit-und-ohne-brei%2F\" title=\"Share on WhatsApp\"><i class=\"mec-fa-whatsapp\"><\/i><\/a><\/li><li class=\"mec-event-social-icon\"><a class=\"email\" href=\"mailto:?subject=Babyfreundliche Beikost mit und ohne Brei&body=https%3A%2F%2Fwww.ekiz-sued.at%2Fekiz%2Fevents%2Fbabyfreundliche-beikost-mit-und-ohne-brei%2F\" title=\"E-Mail\"><i class=\"mec-fa-envelope\"><\/i><\/a><\/li><\/ul>\n                    <\/div>\n                    <div class=\"col-md-4 col-sm-4 mec-btn-wrapper\">\n                                                <a class=\"mec-booking-button\"  data-event-id=\"4280\" href=\"https:\/\/www.ekiz-sued.at\/ekiz\/events\/babyfreundliche-beikost-mit-und-ohne-brei\/?occurrence=2026-10-23&time=1792767600\" target=\"_blank\" rel=\"noopener\">Details <\/a>                                            <\/div>\n                            <\/article>\n            \t\t\n                        <div class=\"mec-month-divider\" data-toggle-divider=\"mec-toggle-202611-3819\"><span>November 2026<\/span><i class=\"mec-sl-arrow-down\"><\/i><\/div>\n            \n                    <script type=\"application\/ld+json\">\n        {\n            \"@context\": \"http:\/\/schema.org\",\n            \"@type\": \"Event\",\n            \"eventStatus\": \"https:\/\/schema.org\/EventScheduled\",\n            \"startDate\": \"2026-11-20\",\n            \"endDate\": \"2026-11-20\",\n            \"eventAttendanceMode\": \"https:\/\/schema.org\/OfflineEventAttendanceMode\",\n            \"location\":\n            {\n                \"@type\": \"Place\",\n                                \"name\": \"Ekiz Wagna\",\n                \"image\": \"\",\n                \"address\": \"\"\n                            },\n            \"organizer\":\n            {\n                \"@type\": \"Person\",\n                \"name\": \"\",\n                \"url\": \"\"\n            },\n            \"offers\":\n            {\n                \"url\": \"https:\/\/www.ekiz-sued.at\/ekiz\/events\/konflikte-beruhigend-begleiten-2-129-316-434-765\/\",\n                \"price\": \"\u20ac35.00\",\n                \"priceCurrency\": \"EUR\",\n                \"availability\": \"https:\/\/schema.org\/InStock\",\n                \"validFrom\": \"2026-11-20T00:00\"\n            },\n            \"performer\": \"\",\n            \"description\": \"&lt;p&gt;Dieser Workshop richtet sich an alle, die bereits mit der Beikost gestartet&lt;br \/&gt; haben &#8211; bis zum 2. Lebensjahr.&lt;br \/&gt; Es sind zwischenzeitlich Fragen aufgekommen oder die Beikost will nicht so&lt;br \/&gt; richtig klappen? Es ist jedes mal eine Tortur, wenn das Kind in den&lt;br \/&gt; Hochstuhl, sitzen bleiben oder das L\u00e4tzchen anziehen soll?&lt;br \/&gt; Diese und weitere Themen werden in diesem Workshop bearbeitet.&lt;\/p&gt; &lt;p&gt;Das erwartet dich:&lt;br \/&gt; -Beikostformen&lt;br \/&gt; -Getr\u00e4nke&lt;br \/&gt; -Spielen | Tischsitten | Besteck&lt;br \/&gt; -Wochenpl\u00e4ne&lt;br \/&gt; -Fastfood&lt;br \/&gt; -Konflikte vermeiden&lt;br \/&gt; -Nachtisch&lt;br \/&gt; -Rot | Gr\u00fcn&lt;br \/&gt; -uvm.&lt;\/p&gt; &lt;p&gt;Du bekommst ein tolles Kochbuch mit vielen Rezeptideen (auch f\u00fcr den&lt;br \/&gt; Familientisch geeignet &#8211; PDF) sowie Checklisten und das Beikost ABC.&lt;br \/&gt; In diesem Workshop m\u00f6chte ich dir zeigen, wie du stressfrei durch die&lt;br \/&gt; Beikost-Zeit mit Kleinkindern kommst.&lt;\/p&gt; &lt;p&gt;Teilnahmevoraussetzungen:&lt;br \/&gt; Dein Baby ist zwischen 7 und 24 Monate und ihr habt bereits mit der Bei-&lt;br \/&gt; kost gestartet.&lt;\/p&gt; \",\n            \"image\": \"\",\n            \"name\": \"Stressfrei Essen mit Kleinkindern\",\n            \"url\": \"https:\/\/www.ekiz-sued.at\/ekiz\/events\/konflikte-beruhigend-begleiten-2-129-316-434-765\/?occurrence=2026-11-20&time=1795186800\"\n        }\n        <\/script>\n                    <article class=\"mec-past-event mec-event-article  mec-clear  mec-divider-toggle mec-toggle-202611-3819\" itemscope>\n                                    <div class=\"col-md-2 col-sm-2\">\n\n                                                <div class=\"mec-event-date\">\n                            <div class=\"event-d mec-color\">20<\/div>\n                            <div class=\"event-f\">November<\/div>\n                            <div class=\"event-da\">Freitag<\/div>\n                        <\/div>\n                                            <\/div>\n                    <div class=\"col-md-6 col-sm-6\">\n                                                                        <h4 class=\"mec-event-title\"><a class=\"mec-color-hover\"  data-event-id=\"4183\" href=\"https:\/\/www.ekiz-sued.at\/ekiz\/events\/konflikte-beruhigend-begleiten-2-129-316-434-765\/?occurrence=2026-11-20&time=1795186800\" target=\"_blank\" rel=\"noopener\">Stressfrei Essen mit Kleinkindern<\/a><span class=\"event-color\" style=\"background: #\"><\/span><\/h4>\n                                                <div class=\"mec-event-detail\">\n                            <div class=\"mec-event-loc-place\">Ekiz Wagna<\/div>\n                                                                                                            <\/div>\n                        <ul class=\"mec-event-sharing\"><li class=\"mec-event-social-icon\"><a class=\"facebook\" href=\"https:\/\/www.facebook.com\/sharer\/sharer.php?u=https%3A%2F%2Fwww.ekiz-sued.at%2Fekiz%2Fevents%2Fkonflikte-beruhigend-begleiten-2-129-316-434-765%2F\" onclick=\"javascript:window.open(this.href, '', 'menubar=no,toolbar=no,resizable=yes,scrollbars=yes,height=500,width=600'); return false;\" title=\"Teilen auf Facebook\"><i class=\"mec-fa-facebook\"><\/i><\/a><\/li><li class=\"mec-event-social-icon\"><a class=\"whatsapp\" href=\"whatsapp:\/\/send\/?text=https%3A%2F%2Fwww.ekiz-sued.at%2Fekiz%2Fevents%2Fkonflikte-beruhigend-begleiten-2-129-316-434-765%2F\" title=\"Share on WhatsApp\"><i class=\"mec-fa-whatsapp\"><\/i><\/a><\/li><li class=\"mec-event-social-icon\"><a class=\"email\" href=\"mailto:?subject=Stressfrei Essen mit Kleinkindern&body=https%3A%2F%2Fwww.ekiz-sued.at%2Fekiz%2Fevents%2Fkonflikte-beruhigend-begleiten-2-129-316-434-765%2F\" title=\"E-Mail\"><i class=\"mec-fa-envelope\"><\/i><\/a><\/li><\/ul>\n                    <\/div>\n                    <div class=\"col-md-4 col-sm-4 mec-btn-wrapper\">\n                                                <a class=\"mec-booking-button\"  data-event-id=\"4183\" href=\"https:\/\/www.ekiz-sued.at\/ekiz\/events\/konflikte-beruhigend-begleiten-2-129-316-434-765\/?occurrence=2026-11-20&time=1795186800\" target=\"_blank\" rel=\"noopener\">Details <\/a>                                            <\/div>\n                            <\/article>\n            \t\t\n            \n                    <script type=\"application\/ld+json\">\n        {\n            \"@context\": \"http:\/\/schema.org\",\n            \"@type\": \"Event\",\n            \"eventStatus\": \"https:\/\/schema.org\/EventScheduled\",\n            \"startDate\": \"2026-11-27\",\n            \"endDate\": \"2026-11-27\",\n            \"eventAttendanceMode\": \"https:\/\/schema.org\/OfflineEventAttendanceMode\",\n            \"location\":\n            {\n                \"@type\": \"Place\",\n                                \"name\": \"Ekiz Wagna\",\n                \"image\": \"\",\n                \"address\": \"\"\n                            },\n            \"organizer\":\n            {\n                \"@type\": \"Person\",\n                \"name\": \"\",\n                \"url\": \"\"\n            },\n            \"offers\":\n            {\n                \"url\": \"https:\/\/www.ekiz-sued.at\/ekiz\/events\/weihnachtsbaeckerei-gestern-weihnachtsbaeckerei-heute\/\",\n                \"price\": \"\u20ac15.00\",\n                \"priceCurrency\": \"EUR\",\n                \"availability\": \"https:\/\/schema.org\/InStock\",\n                \"validFrom\": \"2026-11-27T00:00\"\n            },\n            \"performer\": \"\",\n            \"description\": \"&lt;p&gt;Wer kennt ihn nicht, den lieblichen Duft von Weihnachtsgeb\u00e4ck\u2026&lt;br \/&gt; ob Lebkuchengew\u00fcrz, Zimt oder Anis, der Duft stimmt uns in den Advent&lt;br \/&gt; ein. Wir wollen gemeinsam die Tradition des famili\u00e4ren Kekse backen leben&lt;br \/&gt; und uns miteinander Zeit f\u00fcr einen stimmungsvollen Advent nehmen.&lt;br \/&gt; Kinder und ihre Eltern oder Gro\u00dfeltern r\u00fchren, kneten, backen und&lt;br \/&gt; verkosten anschlie\u00dfend die Leckereien. Und vielleicht erz\u00e4hlen die Gro\u00dfen&lt;br \/&gt; dann auch, wie sie die Advent- und Weihnachtszeit erlebt haben, als sie&lt;br \/&gt; selbst noch Kind waren. Wir freuen uns darauf.&lt;\/p&gt; \",\n            \"image\": \"\",\n            \"name\": \"Weihnachtsb\u00e4ckerei\",\n            \"url\": \"https:\/\/www.ekiz-sued.at\/ekiz\/events\/weihnachtsbaeckerei-gestern-weihnachtsbaeckerei-heute\/?occurrence=2026-11-27\"\n        }\n        <\/script>\n                    <article class=\"mec-event-article  mec-clear  mec-divider-toggle mec-toggle-202611-3819\" itemscope>\n                                    <div class=\"col-md-2 col-sm-2\">\n\n                                                <div class=\"mec-event-date\">\n                            <div class=\"event-d mec-color\">27<\/div>\n                            <div class=\"event-f\">November<\/div>\n                            <div class=\"event-da\">Freitag<\/div>\n                        <\/div>\n                                            <\/div>\n                    <div class=\"col-md-6 col-sm-6\">\n                                                                        <h4 class=\"mec-event-title\"><a class=\"mec-color-hover\"  data-event-id=\"3884\" href=\"https:\/\/www.ekiz-sued.at\/ekiz\/events\/weihnachtsbaeckerei-gestern-weihnachtsbaeckerei-heute\/?occurrence=2026-11-27\" target=\"_blank\" rel=\"noopener\">Weihnachtsb\u00e4ckerei<\/a><span class=\"event-color\" style=\"background: #\"><\/span><\/h4>\n                                                <div class=\"mec-event-detail\">\n                            <div class=\"mec-event-loc-place\">Ekiz Wagna<\/div>\n                                                                                                            <\/div>\n                        <ul class=\"mec-event-sharing\"><li class=\"mec-event-social-icon\"><a class=\"facebook\" href=\"https:\/\/www.facebook.com\/sharer\/sharer.php?u=https%3A%2F%2Fwww.ekiz-sued.at%2Fekiz%2Fevents%2Fweihnachtsbaeckerei-gestern-weihnachtsbaeckerei-heute%2F\" onclick=\"javascript:window.open(this.href, '', 'menubar=no,toolbar=no,resizable=yes,scrollbars=yes,height=500,width=600'); return false;\" title=\"Teilen auf Facebook\"><i class=\"mec-fa-facebook\"><\/i><\/a><\/li><li class=\"mec-event-social-icon\"><a class=\"whatsapp\" href=\"whatsapp:\/\/send\/?text=https%3A%2F%2Fwww.ekiz-sued.at%2Fekiz%2Fevents%2Fweihnachtsbaeckerei-gestern-weihnachtsbaeckerei-heute%2F\" title=\"Share on WhatsApp\"><i class=\"mec-fa-whatsapp\"><\/i><\/a><\/li><li class=\"mec-event-social-icon\"><a class=\"email\" href=\"mailto:?subject=Weihnachtsb\u00e4ckerei&body=https%3A%2F%2Fwww.ekiz-sued.at%2Fekiz%2Fevents%2Fweihnachtsbaeckerei-gestern-weihnachtsbaeckerei-heute%2F\" title=\"E-Mail\"><i class=\"mec-fa-envelope\"><\/i><\/a><\/li><\/ul>\n                    <\/div>\n                    <div class=\"col-md-4 col-sm-4 mec-btn-wrapper\">\n                                                <a class=\"mec-booking-button\"  data-event-id=\"3884\" href=\"https:\/\/www.ekiz-sued.at\/ekiz\/events\/weihnachtsbaeckerei-gestern-weihnachtsbaeckerei-heute\/?occurrence=2026-11-27\" target=\"_blank\" rel=\"noopener\">Details <\/a>                                            <\/div>\n                            <\/article>\n            \t\t\n                        <div class=\"mec-month-divider\" data-toggle-divider=\"mec-toggle-202612-3819\"><span>Dezember 2026<\/span><i class=\"mec-sl-arrow-down\"><\/i><\/div>\n            \n                    <script type=\"application\/ld+json\">\n        {\n            \"@context\": \"http:\/\/schema.org\",\n            \"@type\": \"Event\",\n            \"eventStatus\": \"https:\/\/schema.org\/EventScheduled\",\n            \"startDate\": \"2026-12-10\",\n            \"endDate\": \"2026-12-10\",\n            \"eventAttendanceMode\": \"https:\/\/schema.org\/OfflineEventAttendanceMode\",\n            \"location\":\n            {\n                \"@type\": \"Place\",\n                                \"name\": \"\",\n                \"image\": \"\",\n                \"address\": \"\"\n                            },\n            \"organizer\":\n            {\n                \"@type\": \"Person\",\n                \"name\": \"\",\n                \"url\": \"\"\n            },\n            \"offers\":\n            {\n                \"url\": \"https:\/\/www.ekiz-sued.at\/ekiz\/events\/gemuesetigeralarm\/\",\n                \"price\": \"\",\n                \"priceCurrency\": \"EUR\",\n                \"availability\": \"https:\/\/schema.org\/InStock\",\n                \"validFrom\": \"2026-12-10T00:00\"\n            },\n            \"performer\": \"\",\n            \"description\": \"&lt;p&gt;Ern\u00e4hrung der 1 \u2013 3 &#8211; J\u00e4hrigen&lt;\/p&gt; &lt;p&gt;Wenn Babys sich langsam f\u00fcr \u201crichtiges\u201d Essen interessieren, beginnt f\u00fcr&lt;br \/&gt; Familien eine neue spannende Zeit. Praktische Anregungen, kindgerechte&lt;br \/&gt; Zufuhrempfehlungen und alltagsnahe Tipps inkl. Rezepte erleichtern den&lt;br \/&gt; \u00dcbergang von der Babykost zum Familienessen.&lt;\/p&gt; &lt;p&gt;weitere Infos unter: www.gesundheitskassa.at\/richtigessen-15&lt;br \/&gt; Anmeldung: Mo-Fr von 8-12h unter 05 0766 1511-31 oder&lt;br \/&gt; richtigessen-15@oegk.at&lt;br \/&gt; Leitung: Viktoria Guss, BSc. &#038; Eva-Maria Polz, BSc. MA.&lt;br \/&gt; Team Ern\u00e4hrung&lt;\/p&gt; \",\n            \"image\": \"\",\n            \"name\": \"Gem\u00fcsetigeralarm\",\n            \"url\": \"https:\/\/www.ekiz-sued.at\/ekiz\/events\/gemuesetigeralarm\/?occurrence=2026-12-10&time=1796911200\"\n        }\n        <\/script>\n                    <article class=\"mec-past-event mec-event-article  mec-clear  mec-divider-toggle mec-toggle-202612-3819\" itemscope>\n                                    <div class=\"col-md-2 col-sm-2\">\n\n                                                <div class=\"mec-event-date\">\n                            <div class=\"event-d mec-color\">10<\/div>\n                            <div class=\"event-f\">Dezember<\/div>\n                            <div class=\"event-da\">Donnerstag<\/div>\n                        <\/div>\n                                            <\/div>\n                    <div class=\"col-md-6 col-sm-6\">\n                                                                        <h4 class=\"mec-event-title\"><a class=\"mec-color-hover\"  data-event-id=\"4232\" href=\"https:\/\/www.ekiz-sued.at\/ekiz\/events\/gemuesetigeralarm\/?occurrence=2026-12-10&time=1796911200\" target=\"_blank\" rel=\"noopener\">Gem\u00fcsetigeralarm<\/a><span class=\"event-color\" style=\"background: #\"><\/span><\/h4>\n                                                <div class=\"mec-event-detail\">\n                            <div class=\"mec-event-loc-place\"><\/div>\n                                                                                                            <\/div>\n                        <ul class=\"mec-event-sharing\"><li class=\"mec-event-social-icon\"><a class=\"facebook\" href=\"https:\/\/www.facebook.com\/sharer\/sharer.php?u=https%3A%2F%2Fwww.ekiz-sued.at%2Fekiz%2Fevents%2Fgemuesetigeralarm%2F\" onclick=\"javascript:window.open(this.href, '', 'menubar=no,toolbar=no,resizable=yes,scrollbars=yes,height=500,width=600'); return false;\" title=\"Teilen auf Facebook\"><i class=\"mec-fa-facebook\"><\/i><\/a><\/li><li class=\"mec-event-social-icon\"><a class=\"whatsapp\" href=\"whatsapp:\/\/send\/?text=https%3A%2F%2Fwww.ekiz-sued.at%2Fekiz%2Fevents%2Fgemuesetigeralarm%2F\" title=\"Share on WhatsApp\"><i class=\"mec-fa-whatsapp\"><\/i><\/a><\/li><li class=\"mec-event-social-icon\"><a class=\"email\" href=\"mailto:?subject=Gem\u00fcsetigeralarm&body=https%3A%2F%2Fwww.ekiz-sued.at%2Fekiz%2Fevents%2Fgemuesetigeralarm%2F\" title=\"E-Mail\"><i class=\"mec-fa-envelope\"><\/i><\/a><\/li><\/ul>\n                    <\/div>\n                    <div class=\"col-md-4 col-sm-4 mec-btn-wrapper\">\n                                                <a class=\"mec-booking-button\"  data-event-id=\"4232\" href=\"https:\/\/www.ekiz-sued.at\/ekiz\/events\/gemuesetigeralarm\/?occurrence=2026-12-10&time=1796911200\" target=\"_blank\" rel=\"noopener\">Details <\/a>                                            <\/div>\n                            <\/article>\n            \t\t\t<\/div>\n<\/div>\n\n    <\/div>\n    <div class=\"mec-skin-list-no-events-container mec-util-hidden\" id=\"mec_skin_no_events_3819\">\n        Keine Veranstaltung gefunden    <\/div>\n        \n        \n<\/div>\n","protected":false},"excerpt":{"rendered":"","protected":false},"author":1,"featured_media":0,"parent":3700,"menu_order":8,"comment_status":"closed","ping_status":"closed","template":"","meta":{"footnotes":""},"class_list":["post-3894","page","type-page","status-publish","hentry"],"_links":{"self":[{"href":"https:\/\/www.ekiz-sued.at\/ekiz\/wp-json\/wp\/v2\/pages\/3894","targetHints":{"allow":["GET"]}}],"collection":[{"href":"https:\/\/www.ekiz-sued.at\/ekiz\/wp-json\/wp\/v2\/pages"}],"about":[{"href":"https:\/\/www.ekiz-sued.at\/ekiz\/wp-json\/wp\/v2\/types\/page"}],"author":[{"embeddable":true,"href":"https:\/\/www.ekiz-sued.at\/ekiz\/wp-json\/wp\/v2\/users\/1"}],"replies":[{"embeddable":true,"href":"https:\/\/www.ekiz-sued.at\/ekiz\/wp-json\/wp\/v2\/comments?post=3894"}],"version-history":[{"count":2,"href":"https:\/\/www.ekiz-sued.at\/ekiz\/wp-json\/wp\/v2\/pages\/3894\/revisions"}],"predecessor-version":[{"id":3896,"href":"https:\/\/www.ekiz-sued.at\/ekiz\/wp-json\/wp\/v2\/pages\/3894\/revisions\/3896"}],"up":[{"embeddable":true,"href":"https:\/\/www.ekiz-sued.at\/ekiz\/wp-json\/wp\/v2\/pages\/3700"}],"wp:attachment":[{"href":"https:\/\/www.ekiz-sued.at\/ekiz\/wp-json\/wp\/v2\/media?parent=3894"}],"curies":[{"name":"wp","href":"https:\/\/api.w.org\/{rel}","templated":true}]}}