{"id":3807,"date":"2022-01-21T13:41:52","date_gmt":"2022-01-21T12:41:52","guid":{"rendered":"https:\/\/www.ekiz-sued.at\/ekiz\/?page_id=3807"},"modified":"2022-01-31T10:54:42","modified_gmt":"2022-01-31T09:54:42","slug":"babyangebote","status":"publish","type":"page","link":"https:\/\/www.ekiz-sued.at\/ekiz\/veranstaltungen\/babyangebote\/","title":{"rendered":"Babyangebote"},"content":{"rendered":"<div class=\"mec-wrap mec-skin-list-container  \" id=\"mec_skin_3805\">\n    \n    \n            <div class=\"mec-skin-list-events-container\" id=\"mec_skin_events_3805\">\n        <div class=\"mec-wrap colorskin-custom\">\n\t<div class=\"mec-event-list-modern\">\n\t\t\n                        <div class=\"mec-month-divider\" data-toggle-divider=\"mec-toggle-202604-3805\"><span>April 2026<\/span><i class=\"mec-sl-arrow-down\"><\/i><\/div>\n            \n                    <script type=\"application\/ld+json\">\n        {\n            \"@context\": \"http:\/\/schema.org\",\n            \"@type\": \"Event\",\n            \"eventStatus\": \"https:\/\/schema.org\/EventScheduled\",\n            \"startDate\": \"2026-04-28\",\n            \"endDate\": \"2026-04-28\",\n            \"eventAttendanceMode\": \"https:\/\/schema.org\/OfflineEventAttendanceMode\",\n            \"location\":\n            {\n                \"@type\": \"Place\",\n                                \"name\": \"Familienzentrum Leibnitz\",\n                \"image\": \"\",\n                \"address\": \"\"\n                            },\n            \"organizer\":\n            {\n                \"@type\": \"Person\",\n                \"name\": \"\",\n                \"url\": \"\"\n            },\n            \"offers\":\n            {\n                \"url\": \"https:\/\/www.ekiz-sued.at\/ekiz\/events\/babycafe-2\/\",\n                \"price\": \"\",\n                \"priceCurrency\": \"EUR\",\n                \"availability\": \"https:\/\/schema.org\/InStock\",\n                \"validFrom\": \"2026-04-28T00:00\"\n            },\n            \"performer\": \"\",\n            \"description\": \"&lt;p&gt;&lt;span dir=&quot;ltr&quot; role=&quot;presentation&quot;&gt;Eingeladen sind alle Babys mit ihren M\u00fcttern und V\u00e4tern von &lt;\/span&gt;&lt;br role=&quot;presentation&quot; \/&gt;&lt;span dir=&quot;ltr&quot; role=&quot;presentation&quot;&gt;0 \u2013 1 Jahr. Dieses Treffen bietet die M\u00f6glichkeit in gem\u00fctlicher &lt;\/span&gt;&lt;br role=&quot;presentation&quot; \/&gt;&lt;span dir=&quot;ltr&quot; role=&quot;presentation&quot;&gt;Runde mit anderen Eltern Kontakte zu kn\u00fcpfen und Erfahrungen &lt;\/span&gt;&lt;br role=&quot;presentation&quot; \/&gt;&lt;span dir=&quot;ltr&quot; role=&quot;presentation&quot;&gt;auszutauschen.&lt;br \/&gt; &lt;\/span&gt;&lt;br role=&quot;presentation&quot; \/&gt;&lt;span dir=&quot;ltr&quot; role=&quot;presentation&quot;&gt;Vor allem in den ersten Wochen mit dem Baby, treten oft kleine &lt;\/span&gt;&lt;br role=&quot;presentation&quot; \/&gt;&lt;span dir=&quot;ltr&quot; role=&quot;presentation&quot;&gt;Unsicherheiten im Umgang mit dem Baby auf. Unter fachkundiger &lt;\/span&gt;&lt;br role=&quot;presentation&quot; \/&gt;&lt;span dir=&quot;ltr&quot; role=&quot;presentation&quot;&gt;Leitung k\u00f6nnen aktuelle Probleme und andere Themen &lt;\/span&gt;&lt;br role=&quot;presentation&quot; \/&gt;&lt;span dir=&quot;ltr&quot; role=&quot;presentation&quot;&gt;angesprochen werden.&lt;br \/&gt; &lt;\/span&gt;&lt;br role=&quot;presentation&quot; \/&gt;&lt;span dir=&quot;ltr&quot; role=&quot;presentation&quot;&gt;Weiters haben Eltern die M\u00f6glichkeit ihr Baby zu wiegen und in &lt;\/span&gt;&lt;br role=&quot;presentation&quot; \/&gt;&lt;span dir=&quot;ltr&quot; role=&quot;presentation&quot;&gt;unserer B\u00fccherei weiterf\u00fchrende Literatur zum Thema Baby und &lt;\/span&gt;&lt;br role=&quot;presentation&quot; \/&gt;&lt;span dir=&quot;ltr&quot; role=&quot;presentation&quot;&gt;Stillen zu erhalten.&lt;br \/&gt; &lt;\/span&gt;&lt;br role=&quot;presentation&quot; \/&gt;&lt;span dir=&quot;ltr&quot; role=&quot;presentation&quot;&gt;Termin:&lt;\/span&gt;&lt;span dir=&quot;ltr&quot; role=&quot;presentation&quot;&gt; Jeden Dienstag von 9.30 \u2013 11.00 Uhr &lt;\/span&gt;&lt;br role=&quot;presentation&quot; \/&gt;&lt;span dir=&quot;ltr&quot; role=&quot;presentation&quot;&gt;Kosten:&lt;\/span&gt;&lt;span dir=&quot;ltr&quot; role=&quot;presentation&quot;&gt; \u20ac 3,50 (f\u00fcr Mitglieder kostenlos)&lt;\/span&gt;&lt;br role=&quot;presentation&quot; \/&gt;&lt;span dir=&quot;ltr&quot; role=&quot;presentation&quot;&gt;Leitung: Barbara Maderthaner, Dipl. Kinderkrankenschwester&lt;\/span&gt;&lt;\/p&gt; \",\n            \"image\": \"\",\n            \"name\": \"Babycaf\u00e8\",\n            \"url\": \"https:\/\/www.ekiz-sued.at\/ekiz\/events\/babycafe-2\/?occurrence=2026-04-28\"\n        }\n        <\/script>\n                    <article class=\"mec-past-event mec-event-article  mec-clear  mec-divider-toggle mec-toggle-202604-3805\" itemscope>\n                                    <div class=\"col-md-2 col-sm-2\">\n\n                                                <div class=\"mec-event-date\">\n                            <div class=\"event-d mec-color\">28<\/div>\n                            <div class=\"event-f\">April<\/div>\n                            <div class=\"event-da\">Dienstag<\/div>\n                        <\/div>\n                                            <\/div>\n                    <div class=\"col-md-6 col-sm-6\">\n                                                                        <h4 class=\"mec-event-title\"><a class=\"mec-color-hover\"  data-event-id=\"3911\" href=\"https:\/\/www.ekiz-sued.at\/ekiz\/events\/babycafe-2\/?occurrence=2026-04-28\" target=\"_blank\" rel=\"noopener\">Babycaf\u00e8<\/a><span class=\"event-color\" style=\"background: #\"><\/span><\/h4>\n                                                <div class=\"mec-event-detail\">\n                            <div class=\"mec-event-loc-place\">Familienzentrum Leibnitz<\/div>\n                                                                                                            <\/div>\n                        <ul class=\"mec-event-sharing\"><li class=\"mec-event-social-icon\"><a class=\"facebook\" href=\"https:\/\/www.facebook.com\/sharer\/sharer.php?u=https%3A%2F%2Fwww.ekiz-sued.at%2Fekiz%2Fevents%2Fbabycafe-2%2F\" onclick=\"javascript:window.open(this.href, '', 'menubar=no,toolbar=no,resizable=yes,scrollbars=yes,height=500,width=600'); return false;\" title=\"Teilen auf Facebook\"><i class=\"mec-fa-facebook\"><\/i><\/a><\/li><li class=\"mec-event-social-icon\"><a class=\"whatsapp\" href=\"whatsapp:\/\/send\/?text=https%3A%2F%2Fwww.ekiz-sued.at%2Fekiz%2Fevents%2Fbabycafe-2%2F\" title=\"Share on WhatsApp\"><i class=\"mec-fa-whatsapp\"><\/i><\/a><\/li><li class=\"mec-event-social-icon\"><a class=\"email\" href=\"mailto:?subject=Babycaf\u00e8&body=https%3A%2F%2Fwww.ekiz-sued.at%2Fekiz%2Fevents%2Fbabycafe-2%2F\" title=\"E-Mail\"><i class=\"mec-fa-envelope\"><\/i><\/a><\/li><\/ul>\n                    <\/div>\n                    <div class=\"col-md-4 col-sm-4 mec-btn-wrapper\">\n                                                <a class=\"mec-booking-button\"  data-event-id=\"3911\" href=\"https:\/\/www.ekiz-sued.at\/ekiz\/events\/babycafe-2\/?occurrence=2026-04-28\" target=\"_blank\" rel=\"noopener\">Details <\/a>                                            <\/div>\n                            <\/article>\n            \t\t\n            \n                    <script type=\"application\/ld+json\">\n        {\n            \"@context\": \"http:\/\/schema.org\",\n            \"@type\": \"Event\",\n            \"eventStatus\": \"https:\/\/schema.org\/EventScheduled\",\n            \"startDate\": \"2026-04-30\",\n            \"endDate\": \"2026-04-30\",\n            \"eventAttendanceMode\": \"https:\/\/schema.org\/OfflineEventAttendanceMode\",\n            \"location\":\n            {\n                \"@type\": \"Place\",\n                                \"name\": \"Familienzentrum Leibnitz\",\n                \"image\": \"\",\n                \"address\": \"\"\n                            },\n            \"organizer\":\n            {\n                \"@type\": \"Person\",\n                \"name\": \"\",\n                \"url\": \"\"\n            },\n            \"offers\":\n            {\n                \"url\": \"https:\/\/www.ekiz-sued.at\/ekiz\/events\/bewegung-und-spass-bei-den-turnmaeusen\/\",\n                \"price\": \"\u20ac60.00\",\n                \"priceCurrency\": \"EUR\",\n                \"availability\": \"https:\/\/schema.org\/InStock\",\n                \"validFrom\": \"2026-04-30T00:00\"\n            },\n            \"performer\": \"\",\n            \"description\": \"&lt;p&gt;&lt;span dir=&quot;ltr&quot; role=&quot;presentation&quot;&gt;Bei unserer Bewegungsgruppe k\u00f6nnen schon die Kleinsten ihrem nat\u00fcrlichen&lt;\/span&gt;&lt;br role=&quot;presentation&quot; \/&gt;&lt;span dir=&quot;ltr&quot; role=&quot;presentation&quot;&gt;Bewegungsdrang nachkommen. In ihrem eigenen Tempo probieren die&lt;\/span&gt;&lt;br role=&quot;presentation&quot; \/&gt;&lt;span dir=&quot;ltr&quot; role=&quot;presentation&quot;&gt;Kinder unterschiedlichste Bewegungsangebote aus. Beim Springen, Klettern,&lt;\/span&gt;&lt;br role=&quot;presentation&quot; \/&gt;&lt;span dir=&quot;ltr&quot; role=&quot;presentation&quot;&gt;Balancieren,&#8230; werden wertvolle Erfahrungen gesammelt. Bei Musik und&lt;\/span&gt;&lt;br role=&quot;presentation&quot; \/&gt;&lt;span dir=&quot;ltr&quot; role=&quot;presentation&quot;&gt;Tanz, plus einer gro\u00dfen Portion Spa\u00df, toben sich die Turnm\u00e4use richtig aus!&lt;\/span&gt;&lt;\/p&gt; &lt;p&gt;&lt;br role=&quot;presentation&quot; \/&gt;&lt;span dir=&quot;ltr&quot; role=&quot;presentation&quot;&gt;Alter:&lt;\/span&gt; &lt;span dir=&quot;ltr&quot; role=&quot;presentation&quot;&gt;10 Monate bis 2,5 Jahre in Begleitung einer Bezugsperson&lt;br \/&gt; Kosten: 60 Euro f\u00fcr 6 Einheiten&lt;br \/&gt; &lt;\/span&gt;&lt;\/p&gt; \",\n            \"image\": \"\",\n            \"name\": \"Bewegung und Spa\u00df bei den Turnm\u00e4usen\",\n            \"url\": \"https:\/\/www.ekiz-sued.at\/ekiz\/events\/bewegung-und-spass-bei-den-turnmaeusen\/?occurrence=2026-04-30\"\n        }\n        <\/script>\n                    <article class=\"mec-past-event mec-event-article  mec-clear  mec-divider-toggle mec-toggle-202604-3805\" itemscope>\n                                    <div class=\"col-md-2 col-sm-2\">\n\n                                                <div class=\"mec-event-date\">\n                            <div class=\"event-d mec-color\">30<\/div>\n                            <div class=\"event-f\">April<\/div>\n                            <div class=\"event-da\">Donnerstag<\/div>\n                        <\/div>\n                                            <\/div>\n                    <div class=\"col-md-6 col-sm-6\">\n                                                                        <h4 class=\"mec-event-title\"><a class=\"mec-color-hover\"  data-event-id=\"4059\" href=\"https:\/\/www.ekiz-sued.at\/ekiz\/events\/bewegung-und-spass-bei-den-turnmaeusen\/?occurrence=2026-04-30\" target=\"_blank\" rel=\"noopener\">Bewegung und Spa\u00df bei den Turnm\u00e4usen<\/a><span class=\"event-color\" style=\"background: #\"><\/span><\/h4>\n                                                <div class=\"mec-event-detail\">\n                            <div class=\"mec-event-loc-place\">Familienzentrum Leibnitz<\/div>\n                                                                                                            <\/div>\n                        <ul class=\"mec-event-sharing\"><li class=\"mec-event-social-icon\"><a class=\"facebook\" href=\"https:\/\/www.facebook.com\/sharer\/sharer.php?u=https%3A%2F%2Fwww.ekiz-sued.at%2Fekiz%2Fevents%2Fbewegung-und-spass-bei-den-turnmaeusen%2F\" onclick=\"javascript:window.open(this.href, '', 'menubar=no,toolbar=no,resizable=yes,scrollbars=yes,height=500,width=600'); return false;\" title=\"Teilen auf Facebook\"><i class=\"mec-fa-facebook\"><\/i><\/a><\/li><li class=\"mec-event-social-icon\"><a class=\"whatsapp\" href=\"whatsapp:\/\/send\/?text=https%3A%2F%2Fwww.ekiz-sued.at%2Fekiz%2Fevents%2Fbewegung-und-spass-bei-den-turnmaeusen%2F\" title=\"Share on WhatsApp\"><i class=\"mec-fa-whatsapp\"><\/i><\/a><\/li><li class=\"mec-event-social-icon\"><a class=\"email\" href=\"mailto:?subject=Bewegung und Spa\u00df bei den Turnm\u00e4usen&body=https%3A%2F%2Fwww.ekiz-sued.at%2Fekiz%2Fevents%2Fbewegung-und-spass-bei-den-turnmaeusen%2F\" title=\"E-Mail\"><i class=\"mec-fa-envelope\"><\/i><\/a><\/li><\/ul>\n                    <\/div>\n                    <div class=\"col-md-4 col-sm-4 mec-btn-wrapper\">\n                                                <a class=\"mec-booking-button\"  data-event-id=\"4059\" href=\"https:\/\/www.ekiz-sued.at\/ekiz\/events\/bewegung-und-spass-bei-den-turnmaeusen\/?occurrence=2026-04-30\" target=\"_blank\" rel=\"noopener\">Details <\/a>                                            <\/div>\n                            <\/article>\n            \t\t\n                        <div class=\"mec-month-divider\" data-toggle-divider=\"mec-toggle-202605-3805\"><span>Mai 2026<\/span><i class=\"mec-sl-arrow-down\"><\/i><\/div>\n            \n                    <script type=\"application\/ld+json\">\n        {\n            \"@context\": \"http:\/\/schema.org\",\n            \"@type\": \"Event\",\n            \"eventStatus\": \"https:\/\/schema.org\/EventScheduled\",\n            \"startDate\": \"2026-05-05\",\n            \"endDate\": \"2026-05-05\",\n            \"eventAttendanceMode\": \"https:\/\/schema.org\/OfflineEventAttendanceMode\",\n            \"location\":\n            {\n                \"@type\": \"Place\",\n                                \"name\": \"Familienzentrum Leibnitz\",\n                \"image\": \"\",\n                \"address\": \"\"\n                            },\n            \"organizer\":\n            {\n                \"@type\": \"Person\",\n                \"name\": \"\",\n                \"url\": \"\"\n            },\n            \"offers\":\n            {\n                \"url\": \"https:\/\/www.ekiz-sued.at\/ekiz\/events\/babycafe-2\/\",\n                \"price\": \"\",\n                \"priceCurrency\": \"EUR\",\n                \"availability\": \"https:\/\/schema.org\/InStock\",\n                \"validFrom\": \"2026-05-05T00:00\"\n            },\n            \"performer\": \"\",\n            \"description\": \"&lt;p&gt;&lt;span dir=&quot;ltr&quot; role=&quot;presentation&quot;&gt;Eingeladen sind alle Babys mit ihren M\u00fcttern und V\u00e4tern von &lt;\/span&gt;&lt;br role=&quot;presentation&quot; \/&gt;&lt;span dir=&quot;ltr&quot; role=&quot;presentation&quot;&gt;0 \u2013 1 Jahr. Dieses Treffen bietet die M\u00f6glichkeit in gem\u00fctlicher &lt;\/span&gt;&lt;br role=&quot;presentation&quot; \/&gt;&lt;span dir=&quot;ltr&quot; role=&quot;presentation&quot;&gt;Runde mit anderen Eltern Kontakte zu kn\u00fcpfen und Erfahrungen &lt;\/span&gt;&lt;br role=&quot;presentation&quot; \/&gt;&lt;span dir=&quot;ltr&quot; role=&quot;presentation&quot;&gt;auszutauschen.&lt;br \/&gt; &lt;\/span&gt;&lt;br role=&quot;presentation&quot; \/&gt;&lt;span dir=&quot;ltr&quot; role=&quot;presentation&quot;&gt;Vor allem in den ersten Wochen mit dem Baby, treten oft kleine &lt;\/span&gt;&lt;br role=&quot;presentation&quot; \/&gt;&lt;span dir=&quot;ltr&quot; role=&quot;presentation&quot;&gt;Unsicherheiten im Umgang mit dem Baby auf. Unter fachkundiger &lt;\/span&gt;&lt;br role=&quot;presentation&quot; \/&gt;&lt;span dir=&quot;ltr&quot; role=&quot;presentation&quot;&gt;Leitung k\u00f6nnen aktuelle Probleme und andere Themen &lt;\/span&gt;&lt;br role=&quot;presentation&quot; \/&gt;&lt;span dir=&quot;ltr&quot; role=&quot;presentation&quot;&gt;angesprochen werden.&lt;br \/&gt; &lt;\/span&gt;&lt;br role=&quot;presentation&quot; \/&gt;&lt;span dir=&quot;ltr&quot; role=&quot;presentation&quot;&gt;Weiters haben Eltern die M\u00f6glichkeit ihr Baby zu wiegen und in &lt;\/span&gt;&lt;br role=&quot;presentation&quot; \/&gt;&lt;span dir=&quot;ltr&quot; role=&quot;presentation&quot;&gt;unserer B\u00fccherei weiterf\u00fchrende Literatur zum Thema Baby und &lt;\/span&gt;&lt;br role=&quot;presentation&quot; \/&gt;&lt;span dir=&quot;ltr&quot; role=&quot;presentation&quot;&gt;Stillen zu erhalten.&lt;br \/&gt; &lt;\/span&gt;&lt;br role=&quot;presentation&quot; \/&gt;&lt;span dir=&quot;ltr&quot; role=&quot;presentation&quot;&gt;Termin:&lt;\/span&gt;&lt;span dir=&quot;ltr&quot; role=&quot;presentation&quot;&gt; Jeden Dienstag von 9.30 \u2013 11.00 Uhr &lt;\/span&gt;&lt;br role=&quot;presentation&quot; \/&gt;&lt;span dir=&quot;ltr&quot; role=&quot;presentation&quot;&gt;Kosten:&lt;\/span&gt;&lt;span dir=&quot;ltr&quot; role=&quot;presentation&quot;&gt; \u20ac 3,50 (f\u00fcr Mitglieder kostenlos)&lt;\/span&gt;&lt;br role=&quot;presentation&quot; \/&gt;&lt;span dir=&quot;ltr&quot; role=&quot;presentation&quot;&gt;Leitung: Barbara Maderthaner, Dipl. Kinderkrankenschwester&lt;\/span&gt;&lt;\/p&gt; \",\n            \"image\": \"\",\n            \"name\": \"Babycaf\u00e8\",\n            \"url\": \"https:\/\/www.ekiz-sued.at\/ekiz\/events\/babycafe-2\/?occurrence=2026-05-05\"\n        }\n        <\/script>\n                    <article class=\"mec-past-event mec-event-article  mec-clear  mec-divider-toggle mec-toggle-202605-3805\" itemscope>\n                                    <div class=\"col-md-2 col-sm-2\">\n\n                                                <div class=\"mec-event-date\">\n                            <div class=\"event-d mec-color\">05<\/div>\n                            <div class=\"event-f\">Mai<\/div>\n                            <div class=\"event-da\">Dienstag<\/div>\n                        <\/div>\n                                            <\/div>\n                    <div class=\"col-md-6 col-sm-6\">\n                                                                        <h4 class=\"mec-event-title\"><a class=\"mec-color-hover\"  data-event-id=\"3911\" href=\"https:\/\/www.ekiz-sued.at\/ekiz\/events\/babycafe-2\/?occurrence=2026-05-05\" target=\"_blank\" rel=\"noopener\">Babycaf\u00e8<\/a><span class=\"event-color\" style=\"background: #\"><\/span><\/h4>\n                                                <div class=\"mec-event-detail\">\n                            <div class=\"mec-event-loc-place\">Familienzentrum Leibnitz<\/div>\n                                                                                                            <\/div>\n                        <ul class=\"mec-event-sharing\"><li class=\"mec-event-social-icon\"><a class=\"facebook\" href=\"https:\/\/www.facebook.com\/sharer\/sharer.php?u=https%3A%2F%2Fwww.ekiz-sued.at%2Fekiz%2Fevents%2Fbabycafe-2%2F\" onclick=\"javascript:window.open(this.href, '', 'menubar=no,toolbar=no,resizable=yes,scrollbars=yes,height=500,width=600'); return false;\" title=\"Teilen auf Facebook\"><i class=\"mec-fa-facebook\"><\/i><\/a><\/li><li class=\"mec-event-social-icon\"><a class=\"whatsapp\" href=\"whatsapp:\/\/send\/?text=https%3A%2F%2Fwww.ekiz-sued.at%2Fekiz%2Fevents%2Fbabycafe-2%2F\" title=\"Share on WhatsApp\"><i class=\"mec-fa-whatsapp\"><\/i><\/a><\/li><li class=\"mec-event-social-icon\"><a class=\"email\" href=\"mailto:?subject=Babycaf\u00e8&body=https%3A%2F%2Fwww.ekiz-sued.at%2Fekiz%2Fevents%2Fbabycafe-2%2F\" title=\"E-Mail\"><i class=\"mec-fa-envelope\"><\/i><\/a><\/li><\/ul>\n                    <\/div>\n                    <div class=\"col-md-4 col-sm-4 mec-btn-wrapper\">\n                                                <a class=\"mec-booking-button\"  data-event-id=\"3911\" href=\"https:\/\/www.ekiz-sued.at\/ekiz\/events\/babycafe-2\/?occurrence=2026-05-05\" target=\"_blank\" rel=\"noopener\">Details <\/a>                                            <\/div>\n                            <\/article>\n                    <script type=\"application\/ld+json\">\n        {\n            \"@context\": \"http:\/\/schema.org\",\n            \"@type\": \"Event\",\n            \"eventStatus\": \"https:\/\/schema.org\/EventScheduled\",\n            \"startDate\": \"2026-05-05\",\n            \"endDate\": \"2026-05-05\",\n            \"eventAttendanceMode\": \"https:\/\/schema.org\/OfflineEventAttendanceMode\",\n            \"location\":\n            {\n                \"@type\": \"Place\",\n                                \"name\": \"Ekiz Wagna\",\n                \"image\": \"\",\n                \"address\": \"\"\n                            },\n            \"organizer\":\n            {\n                \"@type\": \"Person\",\n                \"name\": \"\",\n                \"url\": \"\"\n            },\n            \"offers\":\n            {\n                \"url\": \"https:\/\/www.ekiz-sued.at\/ekiz\/events\/spielgruppe-maxi-462\/\",\n                \"price\": \"\u20ac42.00\",\n                \"priceCurrency\": \"EUR\",\n                \"availability\": \"https:\/\/schema.org\/InStock\",\n                \"validFrom\": \"2026-05-05T00:00\"\n            },\n            \"performer\": \"\",\n            \"description\": \"&lt;p&gt;Wir entdecken die Welt (6-12 Monate)&lt;\/p&gt; &lt;p&gt;Durch das gemeinsame Angebot in der Gruppe, sowie das freie Spiel, soll&lt;br \/&gt; dein Kind die Umgebung kennenlernen, entdecken, erfahren und begreifen.&lt;br \/&gt; Verschiedene Materialien (T\u00fccher, B\u00e4lle&#8230;), Alltagsgegenst\u00e4nde&lt;br \/&gt; (Spielzeug, Geschirr&#8230;) und die anderen Babys laden dazu ein.&lt;br \/&gt; Abgerundet werden die Einheiten durch ein Begr\u00fc\u00dfungs \u2013 bzw. Schlusslied.&lt;br \/&gt; Dieses Zusammenkommen bietet aber auch Mamas und Papas die&lt;br \/&gt; Gelegenheit miteinander zu plaudern, Eltern in \u00e4hnlichen&lt;br \/&gt; Lebensphasen kennenzulernen und sich auszutauschen.&lt;\/p&gt; &lt;p&gt;MINI 1: 03.02.26 &#8211; 03.03.26 um 15.00 Uhr&lt;br \/&gt; MINI 2: 05.05.26 &#8211; 26.05.26 um 15.00 Uhr&lt;br \/&gt; MINI 3: 29.09.26 &#8211; 20.10.26 um 15.00 Uhr&lt;\/p&gt; &lt;p&gt;Kosten: 4 Einheiten zu \u20ac 42,-&lt;\/p&gt; &lt;p&gt;Leitung: Barbara Maderthaner, Eltern-Kindgruppenleiterin&lt;\/p&gt; \",\n            \"image\": \"\",\n            \"name\": \"Spielgruppe Mini\",\n            \"url\": \"https:\/\/www.ekiz-sued.at\/ekiz\/events\/spielgruppe-maxi-462\/?occurrence=2026-05-05&time=1777993200\"\n        }\n        <\/script>\n                    <article class=\"mec-past-event mec-event-article  mec-clear  mec-divider-toggle mec-toggle-202605-3805\" itemscope>\n                                    <div class=\"col-md-2 col-sm-2\">\n\n                                                <div class=\"mec-event-date\">\n                            <div class=\"event-d mec-color\">05<\/div>\n                            <div class=\"event-f\">Mai<\/div>\n                            <div class=\"event-da\">Dienstag<\/div>\n                        <\/div>\n                                            <\/div>\n                    <div class=\"col-md-6 col-sm-6\">\n                                                                        <h4 class=\"mec-event-title\"><a class=\"mec-color-hover\"  data-event-id=\"4273\" href=\"https:\/\/www.ekiz-sued.at\/ekiz\/events\/spielgruppe-maxi-462\/?occurrence=2026-05-05&time=1777993200\" target=\"_blank\" rel=\"noopener\">Spielgruppe Mini<\/a><span class=\"event-color\" style=\"background: #\"><\/span><\/h4>\n                                                <div class=\"mec-event-detail\">\n                            <div class=\"mec-event-loc-place\">Ekiz Wagna<\/div>\n                                                                                                            <\/div>\n                        <ul class=\"mec-event-sharing\"><li class=\"mec-event-social-icon\"><a class=\"facebook\" href=\"https:\/\/www.facebook.com\/sharer\/sharer.php?u=https%3A%2F%2Fwww.ekiz-sued.at%2Fekiz%2Fevents%2Fspielgruppe-maxi-462%2F\" onclick=\"javascript:window.open(this.href, '', 'menubar=no,toolbar=no,resizable=yes,scrollbars=yes,height=500,width=600'); return false;\" title=\"Teilen auf Facebook\"><i class=\"mec-fa-facebook\"><\/i><\/a><\/li><li class=\"mec-event-social-icon\"><a class=\"whatsapp\" href=\"whatsapp:\/\/send\/?text=https%3A%2F%2Fwww.ekiz-sued.at%2Fekiz%2Fevents%2Fspielgruppe-maxi-462%2F\" title=\"Share on WhatsApp\"><i class=\"mec-fa-whatsapp\"><\/i><\/a><\/li><li class=\"mec-event-social-icon\"><a class=\"email\" href=\"mailto:?subject=Spielgruppe Mini&body=https%3A%2F%2Fwww.ekiz-sued.at%2Fekiz%2Fevents%2Fspielgruppe-maxi-462%2F\" title=\"E-Mail\"><i class=\"mec-fa-envelope\"><\/i><\/a><\/li><\/ul>\n                    <\/div>\n                    <div class=\"col-md-4 col-sm-4 mec-btn-wrapper\">\n                                                <a class=\"mec-booking-button\"  data-event-id=\"4273\" href=\"https:\/\/www.ekiz-sued.at\/ekiz\/events\/spielgruppe-maxi-462\/?occurrence=2026-05-05&time=1777993200\" target=\"_blank\" rel=\"noopener\">Details <\/a>                                            <\/div>\n                            <\/article>\n            \t\t\n            \n                    <script type=\"application\/ld+json\">\n        {\n            \"@context\": \"http:\/\/schema.org\",\n            \"@type\": \"Event\",\n            \"eventStatus\": \"https:\/\/schema.org\/EventScheduled\",\n            \"startDate\": \"2026-05-07\",\n            \"endDate\": \"2026-05-07\",\n            \"eventAttendanceMode\": \"https:\/\/schema.org\/OfflineEventAttendanceMode\",\n            \"location\":\n            {\n                \"@type\": \"Place\",\n                                \"name\": \"Familienzentrum Leibnitz\",\n                \"image\": \"\",\n                \"address\": \"\"\n                            },\n            \"organizer\":\n            {\n                \"@type\": \"Person\",\n                \"name\": \"\",\n                \"url\": \"\"\n            },\n            \"offers\":\n            {\n                \"url\": \"https:\/\/www.ekiz-sued.at\/ekiz\/events\/bewegung-und-spass-bei-den-turnmaeusen\/\",\n                \"price\": \"\u20ac60.00\",\n                \"priceCurrency\": \"EUR\",\n                \"availability\": \"https:\/\/schema.org\/InStock\",\n                \"validFrom\": \"2026-05-07T00:00\"\n            },\n            \"performer\": \"\",\n            \"description\": \"&lt;p&gt;&lt;span dir=&quot;ltr&quot; role=&quot;presentation&quot;&gt;Bei unserer Bewegungsgruppe k\u00f6nnen schon die Kleinsten ihrem nat\u00fcrlichen&lt;\/span&gt;&lt;br role=&quot;presentation&quot; \/&gt;&lt;span dir=&quot;ltr&quot; role=&quot;presentation&quot;&gt;Bewegungsdrang nachkommen. In ihrem eigenen Tempo probieren die&lt;\/span&gt;&lt;br role=&quot;presentation&quot; \/&gt;&lt;span dir=&quot;ltr&quot; role=&quot;presentation&quot;&gt;Kinder unterschiedlichste Bewegungsangebote aus. Beim Springen, Klettern,&lt;\/span&gt;&lt;br role=&quot;presentation&quot; \/&gt;&lt;span dir=&quot;ltr&quot; role=&quot;presentation&quot;&gt;Balancieren,&#8230; werden wertvolle Erfahrungen gesammelt. Bei Musik und&lt;\/span&gt;&lt;br role=&quot;presentation&quot; \/&gt;&lt;span dir=&quot;ltr&quot; role=&quot;presentation&quot;&gt;Tanz, plus einer gro\u00dfen Portion Spa\u00df, toben sich die Turnm\u00e4use richtig aus!&lt;\/span&gt;&lt;\/p&gt; &lt;p&gt;&lt;br role=&quot;presentation&quot; \/&gt;&lt;span dir=&quot;ltr&quot; role=&quot;presentation&quot;&gt;Alter:&lt;\/span&gt; &lt;span dir=&quot;ltr&quot; role=&quot;presentation&quot;&gt;10 Monate bis 2,5 Jahre in Begleitung einer Bezugsperson&lt;br \/&gt; Kosten: 60 Euro f\u00fcr 6 Einheiten&lt;br \/&gt; &lt;\/span&gt;&lt;\/p&gt; \",\n            \"image\": \"\",\n            \"name\": \"Bewegung und Spa\u00df bei den Turnm\u00e4usen\",\n            \"url\": \"https:\/\/www.ekiz-sued.at\/ekiz\/events\/bewegung-und-spass-bei-den-turnmaeusen\/?occurrence=2026-05-07\"\n        }\n        <\/script>\n                    <article class=\"mec-past-event mec-event-article  mec-clear  mec-divider-toggle mec-toggle-202605-3805\" itemscope>\n                                    <div class=\"col-md-2 col-sm-2\">\n\n                                                <div class=\"mec-event-date\">\n                            <div class=\"event-d mec-color\">07<\/div>\n                            <div class=\"event-f\">Mai<\/div>\n                            <div class=\"event-da\">Donnerstag<\/div>\n                        <\/div>\n                                            <\/div>\n                    <div class=\"col-md-6 col-sm-6\">\n                                                                        <h4 class=\"mec-event-title\"><a class=\"mec-color-hover\"  data-event-id=\"4059\" href=\"https:\/\/www.ekiz-sued.at\/ekiz\/events\/bewegung-und-spass-bei-den-turnmaeusen\/?occurrence=2026-05-07\" target=\"_blank\" rel=\"noopener\">Bewegung und Spa\u00df bei den Turnm\u00e4usen<\/a><span class=\"event-color\" style=\"background: #\"><\/span><\/h4>\n                                                <div class=\"mec-event-detail\">\n                            <div class=\"mec-event-loc-place\">Familienzentrum Leibnitz<\/div>\n                                                                                                            <\/div>\n                        <ul class=\"mec-event-sharing\"><li class=\"mec-event-social-icon\"><a class=\"facebook\" href=\"https:\/\/www.facebook.com\/sharer\/sharer.php?u=https%3A%2F%2Fwww.ekiz-sued.at%2Fekiz%2Fevents%2Fbewegung-und-spass-bei-den-turnmaeusen%2F\" onclick=\"javascript:window.open(this.href, '', 'menubar=no,toolbar=no,resizable=yes,scrollbars=yes,height=500,width=600'); return false;\" title=\"Teilen auf Facebook\"><i class=\"mec-fa-facebook\"><\/i><\/a><\/li><li class=\"mec-event-social-icon\"><a class=\"whatsapp\" href=\"whatsapp:\/\/send\/?text=https%3A%2F%2Fwww.ekiz-sued.at%2Fekiz%2Fevents%2Fbewegung-und-spass-bei-den-turnmaeusen%2F\" title=\"Share on WhatsApp\"><i class=\"mec-fa-whatsapp\"><\/i><\/a><\/li><li class=\"mec-event-social-icon\"><a class=\"email\" href=\"mailto:?subject=Bewegung und Spa\u00df bei den Turnm\u00e4usen&body=https%3A%2F%2Fwww.ekiz-sued.at%2Fekiz%2Fevents%2Fbewegung-und-spass-bei-den-turnmaeusen%2F\" title=\"E-Mail\"><i class=\"mec-fa-envelope\"><\/i><\/a><\/li><\/ul>\n                    <\/div>\n                    <div class=\"col-md-4 col-sm-4 mec-btn-wrapper\">\n                                                <a class=\"mec-booking-button\"  data-event-id=\"4059\" href=\"https:\/\/www.ekiz-sued.at\/ekiz\/events\/bewegung-und-spass-bei-den-turnmaeusen\/?occurrence=2026-05-07\" target=\"_blank\" rel=\"noopener\">Details <\/a>                                            <\/div>\n                            <\/article>\n            \t\t\n            \n                    <script type=\"application\/ld+json\">\n        {\n            \"@context\": \"http:\/\/schema.org\",\n            \"@type\": \"Event\",\n            \"eventStatus\": \"https:\/\/schema.org\/EventScheduled\",\n            \"startDate\": \"2026-05-12\",\n            \"endDate\": \"2026-05-12\",\n            \"eventAttendanceMode\": \"https:\/\/schema.org\/OfflineEventAttendanceMode\",\n            \"location\":\n            {\n                \"@type\": \"Place\",\n                                \"name\": \"Familienzentrum Leibnitz\",\n                \"image\": \"\",\n                \"address\": \"\"\n                            },\n            \"organizer\":\n            {\n                \"@type\": \"Person\",\n                \"name\": \"\",\n                \"url\": \"\"\n            },\n            \"offers\":\n            {\n                \"url\": \"https:\/\/www.ekiz-sued.at\/ekiz\/events\/babycafe-2\/\",\n                \"price\": \"\",\n                \"priceCurrency\": \"EUR\",\n                \"availability\": \"https:\/\/schema.org\/InStock\",\n                \"validFrom\": \"2026-05-12T00:00\"\n            },\n            \"performer\": \"\",\n            \"description\": \"&lt;p&gt;&lt;span dir=&quot;ltr&quot; role=&quot;presentation&quot;&gt;Eingeladen sind alle Babys mit ihren M\u00fcttern und V\u00e4tern von &lt;\/span&gt;&lt;br role=&quot;presentation&quot; \/&gt;&lt;span dir=&quot;ltr&quot; role=&quot;presentation&quot;&gt;0 \u2013 1 Jahr. Dieses Treffen bietet die M\u00f6glichkeit in gem\u00fctlicher &lt;\/span&gt;&lt;br role=&quot;presentation&quot; \/&gt;&lt;span dir=&quot;ltr&quot; role=&quot;presentation&quot;&gt;Runde mit anderen Eltern Kontakte zu kn\u00fcpfen und Erfahrungen &lt;\/span&gt;&lt;br role=&quot;presentation&quot; \/&gt;&lt;span dir=&quot;ltr&quot; role=&quot;presentation&quot;&gt;auszutauschen.&lt;br \/&gt; &lt;\/span&gt;&lt;br role=&quot;presentation&quot; \/&gt;&lt;span dir=&quot;ltr&quot; role=&quot;presentation&quot;&gt;Vor allem in den ersten Wochen mit dem Baby, treten oft kleine &lt;\/span&gt;&lt;br role=&quot;presentation&quot; \/&gt;&lt;span dir=&quot;ltr&quot; role=&quot;presentation&quot;&gt;Unsicherheiten im Umgang mit dem Baby auf. Unter fachkundiger &lt;\/span&gt;&lt;br role=&quot;presentation&quot; \/&gt;&lt;span dir=&quot;ltr&quot; role=&quot;presentation&quot;&gt;Leitung k\u00f6nnen aktuelle Probleme und andere Themen &lt;\/span&gt;&lt;br role=&quot;presentation&quot; \/&gt;&lt;span dir=&quot;ltr&quot; role=&quot;presentation&quot;&gt;angesprochen werden.&lt;br \/&gt; &lt;\/span&gt;&lt;br role=&quot;presentation&quot; \/&gt;&lt;span dir=&quot;ltr&quot; role=&quot;presentation&quot;&gt;Weiters haben Eltern die M\u00f6glichkeit ihr Baby zu wiegen und in &lt;\/span&gt;&lt;br role=&quot;presentation&quot; \/&gt;&lt;span dir=&quot;ltr&quot; role=&quot;presentation&quot;&gt;unserer B\u00fccherei weiterf\u00fchrende Literatur zum Thema Baby und &lt;\/span&gt;&lt;br role=&quot;presentation&quot; \/&gt;&lt;span dir=&quot;ltr&quot; role=&quot;presentation&quot;&gt;Stillen zu erhalten.&lt;br \/&gt; &lt;\/span&gt;&lt;br role=&quot;presentation&quot; \/&gt;&lt;span dir=&quot;ltr&quot; role=&quot;presentation&quot;&gt;Termin:&lt;\/span&gt;&lt;span dir=&quot;ltr&quot; role=&quot;presentation&quot;&gt; Jeden Dienstag von 9.30 \u2013 11.00 Uhr &lt;\/span&gt;&lt;br role=&quot;presentation&quot; \/&gt;&lt;span dir=&quot;ltr&quot; role=&quot;presentation&quot;&gt;Kosten:&lt;\/span&gt;&lt;span dir=&quot;ltr&quot; role=&quot;presentation&quot;&gt; \u20ac 3,50 (f\u00fcr Mitglieder kostenlos)&lt;\/span&gt;&lt;br role=&quot;presentation&quot; \/&gt;&lt;span dir=&quot;ltr&quot; role=&quot;presentation&quot;&gt;Leitung: Barbara Maderthaner, Dipl. Kinderkrankenschwester&lt;\/span&gt;&lt;\/p&gt; \",\n            \"image\": \"\",\n            \"name\": \"Babycaf\u00e8\",\n            \"url\": \"https:\/\/www.ekiz-sued.at\/ekiz\/events\/babycafe-2\/?occurrence=2026-05-12\"\n        }\n        <\/script>\n                    <article class=\"mec-past-event mec-event-article  mec-clear  mec-divider-toggle mec-toggle-202605-3805\" itemscope>\n                                    <div class=\"col-md-2 col-sm-2\">\n\n                                                <div class=\"mec-event-date\">\n                            <div class=\"event-d mec-color\">12<\/div>\n                            <div class=\"event-f\">Mai<\/div>\n                            <div class=\"event-da\">Dienstag<\/div>\n                        <\/div>\n                                            <\/div>\n                    <div class=\"col-md-6 col-sm-6\">\n                                                                        <h4 class=\"mec-event-title\"><a class=\"mec-color-hover\"  data-event-id=\"3911\" href=\"https:\/\/www.ekiz-sued.at\/ekiz\/events\/babycafe-2\/?occurrence=2026-05-12\" target=\"_blank\" rel=\"noopener\">Babycaf\u00e8<\/a><span class=\"event-color\" style=\"background: #\"><\/span><\/h4>\n                                                <div class=\"mec-event-detail\">\n                            <div class=\"mec-event-loc-place\">Familienzentrum Leibnitz<\/div>\n                                                                                                            <\/div>\n                        <ul class=\"mec-event-sharing\"><li class=\"mec-event-social-icon\"><a class=\"facebook\" href=\"https:\/\/www.facebook.com\/sharer\/sharer.php?u=https%3A%2F%2Fwww.ekiz-sued.at%2Fekiz%2Fevents%2Fbabycafe-2%2F\" onclick=\"javascript:window.open(this.href, '', 'menubar=no,toolbar=no,resizable=yes,scrollbars=yes,height=500,width=600'); return false;\" title=\"Teilen auf Facebook\"><i class=\"mec-fa-facebook\"><\/i><\/a><\/li><li class=\"mec-event-social-icon\"><a class=\"whatsapp\" href=\"whatsapp:\/\/send\/?text=https%3A%2F%2Fwww.ekiz-sued.at%2Fekiz%2Fevents%2Fbabycafe-2%2F\" title=\"Share on WhatsApp\"><i class=\"mec-fa-whatsapp\"><\/i><\/a><\/li><li class=\"mec-event-social-icon\"><a class=\"email\" href=\"mailto:?subject=Babycaf\u00e8&body=https%3A%2F%2Fwww.ekiz-sued.at%2Fekiz%2Fevents%2Fbabycafe-2%2F\" title=\"E-Mail\"><i class=\"mec-fa-envelope\"><\/i><\/a><\/li><\/ul>\n                    <\/div>\n                    <div class=\"col-md-4 col-sm-4 mec-btn-wrapper\">\n                                                <a class=\"mec-booking-button\"  data-event-id=\"3911\" href=\"https:\/\/www.ekiz-sued.at\/ekiz\/events\/babycafe-2\/?occurrence=2026-05-12\" target=\"_blank\" rel=\"noopener\">Details <\/a>                                            <\/div>\n                            <\/article>\n            \t\t\n            \n                    <script type=\"application\/ld+json\">\n        {\n            \"@context\": \"http:\/\/schema.org\",\n            \"@type\": \"Event\",\n            \"eventStatus\": \"https:\/\/schema.org\/EventScheduled\",\n            \"startDate\": \"2026-05-14\",\n            \"endDate\": \"2026-05-14\",\n            \"eventAttendanceMode\": \"https:\/\/schema.org\/OfflineEventAttendanceMode\",\n            \"location\":\n            {\n                \"@type\": \"Place\",\n                                \"name\": \"Familienzentrum Leibnitz\",\n                \"image\": \"\",\n                \"address\": \"\"\n                            },\n            \"organizer\":\n            {\n                \"@type\": \"Person\",\n                \"name\": \"\",\n                \"url\": \"\"\n            },\n            \"offers\":\n            {\n                \"url\": \"https:\/\/www.ekiz-sued.at\/ekiz\/events\/bewegung-und-spass-bei-den-turnmaeusen\/\",\n                \"price\": \"\u20ac60.00\",\n                \"priceCurrency\": \"EUR\",\n                \"availability\": \"https:\/\/schema.org\/InStock\",\n                \"validFrom\": \"2026-05-14T00:00\"\n            },\n            \"performer\": \"\",\n            \"description\": \"&lt;p&gt;&lt;span dir=&quot;ltr&quot; role=&quot;presentation&quot;&gt;Bei unserer Bewegungsgruppe k\u00f6nnen schon die Kleinsten ihrem nat\u00fcrlichen&lt;\/span&gt;&lt;br role=&quot;presentation&quot; \/&gt;&lt;span dir=&quot;ltr&quot; role=&quot;presentation&quot;&gt;Bewegungsdrang nachkommen. In ihrem eigenen Tempo probieren die&lt;\/span&gt;&lt;br role=&quot;presentation&quot; \/&gt;&lt;span dir=&quot;ltr&quot; role=&quot;presentation&quot;&gt;Kinder unterschiedlichste Bewegungsangebote aus. Beim Springen, Klettern,&lt;\/span&gt;&lt;br role=&quot;presentation&quot; \/&gt;&lt;span dir=&quot;ltr&quot; role=&quot;presentation&quot;&gt;Balancieren,&#8230; werden wertvolle Erfahrungen gesammelt. Bei Musik und&lt;\/span&gt;&lt;br role=&quot;presentation&quot; \/&gt;&lt;span dir=&quot;ltr&quot; role=&quot;presentation&quot;&gt;Tanz, plus einer gro\u00dfen Portion Spa\u00df, toben sich die Turnm\u00e4use richtig aus!&lt;\/span&gt;&lt;\/p&gt; &lt;p&gt;&lt;br role=&quot;presentation&quot; \/&gt;&lt;span dir=&quot;ltr&quot; role=&quot;presentation&quot;&gt;Alter:&lt;\/span&gt; &lt;span dir=&quot;ltr&quot; role=&quot;presentation&quot;&gt;10 Monate bis 2,5 Jahre in Begleitung einer Bezugsperson&lt;br \/&gt; Kosten: 60 Euro f\u00fcr 6 Einheiten&lt;br \/&gt; &lt;\/span&gt;&lt;\/p&gt; \",\n            \"image\": \"\",\n            \"name\": \"Bewegung und Spa\u00df bei den Turnm\u00e4usen\",\n            \"url\": \"https:\/\/www.ekiz-sued.at\/ekiz\/events\/bewegung-und-spass-bei-den-turnmaeusen\/?occurrence=2026-05-14\"\n        }\n        <\/script>\n                    <article class=\"mec-past-event mec-event-article  mec-clear  mec-divider-toggle mec-toggle-202605-3805\" itemscope>\n                                    <div class=\"col-md-2 col-sm-2\">\n\n                                                <div class=\"mec-event-date\">\n                            <div class=\"event-d mec-color\">14<\/div>\n                            <div class=\"event-f\">Mai<\/div>\n                            <div class=\"event-da\">Donnerstag<\/div>\n                        <\/div>\n                                            <\/div>\n                    <div class=\"col-md-6 col-sm-6\">\n                                                                        <h4 class=\"mec-event-title\"><a class=\"mec-color-hover\"  data-event-id=\"4059\" href=\"https:\/\/www.ekiz-sued.at\/ekiz\/events\/bewegung-und-spass-bei-den-turnmaeusen\/?occurrence=2026-05-14\" target=\"_blank\" rel=\"noopener\">Bewegung und Spa\u00df bei den Turnm\u00e4usen<\/a><span class=\"event-color\" style=\"background: #\"><\/span><\/h4>\n                                                <div class=\"mec-event-detail\">\n                            <div class=\"mec-event-loc-place\">Familienzentrum Leibnitz<\/div>\n                                                                                                            <\/div>\n                        <ul class=\"mec-event-sharing\"><li class=\"mec-event-social-icon\"><a class=\"facebook\" href=\"https:\/\/www.facebook.com\/sharer\/sharer.php?u=https%3A%2F%2Fwww.ekiz-sued.at%2Fekiz%2Fevents%2Fbewegung-und-spass-bei-den-turnmaeusen%2F\" onclick=\"javascript:window.open(this.href, '', 'menubar=no,toolbar=no,resizable=yes,scrollbars=yes,height=500,width=600'); return false;\" title=\"Teilen auf Facebook\"><i class=\"mec-fa-facebook\"><\/i><\/a><\/li><li class=\"mec-event-social-icon\"><a class=\"whatsapp\" href=\"whatsapp:\/\/send\/?text=https%3A%2F%2Fwww.ekiz-sued.at%2Fekiz%2Fevents%2Fbewegung-und-spass-bei-den-turnmaeusen%2F\" title=\"Share on WhatsApp\"><i class=\"mec-fa-whatsapp\"><\/i><\/a><\/li><li class=\"mec-event-social-icon\"><a class=\"email\" href=\"mailto:?subject=Bewegung und Spa\u00df bei den Turnm\u00e4usen&body=https%3A%2F%2Fwww.ekiz-sued.at%2Fekiz%2Fevents%2Fbewegung-und-spass-bei-den-turnmaeusen%2F\" title=\"E-Mail\"><i class=\"mec-fa-envelope\"><\/i><\/a><\/li><\/ul>\n                    <\/div>\n                    <div class=\"col-md-4 col-sm-4 mec-btn-wrapper\">\n                                                <a class=\"mec-booking-button\"  data-event-id=\"4059\" href=\"https:\/\/www.ekiz-sued.at\/ekiz\/events\/bewegung-und-spass-bei-den-turnmaeusen\/?occurrence=2026-05-14\" target=\"_blank\" rel=\"noopener\">Details <\/a>                                            <\/div>\n                            <\/article>\n            \t\t\n            \n                    <script type=\"application\/ld+json\">\n        {\n            \"@context\": \"http:\/\/schema.org\",\n            \"@type\": \"Event\",\n            \"eventStatus\": \"https:\/\/schema.org\/EventScheduled\",\n            \"startDate\": \"2026-05-18\",\n            \"endDate\": \"2026-05-18\",\n            \"eventAttendanceMode\": \"https:\/\/schema.org\/OfflineEventAttendanceMode\",\n            \"location\":\n            {\n                \"@type\": \"Place\",\n                                \"name\": \"Familienzentrum Leibnitz\",\n                \"image\": \"\",\n                \"address\": \"\"\n                            },\n            \"organizer\":\n            {\n                \"@type\": \"Person\",\n                \"name\": \"\",\n                \"url\": \"\"\n            },\n            \"offers\":\n            {\n                \"url\": \"https:\/\/www.ekiz-sued.at\/ekiz\/events\/babymusikgruppe\/\",\n                \"price\": \"\u20ac45.00\",\n                \"priceCurrency\": \"EUR\",\n                \"availability\": \"https:\/\/schema.org\/InStock\",\n                \"validFrom\": \"2026-05-18T00:00\"\n            },\n            \"performer\": \"\",\n            \"description\": \"&lt;p&gt;&lt;center&gt;Hier lernen und singen wir gemeinsam einfache Kniereiter,&lt;br \/&gt; Fingerlieder, Streichel- und Scho\u00dfspiele, Strampel- und Kitzelspiele.&lt;br \/&gt; Die Kinder werden von ihren vertrauten Bezugspersonrhythmisch geschaukelt, bewegt und gestreichelt. Im Zusammenhang mit dem Lied verwenden wir Finger-, Handpuppen, Schiffont\u00fccher und andere Materialien, die f\u00fcr Stimmung sorgen. Eltern bekommen viele Anregungen, wie sie ihren Familienalltag musikalisch bereichern k\u00f6nnen.Ganz ungezwungen, werden die Sinneswahrnehmungen, Motorik, Gef\u00fchle, Sprachentwicklung und sozialen Kompetenzen der Kinder gef\u00f6rdert.&lt;\/center&gt;&lt;center&gt;&lt;strong&gt;Familienzentrum Leibnitz&lt;br \/&gt; &lt;u&gt;Kosten: 45 &lt;\/u&gt;Euro f\u00fcr 5 Einheiten Uhrzeit: um 15.00 Uhr&lt;br \/&gt; &lt;\/strong&gt;&lt;\/center&gt;&lt;center&gt;&lt;strong&gt;&lt;u&gt;Leitung:&lt;\/u&gt; Nina Lipp, Musikp\u00e4dagogin&lt;\/strong&gt;&lt;\/center&gt;&lt;\/p&gt; \",\n            \"image\": \"\",\n            \"name\": \"Babymusikgruppe\",\n            \"url\": \"https:\/\/www.ekiz-sued.at\/ekiz\/events\/babymusikgruppe\/?occurrence=2026-05-18&time=1779116400\"\n        }\n        <\/script>\n                    <article class=\"mec-past-event mec-event-article  mec-clear  mec-divider-toggle mec-toggle-202605-3805\" itemscope>\n                                    <div class=\"col-md-2 col-sm-2\">\n\n                                                <div class=\"mec-event-date\">\n                            <div class=\"event-d mec-color\">18<\/div>\n                            <div class=\"event-f\">Mai<\/div>\n                            <div class=\"event-da\">Montag<\/div>\n                        <\/div>\n                                            <\/div>\n                    <div class=\"col-md-6 col-sm-6\">\n                                                                        <h4 class=\"mec-event-title\"><a class=\"mec-color-hover\"  data-event-id=\"3860\" href=\"https:\/\/www.ekiz-sued.at\/ekiz\/events\/babymusikgruppe\/?occurrence=2026-05-18&time=1779116400\" target=\"_blank\" rel=\"noopener\">Babymusikgruppe<\/a><span class=\"event-color\" style=\"background: #\"><\/span><\/h4>\n                                                <div class=\"mec-event-detail\">\n                            <div class=\"mec-event-loc-place\">Familienzentrum Leibnitz<\/div>\n                                                                                                            <\/div>\n                        <ul class=\"mec-event-sharing\"><li class=\"mec-event-social-icon\"><a class=\"facebook\" href=\"https:\/\/www.facebook.com\/sharer\/sharer.php?u=https%3A%2F%2Fwww.ekiz-sued.at%2Fekiz%2Fevents%2Fbabymusikgruppe%2F\" onclick=\"javascript:window.open(this.href, '', 'menubar=no,toolbar=no,resizable=yes,scrollbars=yes,height=500,width=600'); return false;\" title=\"Teilen auf Facebook\"><i class=\"mec-fa-facebook\"><\/i><\/a><\/li><li class=\"mec-event-social-icon\"><a class=\"whatsapp\" href=\"whatsapp:\/\/send\/?text=https%3A%2F%2Fwww.ekiz-sued.at%2Fekiz%2Fevents%2Fbabymusikgruppe%2F\" title=\"Share on WhatsApp\"><i class=\"mec-fa-whatsapp\"><\/i><\/a><\/li><li class=\"mec-event-social-icon\"><a class=\"email\" href=\"mailto:?subject=Babymusikgruppe&body=https%3A%2F%2Fwww.ekiz-sued.at%2Fekiz%2Fevents%2Fbabymusikgruppe%2F\" title=\"E-Mail\"><i class=\"mec-fa-envelope\"><\/i><\/a><\/li><\/ul>\n                    <\/div>\n                    <div class=\"col-md-4 col-sm-4 mec-btn-wrapper\">\n                                                <a class=\"mec-booking-button\"  data-event-id=\"3860\" href=\"https:\/\/www.ekiz-sued.at\/ekiz\/events\/babymusikgruppe\/?occurrence=2026-05-18&time=1779116400\" target=\"_blank\" rel=\"noopener\">Details <\/a>                                            <\/div>\n                            <\/article>\n            \t\t\n            \n                    <script type=\"application\/ld+json\">\n        {\n            \"@context\": \"http:\/\/schema.org\",\n            \"@type\": \"Event\",\n            \"eventStatus\": \"https:\/\/schema.org\/EventScheduled\",\n            \"startDate\": \"2026-05-19\",\n            \"endDate\": \"2026-05-19\",\n            \"eventAttendanceMode\": \"https:\/\/schema.org\/OfflineEventAttendanceMode\",\n            \"location\":\n            {\n                \"@type\": \"Place\",\n                                \"name\": \"Familienzentrum Leibnitz\",\n                \"image\": \"\",\n                \"address\": \"\"\n                            },\n            \"organizer\":\n            {\n                \"@type\": \"Person\",\n                \"name\": \"\",\n                \"url\": \"\"\n            },\n            \"offers\":\n            {\n                \"url\": \"https:\/\/www.ekiz-sued.at\/ekiz\/events\/babycafe-2\/\",\n                \"price\": \"\",\n                \"priceCurrency\": \"EUR\",\n                \"availability\": \"https:\/\/schema.org\/InStock\",\n                \"validFrom\": \"2026-05-19T00:00\"\n            },\n            \"performer\": \"\",\n            \"description\": \"&lt;p&gt;&lt;span dir=&quot;ltr&quot; role=&quot;presentation&quot;&gt;Eingeladen sind alle Babys mit ihren M\u00fcttern und V\u00e4tern von &lt;\/span&gt;&lt;br role=&quot;presentation&quot; \/&gt;&lt;span dir=&quot;ltr&quot; role=&quot;presentation&quot;&gt;0 \u2013 1 Jahr. Dieses Treffen bietet die M\u00f6glichkeit in gem\u00fctlicher &lt;\/span&gt;&lt;br role=&quot;presentation&quot; \/&gt;&lt;span dir=&quot;ltr&quot; role=&quot;presentation&quot;&gt;Runde mit anderen Eltern Kontakte zu kn\u00fcpfen und Erfahrungen &lt;\/span&gt;&lt;br role=&quot;presentation&quot; \/&gt;&lt;span dir=&quot;ltr&quot; role=&quot;presentation&quot;&gt;auszutauschen.&lt;br \/&gt; &lt;\/span&gt;&lt;br role=&quot;presentation&quot; \/&gt;&lt;span dir=&quot;ltr&quot; role=&quot;presentation&quot;&gt;Vor allem in den ersten Wochen mit dem Baby, treten oft kleine &lt;\/span&gt;&lt;br role=&quot;presentation&quot; \/&gt;&lt;span dir=&quot;ltr&quot; role=&quot;presentation&quot;&gt;Unsicherheiten im Umgang mit dem Baby auf. Unter fachkundiger &lt;\/span&gt;&lt;br role=&quot;presentation&quot; \/&gt;&lt;span dir=&quot;ltr&quot; role=&quot;presentation&quot;&gt;Leitung k\u00f6nnen aktuelle Probleme und andere Themen &lt;\/span&gt;&lt;br role=&quot;presentation&quot; \/&gt;&lt;span dir=&quot;ltr&quot; role=&quot;presentation&quot;&gt;angesprochen werden.&lt;br \/&gt; &lt;\/span&gt;&lt;br role=&quot;presentation&quot; \/&gt;&lt;span dir=&quot;ltr&quot; role=&quot;presentation&quot;&gt;Weiters haben Eltern die M\u00f6glichkeit ihr Baby zu wiegen und in &lt;\/span&gt;&lt;br role=&quot;presentation&quot; \/&gt;&lt;span dir=&quot;ltr&quot; role=&quot;presentation&quot;&gt;unserer B\u00fccherei weiterf\u00fchrende Literatur zum Thema Baby und &lt;\/span&gt;&lt;br role=&quot;presentation&quot; \/&gt;&lt;span dir=&quot;ltr&quot; role=&quot;presentation&quot;&gt;Stillen zu erhalten.&lt;br \/&gt; &lt;\/span&gt;&lt;br role=&quot;presentation&quot; \/&gt;&lt;span dir=&quot;ltr&quot; role=&quot;presentation&quot;&gt;Termin:&lt;\/span&gt;&lt;span dir=&quot;ltr&quot; role=&quot;presentation&quot;&gt; Jeden Dienstag von 9.30 \u2013 11.00 Uhr &lt;\/span&gt;&lt;br role=&quot;presentation&quot; \/&gt;&lt;span dir=&quot;ltr&quot; role=&quot;presentation&quot;&gt;Kosten:&lt;\/span&gt;&lt;span dir=&quot;ltr&quot; role=&quot;presentation&quot;&gt; \u20ac 3,50 (f\u00fcr Mitglieder kostenlos)&lt;\/span&gt;&lt;br role=&quot;presentation&quot; \/&gt;&lt;span dir=&quot;ltr&quot; role=&quot;presentation&quot;&gt;Leitung: Barbara Maderthaner, Dipl. Kinderkrankenschwester&lt;\/span&gt;&lt;\/p&gt; \",\n            \"image\": \"\",\n            \"name\": \"Babycaf\u00e8\",\n            \"url\": \"https:\/\/www.ekiz-sued.at\/ekiz\/events\/babycafe-2\/?occurrence=2026-05-19\"\n        }\n        <\/script>\n                    <article class=\"mec-past-event mec-event-article  mec-clear  mec-divider-toggle mec-toggle-202605-3805\" itemscope>\n                                    <div class=\"col-md-2 col-sm-2\">\n\n                                                <div class=\"mec-event-date\">\n                            <div class=\"event-d mec-color\">19<\/div>\n                            <div class=\"event-f\">Mai<\/div>\n                            <div class=\"event-da\">Dienstag<\/div>\n                        <\/div>\n                                            <\/div>\n                    <div class=\"col-md-6 col-sm-6\">\n                                                                        <h4 class=\"mec-event-title\"><a class=\"mec-color-hover\"  data-event-id=\"3911\" href=\"https:\/\/www.ekiz-sued.at\/ekiz\/events\/babycafe-2\/?occurrence=2026-05-19\" target=\"_blank\" rel=\"noopener\">Babycaf\u00e8<\/a><span class=\"event-color\" style=\"background: #\"><\/span><\/h4>\n                                                <div class=\"mec-event-detail\">\n                            <div class=\"mec-event-loc-place\">Familienzentrum Leibnitz<\/div>\n                                                                                                            <\/div>\n                        <ul class=\"mec-event-sharing\"><li class=\"mec-event-social-icon\"><a class=\"facebook\" href=\"https:\/\/www.facebook.com\/sharer\/sharer.php?u=https%3A%2F%2Fwww.ekiz-sued.at%2Fekiz%2Fevents%2Fbabycafe-2%2F\" onclick=\"javascript:window.open(this.href, '', 'menubar=no,toolbar=no,resizable=yes,scrollbars=yes,height=500,width=600'); return false;\" title=\"Teilen auf Facebook\"><i class=\"mec-fa-facebook\"><\/i><\/a><\/li><li class=\"mec-event-social-icon\"><a class=\"whatsapp\" href=\"whatsapp:\/\/send\/?text=https%3A%2F%2Fwww.ekiz-sued.at%2Fekiz%2Fevents%2Fbabycafe-2%2F\" title=\"Share on WhatsApp\"><i class=\"mec-fa-whatsapp\"><\/i><\/a><\/li><li class=\"mec-event-social-icon\"><a class=\"email\" href=\"mailto:?subject=Babycaf\u00e8&body=https%3A%2F%2Fwww.ekiz-sued.at%2Fekiz%2Fevents%2Fbabycafe-2%2F\" title=\"E-Mail\"><i class=\"mec-fa-envelope\"><\/i><\/a><\/li><\/ul>\n                    <\/div>\n                    <div class=\"col-md-4 col-sm-4 mec-btn-wrapper\">\n                                                <a class=\"mec-booking-button\"  data-event-id=\"3911\" href=\"https:\/\/www.ekiz-sued.at\/ekiz\/events\/babycafe-2\/?occurrence=2026-05-19\" target=\"_blank\" rel=\"noopener\">Details <\/a>                                            <\/div>\n                            <\/article>\n            \t\t\n            \n                    <script type=\"application\/ld+json\">\n        {\n            \"@context\": \"http:\/\/schema.org\",\n            \"@type\": \"Event\",\n            \"eventStatus\": \"https:\/\/schema.org\/EventScheduled\",\n            \"startDate\": \"2026-05-21\",\n            \"endDate\": \"2026-05-21\",\n            \"eventAttendanceMode\": \"https:\/\/schema.org\/OfflineEventAttendanceMode\",\n            \"location\":\n            {\n                \"@type\": \"Place\",\n                                \"name\": \"Familienzentrum Leibnitz\",\n                \"image\": \"\",\n                \"address\": \"\"\n                            },\n            \"organizer\":\n            {\n                \"@type\": \"Person\",\n                \"name\": \"\",\n                \"url\": \"\"\n            },\n            \"offers\":\n            {\n                \"url\": \"https:\/\/www.ekiz-sued.at\/ekiz\/events\/bewegung-und-spass-bei-den-turnmaeusen\/\",\n                \"price\": \"\u20ac60.00\",\n                \"priceCurrency\": \"EUR\",\n                \"availability\": \"https:\/\/schema.org\/InStock\",\n                \"validFrom\": \"2026-05-21T00:00\"\n            },\n            \"performer\": \"\",\n            \"description\": \"&lt;p&gt;&lt;span dir=&quot;ltr&quot; role=&quot;presentation&quot;&gt;Bei unserer Bewegungsgruppe k\u00f6nnen schon die Kleinsten ihrem nat\u00fcrlichen&lt;\/span&gt;&lt;br role=&quot;presentation&quot; \/&gt;&lt;span dir=&quot;ltr&quot; role=&quot;presentation&quot;&gt;Bewegungsdrang nachkommen. In ihrem eigenen Tempo probieren die&lt;\/span&gt;&lt;br role=&quot;presentation&quot; \/&gt;&lt;span dir=&quot;ltr&quot; role=&quot;presentation&quot;&gt;Kinder unterschiedlichste Bewegungsangebote aus. Beim Springen, Klettern,&lt;\/span&gt;&lt;br role=&quot;presentation&quot; \/&gt;&lt;span dir=&quot;ltr&quot; role=&quot;presentation&quot;&gt;Balancieren,&#8230; werden wertvolle Erfahrungen gesammelt. Bei Musik und&lt;\/span&gt;&lt;br role=&quot;presentation&quot; \/&gt;&lt;span dir=&quot;ltr&quot; role=&quot;presentation&quot;&gt;Tanz, plus einer gro\u00dfen Portion Spa\u00df, toben sich die Turnm\u00e4use richtig aus!&lt;\/span&gt;&lt;\/p&gt; &lt;p&gt;&lt;br role=&quot;presentation&quot; \/&gt;&lt;span dir=&quot;ltr&quot; role=&quot;presentation&quot;&gt;Alter:&lt;\/span&gt; &lt;span dir=&quot;ltr&quot; role=&quot;presentation&quot;&gt;10 Monate bis 2,5 Jahre in Begleitung einer Bezugsperson&lt;br \/&gt; Kosten: 60 Euro f\u00fcr 6 Einheiten&lt;br \/&gt; &lt;\/span&gt;&lt;\/p&gt; \",\n            \"image\": \"\",\n            \"name\": \"Bewegung und Spa\u00df bei den Turnm\u00e4usen\",\n            \"url\": \"https:\/\/www.ekiz-sued.at\/ekiz\/events\/bewegung-und-spass-bei-den-turnmaeusen\/?occurrence=2026-05-21\"\n        }\n        <\/script>\n                    <article class=\"mec-past-event mec-event-article  mec-clear  mec-divider-toggle mec-toggle-202605-3805\" itemscope>\n                                    <div class=\"col-md-2 col-sm-2\">\n\n                                                <div class=\"mec-event-date\">\n                            <div class=\"event-d mec-color\">21<\/div>\n                            <div class=\"event-f\">Mai<\/div>\n                            <div class=\"event-da\">Donnerstag<\/div>\n                        <\/div>\n                                            <\/div>\n                    <div class=\"col-md-6 col-sm-6\">\n                                                                        <h4 class=\"mec-event-title\"><a class=\"mec-color-hover\"  data-event-id=\"4059\" href=\"https:\/\/www.ekiz-sued.at\/ekiz\/events\/bewegung-und-spass-bei-den-turnmaeusen\/?occurrence=2026-05-21\" target=\"_blank\" rel=\"noopener\">Bewegung und Spa\u00df bei den Turnm\u00e4usen<\/a><span class=\"event-color\" style=\"background: #\"><\/span><\/h4>\n                                                <div class=\"mec-event-detail\">\n                            <div class=\"mec-event-loc-place\">Familienzentrum Leibnitz<\/div>\n                                                                                                            <\/div>\n                        <ul class=\"mec-event-sharing\"><li class=\"mec-event-social-icon\"><a class=\"facebook\" href=\"https:\/\/www.facebook.com\/sharer\/sharer.php?u=https%3A%2F%2Fwww.ekiz-sued.at%2Fekiz%2Fevents%2Fbewegung-und-spass-bei-den-turnmaeusen%2F\" onclick=\"javascript:window.open(this.href, '', 'menubar=no,toolbar=no,resizable=yes,scrollbars=yes,height=500,width=600'); return false;\" title=\"Teilen auf Facebook\"><i class=\"mec-fa-facebook\"><\/i><\/a><\/li><li class=\"mec-event-social-icon\"><a class=\"whatsapp\" href=\"whatsapp:\/\/send\/?text=https%3A%2F%2Fwww.ekiz-sued.at%2Fekiz%2Fevents%2Fbewegung-und-spass-bei-den-turnmaeusen%2F\" title=\"Share on WhatsApp\"><i class=\"mec-fa-whatsapp\"><\/i><\/a><\/li><li class=\"mec-event-social-icon\"><a class=\"email\" href=\"mailto:?subject=Bewegung und Spa\u00df bei den Turnm\u00e4usen&body=https%3A%2F%2Fwww.ekiz-sued.at%2Fekiz%2Fevents%2Fbewegung-und-spass-bei-den-turnmaeusen%2F\" title=\"E-Mail\"><i class=\"mec-fa-envelope\"><\/i><\/a><\/li><\/ul>\n                    <\/div>\n                    <div class=\"col-md-4 col-sm-4 mec-btn-wrapper\">\n                                                <a class=\"mec-booking-button\"  data-event-id=\"4059\" href=\"https:\/\/www.ekiz-sued.at\/ekiz\/events\/bewegung-und-spass-bei-den-turnmaeusen\/?occurrence=2026-05-21\" target=\"_blank\" rel=\"noopener\">Details <\/a>                                            <\/div>\n                            <\/article>\n            \t\t\n            \n                    <script type=\"application\/ld+json\">\n        {\n            \"@context\": \"http:\/\/schema.org\",\n            \"@type\": \"Event\",\n            \"eventStatus\": \"https:\/\/schema.org\/EventScheduled\",\n            \"startDate\": \"2026-05-26\",\n            \"endDate\": \"2026-05-26\",\n            \"eventAttendanceMode\": \"https:\/\/schema.org\/OfflineEventAttendanceMode\",\n            \"location\":\n            {\n                \"@type\": \"Place\",\n                                \"name\": \"Familienzentrum Leibnitz\",\n                \"image\": \"\",\n                \"address\": \"\"\n                            },\n            \"organizer\":\n            {\n                \"@type\": \"Person\",\n                \"name\": \"\",\n                \"url\": \"\"\n            },\n            \"offers\":\n            {\n                \"url\": \"https:\/\/www.ekiz-sued.at\/ekiz\/events\/babycafe-2\/\",\n                \"price\": \"\",\n                \"priceCurrency\": \"EUR\",\n                \"availability\": \"https:\/\/schema.org\/InStock\",\n                \"validFrom\": \"2026-05-26T00:00\"\n            },\n            \"performer\": \"\",\n            \"description\": \"&lt;p&gt;&lt;span dir=&quot;ltr&quot; role=&quot;presentation&quot;&gt;Eingeladen sind alle Babys mit ihren M\u00fcttern und V\u00e4tern von &lt;\/span&gt;&lt;br role=&quot;presentation&quot; \/&gt;&lt;span dir=&quot;ltr&quot; role=&quot;presentation&quot;&gt;0 \u2013 1 Jahr. Dieses Treffen bietet die M\u00f6glichkeit in gem\u00fctlicher &lt;\/span&gt;&lt;br role=&quot;presentation&quot; \/&gt;&lt;span dir=&quot;ltr&quot; role=&quot;presentation&quot;&gt;Runde mit anderen Eltern Kontakte zu kn\u00fcpfen und Erfahrungen &lt;\/span&gt;&lt;br role=&quot;presentation&quot; \/&gt;&lt;span dir=&quot;ltr&quot; role=&quot;presentation&quot;&gt;auszutauschen.&lt;br \/&gt; &lt;\/span&gt;&lt;br role=&quot;presentation&quot; \/&gt;&lt;span dir=&quot;ltr&quot; role=&quot;presentation&quot;&gt;Vor allem in den ersten Wochen mit dem Baby, treten oft kleine &lt;\/span&gt;&lt;br role=&quot;presentation&quot; \/&gt;&lt;span dir=&quot;ltr&quot; role=&quot;presentation&quot;&gt;Unsicherheiten im Umgang mit dem Baby auf. Unter fachkundiger &lt;\/span&gt;&lt;br role=&quot;presentation&quot; \/&gt;&lt;span dir=&quot;ltr&quot; role=&quot;presentation&quot;&gt;Leitung k\u00f6nnen aktuelle Probleme und andere Themen &lt;\/span&gt;&lt;br role=&quot;presentation&quot; \/&gt;&lt;span dir=&quot;ltr&quot; role=&quot;presentation&quot;&gt;angesprochen werden.&lt;br \/&gt; &lt;\/span&gt;&lt;br role=&quot;presentation&quot; \/&gt;&lt;span dir=&quot;ltr&quot; role=&quot;presentation&quot;&gt;Weiters haben Eltern die M\u00f6glichkeit ihr Baby zu wiegen und in &lt;\/span&gt;&lt;br role=&quot;presentation&quot; \/&gt;&lt;span dir=&quot;ltr&quot; role=&quot;presentation&quot;&gt;unserer B\u00fccherei weiterf\u00fchrende Literatur zum Thema Baby und &lt;\/span&gt;&lt;br role=&quot;presentation&quot; \/&gt;&lt;span dir=&quot;ltr&quot; role=&quot;presentation&quot;&gt;Stillen zu erhalten.&lt;br \/&gt; &lt;\/span&gt;&lt;br role=&quot;presentation&quot; \/&gt;&lt;span dir=&quot;ltr&quot; role=&quot;presentation&quot;&gt;Termin:&lt;\/span&gt;&lt;span dir=&quot;ltr&quot; role=&quot;presentation&quot;&gt; Jeden Dienstag von 9.30 \u2013 11.00 Uhr &lt;\/span&gt;&lt;br role=&quot;presentation&quot; \/&gt;&lt;span dir=&quot;ltr&quot; role=&quot;presentation&quot;&gt;Kosten:&lt;\/span&gt;&lt;span dir=&quot;ltr&quot; role=&quot;presentation&quot;&gt; \u20ac 3,50 (f\u00fcr Mitglieder kostenlos)&lt;\/span&gt;&lt;br role=&quot;presentation&quot; \/&gt;&lt;span dir=&quot;ltr&quot; role=&quot;presentation&quot;&gt;Leitung: Barbara Maderthaner, Dipl. Kinderkrankenschwester&lt;\/span&gt;&lt;\/p&gt; \",\n            \"image\": \"\",\n            \"name\": \"Babycaf\u00e8\",\n            \"url\": \"https:\/\/www.ekiz-sued.at\/ekiz\/events\/babycafe-2\/?occurrence=2026-05-26\"\n        }\n        <\/script>\n                    <article class=\"mec-past-event mec-event-article  mec-clear  mec-divider-toggle mec-toggle-202605-3805\" itemscope>\n                                    <div class=\"col-md-2 col-sm-2\">\n\n                                                <div class=\"mec-event-date\">\n                            <div class=\"event-d mec-color\">26<\/div>\n                            <div class=\"event-f\">Mai<\/div>\n                            <div class=\"event-da\">Dienstag<\/div>\n                        <\/div>\n                                            <\/div>\n                    <div class=\"col-md-6 col-sm-6\">\n                                                                        <h4 class=\"mec-event-title\"><a class=\"mec-color-hover\"  data-event-id=\"3911\" href=\"https:\/\/www.ekiz-sued.at\/ekiz\/events\/babycafe-2\/?occurrence=2026-05-26\" target=\"_blank\" rel=\"noopener\">Babycaf\u00e8<\/a><span class=\"event-color\" style=\"background: #\"><\/span><\/h4>\n                                                <div class=\"mec-event-detail\">\n                            <div class=\"mec-event-loc-place\">Familienzentrum Leibnitz<\/div>\n                                                                                                            <\/div>\n                        <ul class=\"mec-event-sharing\"><li class=\"mec-event-social-icon\"><a class=\"facebook\" href=\"https:\/\/www.facebook.com\/sharer\/sharer.php?u=https%3A%2F%2Fwww.ekiz-sued.at%2Fekiz%2Fevents%2Fbabycafe-2%2F\" onclick=\"javascript:window.open(this.href, '', 'menubar=no,toolbar=no,resizable=yes,scrollbars=yes,height=500,width=600'); return false;\" title=\"Teilen auf Facebook\"><i class=\"mec-fa-facebook\"><\/i><\/a><\/li><li class=\"mec-event-social-icon\"><a class=\"whatsapp\" href=\"whatsapp:\/\/send\/?text=https%3A%2F%2Fwww.ekiz-sued.at%2Fekiz%2Fevents%2Fbabycafe-2%2F\" title=\"Share on WhatsApp\"><i class=\"mec-fa-whatsapp\"><\/i><\/a><\/li><li class=\"mec-event-social-icon\"><a class=\"email\" href=\"mailto:?subject=Babycaf\u00e8&body=https%3A%2F%2Fwww.ekiz-sued.at%2Fekiz%2Fevents%2Fbabycafe-2%2F\" title=\"E-Mail\"><i class=\"mec-fa-envelope\"><\/i><\/a><\/li><\/ul>\n                    <\/div>\n                    <div class=\"col-md-4 col-sm-4 mec-btn-wrapper\">\n                                                <a class=\"mec-booking-button\"  data-event-id=\"3911\" href=\"https:\/\/www.ekiz-sued.at\/ekiz\/events\/babycafe-2\/?occurrence=2026-05-26\" target=\"_blank\" rel=\"noopener\">Details <\/a>                                            <\/div>\n                            <\/article>\n            \t\t\n            \n                    <script type=\"application\/ld+json\">\n        {\n            \"@context\": \"http:\/\/schema.org\",\n            \"@type\": \"Event\",\n            \"eventStatus\": \"https:\/\/schema.org\/EventScheduled\",\n            \"startDate\": \"2026-05-27\",\n            \"endDate\": \"2026-05-27\",\n            \"eventAttendanceMode\": \"https:\/\/schema.org\/OfflineEventAttendanceMode\",\n            \"location\":\n            {\n                \"@type\": \"Place\",\n                                \"name\": \"Ekiz Wagna\",\n                \"image\": \"\",\n                \"address\": \"\"\n                            },\n            \"organizer\":\n            {\n                \"@type\": \"Person\",\n                \"name\": \"\",\n                \"url\": \"\"\n            },\n            \"offers\":\n            {\n                \"url\": \"https:\/\/www.ekiz-sued.at\/ekiz\/events\/spielgruppe-maxi\/\",\n                \"price\": \"\u20ac56.00\",\n                \"priceCurrency\": \"EUR\",\n                \"availability\": \"https:\/\/schema.org\/InStock\",\n                \"validFrom\": \"2026-05-27T00:00\"\n            },\n            \"performer\": \"\",\n            \"description\": \"&lt;p&gt;Wir entdecken die Welt (12-18 Monate)&lt;br \/&gt; Eine vorbereiteter Spielraum und gleichbleibende Rituale geben den&lt;br \/&gt; Kleinen die n\u00f6tige Sicherheit auf Entdeckungstour gehen zu k\u00f6nnen und die&lt;br \/&gt; anregenden Spielangebote zu erforschen. Erste Sing- und Fingerspiele&lt;br \/&gt; bringen die Kinder zum Staunen und machen Spa\u00df. Auch andere Kinder&lt;br \/&gt; werden nun immer interessanter und genau beobachtet, bei einer&lt;br \/&gt; gemeinsamen Jause werden wir uns kennenlernen und erste soziale&lt;br \/&gt; Kontakte kn\u00fcpfen.&lt;\/p&gt; &lt;p&gt;&lt;em&gt;&lt;strong&gt;Termine:&lt;\/strong&gt;&lt;\/em&gt;&lt;br \/&gt; Kurs 1: Beginn 07.01.26 um 8.45 Uhr &#8211; 6 Einheiten \u20ac 48,-&lt;br \/&gt; Kurs 2: Beginn 25.02.26 um 8.45 Uhr &#8211; 6 Einheiten \u20ac 48,-&lt;br \/&gt; Kurs 3: Beginn 15.04.26 um 8.45 Uhr &#8211; 6 Einheiten \u20ac 48,-&lt;br \/&gt; Kurs 4: Beginn 27.05.26 um 8.45 Uhr &#8211; 7 Einheiten \u20ac 56,-&lt;br \/&gt; Kurs 5: Beginn 16.09.26 um 8.45 Uhr &#8211; 7 Einheiten \u20ac 56,-&lt;br \/&gt; Kurs 6: Beginn 04.11.26 um 8.45 Uhr &#8211; 7 Einheiten \u20ac 56,-&lt;\/p&gt; &lt;p&gt;&nbsp;&lt;\/p&gt; \",\n            \"image\": \"\",\n            \"name\": \"Spielgruppe Maxi\",\n            \"url\": \"https:\/\/www.ekiz-sued.at\/ekiz\/events\/spielgruppe-maxi\/?occurrence=2026-05-27&time=1779871500\"\n        }\n        <\/script>\n                    <article class=\"mec-past-event mec-event-article  mec-clear  mec-divider-toggle mec-toggle-202605-3805\" itemscope>\n                                    <div class=\"col-md-2 col-sm-2\">\n\n                                                <div class=\"mec-event-date\">\n                            <div class=\"event-d mec-color\">27<\/div>\n                            <div class=\"event-f\">Mai<\/div>\n                            <div class=\"event-da\">Mittwoch<\/div>\n                        <\/div>\n                                            <\/div>\n                    <div class=\"col-md-6 col-sm-6\">\n                                                                        <h4 class=\"mec-event-title\"><a class=\"mec-color-hover\"  data-event-id=\"3809\" href=\"https:\/\/www.ekiz-sued.at\/ekiz\/events\/spielgruppe-maxi\/?occurrence=2026-05-27&time=1779871500\" target=\"_blank\" rel=\"noopener\">Spielgruppe Maxi<\/a><span class=\"event-color\" style=\"background: #\"><\/span><\/h4>\n                                                <div class=\"mec-event-detail\">\n                            <div class=\"mec-event-loc-place\">Ekiz Wagna<\/div>\n                                                                                                            <\/div>\n                        <ul class=\"mec-event-sharing\"><li class=\"mec-event-social-icon\"><a class=\"facebook\" href=\"https:\/\/www.facebook.com\/sharer\/sharer.php?u=https%3A%2F%2Fwww.ekiz-sued.at%2Fekiz%2Fevents%2Fspielgruppe-maxi%2F\" onclick=\"javascript:window.open(this.href, '', 'menubar=no,toolbar=no,resizable=yes,scrollbars=yes,height=500,width=600'); return false;\" title=\"Teilen auf Facebook\"><i class=\"mec-fa-facebook\"><\/i><\/a><\/li><li class=\"mec-event-social-icon\"><a class=\"whatsapp\" href=\"whatsapp:\/\/send\/?text=https%3A%2F%2Fwww.ekiz-sued.at%2Fekiz%2Fevents%2Fspielgruppe-maxi%2F\" title=\"Share on WhatsApp\"><i class=\"mec-fa-whatsapp\"><\/i><\/a><\/li><li class=\"mec-event-social-icon\"><a class=\"email\" href=\"mailto:?subject=Spielgruppe Maxi&body=https%3A%2F%2Fwww.ekiz-sued.at%2Fekiz%2Fevents%2Fspielgruppe-maxi%2F\" title=\"E-Mail\"><i class=\"mec-fa-envelope\"><\/i><\/a><\/li><\/ul>\n                    <\/div>\n                    <div class=\"col-md-4 col-sm-4 mec-btn-wrapper\">\n                                                <a class=\"mec-booking-button\"  data-event-id=\"3809\" href=\"https:\/\/www.ekiz-sued.at\/ekiz\/events\/spielgruppe-maxi\/?occurrence=2026-05-27&time=1779871500\" target=\"_blank\" rel=\"noopener\">Details <\/a>                                            <\/div>\n                            <\/article>\n            \t\t\t<\/div>\n<\/div>\n\n    <\/div>\n    <div class=\"mec-skin-list-no-events-container mec-util-hidden\" id=\"mec_skin_no_events_3805\">\n        Keine Veranstaltung gefunden    <\/div>\n        \n        <div class=\"mec-load-more-wrap\"><div class=\"mec-load-more-button \">Weitere anzeigen<\/div><\/div>\n        \n<\/div>\n","protected":false},"excerpt":{"rendered":"","protected":false},"author":1,"featured_media":0,"parent":3700,"menu_order":1,"comment_status":"closed","ping_status":"closed","template":"","meta":{"footnotes":""},"class_list":["post-3807","page","type-page","status-publish","hentry"],"_links":{"self":[{"href":"https:\/\/www.ekiz-sued.at\/ekiz\/wp-json\/wp\/v2\/pages\/3807","targetHints":{"allow":["GET"]}}],"collection":[{"href":"https:\/\/www.ekiz-sued.at\/ekiz\/wp-json\/wp\/v2\/pages"}],"about":[{"href":"https:\/\/www.ekiz-sued.at\/ekiz\/wp-json\/wp\/v2\/types\/page"}],"author":[{"embeddable":true,"href":"https:\/\/www.ekiz-sued.at\/ekiz\/wp-json\/wp\/v2\/users\/1"}],"replies":[{"embeddable":true,"href":"https:\/\/www.ekiz-sued.at\/ekiz\/wp-json\/wp\/v2\/comments?post=3807"}],"version-history":[{"count":1,"href":"https:\/\/www.ekiz-sued.at\/ekiz\/wp-json\/wp\/v2\/pages\/3807\/revisions"}],"predecessor-version":[{"id":3808,"href":"https:\/\/www.ekiz-sued.at\/ekiz\/wp-json\/wp\/v2\/pages\/3807\/revisions\/3808"}],"up":[{"embeddable":true,"href":"https:\/\/www.ekiz-sued.at\/ekiz\/wp-json\/wp\/v2\/pages\/3700"}],"wp:attachment":[{"href":"https:\/\/www.ekiz-sued.at\/ekiz\/wp-json\/wp\/v2\/media?parent=3807"}],"curies":[{"name":"wp","href":"https:\/\/api.w.org\/{rel}","templated":true}]}}