{"id":3700,"date":"2022-01-10T14:35:57","date_gmt":"2022-01-10T13:35:57","guid":{"rendered":"https:\/\/www.ekiz-sued.at\/ekiz\/?page_id=3700"},"modified":"2022-01-13T14:52:34","modified_gmt":"2022-01-13T13:52:34","slug":"veranstaltungen","status":"publish","type":"page","link":"https:\/\/www.ekiz-sued.at\/ekiz\/veranstaltungen\/","title":{"rendered":"Veranstaltungen"},"content":{"rendered":"<div id=\"mec_skin_3699\" class=\"mec-wrap colorskin-custom   mec-full-calendar-wrap\">\n\n    <div class=\"mec-search-form mec-totalcal-box\">\n                                    <div id=\"mec_search_form_3699\" >\n\n            \n            <div class=\"mec-dropdown-wrap\">\n                                                                                                            <\/div>\n        <\/div>\n        <div id=\"mec_search_form_3699\">\n                                <\/div>\n        <div id=\"mec_search_form_3699\" class=\"mec-full-calendar-search-ends\">\n                            <div class=\"mec-text-input-search\"><i class=\"mec-sl-magnifier\"><\/i>\n                    <input type=\"search\" value=\"\" id=\"mec_sf_s_3699\" placeholder=\"\" \/>\n                <\/div>                                        <div class=\"mec-date-search\"><input type=\"hidden\" id=\"mec-filter-none\" value=\"Ausw\u00e4hlen\"><i class=\"mec-sl-calendar\"><\/i>\n                    <select id=\"mec_sf_month_3699\">\n                        <option value=\"\">Select Month<\/option><option value=\"01\">Januar<\/option><option value=\"02\">Februar<\/option><option value=\"03\">M\u00e4rz<\/option><option value=\"04\">April<\/option><option value=\"05\">Mai<\/option><option value=\"06\">Juni<\/option><option value=\"07\">Juli<\/option><option value=\"08\">August<\/option><option value=\"09\">September<\/option><option value=\"10\">Oktober<\/option><option value=\"11\">November<\/option><option value=\"12\">Dezember<\/option><\/select><select id=\"mec_sf_year_3699\"><option value=\"2022\" >2022<\/option><option value=\"2023\" >2023<\/option><option value=\"2024\" >2024<\/option><option value=\"2025\" >2025<\/option><option value=\"2026\" selected=\"selected\">2026<\/option><option value=\"2027\" >2027<\/option><option value=\"2028\" >2028<\/option><option value=\"2029\" >2029<\/option><option value=\"2030\" >2030<\/option><\/select><\/div>                                                <div class=\"col-md-12 mec-tab-loader\">\n                <div class=\"mec-totalcal-view\">\n                                        <span class=\"mec-totalcal-monthlyview\" data-skin=\"monthly\">Monatlich<\/span>                    <span class=\"mec-totalcal-weeklyview mec-totalcalview-selected\" data-skin=\"weekly\">W\u00f6chentlich<\/span>                    <span class=\"mec-totalcal-dailyview\" data-skin=\"daily\">T\u00e4glich<\/span>                    <span class=\"mec-totalcal-listview\" data-skin=\"list\">Liste \/ Listenansicht<\/span>                                                        <\/div>\n            <\/div>\n        <\/div>\n            <\/div>\n\n    <div id=\"mec_full_calendar_container_3699\" class=\"mec-full-calendar-skin-container\">\n        <div id=\"mec_skin_3699\" class=\"mec-wrap colorskin-custom  \">\n    \n        \n    <div class=\"mec-calendar mec-calendar-daily mec-calendar-weekly\">\n                <div class=\"mec-skin-weekly-view-month-navigator-container mec-calendar-a-month mec-clear\">\n            <div class=\"mec-month-navigator\" id=\"mec_month_navigator3699_202604\"><div class=\"mec-previous-month mec-load-month mec-color\" data-mec-year=\"2026\" data-mec-month=\"03\"><a href=\"#\" class=\"mec-load-month-link\"><i class=\"mec-sl-angle-left\"><\/i><\/a><\/div><h4 class=\"mec-month-label\">2026 April<\/h4><div class=\"mec-next-month mec-load-month mec-color\" data-mec-year=\"2026\" data-mec-month=\"05\"><a href=\"#\" class=\"mec-load-month-link\"><i class=\"mec-sl-angle-right\"><\/i><\/a><\/div><\/div>\n        <\/div>\n        \n        <div class=\"mec-skin-weekly-view-events-container\" id=\"mec_skin_events_3699\">\n            <div class=\"mec-month-container\" id=\"mec_weekly_view_month_3699_202604\">\n                <div class=\"mec-calendar-d-top\"><div class=\"mec-previous-month mec-load-week mec-color\" href=\"#\"><i class=\"mec-sl-angle-left\"><\/i><\/div><div class=\"mec-next-month mec-load-week mec-color\" href=\"#\"><i class=\"mec-sl-angle-right\"><\/i><\/div><h3 class=\"mec-current-week\">Woche <span>1<\/span><\/h3><\/div><div class=\"mec-weeks-container mec-calendar-d-table\"><dl class=\"mec-weekly-view-week\" id=\"mec_weekly_view_week_3699_2026041\" data-week-id=\"2026041\" data-week-number=\"1\" data-max-weeks=\"5\"><dt data-events-count=\"1\" class=\"\"><span class=\"mec-weekly-view-weekday\">Mo.<\/span> <span class=\"mec-weekly-view-monthday\">30<\/span> <\/dt><dt data-events-count=\"2\" class=\"\"><span class=\"mec-weekly-view-weekday\">Di.<\/span> <span class=\"mec-weekly-view-monthday\">31<\/span> <\/dt><dt data-events-count=\"0\" class=\"mec-weekly-disabled mec-table-nullday\"><span class=\"mec-weekly-view-weekday\">Mi.<\/span> <span class=\"mec-weekly-view-monthday\">1<\/span> <\/dt><dt data-events-count=\"2\" class=\"\"><span class=\"mec-weekly-view-weekday\">Do.<\/span> <span class=\"mec-weekly-view-monthday\">2<\/span> <\/dt><dt data-events-count=\"0\" class=\"mec-weekly-disabled mec-table-nullday\"><span class=\"mec-weekly-view-weekday\">Fr.<\/span> <span class=\"mec-weekly-view-monthday\">3<\/span> <\/dt><dt data-events-count=\"0\" class=\"mec-weekly-disabled mec-table-nullday\"><span class=\"mec-weekly-view-weekday\">Sa.<\/span> <span class=\"mec-weekly-view-monthday\">4<\/span> <\/dt><dt data-events-count=\"0\" class=\"mec-weekly-disabled mec-table-nullday\"><span class=\"mec-weekly-view-weekday\">So.<\/span> <span class=\"mec-weekly-view-monthday\">5<\/span> <\/dt><\/dl><dl class=\"mec-weekly-view-week\" id=\"mec_weekly_view_week_3699_2026042\" data-week-id=\"2026042\" data-week-number=\"2\" data-max-weeks=\"5\"><dt data-events-count=\"1\" class=\"\"><span class=\"mec-weekly-view-weekday\">Mo.<\/span> <span class=\"mec-weekly-view-monthday\">6<\/span> <\/dt><dt data-events-count=\"2\" class=\"\"><span class=\"mec-weekly-view-weekday\">Di.<\/span> <span class=\"mec-weekly-view-monthday\">7<\/span> <\/dt><dt data-events-count=\"0\" class=\"mec-weekly-disabled mec-table-nullday\"><span class=\"mec-weekly-view-weekday\">Mi.<\/span> <span class=\"mec-weekly-view-monthday\">8<\/span> <\/dt><dt data-events-count=\"2\" class=\"\"><span class=\"mec-weekly-view-weekday\">Do.<\/span> <span class=\"mec-weekly-view-monthday\">9<\/span> <\/dt><dt data-events-count=\"1\" class=\"\"><span class=\"mec-weekly-view-weekday\">Fr.<\/span> <span class=\"mec-weekly-view-monthday\">10<\/span> <\/dt><dt data-events-count=\"0\" class=\"mec-weekly-disabled mec-table-nullday\"><span class=\"mec-weekly-view-weekday\">Sa.<\/span> <span class=\"mec-weekly-view-monthday\">11<\/span> <\/dt><dt data-events-count=\"0\" class=\"mec-weekly-disabled mec-table-nullday\"><span class=\"mec-weekly-view-weekday\">So.<\/span> <span class=\"mec-weekly-view-monthday\">12<\/span> <\/dt><\/dl><dl class=\"mec-weekly-view-week\" id=\"mec_weekly_view_week_3699_2026043\" data-week-id=\"2026043\" data-week-number=\"3\" data-max-weeks=\"5\"><dt data-events-count=\"3\" class=\"\"><span class=\"mec-weekly-view-weekday\">Mo.<\/span> <span class=\"mec-weekly-view-monthday\">13<\/span> <\/dt><dt data-events-count=\"3\" class=\"\"><span class=\"mec-weekly-view-weekday\">Di.<\/span> <span class=\"mec-weekly-view-monthday\">14<\/span> <\/dt><dt data-events-count=\"3\" class=\"\"><span class=\"mec-weekly-view-weekday\">Mi.<\/span> <span class=\"mec-weekly-view-monthday\">15<\/span> <\/dt><dt data-events-count=\"2\" class=\"\"><span class=\"mec-weekly-view-weekday\">Do.<\/span> <span class=\"mec-weekly-view-monthday\">16<\/span> <\/dt><dt data-events-count=\"0\" class=\"mec-weekly-disabled mec-table-nullday\"><span class=\"mec-weekly-view-weekday\">Fr.<\/span> <span class=\"mec-weekly-view-monthday\">17<\/span> <\/dt><dt data-events-count=\"0\" class=\"mec-weekly-disabled mec-table-nullday\"><span class=\"mec-weekly-view-weekday\">Sa.<\/span> <span class=\"mec-weekly-view-monthday\">18<\/span> <\/dt><dt data-events-count=\"0\" class=\"mec-weekly-disabled mec-table-nullday\"><span class=\"mec-weekly-view-weekday\">So.<\/span> <span class=\"mec-weekly-view-monthday\">19<\/span> <\/dt><\/dl><dl class=\"mec-weekly-view-week\" id=\"mec_weekly_view_week_3699_2026044\" data-week-id=\"2026044\" data-week-number=\"4\" data-max-weeks=\"5\"><dt data-events-count=\"1\" class=\"\"><span class=\"mec-weekly-view-weekday\">Mo.<\/span> <span class=\"mec-weekly-view-monthday\">20<\/span> <\/dt><dt data-events-count=\"2\" class=\"\"><span class=\"mec-weekly-view-weekday\">Di.<\/span> <span class=\"mec-weekly-view-monthday\">21<\/span> <\/dt><dt data-events-count=\"0\" class=\"mec-weekly-disabled mec-table-nullday\"><span class=\"mec-weekly-view-weekday\">Mi.<\/span> <span class=\"mec-weekly-view-monthday\">22<\/span> <\/dt><dt data-events-count=\"4\" class=\"\"><span class=\"mec-weekly-view-weekday\">Do.<\/span> <span class=\"mec-weekly-view-monthday\">23<\/span> <\/dt><dt data-events-count=\"2\" class=\"\"><span class=\"mec-weekly-view-weekday\">Fr.<\/span> <span class=\"mec-weekly-view-monthday\">24<\/span> <\/dt><dt data-events-count=\"0\" class=\"mec-weekly-disabled mec-table-nullday\"><span class=\"mec-weekly-view-weekday\">Sa.<\/span> <span class=\"mec-weekly-view-monthday\">25<\/span> <\/dt><dt data-events-count=\"0\" class=\"mec-weekly-disabled mec-table-nullday\"><span class=\"mec-weekly-view-weekday\">So.<\/span> <span class=\"mec-weekly-view-monthday\">26<\/span> <\/dt><\/dl><dl class=\"mec-weekly-view-week\" id=\"mec_weekly_view_week_3699_2026045\" data-week-id=\"2026045\" data-week-number=\"5\" data-max-weeks=\"5\"><dt data-events-count=\"2\" class=\"\"><span class=\"mec-weekly-view-weekday\">Mo.<\/span> <span class=\"mec-weekly-view-monthday\">27<\/span> <\/dt><dt data-events-count=\"3\" class=\"\"><span class=\"mec-weekly-view-weekday\">Di.<\/span> <span class=\"mec-weekly-view-monthday\">28<\/span> <\/dt><dt data-events-count=\"0\" class=\"mec-weekly-disabled mec-table-nullday\"><span class=\"mec-weekly-view-weekday\">Mi.<\/span> <span class=\"mec-weekly-view-monthday\">29<\/span> <\/dt><dt data-events-count=\"3\" class=\"\"><span class=\"mec-weekly-view-weekday\">Do.<\/span> <span class=\"mec-weekly-view-monthday\">30<\/span> <\/dt><dt data-events-count=\"0\" class=\"mec-weekly-disabled mec-table-nullday\"><span class=\"mec-weekly-view-weekday\">Fr.<\/span> <span class=\"mec-weekly-view-monthday\">1<\/span> <\/dt><dt data-events-count=\"0\" class=\"mec-weekly-disabled mec-table-nullday\"><span class=\"mec-weekly-view-weekday\">Sa.<\/span> <span class=\"mec-weekly-view-monthday\">2<\/span> <\/dt><dt data-events-count=\"0\" class=\"mec-weekly-disabled mec-table-nullday\"><span class=\"mec-weekly-view-weekday\">So.<\/span> <span class=\"mec-weekly-view-monthday\">3<\/span> <\/dt><\/dl><\/div>\n<div class=\"mec-week-events-container\"><ul class=\"mec-weekly-view-dates-events\">\n                <li class=\"mec-weekly-view-date-events mec-util-hidden mec-calendar-day-events mec-clear mec-weekly-view-week-3699-2026041\" id=\"mec_weekly_view_date_events3699_20260330\" data-week-number=\"1\">\n                            <script type=\"application\/ld+json\">\n        {\n            \"@context\": \"http:\/\/schema.org\",\n            \"@type\": \"Event\",\n            \"eventStatus\": \"https:\/\/schema.org\/EventScheduled\",\n            \"startDate\": \"2026-03-30\",\n            \"endDate\": \"2026-03-30\",\n            \"eventAttendanceMode\": \"https:\/\/schema.org\/OfflineEventAttendanceMode\",\n            \"location\":\n            {\n                \"@type\": \"Place\",\n                                \"name\": \"Ekiz Wagna\",\n                \"image\": \"\",\n                \"address\": \"\"\n                            },\n            \"organizer\":\n            {\n                \"@type\": \"Person\",\n                \"name\": \"\",\n                \"url\": \"\"\n            },\n            \"offers\":\n            {\n                \"url\": \"https:\/\/www.ekiz-sued.at\/ekiz\/events\/englisch-fuer-volksschulkinder-137\/\",\n                \"price\": \"\",\n                \"priceCurrency\": \"EUR\",\n                \"availability\": \"https:\/\/schema.org\/InStock\",\n                \"validFrom\": \"2026-03-30T00:00\"\n            },\n            \"performer\": \"\",\n            \"description\": \"&lt;p&gt;Spielerisch lernen mit Liedern, Reimen, Spielen, Bewegung &amp; Konversation.&lt;\/p&gt; &lt;p&gt;Start Sommersemester: 23.02.2026&lt;br \/&gt; Start Wintersemester 21.09.2026&lt;br \/&gt; montags 14:30-15:15, 15:25-16:10, oder 16:20-17:05&lt;\/p&gt; &lt;p&gt;Leitung: Native Speaker Sarah Nicholson. Langj\u00e4hrige Erfahrung als&lt;br \/&gt; Englisch-Trainerin f\u00fcr Kinder, Jugendliche und Erwachsene, ausgebildete S\u00e4ngerin und Mutter von zwei Kindern.&lt;\/p&gt; &lt;p&gt;Anmeldung: Senden Sie mir bitte den Namen und Geburtsdatum Ihres&lt;br \/&gt; Kindes, Ihre E-Mail Adresse und Telefonnummer an Sarah Nicholson&lt;br \/&gt; sarahsopraan@gmail.com oder 0676 447 6910.&lt;\/p&gt; \",\n            \"image\": \"\",\n            \"name\": \"Englisch f\u00fcr Kindergartenkinder ab 4 Jahre\",\n            \"url\": \"https:\/\/www.ekiz-sued.at\/ekiz\/events\/englisch-fuer-volksschulkinder-137\/?occurrence=2026-03-30\"\n        }\n        <\/script>\n                                <article class=\"mec-past-event mec-event-article   \">\n                <div class=\"mec-event-list-weekly-date mec-color\"><span class=\"mec-date-day\">30<\/span>M\u00e4rz<\/div>\n                <div class=\"mec-event-image\"><\/div>\n                \n                                <div class=\"mec-event-time mec-color\"><i class=\"mec-sl-clock-o\"><\/i> 14:30<\/div>\n                \n                <h4 class=\"mec-event-title\"><a class=\"mec-color-hover\"  data-event-id=\"4235\" href=\"https:\/\/www.ekiz-sued.at\/ekiz\/events\/englisch-fuer-volksschulkinder-137\/?occurrence=2026-03-30\" target=\"m1\" rel=\"noopener\">Englisch f\u00fcr Kindergartenkinder ab 4 Jahre<\/a><span class=\"event-color\" style=\"background: #\"><\/span><\/h4>\n                                <div class=\"mec-event-detail\"><div class=\"mec-event-loc-place\">Ekiz Wagna<\/div><\/div>\n                                                                            <\/article>\n            <\/li>\n                    <li class=\"mec-weekly-view-date-events mec-util-hidden mec-calendar-day-events mec-clear mec-weekly-view-week-3699-2026041\" id=\"mec_weekly_view_date_events3699_20260331\" data-week-number=\"1\">\n                            <script type=\"application\/ld+json\">\n        {\n            \"@context\": \"http:\/\/schema.org\",\n            \"@type\": \"Event\",\n            \"eventStatus\": \"https:\/\/schema.org\/EventScheduled\",\n            \"startDate\": \"2026-03-31\",\n            \"endDate\": \"2026-03-31\",\n            \"eventAttendanceMode\": \"https:\/\/schema.org\/OfflineEventAttendanceMode\",\n            \"location\":\n            {\n                \"@type\": \"Place\",\n                                \"name\": \"Familienzentrum Leibnitz\",\n                \"image\": \"\",\n                \"address\": \"\"\n                            },\n            \"organizer\":\n            {\n                \"@type\": \"Person\",\n                \"name\": \"\",\n                \"url\": \"\"\n            },\n            \"offers\":\n            {\n                \"url\": \"https:\/\/www.ekiz-sued.at\/ekiz\/events\/babycafe-2\/\",\n                \"price\": \"\",\n                \"priceCurrency\": \"EUR\",\n                \"availability\": \"https:\/\/schema.org\/InStock\",\n                \"validFrom\": \"2026-03-31T00:00\"\n            },\n            \"performer\": \"\",\n            \"description\": \"&lt;p&gt;&lt;span dir=&quot;ltr&quot; role=&quot;presentation&quot;&gt;Eingeladen sind alle Babys mit ihren M\u00fcttern und V\u00e4tern von &lt;\/span&gt;&lt;br role=&quot;presentation&quot; \/&gt;&lt;span dir=&quot;ltr&quot; role=&quot;presentation&quot;&gt;0 \u2013 1 Jahr. Dieses Treffen bietet die M\u00f6glichkeit in gem\u00fctlicher &lt;\/span&gt;&lt;br role=&quot;presentation&quot; \/&gt;&lt;span dir=&quot;ltr&quot; role=&quot;presentation&quot;&gt;Runde mit anderen Eltern Kontakte zu kn\u00fcpfen und Erfahrungen &lt;\/span&gt;&lt;br role=&quot;presentation&quot; \/&gt;&lt;span dir=&quot;ltr&quot; role=&quot;presentation&quot;&gt;auszutauschen.&lt;br \/&gt; &lt;\/span&gt;&lt;br role=&quot;presentation&quot; \/&gt;&lt;span dir=&quot;ltr&quot; role=&quot;presentation&quot;&gt;Vor allem in den ersten Wochen mit dem Baby, treten oft kleine &lt;\/span&gt;&lt;br role=&quot;presentation&quot; \/&gt;&lt;span dir=&quot;ltr&quot; role=&quot;presentation&quot;&gt;Unsicherheiten im Umgang mit dem Baby auf. Unter fachkundiger &lt;\/span&gt;&lt;br role=&quot;presentation&quot; \/&gt;&lt;span dir=&quot;ltr&quot; role=&quot;presentation&quot;&gt;Leitung k\u00f6nnen aktuelle Probleme und andere Themen &lt;\/span&gt;&lt;br role=&quot;presentation&quot; \/&gt;&lt;span dir=&quot;ltr&quot; role=&quot;presentation&quot;&gt;angesprochen werden.&lt;br \/&gt; &lt;\/span&gt;&lt;br role=&quot;presentation&quot; \/&gt;&lt;span dir=&quot;ltr&quot; role=&quot;presentation&quot;&gt;Weiters haben Eltern die M\u00f6glichkeit ihr Baby zu wiegen und in &lt;\/span&gt;&lt;br role=&quot;presentation&quot; \/&gt;&lt;span dir=&quot;ltr&quot; role=&quot;presentation&quot;&gt;unserer B\u00fccherei weiterf\u00fchrende Literatur zum Thema Baby und &lt;\/span&gt;&lt;br role=&quot;presentation&quot; \/&gt;&lt;span dir=&quot;ltr&quot; role=&quot;presentation&quot;&gt;Stillen zu erhalten.&lt;br \/&gt; &lt;\/span&gt;&lt;br role=&quot;presentation&quot; \/&gt;&lt;span dir=&quot;ltr&quot; role=&quot;presentation&quot;&gt;Termin:&lt;\/span&gt;&lt;span dir=&quot;ltr&quot; role=&quot;presentation&quot;&gt; Jeden Dienstag von 9.30 \u2013 11.00 Uhr &lt;\/span&gt;&lt;br role=&quot;presentation&quot; \/&gt;&lt;span dir=&quot;ltr&quot; role=&quot;presentation&quot;&gt;Kosten:&lt;\/span&gt;&lt;span dir=&quot;ltr&quot; role=&quot;presentation&quot;&gt; \u20ac 3,50 (f\u00fcr Mitglieder kostenlos)&lt;\/span&gt;&lt;br role=&quot;presentation&quot; \/&gt;&lt;span dir=&quot;ltr&quot; role=&quot;presentation&quot;&gt;Leitung: Barbara Maderthaner, Dipl. Kinderkrankenschwester&lt;\/span&gt;&lt;\/p&gt; \",\n            \"image\": \"\",\n            \"name\": \"Babycaf\u00e8\",\n            \"url\": \"https:\/\/www.ekiz-sued.at\/ekiz\/events\/babycafe-2\/?occurrence=2026-03-31\"\n        }\n        <\/script>\n                                <article class=\"mec-past-event mec-event-article   \">\n                <div class=\"mec-event-list-weekly-date mec-color\"><span class=\"mec-date-day\">31<\/span>M\u00e4rz<\/div>\n                <div class=\"mec-event-image\"><\/div>\n                \n                                <div class=\"mec-event-time mec-color\"><i class=\"mec-sl-clock-o\"><\/i> 9:30 - 11:00<\/div>\n                \n                <h4 class=\"mec-event-title\"><a class=\"mec-color-hover\"  data-event-id=\"3911\" href=\"https:\/\/www.ekiz-sued.at\/ekiz\/events\/babycafe-2\/?occurrence=2026-03-31\" target=\"m1\" rel=\"noopener\">Babycaf\u00e8<\/a><span class=\"event-color\" style=\"background: #\"><\/span><\/h4>\n                                <div class=\"mec-event-detail\"><div class=\"mec-event-loc-place\">Familienzentrum Leibnitz<\/div><\/div>\n                                                                            <\/article>\n                            <script type=\"application\/ld+json\">\n        {\n            \"@context\": \"http:\/\/schema.org\",\n            \"@type\": \"Event\",\n            \"eventStatus\": \"https:\/\/schema.org\/EventScheduled\",\n            \"startDate\": \"2026-03-31\",\n            \"endDate\": \"2026-03-31\",\n            \"eventAttendanceMode\": \"https:\/\/schema.org\/OfflineEventAttendanceMode\",\n            \"location\":\n            {\n                \"@type\": \"Place\",\n                                \"name\": \"Ekiz Wagna\",\n                \"image\": \"\",\n                \"address\": \"\"\n                            },\n            \"organizer\":\n            {\n                \"@type\": \"Person\",\n                \"name\": \"\",\n                \"url\": \"\"\n            },\n            \"offers\":\n            {\n                \"url\": \"https:\/\/www.ekiz-sued.at\/ekiz\/events\/offenes-baby-und-kleinkindertreffen-elterncafe-fuer-mama-papa-oma-opa\/\",\n                \"price\": \"\",\n                \"priceCurrency\": \"EUR\",\n                \"availability\": \"https:\/\/schema.org\/InStock\",\n                \"validFrom\": \"2026-03-31T00:00\"\n            },\n            \"performer\": \"\",\n            \"description\": \"&lt;p&gt;&lt;span dir=&quot;ltr&quot; role=&quot;presentation&quot;&gt;Babys und Kleinkinder, die erste Kontakte mit gleichaltrigen &lt;\/span&gt;&lt;br role=&quot;presentation&quot; \/&gt;&lt;span dir=&quot;ltr&quot; role=&quot;presentation&quot;&gt;SpielkollegInnen kn\u00fcpfen wollen, k\u00f6nnen bei uns spielen, &lt;\/span&gt;&lt;br role=&quot;presentation&quot; \/&gt;&lt;span dir=&quot;ltr&quot; role=&quot;presentation&quot;&gt;toben, Spa\u00df haben.&lt;br \/&gt; &lt;\/span&gt;&lt;br role=&quot;presentation&quot; \/&gt;&lt;span dir=&quot;ltr&quot; role=&quot;presentation&quot;&gt;Besonders in der Zeit, in der die Kinder noch sehr klein sind, &lt;\/span&gt;&lt;br role=&quot;presentation&quot; \/&gt;&lt;span dir=&quot;ltr&quot; role=&quot;presentation&quot;&gt;ist es meist f\u00fcr die M\u00fctter eine Bereicherung, sich &lt;\/span&gt;&lt;br role=&quot;presentation&quot; \/&gt;&lt;span dir=&quot;ltr&quot; role=&quot;presentation&quot;&gt;mit anderen Eltern, die sich in derselben Lebensphase befinden, &lt;\/span&gt;&lt;br role=&quot;presentation&quot; \/&gt;&lt;span dir=&quot;ltr&quot; role=&quot;presentation&quot;&gt;auszutauschen. Eine Elternbildnerin begleitet einige dieser &lt;\/span&gt;&lt;br role=&quot;presentation&quot; \/&gt;&lt;span dir=&quot;ltr&quot; role=&quot;presentation&quot;&gt;Treffen und steht f\u00fcr Fragen zur Verf\u00fcgung.&lt;\/span&gt;&lt;\/p&gt; &lt;p&gt;&nbsp;&lt;\/p&gt; &lt;p&gt;&lt;span dir=&quot;ltr&quot; role=&quot;presentation&quot;&gt;Termine:&lt;\/span&gt; &lt;span dir=&quot;ltr&quot; role=&quot;presentation&quot;&gt;Jeden Dienstag von 16 bis 17.30 Uhr &lt;\/span&gt;&lt;span dir=&quot;ltr&quot; role=&quot;presentation&quot;&gt;(au\u00dfer an Feiertagen und im August)&lt;\/span&gt;&lt;br role=&quot;presentation&quot; \/&gt;&lt;span dir=&quot;ltr&quot; role=&quot;presentation&quot;&gt;Kosten:&lt;\/span&gt;&lt;span dir=&quot;ltr&quot; role=&quot;presentation&quot;&gt; \u20ac 2,50 pro Treffen (f\u00fcr Mitglieder kostenlos)&lt;\/span&gt;&lt;\/p&gt; \",\n            \"image\": \"\",\n            \"name\": \"Offenes Baby- &#038; Kleinkindertreffen am DI\",\n            \"url\": \"https:\/\/www.ekiz-sued.at\/ekiz\/events\/offenes-baby-und-kleinkindertreffen-elterncafe-fuer-mama-papa-oma-opa\/?occurrence=2026-03-31\"\n        }\n        <\/script>\n                                <article class=\"mec-past-event mec-event-article   \">\n                <div class=\"mec-event-list-weekly-date mec-color\"><span class=\"mec-date-day\">31<\/span>M\u00e4rz<\/div>\n                <div class=\"mec-event-image\"><\/div>\n                \n                                <div class=\"mec-event-time mec-color\"><i class=\"mec-sl-clock-o\"><\/i> 16:00 - 17:30<\/div>\n                \n                <h4 class=\"mec-event-title\"><a class=\"mec-color-hover\"  data-event-id=\"3907\" href=\"https:\/\/www.ekiz-sued.at\/ekiz\/events\/offenes-baby-und-kleinkindertreffen-elterncafe-fuer-mama-papa-oma-opa\/?occurrence=2026-03-31\" target=\"m1\" rel=\"noopener\">Offenes Baby- &#038; Kleinkindertreffen am DI<\/a><span class=\"event-color\" style=\"background: #8224e3\"><\/span><\/h4>\n                                <div class=\"mec-event-detail\"><div class=\"mec-event-loc-place\">Ekiz Wagna<\/div><\/div>\n                                                                            <\/article>\n            <\/li>\n                                <li class=\"mec-weekly-view-date-events mec-util-hidden mec-calendar-day-events mec-clear mec-weekly-view-week-3699-2026041\" id=\"mec_weekly_view_date_events3699_20260402\" data-week-number=\"1\">\n                            <script type=\"application\/ld+json\">\n        {\n            \"@context\": \"http:\/\/schema.org\",\n            \"@type\": \"Event\",\n            \"eventStatus\": \"https:\/\/schema.org\/EventScheduled\",\n            \"startDate\": \"2026-04-02\",\n            \"endDate\": \"2026-04-02\",\n            \"eventAttendanceMode\": \"https:\/\/schema.org\/OfflineEventAttendanceMode\",\n            \"location\":\n            {\n                \"@type\": \"Place\",\n                                \"name\": \"Familienzentrum Leibnitz\",\n                \"image\": \"\",\n                \"address\": \"\"\n                            },\n            \"organizer\":\n            {\n                \"@type\": \"Person\",\n                \"name\": \"\",\n                \"url\": \"\"\n            },\n            \"offers\":\n            {\n                \"url\": \"https:\/\/www.ekiz-sued.at\/ekiz\/events\/bewegung-und-spass-bei-den-turnmaeusen\/\",\n                \"price\": \"\u20ac60.00\",\n                \"priceCurrency\": \"EUR\",\n                \"availability\": \"https:\/\/schema.org\/InStock\",\n                \"validFrom\": \"2026-04-02T00:00\"\n            },\n            \"performer\": \"\",\n            \"description\": \"&lt;p&gt;&lt;span dir=&quot;ltr&quot; role=&quot;presentation&quot;&gt;Bei unserer Bewegungsgruppe k\u00f6nnen schon die Kleinsten ihrem nat\u00fcrlichen&lt;\/span&gt;&lt;br role=&quot;presentation&quot; \/&gt;&lt;span dir=&quot;ltr&quot; role=&quot;presentation&quot;&gt;Bewegungsdrang nachkommen. In ihrem eigenen Tempo probieren die&lt;\/span&gt;&lt;br role=&quot;presentation&quot; \/&gt;&lt;span dir=&quot;ltr&quot; role=&quot;presentation&quot;&gt;Kinder unterschiedlichste Bewegungsangebote aus. Beim Springen, Klettern,&lt;\/span&gt;&lt;br role=&quot;presentation&quot; \/&gt;&lt;span dir=&quot;ltr&quot; role=&quot;presentation&quot;&gt;Balancieren,&#8230; werden wertvolle Erfahrungen gesammelt. Bei Musik und&lt;\/span&gt;&lt;br role=&quot;presentation&quot; \/&gt;&lt;span dir=&quot;ltr&quot; role=&quot;presentation&quot;&gt;Tanz, plus einer gro\u00dfen Portion Spa\u00df, toben sich die Turnm\u00e4use richtig aus!&lt;\/span&gt;&lt;\/p&gt; &lt;p&gt;&lt;br role=&quot;presentation&quot; \/&gt;&lt;span dir=&quot;ltr&quot; role=&quot;presentation&quot;&gt;Alter:&lt;\/span&gt; &lt;span dir=&quot;ltr&quot; role=&quot;presentation&quot;&gt;10 Monate bis 2,5 Jahre in Begleitung einer Bezugsperson&lt;br \/&gt; Kosten: 60 Euro f\u00fcr 6 Einheiten&lt;br \/&gt; &lt;\/span&gt;&lt;\/p&gt; \",\n            \"image\": \"\",\n            \"name\": \"Bewegung und Spa\u00df bei den Turnm\u00e4usen\",\n            \"url\": \"https:\/\/www.ekiz-sued.at\/ekiz\/events\/bewegung-und-spass-bei-den-turnmaeusen\/?occurrence=2026-04-02\"\n        }\n        <\/script>\n                                <article class=\"mec-past-event mec-event-article   \">\n                <div class=\"mec-event-list-weekly-date mec-color\"><span class=\"mec-date-day\">02<\/span>April<\/div>\n                <div class=\"mec-event-image\"><\/div>\n                \n                                <div class=\"mec-event-time mec-color\"><i class=\"mec-sl-clock-o\"><\/i> 9:00<\/div>\n                \n                <h4 class=\"mec-event-title\"><a class=\"mec-color-hover\"  data-event-id=\"4059\" href=\"https:\/\/www.ekiz-sued.at\/ekiz\/events\/bewegung-und-spass-bei-den-turnmaeusen\/?occurrence=2026-04-02\" target=\"m1\" rel=\"noopener\">Bewegung und Spa\u00df bei den Turnm\u00e4usen<\/a><span class=\"event-color\" style=\"background: #\"><\/span><\/h4>\n                                <div class=\"mec-event-detail\"><div class=\"mec-event-loc-place\">Familienzentrum Leibnitz<\/div><\/div>\n                                                                            <\/article>\n                            <script type=\"application\/ld+json\">\n        {\n            \"@context\": \"http:\/\/schema.org\",\n            \"@type\": \"Event\",\n            \"eventStatus\": \"https:\/\/schema.org\/EventScheduled\",\n            \"startDate\": \"2026-04-02\",\n            \"endDate\": \"2026-04-02\",\n            \"eventAttendanceMode\": \"https:\/\/schema.org\/OfflineEventAttendanceMode\",\n            \"location\":\n            {\n                \"@type\": \"Place\",\n                                \"name\": \"Ekiz Wagna\",\n                \"image\": \"\",\n                \"address\": \"\"\n                            },\n            \"organizer\":\n            {\n                \"@type\": \"Person\",\n                \"name\": \"\",\n                \"url\": \"\"\n            },\n            \"offers\":\n            {\n                \"url\": \"https:\/\/www.ekiz-sued.at\/ekiz\/events\/offenes-baby-und-kleinkindertreffen-elterncafe-fuer-mama-papa-oma-opa-2\/\",\n                \"price\": \"\u20ac2.50\",\n                \"priceCurrency\": \"EUR\",\n                \"availability\": \"https:\/\/schema.org\/InStock\",\n                \"validFrom\": \"2026-04-02T00:00\"\n            },\n            \"performer\": \"\",\n            \"description\": \"&lt;p&gt;&lt;strong&gt; Elterncafe f\u00fcr Mama, Papa, Oma, Opa&#8230;.&lt;\/strong&gt;&lt;\/p&gt; &lt;p&gt;&lt;span dir=&quot;ltr&quot; role=&quot;presentation&quot;&gt;Babys und Kleinkinder, die erste Kontakte mit gleichaltrigen &lt;\/span&gt;&lt;br role=&quot;presentation&quot; \/&gt;&lt;span dir=&quot;ltr&quot; role=&quot;presentation&quot;&gt;SpielkollegInnen kn\u00fcpfen wollen, k\u00f6nnen bei uns spielen, &lt;\/span&gt;&lt;br role=&quot;presentation&quot; \/&gt;&lt;span dir=&quot;ltr&quot; role=&quot;presentation&quot;&gt;toben, Spa\u00df haben.&lt;br \/&gt; &lt;\/span&gt;&lt;br role=&quot;presentation&quot; \/&gt;&lt;span dir=&quot;ltr&quot; role=&quot;presentation&quot;&gt;Besonders in der Zeit, in der die Kinder noch sehr klein sind, &lt;\/span&gt;&lt;br role=&quot;presentation&quot; \/&gt;&lt;span dir=&quot;ltr&quot; role=&quot;presentation&quot;&gt;ist es meist f\u00fcr die M\u00fctter eine Bereicherung, sich &lt;\/span&gt;&lt;br role=&quot;presentation&quot; \/&gt;&lt;span dir=&quot;ltr&quot; role=&quot;presentation&quot;&gt;mit anderen Eltern, die sich in derselben Lebensphase befinden, &lt;\/span&gt;&lt;br role=&quot;presentation&quot; \/&gt;&lt;span dir=&quot;ltr&quot; role=&quot;presentation&quot;&gt;auszutauschen. Eine Elternbildnerin begleitet einige dieser &lt;\/span&gt;&lt;br role=&quot;presentation&quot; \/&gt;&lt;span dir=&quot;ltr&quot; role=&quot;presentation&quot;&gt;Treffen und steht f\u00fcr Fragen zur Verf\u00fcgung.&lt;\/span&gt;&lt;\/p&gt; &lt;p&gt;&lt;br role=&quot;presentation&quot; \/&gt;&lt;span dir=&quot;ltr&quot; role=&quot;presentation&quot;&gt;Termine:&lt;\/span&gt;  &lt;br role=&quot;presentation&quot; \/&gt;&lt;span dir=&quot;ltr&quot; role=&quot;presentation&quot;&gt;Jeden Donnerstag von 9.30 bis 11 Uhr (au\u00dfer an Feiertagen)&lt;\/span&gt;&lt;br role=&quot;presentation&quot; \/&gt;&lt;span dir=&quot;ltr&quot; role=&quot;presentation&quot;&gt;Kosten:&lt;\/span&gt;&lt;span dir=&quot;ltr&quot; role=&quot;presentation&quot;&gt; \u20ac 2,50 pro Treffen (f\u00fcr Mitglieder kostenlos) &lt;\/span&gt;&lt;\/p&gt; \",\n            \"image\": \"\",\n            \"name\": \"Offenes Kleinkindertreffen  am DO\",\n            \"url\": \"https:\/\/www.ekiz-sued.at\/ekiz\/events\/offenes-baby-und-kleinkindertreffen-elterncafe-fuer-mama-papa-oma-opa-2\/?occurrence=2026-04-02\"\n        }\n        <\/script>\n                                <article class=\"mec-past-event mec-event-article   \">\n                <div class=\"mec-event-list-weekly-date mec-color\"><span class=\"mec-date-day\">02<\/span>April<\/div>\n                <div class=\"mec-event-image\"><\/div>\n                \n                                <div class=\"mec-event-time mec-color\"><i class=\"mec-sl-clock-o\"><\/i> 9:30<\/div>\n                \n                <h4 class=\"mec-event-title\"><a class=\"mec-color-hover\"  data-event-id=\"3910\" href=\"https:\/\/www.ekiz-sued.at\/ekiz\/events\/offenes-baby-und-kleinkindertreffen-elterncafe-fuer-mama-papa-oma-opa-2\/?occurrence=2026-04-02\" target=\"m1\" rel=\"noopener\">Offenes Kleinkindertreffen  am DO<\/a><span class=\"event-color\" style=\"background: #\"><\/span><\/h4>\n                                <div class=\"mec-event-detail\"><div class=\"mec-event-loc-place\">Ekiz Wagna<\/div><\/div>\n                                                                            <\/article>\n            <\/li>\n                                                        <li class=\"mec-weekly-view-date-events mec-util-hidden mec-calendar-day-events mec-clear mec-weekly-view-week-3699-2026042\" id=\"mec_weekly_view_date_events3699_20260406\" data-week-number=\"2\">\n                            <script type=\"application\/ld+json\">\n        {\n            \"@context\": \"http:\/\/schema.org\",\n            \"@type\": \"Event\",\n            \"eventStatus\": \"https:\/\/schema.org\/EventScheduled\",\n            \"startDate\": \"2026-04-06\",\n            \"endDate\": \"2026-04-06\",\n            \"eventAttendanceMode\": \"https:\/\/schema.org\/OfflineEventAttendanceMode\",\n            \"location\":\n            {\n                \"@type\": \"Place\",\n                                \"name\": \"Ekiz Wagna\",\n                \"image\": \"\",\n                \"address\": \"\"\n                            },\n            \"organizer\":\n            {\n                \"@type\": \"Person\",\n                \"name\": \"\",\n                \"url\": \"\"\n            },\n            \"offers\":\n            {\n                \"url\": \"https:\/\/www.ekiz-sued.at\/ekiz\/events\/englisch-fuer-volksschulkinder-137\/\",\n                \"price\": \"\",\n                \"priceCurrency\": \"EUR\",\n                \"availability\": \"https:\/\/schema.org\/InStock\",\n                \"validFrom\": \"2026-04-06T00:00\"\n            },\n            \"performer\": \"\",\n            \"description\": \"&lt;p&gt;Spielerisch lernen mit Liedern, Reimen, Spielen, Bewegung &amp; Konversation.&lt;\/p&gt; &lt;p&gt;Start Sommersemester: 23.02.2026&lt;br \/&gt; Start Wintersemester 21.09.2026&lt;br \/&gt; montags 14:30-15:15, 15:25-16:10, oder 16:20-17:05&lt;\/p&gt; &lt;p&gt;Leitung: Native Speaker Sarah Nicholson. Langj\u00e4hrige Erfahrung als&lt;br \/&gt; Englisch-Trainerin f\u00fcr Kinder, Jugendliche und Erwachsene, ausgebildete S\u00e4ngerin und Mutter von zwei Kindern.&lt;\/p&gt; &lt;p&gt;Anmeldung: Senden Sie mir bitte den Namen und Geburtsdatum Ihres&lt;br \/&gt; Kindes, Ihre E-Mail Adresse und Telefonnummer an Sarah Nicholson&lt;br \/&gt; sarahsopraan@gmail.com oder 0676 447 6910.&lt;\/p&gt; \",\n            \"image\": \"\",\n            \"name\": \"Englisch f\u00fcr Kindergartenkinder ab 4 Jahre\",\n            \"url\": \"https:\/\/www.ekiz-sued.at\/ekiz\/events\/englisch-fuer-volksschulkinder-137\/?occurrence=2026-04-06\"\n        }\n        <\/script>\n                                <article class=\"mec-past-event mec-event-article   \">\n                <div class=\"mec-event-list-weekly-date mec-color\"><span class=\"mec-date-day\">06<\/span>April<\/div>\n                <div class=\"mec-event-image\"><\/div>\n                \n                                <div class=\"mec-event-time mec-color\"><i class=\"mec-sl-clock-o\"><\/i> 14:30<\/div>\n                \n                <h4 class=\"mec-event-title\"><a class=\"mec-color-hover\"  data-event-id=\"4235\" href=\"https:\/\/www.ekiz-sued.at\/ekiz\/events\/englisch-fuer-volksschulkinder-137\/?occurrence=2026-04-06\" target=\"m1\" rel=\"noopener\">Englisch f\u00fcr Kindergartenkinder ab 4 Jahre<\/a><span class=\"event-color\" style=\"background: #\"><\/span><\/h4>\n                                <div class=\"mec-event-detail\"><div class=\"mec-event-loc-place\">Ekiz Wagna<\/div><\/div>\n                                                                            <\/article>\n            <\/li>\n                    <li class=\"mec-weekly-view-date-events mec-util-hidden mec-calendar-day-events mec-clear mec-weekly-view-week-3699-2026042\" id=\"mec_weekly_view_date_events3699_20260407\" data-week-number=\"2\">\n                            <script type=\"application\/ld+json\">\n        {\n            \"@context\": \"http:\/\/schema.org\",\n            \"@type\": \"Event\",\n            \"eventStatus\": \"https:\/\/schema.org\/EventScheduled\",\n            \"startDate\": \"2026-04-07\",\n            \"endDate\": \"2026-04-07\",\n            \"eventAttendanceMode\": \"https:\/\/schema.org\/OfflineEventAttendanceMode\",\n            \"location\":\n            {\n                \"@type\": \"Place\",\n                                \"name\": \"Familienzentrum Leibnitz\",\n                \"image\": \"\",\n                \"address\": \"\"\n                            },\n            \"organizer\":\n            {\n                \"@type\": \"Person\",\n                \"name\": \"\",\n                \"url\": \"\"\n            },\n            \"offers\":\n            {\n                \"url\": \"https:\/\/www.ekiz-sued.at\/ekiz\/events\/babycafe-2\/\",\n                \"price\": \"\",\n                \"priceCurrency\": \"EUR\",\n                \"availability\": \"https:\/\/schema.org\/InStock\",\n                \"validFrom\": \"2026-04-07T00:00\"\n            },\n            \"performer\": \"\",\n            \"description\": \"&lt;p&gt;&lt;span dir=&quot;ltr&quot; role=&quot;presentation&quot;&gt;Eingeladen sind alle Babys mit ihren M\u00fcttern und V\u00e4tern von &lt;\/span&gt;&lt;br role=&quot;presentation&quot; \/&gt;&lt;span dir=&quot;ltr&quot; role=&quot;presentation&quot;&gt;0 \u2013 1 Jahr. Dieses Treffen bietet die M\u00f6glichkeit in gem\u00fctlicher &lt;\/span&gt;&lt;br role=&quot;presentation&quot; \/&gt;&lt;span dir=&quot;ltr&quot; role=&quot;presentation&quot;&gt;Runde mit anderen Eltern Kontakte zu kn\u00fcpfen und Erfahrungen &lt;\/span&gt;&lt;br role=&quot;presentation&quot; \/&gt;&lt;span dir=&quot;ltr&quot; role=&quot;presentation&quot;&gt;auszutauschen.&lt;br \/&gt; &lt;\/span&gt;&lt;br role=&quot;presentation&quot; \/&gt;&lt;span dir=&quot;ltr&quot; role=&quot;presentation&quot;&gt;Vor allem in den ersten Wochen mit dem Baby, treten oft kleine &lt;\/span&gt;&lt;br role=&quot;presentation&quot; \/&gt;&lt;span dir=&quot;ltr&quot; role=&quot;presentation&quot;&gt;Unsicherheiten im Umgang mit dem Baby auf. Unter fachkundiger &lt;\/span&gt;&lt;br role=&quot;presentation&quot; \/&gt;&lt;span dir=&quot;ltr&quot; role=&quot;presentation&quot;&gt;Leitung k\u00f6nnen aktuelle Probleme und andere Themen &lt;\/span&gt;&lt;br role=&quot;presentation&quot; \/&gt;&lt;span dir=&quot;ltr&quot; role=&quot;presentation&quot;&gt;angesprochen werden.&lt;br \/&gt; &lt;\/span&gt;&lt;br role=&quot;presentation&quot; \/&gt;&lt;span dir=&quot;ltr&quot; role=&quot;presentation&quot;&gt;Weiters haben Eltern die M\u00f6glichkeit ihr Baby zu wiegen und in &lt;\/span&gt;&lt;br role=&quot;presentation&quot; \/&gt;&lt;span dir=&quot;ltr&quot; role=&quot;presentation&quot;&gt;unserer B\u00fccherei weiterf\u00fchrende Literatur zum Thema Baby und &lt;\/span&gt;&lt;br role=&quot;presentation&quot; \/&gt;&lt;span dir=&quot;ltr&quot; role=&quot;presentation&quot;&gt;Stillen zu erhalten.&lt;br \/&gt; &lt;\/span&gt;&lt;br role=&quot;presentation&quot; \/&gt;&lt;span dir=&quot;ltr&quot; role=&quot;presentation&quot;&gt;Termin:&lt;\/span&gt;&lt;span dir=&quot;ltr&quot; role=&quot;presentation&quot;&gt; Jeden Dienstag von 9.30 \u2013 11.00 Uhr &lt;\/span&gt;&lt;br role=&quot;presentation&quot; \/&gt;&lt;span dir=&quot;ltr&quot; role=&quot;presentation&quot;&gt;Kosten:&lt;\/span&gt;&lt;span dir=&quot;ltr&quot; role=&quot;presentation&quot;&gt; \u20ac 3,50 (f\u00fcr Mitglieder kostenlos)&lt;\/span&gt;&lt;br role=&quot;presentation&quot; \/&gt;&lt;span dir=&quot;ltr&quot; role=&quot;presentation&quot;&gt;Leitung: Barbara Maderthaner, Dipl. Kinderkrankenschwester&lt;\/span&gt;&lt;\/p&gt; \",\n            \"image\": \"\",\n            \"name\": \"Babycaf\u00e8\",\n            \"url\": \"https:\/\/www.ekiz-sued.at\/ekiz\/events\/babycafe-2\/?occurrence=2026-04-07\"\n        }\n        <\/script>\n                                <article class=\"mec-past-event mec-event-article   \">\n                <div class=\"mec-event-list-weekly-date mec-color\"><span class=\"mec-date-day\">07<\/span>April<\/div>\n                <div class=\"mec-event-image\"><\/div>\n                \n                                <div class=\"mec-event-time mec-color\"><i class=\"mec-sl-clock-o\"><\/i> 9:30 - 11:00<\/div>\n                \n                <h4 class=\"mec-event-title\"><a class=\"mec-color-hover\"  data-event-id=\"3911\" href=\"https:\/\/www.ekiz-sued.at\/ekiz\/events\/babycafe-2\/?occurrence=2026-04-07\" target=\"m1\" rel=\"noopener\">Babycaf\u00e8<\/a><span class=\"event-color\" style=\"background: #\"><\/span><\/h4>\n                                <div class=\"mec-event-detail\"><div class=\"mec-event-loc-place\">Familienzentrum Leibnitz<\/div><\/div>\n                                                                            <\/article>\n                            <script type=\"application\/ld+json\">\n        {\n            \"@context\": \"http:\/\/schema.org\",\n            \"@type\": \"Event\",\n            \"eventStatus\": \"https:\/\/schema.org\/EventScheduled\",\n            \"startDate\": \"2026-04-07\",\n            \"endDate\": \"2026-04-07\",\n            \"eventAttendanceMode\": \"https:\/\/schema.org\/OfflineEventAttendanceMode\",\n            \"location\":\n            {\n                \"@type\": \"Place\",\n                                \"name\": \"Ekiz Wagna\",\n                \"image\": \"\",\n                \"address\": \"\"\n                            },\n            \"organizer\":\n            {\n                \"@type\": \"Person\",\n                \"name\": \"\",\n                \"url\": \"\"\n            },\n            \"offers\":\n            {\n                \"url\": \"https:\/\/www.ekiz-sued.at\/ekiz\/events\/offenes-baby-und-kleinkindertreffen-elterncafe-fuer-mama-papa-oma-opa\/\",\n                \"price\": \"\",\n                \"priceCurrency\": \"EUR\",\n                \"availability\": \"https:\/\/schema.org\/InStock\",\n                \"validFrom\": \"2026-04-07T00:00\"\n            },\n            \"performer\": \"\",\n            \"description\": \"&lt;p&gt;&lt;span dir=&quot;ltr&quot; role=&quot;presentation&quot;&gt;Babys und Kleinkinder, die erste Kontakte mit gleichaltrigen &lt;\/span&gt;&lt;br role=&quot;presentation&quot; \/&gt;&lt;span dir=&quot;ltr&quot; role=&quot;presentation&quot;&gt;SpielkollegInnen kn\u00fcpfen wollen, k\u00f6nnen bei uns spielen, &lt;\/span&gt;&lt;br role=&quot;presentation&quot; \/&gt;&lt;span dir=&quot;ltr&quot; role=&quot;presentation&quot;&gt;toben, Spa\u00df haben.&lt;br \/&gt; &lt;\/span&gt;&lt;br role=&quot;presentation&quot; \/&gt;&lt;span dir=&quot;ltr&quot; role=&quot;presentation&quot;&gt;Besonders in der Zeit, in der die Kinder noch sehr klein sind, &lt;\/span&gt;&lt;br role=&quot;presentation&quot; \/&gt;&lt;span dir=&quot;ltr&quot; role=&quot;presentation&quot;&gt;ist es meist f\u00fcr die M\u00fctter eine Bereicherung, sich &lt;\/span&gt;&lt;br role=&quot;presentation&quot; \/&gt;&lt;span dir=&quot;ltr&quot; role=&quot;presentation&quot;&gt;mit anderen Eltern, die sich in derselben Lebensphase befinden, &lt;\/span&gt;&lt;br role=&quot;presentation&quot; \/&gt;&lt;span dir=&quot;ltr&quot; role=&quot;presentation&quot;&gt;auszutauschen. Eine Elternbildnerin begleitet einige dieser &lt;\/span&gt;&lt;br role=&quot;presentation&quot; \/&gt;&lt;span dir=&quot;ltr&quot; role=&quot;presentation&quot;&gt;Treffen und steht f\u00fcr Fragen zur Verf\u00fcgung.&lt;\/span&gt;&lt;\/p&gt; &lt;p&gt;&nbsp;&lt;\/p&gt; &lt;p&gt;&lt;span dir=&quot;ltr&quot; role=&quot;presentation&quot;&gt;Termine:&lt;\/span&gt; &lt;span dir=&quot;ltr&quot; role=&quot;presentation&quot;&gt;Jeden Dienstag von 16 bis 17.30 Uhr &lt;\/span&gt;&lt;span dir=&quot;ltr&quot; role=&quot;presentation&quot;&gt;(au\u00dfer an Feiertagen und im August)&lt;\/span&gt;&lt;br role=&quot;presentation&quot; \/&gt;&lt;span dir=&quot;ltr&quot; role=&quot;presentation&quot;&gt;Kosten:&lt;\/span&gt;&lt;span dir=&quot;ltr&quot; role=&quot;presentation&quot;&gt; \u20ac 2,50 pro Treffen (f\u00fcr Mitglieder kostenlos)&lt;\/span&gt;&lt;\/p&gt; \",\n            \"image\": \"\",\n            \"name\": \"Offenes Baby- &#038; Kleinkindertreffen am DI\",\n            \"url\": \"https:\/\/www.ekiz-sued.at\/ekiz\/events\/offenes-baby-und-kleinkindertreffen-elterncafe-fuer-mama-papa-oma-opa\/?occurrence=2026-04-07\"\n        }\n        <\/script>\n                                <article class=\"mec-past-event mec-event-article   \">\n                <div class=\"mec-event-list-weekly-date mec-color\"><span class=\"mec-date-day\">07<\/span>April<\/div>\n                <div class=\"mec-event-image\"><\/div>\n                \n                                <div class=\"mec-event-time mec-color\"><i class=\"mec-sl-clock-o\"><\/i> 16:00 - 17:30<\/div>\n                \n                <h4 class=\"mec-event-title\"><a class=\"mec-color-hover\"  data-event-id=\"3907\" href=\"https:\/\/www.ekiz-sued.at\/ekiz\/events\/offenes-baby-und-kleinkindertreffen-elterncafe-fuer-mama-papa-oma-opa\/?occurrence=2026-04-07\" target=\"m1\" rel=\"noopener\">Offenes Baby- &#038; Kleinkindertreffen am DI<\/a><span class=\"event-color\" style=\"background: #8224e3\"><\/span><\/h4>\n                                <div class=\"mec-event-detail\"><div class=\"mec-event-loc-place\">Ekiz Wagna<\/div><\/div>\n                                                                            <\/article>\n            <\/li>\n                                <li class=\"mec-weekly-view-date-events mec-util-hidden mec-calendar-day-events mec-clear mec-weekly-view-week-3699-2026042\" id=\"mec_weekly_view_date_events3699_20260409\" data-week-number=\"2\">\n                            <script type=\"application\/ld+json\">\n        {\n            \"@context\": \"http:\/\/schema.org\",\n            \"@type\": \"Event\",\n            \"eventStatus\": \"https:\/\/schema.org\/EventScheduled\",\n            \"startDate\": \"2026-04-09\",\n            \"endDate\": \"2026-04-09\",\n            \"eventAttendanceMode\": \"https:\/\/schema.org\/OfflineEventAttendanceMode\",\n            \"location\":\n            {\n                \"@type\": \"Place\",\n                                \"name\": \"Familienzentrum Leibnitz\",\n                \"image\": \"\",\n                \"address\": \"\"\n                            },\n            \"organizer\":\n            {\n                \"@type\": \"Person\",\n                \"name\": \"\",\n                \"url\": \"\"\n            },\n            \"offers\":\n            {\n                \"url\": \"https:\/\/www.ekiz-sued.at\/ekiz\/events\/bewegung-und-spass-bei-den-turnmaeusen\/\",\n                \"price\": \"\u20ac60.00\",\n                \"priceCurrency\": \"EUR\",\n                \"availability\": \"https:\/\/schema.org\/InStock\",\n                \"validFrom\": \"2026-04-09T00:00\"\n            },\n            \"performer\": \"\",\n            \"description\": \"&lt;p&gt;&lt;span dir=&quot;ltr&quot; role=&quot;presentation&quot;&gt;Bei unserer Bewegungsgruppe k\u00f6nnen schon die Kleinsten ihrem nat\u00fcrlichen&lt;\/span&gt;&lt;br role=&quot;presentation&quot; \/&gt;&lt;span dir=&quot;ltr&quot; role=&quot;presentation&quot;&gt;Bewegungsdrang nachkommen. In ihrem eigenen Tempo probieren die&lt;\/span&gt;&lt;br role=&quot;presentation&quot; \/&gt;&lt;span dir=&quot;ltr&quot; role=&quot;presentation&quot;&gt;Kinder unterschiedlichste Bewegungsangebote aus. Beim Springen, Klettern,&lt;\/span&gt;&lt;br role=&quot;presentation&quot; \/&gt;&lt;span dir=&quot;ltr&quot; role=&quot;presentation&quot;&gt;Balancieren,&#8230; werden wertvolle Erfahrungen gesammelt. Bei Musik und&lt;\/span&gt;&lt;br role=&quot;presentation&quot; \/&gt;&lt;span dir=&quot;ltr&quot; role=&quot;presentation&quot;&gt;Tanz, plus einer gro\u00dfen Portion Spa\u00df, toben sich die Turnm\u00e4use richtig aus!&lt;\/span&gt;&lt;\/p&gt; &lt;p&gt;&lt;br role=&quot;presentation&quot; \/&gt;&lt;span dir=&quot;ltr&quot; role=&quot;presentation&quot;&gt;Alter:&lt;\/span&gt; &lt;span dir=&quot;ltr&quot; role=&quot;presentation&quot;&gt;10 Monate bis 2,5 Jahre in Begleitung einer Bezugsperson&lt;br \/&gt; Kosten: 60 Euro f\u00fcr 6 Einheiten&lt;br \/&gt; &lt;\/span&gt;&lt;\/p&gt; \",\n            \"image\": \"\",\n            \"name\": \"Bewegung und Spa\u00df bei den Turnm\u00e4usen\",\n            \"url\": \"https:\/\/www.ekiz-sued.at\/ekiz\/events\/bewegung-und-spass-bei-den-turnmaeusen\/?occurrence=2026-04-09\"\n        }\n        <\/script>\n                                <article class=\"mec-past-event mec-event-article   \">\n                <div class=\"mec-event-list-weekly-date mec-color\"><span class=\"mec-date-day\">09<\/span>April<\/div>\n                <div class=\"mec-event-image\"><\/div>\n                \n                                <div class=\"mec-event-time mec-color\"><i class=\"mec-sl-clock-o\"><\/i> 9:00<\/div>\n                \n                <h4 class=\"mec-event-title\"><a class=\"mec-color-hover\"  data-event-id=\"4059\" href=\"https:\/\/www.ekiz-sued.at\/ekiz\/events\/bewegung-und-spass-bei-den-turnmaeusen\/?occurrence=2026-04-09\" target=\"m1\" rel=\"noopener\">Bewegung und Spa\u00df bei den Turnm\u00e4usen<\/a><span class=\"event-color\" style=\"background: #\"><\/span><\/h4>\n                                <div class=\"mec-event-detail\"><div class=\"mec-event-loc-place\">Familienzentrum Leibnitz<\/div><\/div>\n                                                                            <\/article>\n                            <script type=\"application\/ld+json\">\n        {\n            \"@context\": \"http:\/\/schema.org\",\n            \"@type\": \"Event\",\n            \"eventStatus\": \"https:\/\/schema.org\/EventScheduled\",\n            \"startDate\": \"2026-04-09\",\n            \"endDate\": \"2026-04-09\",\n            \"eventAttendanceMode\": \"https:\/\/schema.org\/OfflineEventAttendanceMode\",\n            \"location\":\n            {\n                \"@type\": \"Place\",\n                                \"name\": \"Ekiz Wagna\",\n                \"image\": \"\",\n                \"address\": \"\"\n                            },\n            \"organizer\":\n            {\n                \"@type\": \"Person\",\n                \"name\": \"\",\n                \"url\": \"\"\n            },\n            \"offers\":\n            {\n                \"url\": \"https:\/\/www.ekiz-sued.at\/ekiz\/events\/offenes-baby-und-kleinkindertreffen-elterncafe-fuer-mama-papa-oma-opa-2\/\",\n                \"price\": \"\u20ac2.50\",\n                \"priceCurrency\": \"EUR\",\n                \"availability\": \"https:\/\/schema.org\/InStock\",\n                \"validFrom\": \"2026-04-09T00:00\"\n            },\n            \"performer\": \"\",\n            \"description\": \"&lt;p&gt;&lt;strong&gt; Elterncafe f\u00fcr Mama, Papa, Oma, Opa&#8230;.&lt;\/strong&gt;&lt;\/p&gt; &lt;p&gt;&lt;span dir=&quot;ltr&quot; role=&quot;presentation&quot;&gt;Babys und Kleinkinder, die erste Kontakte mit gleichaltrigen &lt;\/span&gt;&lt;br role=&quot;presentation&quot; \/&gt;&lt;span dir=&quot;ltr&quot; role=&quot;presentation&quot;&gt;SpielkollegInnen kn\u00fcpfen wollen, k\u00f6nnen bei uns spielen, &lt;\/span&gt;&lt;br role=&quot;presentation&quot; \/&gt;&lt;span dir=&quot;ltr&quot; role=&quot;presentation&quot;&gt;toben, Spa\u00df haben.&lt;br \/&gt; &lt;\/span&gt;&lt;br role=&quot;presentation&quot; \/&gt;&lt;span dir=&quot;ltr&quot; role=&quot;presentation&quot;&gt;Besonders in der Zeit, in der die Kinder noch sehr klein sind, &lt;\/span&gt;&lt;br role=&quot;presentation&quot; \/&gt;&lt;span dir=&quot;ltr&quot; role=&quot;presentation&quot;&gt;ist es meist f\u00fcr die M\u00fctter eine Bereicherung, sich &lt;\/span&gt;&lt;br role=&quot;presentation&quot; \/&gt;&lt;span dir=&quot;ltr&quot; role=&quot;presentation&quot;&gt;mit anderen Eltern, die sich in derselben Lebensphase befinden, &lt;\/span&gt;&lt;br role=&quot;presentation&quot; \/&gt;&lt;span dir=&quot;ltr&quot; role=&quot;presentation&quot;&gt;auszutauschen. Eine Elternbildnerin begleitet einige dieser &lt;\/span&gt;&lt;br role=&quot;presentation&quot; \/&gt;&lt;span dir=&quot;ltr&quot; role=&quot;presentation&quot;&gt;Treffen und steht f\u00fcr Fragen zur Verf\u00fcgung.&lt;\/span&gt;&lt;\/p&gt; &lt;p&gt;&lt;br role=&quot;presentation&quot; \/&gt;&lt;span dir=&quot;ltr&quot; role=&quot;presentation&quot;&gt;Termine:&lt;\/span&gt;  &lt;br role=&quot;presentation&quot; \/&gt;&lt;span dir=&quot;ltr&quot; role=&quot;presentation&quot;&gt;Jeden Donnerstag von 9.30 bis 11 Uhr (au\u00dfer an Feiertagen)&lt;\/span&gt;&lt;br role=&quot;presentation&quot; \/&gt;&lt;span dir=&quot;ltr&quot; role=&quot;presentation&quot;&gt;Kosten:&lt;\/span&gt;&lt;span dir=&quot;ltr&quot; role=&quot;presentation&quot;&gt; \u20ac 2,50 pro Treffen (f\u00fcr Mitglieder kostenlos) &lt;\/span&gt;&lt;\/p&gt; \",\n            \"image\": \"\",\n            \"name\": \"Offenes Kleinkindertreffen  am DO\",\n            \"url\": \"https:\/\/www.ekiz-sued.at\/ekiz\/events\/offenes-baby-und-kleinkindertreffen-elterncafe-fuer-mama-papa-oma-opa-2\/?occurrence=2026-04-09\"\n        }\n        <\/script>\n                                <article class=\"mec-past-event mec-event-article   \">\n                <div class=\"mec-event-list-weekly-date mec-color\"><span class=\"mec-date-day\">09<\/span>April<\/div>\n                <div class=\"mec-event-image\"><\/div>\n                \n                                <div class=\"mec-event-time mec-color\"><i class=\"mec-sl-clock-o\"><\/i> 9:30<\/div>\n                \n                <h4 class=\"mec-event-title\"><a class=\"mec-color-hover\"  data-event-id=\"3910\" href=\"https:\/\/www.ekiz-sued.at\/ekiz\/events\/offenes-baby-und-kleinkindertreffen-elterncafe-fuer-mama-papa-oma-opa-2\/?occurrence=2026-04-09\" target=\"m1\" rel=\"noopener\">Offenes Kleinkindertreffen  am DO<\/a><span class=\"event-color\" style=\"background: #\"><\/span><\/h4>\n                                <div class=\"mec-event-detail\"><div class=\"mec-event-loc-place\">Ekiz Wagna<\/div><\/div>\n                                                                            <\/article>\n            <\/li>\n                    <li class=\"mec-weekly-view-date-events mec-util-hidden mec-calendar-day-events mec-clear mec-weekly-view-week-3699-2026042\" id=\"mec_weekly_view_date_events3699_20260410\" data-week-number=\"2\">\n                            <script type=\"application\/ld+json\">\n        {\n            \"@context\": \"http:\/\/schema.org\",\n            \"@type\": \"Event\",\n            \"eventStatus\": \"https:\/\/schema.org\/EventScheduled\",\n            \"startDate\": \"2026-04-10\",\n            \"endDate\": \"2026-04-10\",\n            \"eventAttendanceMode\": \"https:\/\/schema.org\/OfflineEventAttendanceMode\",\n            \"location\":\n            {\n                \"@type\": \"Place\",\n                                \"name\": \"\",\n                \"image\": \"\",\n                \"address\": \"\"\n                            },\n            \"organizer\":\n            {\n                \"@type\": \"Person\",\n                \"name\": \"\",\n                \"url\": \"\"\n            },\n            \"offers\":\n            {\n                \"url\": \"https:\/\/www.ekiz-sued.at\/ekiz\/events\/__trashed\/\",\n                \"price\": \"\u20ac4.00\",\n                \"priceCurrency\": \"EUR\",\n                \"availability\": \"https:\/\/schema.org\/InStock\",\n                \"validFrom\": \"2026-04-10T00:00\"\n            },\n            \"performer\": \"\",\n            \"description\": \"&lt;p&gt;&lt;span dir=&quot;ltr&quot; role=&quot;presentation&quot;&gt;Zu unserer Stillgruppe laden wir alle Mamas und andere Stillinteressierte &lt;\/span&gt;&lt;br role=&quot;presentation&quot; \/&gt;&lt;span dir=&quot;ltr&quot; role=&quot;presentation&quot;&gt;herzlich ein, sich mit uns rund ums Thema Stillen auszutauschen, &lt;\/span&gt;&lt;br role=&quot;presentation&quot; \/&gt;&lt;span dir=&quot;ltr&quot; role=&quot;presentation&quot;&gt;Informationen einzuholen und sich gegenseitig zu unterst\u00fctzen.&lt;\/span&gt;&lt;br role=&quot;presentation&quot; \/&gt;&lt;span dir=&quot;ltr&quot; role=&quot;presentation&quot;&gt;Wir werden uns zus\u00e4tzlich mit weiteren Themen wie beispielsweise &lt;\/span&gt;&lt;br role=&quot;presentation&quot; \/&gt;&lt;span dir=&quot;ltr&quot; role=&quot;presentation&quot;&gt;sicheres Schlafen, Beikost, Bed\u00fcrfnisse von Mama und Kind, sowie mit &lt;\/span&gt;&lt;br role=&quot;presentation&quot; \/&gt;&lt;span dir=&quot;ltr&quot; role=&quot;presentation&quot;&gt;dem Thema Abstillen besch\u00e4ftigen. &lt;\/span&gt;&lt;br role=&quot;presentation&quot; \/&gt;&lt;br role=&quot;presentation&quot; \/&gt;&lt;span dir=&quot;ltr&quot; role=&quot;presentation&quot;&gt;Gerne sind wir auch bereit auf andere Themenvorschl\u00e4ge einzugehen.&lt;\/span&gt;&lt;\/p&gt; &lt;p&gt;&lt;span dir=&quot;ltr&quot; role=&quot;presentation&quot;&gt;Kosten:&lt;\/span&gt;&lt;span dir=&quot;ltr&quot; role=&quot;presentation&quot;&gt; \u20ac 4,- (f\u00fcr Mitglieder kostenlos) &lt;\/span&gt;&lt;br role=&quot;presentation&quot; \/&gt;&lt;span dir=&quot;ltr&quot; role=&quot;presentation&quot;&gt;Leitung: Marietta Kortschak, Stillberaterin&lt;\/span&gt;&lt;\/p&gt; \",\n            \"image\": \"\",\n            \"name\": \"Stillgruppe im Familienzentrum Leibnitz\",\n            \"url\": \"https:\/\/www.ekiz-sued.at\/ekiz\/events\/__trashed\/?occurrence=2026-04-10&time=1775811600\"\n        }\n        <\/script>\n                                <article class=\"mec-past-event mec-event-article   \">\n                <div class=\"mec-event-list-weekly-date mec-color\"><span class=\"mec-date-day\">10<\/span>April<\/div>\n                <div class=\"mec-event-image\"><\/div>\n                \n                                <div class=\"mec-event-time mec-color\"><i class=\"mec-sl-clock-o\"><\/i> 9:00 - 10:30<\/div>\n                \n                <h4 class=\"mec-event-title\"><a class=\"mec-color-hover\"  data-event-id=\"3780\" href=\"https:\/\/www.ekiz-sued.at\/ekiz\/events\/__trashed\/?occurrence=2026-04-10&time=1775811600\" target=\"m1\" rel=\"noopener\">Stillgruppe im Familienzentrum Leibnitz<\/a><span class=\"event-color\" style=\"background: #\"><\/span><\/h4>\n                                <div class=\"mec-event-detail\"><div class=\"mec-event-loc-place\"><\/div><\/div>\n                                                                            <\/article>\n            <\/li>\n                                            <li class=\"mec-weekly-view-date-events mec-util-hidden mec-calendar-day-events mec-clear mec-weekly-view-week-3699-2026043\" id=\"mec_weekly_view_date_events3699_20260413\" data-week-number=\"3\">\n                            <script type=\"application\/ld+json\">\n        {\n            \"@context\": \"http:\/\/schema.org\",\n            \"@type\": \"Event\",\n            \"eventStatus\": \"https:\/\/schema.org\/EventScheduled\",\n            \"startDate\": \"2026-04-13\",\n            \"endDate\": \"2026-04-13\",\n            \"eventAttendanceMode\": \"https:\/\/schema.org\/OfflineEventAttendanceMode\",\n            \"location\":\n            {\n                \"@type\": \"Place\",\n                                \"name\": \"Ekiz Wagna\",\n                \"image\": \"\",\n                \"address\": \"\"\n                            },\n            \"organizer\":\n            {\n                \"@type\": \"Person\",\n                \"name\": \"\",\n                \"url\": \"\"\n            },\n            \"offers\":\n            {\n                \"url\": \"https:\/\/www.ekiz-sued.at\/ekiz\/events\/englisch-fuer-volksschulkinder-137\/\",\n                \"price\": \"\",\n                \"priceCurrency\": \"EUR\",\n                \"availability\": \"https:\/\/schema.org\/InStock\",\n                \"validFrom\": \"2026-04-13T00:00\"\n            },\n            \"performer\": \"\",\n            \"description\": \"&lt;p&gt;Spielerisch lernen mit Liedern, Reimen, Spielen, Bewegung &amp; Konversation.&lt;\/p&gt; &lt;p&gt;Start Sommersemester: 23.02.2026&lt;br \/&gt; Start Wintersemester 21.09.2026&lt;br \/&gt; montags 14:30-15:15, 15:25-16:10, oder 16:20-17:05&lt;\/p&gt; &lt;p&gt;Leitung: Native Speaker Sarah Nicholson. Langj\u00e4hrige Erfahrung als&lt;br \/&gt; Englisch-Trainerin f\u00fcr Kinder, Jugendliche und Erwachsene, ausgebildete S\u00e4ngerin und Mutter von zwei Kindern.&lt;\/p&gt; &lt;p&gt;Anmeldung: Senden Sie mir bitte den Namen und Geburtsdatum Ihres&lt;br \/&gt; Kindes, Ihre E-Mail Adresse und Telefonnummer an Sarah Nicholson&lt;br \/&gt; sarahsopraan@gmail.com oder 0676 447 6910.&lt;\/p&gt; \",\n            \"image\": \"\",\n            \"name\": \"Englisch f\u00fcr Kindergartenkinder ab 4 Jahre\",\n            \"url\": \"https:\/\/www.ekiz-sued.at\/ekiz\/events\/englisch-fuer-volksschulkinder-137\/?occurrence=2026-04-13\"\n        }\n        <\/script>\n                                <article class=\"mec-past-event mec-event-article   \">\n                <div class=\"mec-event-list-weekly-date mec-color\"><span class=\"mec-date-day\">13<\/span>April<\/div>\n                <div class=\"mec-event-image\"><\/div>\n                \n                                <div class=\"mec-event-time mec-color\"><i class=\"mec-sl-clock-o\"><\/i> 14:30<\/div>\n                \n                <h4 class=\"mec-event-title\"><a class=\"mec-color-hover\"  data-event-id=\"4235\" href=\"https:\/\/www.ekiz-sued.at\/ekiz\/events\/englisch-fuer-volksschulkinder-137\/?occurrence=2026-04-13\" target=\"m1\" rel=\"noopener\">Englisch f\u00fcr Kindergartenkinder ab 4 Jahre<\/a><span class=\"event-color\" style=\"background: #\"><\/span><\/h4>\n                                <div class=\"mec-event-detail\"><div class=\"mec-event-loc-place\">Ekiz Wagna<\/div><\/div>\n                                                                            <\/article>\n                            <script type=\"application\/ld+json\">\n        {\n            \"@context\": \"http:\/\/schema.org\",\n            \"@type\": \"Event\",\n            \"eventStatus\": \"https:\/\/schema.org\/EventScheduled\",\n            \"startDate\": \"2026-04-13\",\n            \"endDate\": \"2026-04-13\",\n            \"eventAttendanceMode\": \"https:\/\/schema.org\/OfflineEventAttendanceMode\",\n            \"location\":\n            {\n                \"@type\": \"Place\",\n                                \"name\": \"Familienzentrum Leibnitz\",\n                \"image\": \"\",\n                \"address\": \"\"\n                            },\n            \"organizer\":\n            {\n                \"@type\": \"Person\",\n                \"name\": \"\",\n                \"url\": \"\"\n            },\n            \"offers\":\n            {\n                \"url\": \"https:\/\/www.ekiz-sued.at\/ekiz\/events\/babymusikgruppe\/\",\n                \"price\": \"\u20ac45.00\",\n                \"priceCurrency\": \"EUR\",\n                \"availability\": \"https:\/\/schema.org\/InStock\",\n                \"validFrom\": \"2026-04-13T00:00\"\n            },\n            \"performer\": \"\",\n            \"description\": \"&lt;p&gt;&lt;center&gt;Hier lernen und singen wir gemeinsam einfache Kniereiter,&lt;br \/&gt; Fingerlieder, Streichel- und Scho\u00dfspiele, Strampel- und Kitzelspiele.&lt;br \/&gt; Die Kinder werden von ihren vertrauten Bezugspersonrhythmisch geschaukelt, bewegt und gestreichelt. Im Zusammenhang mit dem Lied verwenden wir Finger-, Handpuppen, Schiffont\u00fccher und andere Materialien, die f\u00fcr Stimmung sorgen. Eltern bekommen viele Anregungen, wie sie ihren Familienalltag musikalisch bereichern k\u00f6nnen.Ganz ungezwungen, werden die Sinneswahrnehmungen, Motorik, Gef\u00fchle, Sprachentwicklung und sozialen Kompetenzen der Kinder gef\u00f6rdert.&lt;\/center&gt;&lt;center&gt;&lt;strong&gt;Familienzentrum Leibnitz&lt;br \/&gt; &lt;u&gt;Kosten: 45 &lt;\/u&gt;Euro f\u00fcr 5 Einheiten Uhrzeit: um 15.00 Uhr&lt;br \/&gt; &lt;\/strong&gt;&lt;\/center&gt;&lt;center&gt;&lt;strong&gt;&lt;u&gt;Leitung:&lt;\/u&gt; Nina Lipp, Musikp\u00e4dagogin&lt;\/strong&gt;&lt;\/center&gt;&lt;\/p&gt; \",\n            \"image\": \"\",\n            \"name\": \"Babymusikgruppe\",\n            \"url\": \"https:\/\/www.ekiz-sued.at\/ekiz\/events\/babymusikgruppe\/?occurrence=2026-04-13&time=1776092400\"\n        }\n        <\/script>\n                                <article class=\"mec-past-event mec-event-article   \">\n                <div class=\"mec-event-list-weekly-date mec-color\"><span class=\"mec-date-day\">13<\/span>April<\/div>\n                <div class=\"mec-event-image\"><\/div>\n                \n                                <div class=\"mec-event-time mec-color\"><i class=\"mec-sl-clock-o\"><\/i> 15:00<\/div>\n                \n                <h4 class=\"mec-event-title\"><a class=\"mec-color-hover\"  data-event-id=\"3860\" href=\"https:\/\/www.ekiz-sued.at\/ekiz\/events\/babymusikgruppe\/?occurrence=2026-04-13&time=1776092400\" target=\"m1\" rel=\"noopener\">Babymusikgruppe<\/a><span class=\"event-color\" style=\"background: #\"><\/span><\/h4>\n                                <div class=\"mec-event-detail\"><div class=\"mec-event-loc-place\">Familienzentrum Leibnitz<\/div><\/div>\n                                                                            <\/article>\n                            <script type=\"application\/ld+json\">\n        {\n            \"@context\": \"http:\/\/schema.org\",\n            \"@type\": \"Event\",\n            \"eventStatus\": \"https:\/\/schema.org\/EventScheduled\",\n            \"startDate\": \"2026-04-13\",\n            \"endDate\": \"2026-04-13\",\n            \"eventAttendanceMode\": \"https:\/\/schema.org\/OfflineEventAttendanceMode\",\n            \"location\":\n            {\n                \"@type\": \"Place\",\n                                \"name\": \"ONLINE\",\n                \"image\": \"\",\n                \"address\": \"via ZOOM\"\n                            },\n            \"organizer\":\n            {\n                \"@type\": \"Person\",\n                \"name\": \"\",\n                \"url\": \"\"\n            },\n            \"offers\":\n            {\n                \"url\": \"https:\/\/www.ekiz-sued.at\/ekiz\/events\/toben-schreien-wuetend-sein-alles-ganz-normal-2\/\",\n                \"price\": \"\",\n                \"priceCurrency\": \"EUR\",\n                \"availability\": \"https:\/\/schema.org\/InStock\",\n                \"validFrom\": \"2026-04-13T00:00\"\n            },\n            \"performer\": \"\",\n            \"description\": \"&lt;p&gt;ZWEI UND MEHR-Elterntreff&lt;\/p&gt; &lt;p&gt;\u00dcber den richtigen Umgang mit Gef\u00fchlen&lt;br \/&gt; Alle Gef\u00fchle d\u00fcrfen sein Gef\u00fchle regulieren muss gelernt werden&lt;br \/&gt; Notfalltipps f\u00fcr den Alltag&lt;\/p&gt; &lt;p&gt;Kinder k\u00f6nnen sich unbeschreiblich freuen, von Herzen lachen und gro\u00dfe Begeisterung zeigen. Manchmal zeigen Kinder sehr intensive und f\u00fcr Erwachsene oft unerkl\u00e4rliche \u00c4ngste. Und dann k\u00f6nnen sie aber auch unglaublich schnell w\u00fctend sein, toben, schreien und Eltern mit diesen Ausbr\u00fcchen zur Verzweiflung bringen.&lt;\/p&gt; &lt;p&gt;Dabei sind Gef\u00fchle wie Wut, Trauer, Angst genauso wichtig, wie Freude und Begeisterung. Alle Gef\u00fchle brauchen Beachtung und Zuspruch und sind f\u00fcr die gesunde Entwicklung eines Kindes wichtig. Der richtige Umgang ist entscheidend von uns Erwachsenen ist entscheidend, damit Kinder den ad\u00e4quaten Umgang mit ihren Gef\u00fchlen lernen.&lt;\/p&gt; &lt;p&gt;&nbsp;&lt;\/p&gt; &lt;p&gt;Referentin: Mag. Silke Grangl, Psychologin f\u00fcr Erwachsene und Kinder,&lt;br \/&gt; Encouragingtrainerin, Counseling und Coaching bei Krisen und Sinnfragen&lt;br \/&gt; (Erwachsenen, Jugendlichen und Kindern)&lt;\/p&gt; &lt;p&gt;&nbsp;&lt;\/p&gt; &lt;p&gt;kostenlos&lt;\/p&gt; \",\n            \"image\": \"\",\n            \"name\": \"Toben, schreien, w\u00fctend sein &#8211; alles ganz normal\u2026\",\n            \"url\": \"https:\/\/www.ekiz-sued.at\/ekiz\/events\/toben-schreien-wuetend-sein-alles-ganz-normal-2\/?occurrence=2026-04-13\"\n        }\n        <\/script>\n                                <article class=\"mec-past-event mec-event-article   \">\n                <div class=\"mec-event-list-weekly-date mec-color\"><span class=\"mec-date-day\">13<\/span>April<\/div>\n                <div class=\"mec-event-image\"><\/div>\n                \n                                <div class=\"mec-event-time mec-color\"><i class=\"mec-sl-clock-o\"><\/i> 19:30 - 21:00<\/div>\n                \n                <h4 class=\"mec-event-title\"><a class=\"mec-color-hover\"  data-event-id=\"4228\" href=\"https:\/\/www.ekiz-sued.at\/ekiz\/events\/toben-schreien-wuetend-sein-alles-ganz-normal-2\/?occurrence=2026-04-13\" target=\"m1\" rel=\"noopener\">Toben, schreien, w\u00fctend sein &#8211; alles ganz normal\u2026<\/a><span class=\"event-color\" style=\"background: #\"><\/span><\/h4>\n                                <div class=\"mec-event-detail\"><div class=\"mec-event-loc-place\">ONLINE<\/div><\/div>\n                                                                            <\/article>\n            <\/li>\n                    <li class=\"mec-weekly-view-date-events mec-util-hidden mec-calendar-day-events mec-clear mec-weekly-view-week-3699-2026043\" id=\"mec_weekly_view_date_events3699_20260414\" data-week-number=\"3\">\n                            <script type=\"application\/ld+json\">\n        {\n            \"@context\": \"http:\/\/schema.org\",\n            \"@type\": \"Event\",\n            \"eventStatus\": \"https:\/\/schema.org\/EventScheduled\",\n            \"startDate\": \"2026-04-14\",\n            \"endDate\": \"2026-04-14\",\n            \"eventAttendanceMode\": \"https:\/\/schema.org\/OfflineEventAttendanceMode\",\n            \"location\":\n            {\n                \"@type\": \"Place\",\n                                \"name\": \"Familienzentrum Leibnitz\",\n                \"image\": \"\",\n                \"address\": \"\"\n                            },\n            \"organizer\":\n            {\n                \"@type\": \"Person\",\n                \"name\": \"\",\n                \"url\": \"\"\n            },\n            \"offers\":\n            {\n                \"url\": \"https:\/\/www.ekiz-sued.at\/ekiz\/events\/babycafe-2\/\",\n                \"price\": \"\",\n                \"priceCurrency\": \"EUR\",\n                \"availability\": \"https:\/\/schema.org\/InStock\",\n                \"validFrom\": \"2026-04-14T00:00\"\n            },\n            \"performer\": \"\",\n            \"description\": \"&lt;p&gt;&lt;span dir=&quot;ltr&quot; role=&quot;presentation&quot;&gt;Eingeladen sind alle Babys mit ihren M\u00fcttern und V\u00e4tern von &lt;\/span&gt;&lt;br role=&quot;presentation&quot; \/&gt;&lt;span dir=&quot;ltr&quot; role=&quot;presentation&quot;&gt;0 \u2013 1 Jahr. Dieses Treffen bietet die M\u00f6glichkeit in gem\u00fctlicher &lt;\/span&gt;&lt;br role=&quot;presentation&quot; \/&gt;&lt;span dir=&quot;ltr&quot; role=&quot;presentation&quot;&gt;Runde mit anderen Eltern Kontakte zu kn\u00fcpfen und Erfahrungen &lt;\/span&gt;&lt;br role=&quot;presentation&quot; \/&gt;&lt;span dir=&quot;ltr&quot; role=&quot;presentation&quot;&gt;auszutauschen.&lt;br \/&gt; &lt;\/span&gt;&lt;br role=&quot;presentation&quot; \/&gt;&lt;span dir=&quot;ltr&quot; role=&quot;presentation&quot;&gt;Vor allem in den ersten Wochen mit dem Baby, treten oft kleine &lt;\/span&gt;&lt;br role=&quot;presentation&quot; \/&gt;&lt;span dir=&quot;ltr&quot; role=&quot;presentation&quot;&gt;Unsicherheiten im Umgang mit dem Baby auf. Unter fachkundiger &lt;\/span&gt;&lt;br role=&quot;presentation&quot; \/&gt;&lt;span dir=&quot;ltr&quot; role=&quot;presentation&quot;&gt;Leitung k\u00f6nnen aktuelle Probleme und andere Themen &lt;\/span&gt;&lt;br role=&quot;presentation&quot; \/&gt;&lt;span dir=&quot;ltr&quot; role=&quot;presentation&quot;&gt;angesprochen werden.&lt;br \/&gt; &lt;\/span&gt;&lt;br role=&quot;presentation&quot; \/&gt;&lt;span dir=&quot;ltr&quot; role=&quot;presentation&quot;&gt;Weiters haben Eltern die M\u00f6glichkeit ihr Baby zu wiegen und in &lt;\/span&gt;&lt;br role=&quot;presentation&quot; \/&gt;&lt;span dir=&quot;ltr&quot; role=&quot;presentation&quot;&gt;unserer B\u00fccherei weiterf\u00fchrende Literatur zum Thema Baby und &lt;\/span&gt;&lt;br role=&quot;presentation&quot; \/&gt;&lt;span dir=&quot;ltr&quot; role=&quot;presentation&quot;&gt;Stillen zu erhalten.&lt;br \/&gt; &lt;\/span&gt;&lt;br role=&quot;presentation&quot; \/&gt;&lt;span dir=&quot;ltr&quot; role=&quot;presentation&quot;&gt;Termin:&lt;\/span&gt;&lt;span dir=&quot;ltr&quot; role=&quot;presentation&quot;&gt; Jeden Dienstag von 9.30 \u2013 11.00 Uhr &lt;\/span&gt;&lt;br role=&quot;presentation&quot; \/&gt;&lt;span dir=&quot;ltr&quot; role=&quot;presentation&quot;&gt;Kosten:&lt;\/span&gt;&lt;span dir=&quot;ltr&quot; role=&quot;presentation&quot;&gt; \u20ac 3,50 (f\u00fcr Mitglieder kostenlos)&lt;\/span&gt;&lt;br role=&quot;presentation&quot; \/&gt;&lt;span dir=&quot;ltr&quot; role=&quot;presentation&quot;&gt;Leitung: Barbara Maderthaner, Dipl. Kinderkrankenschwester&lt;\/span&gt;&lt;\/p&gt; \",\n            \"image\": \"\",\n            \"name\": \"Babycaf\u00e8\",\n            \"url\": \"https:\/\/www.ekiz-sued.at\/ekiz\/events\/babycafe-2\/?occurrence=2026-04-14\"\n        }\n        <\/script>\n                                <article class=\"mec-past-event mec-event-article   \">\n                <div class=\"mec-event-list-weekly-date mec-color\"><span class=\"mec-date-day\">14<\/span>April<\/div>\n                <div class=\"mec-event-image\"><\/div>\n                \n                                <div class=\"mec-event-time mec-color\"><i class=\"mec-sl-clock-o\"><\/i> 9:30 - 11:00<\/div>\n                \n                <h4 class=\"mec-event-title\"><a class=\"mec-color-hover\"  data-event-id=\"3911\" href=\"https:\/\/www.ekiz-sued.at\/ekiz\/events\/babycafe-2\/?occurrence=2026-04-14\" target=\"m1\" rel=\"noopener\">Babycaf\u00e8<\/a><span class=\"event-color\" style=\"background: #\"><\/span><\/h4>\n                                <div class=\"mec-event-detail\"><div class=\"mec-event-loc-place\">Familienzentrum Leibnitz<\/div><\/div>\n                                                                            <\/article>\n                            <script type=\"application\/ld+json\">\n        {\n            \"@context\": \"http:\/\/schema.org\",\n            \"@type\": \"Event\",\n            \"eventStatus\": \"https:\/\/schema.org\/EventScheduled\",\n            \"startDate\": \"2026-04-14\",\n            \"endDate\": \"2026-04-14\",\n            \"eventAttendanceMode\": \"https:\/\/schema.org\/OfflineEventAttendanceMode\",\n            \"location\":\n            {\n                \"@type\": \"Place\",\n                                \"name\": \"Ekiz Wagna\",\n                \"image\": \"\",\n                \"address\": \"\"\n                            },\n            \"organizer\":\n            {\n                \"@type\": \"Person\",\n                \"name\": \"\",\n                \"url\": \"\"\n            },\n            \"offers\":\n            {\n                \"url\": \"https:\/\/www.ekiz-sued.at\/ekiz\/events\/offenes-baby-und-kleinkindertreffen-elterncafe-fuer-mama-papa-oma-opa\/\",\n                \"price\": \"\",\n                \"priceCurrency\": \"EUR\",\n                \"availability\": \"https:\/\/schema.org\/InStock\",\n                \"validFrom\": \"2026-04-14T00:00\"\n            },\n            \"performer\": \"\",\n            \"description\": \"&lt;p&gt;&lt;span dir=&quot;ltr&quot; role=&quot;presentation&quot;&gt;Babys und Kleinkinder, die erste Kontakte mit gleichaltrigen &lt;\/span&gt;&lt;br role=&quot;presentation&quot; \/&gt;&lt;span dir=&quot;ltr&quot; role=&quot;presentation&quot;&gt;SpielkollegInnen kn\u00fcpfen wollen, k\u00f6nnen bei uns spielen, &lt;\/span&gt;&lt;br role=&quot;presentation&quot; \/&gt;&lt;span dir=&quot;ltr&quot; role=&quot;presentation&quot;&gt;toben, Spa\u00df haben.&lt;br \/&gt; &lt;\/span&gt;&lt;br role=&quot;presentation&quot; \/&gt;&lt;span dir=&quot;ltr&quot; role=&quot;presentation&quot;&gt;Besonders in der Zeit, in der die Kinder noch sehr klein sind, &lt;\/span&gt;&lt;br role=&quot;presentation&quot; \/&gt;&lt;span dir=&quot;ltr&quot; role=&quot;presentation&quot;&gt;ist es meist f\u00fcr die M\u00fctter eine Bereicherung, sich &lt;\/span&gt;&lt;br role=&quot;presentation&quot; \/&gt;&lt;span dir=&quot;ltr&quot; role=&quot;presentation&quot;&gt;mit anderen Eltern, die sich in derselben Lebensphase befinden, &lt;\/span&gt;&lt;br role=&quot;presentation&quot; \/&gt;&lt;span dir=&quot;ltr&quot; role=&quot;presentation&quot;&gt;auszutauschen. Eine Elternbildnerin begleitet einige dieser &lt;\/span&gt;&lt;br role=&quot;presentation&quot; \/&gt;&lt;span dir=&quot;ltr&quot; role=&quot;presentation&quot;&gt;Treffen und steht f\u00fcr Fragen zur Verf\u00fcgung.&lt;\/span&gt;&lt;\/p&gt; &lt;p&gt;&nbsp;&lt;\/p&gt; &lt;p&gt;&lt;span dir=&quot;ltr&quot; role=&quot;presentation&quot;&gt;Termine:&lt;\/span&gt; &lt;span dir=&quot;ltr&quot; role=&quot;presentation&quot;&gt;Jeden Dienstag von 16 bis 17.30 Uhr &lt;\/span&gt;&lt;span dir=&quot;ltr&quot; role=&quot;presentation&quot;&gt;(au\u00dfer an Feiertagen und im August)&lt;\/span&gt;&lt;br role=&quot;presentation&quot; \/&gt;&lt;span dir=&quot;ltr&quot; role=&quot;presentation&quot;&gt;Kosten:&lt;\/span&gt;&lt;span dir=&quot;ltr&quot; role=&quot;presentation&quot;&gt; \u20ac 2,50 pro Treffen (f\u00fcr Mitglieder kostenlos)&lt;\/span&gt;&lt;\/p&gt; \",\n            \"image\": \"\",\n            \"name\": \"Offenes Baby- &#038; Kleinkindertreffen am DI\",\n            \"url\": \"https:\/\/www.ekiz-sued.at\/ekiz\/events\/offenes-baby-und-kleinkindertreffen-elterncafe-fuer-mama-papa-oma-opa\/?occurrence=2026-04-14\"\n        }\n        <\/script>\n                                <article class=\"mec-past-event mec-event-article   \">\n                <div class=\"mec-event-list-weekly-date mec-color\"><span class=\"mec-date-day\">14<\/span>April<\/div>\n                <div class=\"mec-event-image\"><\/div>\n                \n                                <div class=\"mec-event-time mec-color\"><i class=\"mec-sl-clock-o\"><\/i> 16:00 - 17:30<\/div>\n                \n                <h4 class=\"mec-event-title\"><a class=\"mec-color-hover\"  data-event-id=\"3907\" href=\"https:\/\/www.ekiz-sued.at\/ekiz\/events\/offenes-baby-und-kleinkindertreffen-elterncafe-fuer-mama-papa-oma-opa\/?occurrence=2026-04-14\" target=\"m1\" rel=\"noopener\">Offenes Baby- &#038; Kleinkindertreffen am DI<\/a><span class=\"event-color\" style=\"background: #8224e3\"><\/span><\/h4>\n                                <div class=\"mec-event-detail\"><div class=\"mec-event-loc-place\">Ekiz Wagna<\/div><\/div>\n                                                                            <\/article>\n                            <script type=\"application\/ld+json\">\n        {\n            \"@context\": \"http:\/\/schema.org\",\n            \"@type\": \"Event\",\n            \"eventStatus\": \"https:\/\/schema.org\/EventScheduled\",\n            \"startDate\": \"2026-04-14\",\n            \"endDate\": \"2026-04-14\",\n            \"eventAttendanceMode\": \"https:\/\/schema.org\/OfflineEventAttendanceMode\",\n            \"location\":\n            {\n                \"@type\": \"Place\",\n                                \"name\": \"Ekiz Wagna\",\n                \"image\": \"\",\n                \"address\": \"\"\n                            },\n            \"organizer\":\n            {\n                \"@type\": \"Person\",\n                \"name\": \"\",\n                \"url\": \"\"\n            },\n            \"offers\":\n            {\n                \"url\": \"https:\/\/www.ekiz-sued.at\/ekiz\/events\/heute-bin-ich-lebenskompetent-durch-bilderbuecher\/\",\n                \"price\": \"\",\n                \"priceCurrency\": \"EUR\",\n                \"availability\": \"https:\/\/schema.org\/InStock\",\n                \"validFrom\": \"2026-04-14T00:00\"\n            },\n            \"performer\": \"\",\n            \"description\": \"&lt;p&gt;(f\u00fcr Eltern von Kindern bis 6 Jahren)&lt;br \/&gt;Lebenskompetenzf\u00f6rderung passiert beim (Vor)Lesen ganz \u201enebenbei\u201c und&lt;br \/&gt;Gespr\u00e4chsanl\u00e4sse laden zum Beispiel zum Austausch \u00fcber Probleml\u00f6sungen&lt;br \/&gt;ein.&lt;br \/&gt;Wann: 14.04.2026, 16:00\u201317:30 | Kostenlos&lt;br \/&gt;VIVID \u2013 Fachstelle f\u00fcr Suchtpr\u00e4vention&lt;\/p&gt; \",\n            \"image\": \"\",\n            \"name\": \"Heute bin ich \u2013 Lebenskompetent durch Bilderb\u00fccher\",\n            \"url\": \"https:\/\/www.ekiz-sued.at\/ekiz\/events\/heute-bin-ich-lebenskompetent-durch-bilderbuecher\/?occurrence=2026-04-14\"\n        }\n        <\/script>\n                                <article class=\"mec-past-event mec-event-article   \">\n                <div class=\"mec-event-list-weekly-date mec-color\"><span class=\"mec-date-day\">14<\/span>April<\/div>\n                <div class=\"mec-event-image\"><\/div>\n                \n                                <div class=\"mec-event-time mec-color\"><i class=\"mec-sl-clock-o\"><\/i> 16:00 - 17:30<\/div>\n                \n                <h4 class=\"mec-event-title\"><a class=\"mec-color-hover\"  data-event-id=\"4276\" href=\"https:\/\/www.ekiz-sued.at\/ekiz\/events\/heute-bin-ich-lebenskompetent-durch-bilderbuecher\/?occurrence=2026-04-14\" target=\"m1\" rel=\"noopener\">Heute bin ich \u2013 Lebenskompetent durch Bilderb\u00fccher<\/a><span class=\"event-color\" style=\"background: #\"><\/span><\/h4>\n                                <div class=\"mec-event-detail\"><div class=\"mec-event-loc-place\">Ekiz Wagna<\/div><\/div>\n                                                                            <\/article>\n            <\/li>\n                    <li class=\"mec-weekly-view-date-events mec-util-hidden mec-calendar-day-events mec-clear mec-weekly-view-week-3699-2026043\" id=\"mec_weekly_view_date_events3699_20260415\" data-week-number=\"3\">\n                            <script type=\"application\/ld+json\">\n        {\n            \"@context\": \"http:\/\/schema.org\",\n            \"@type\": \"Event\",\n            \"eventStatus\": \"https:\/\/schema.org\/EventScheduled\",\n            \"startDate\": \"2026-04-15\",\n            \"endDate\": \"2026-04-15\",\n            \"eventAttendanceMode\": \"https:\/\/schema.org\/OfflineEventAttendanceMode\",\n            \"location\":\n            {\n                \"@type\": \"Place\",\n                                \"name\": \"Ekiz Wagna\",\n                \"image\": \"\",\n                \"address\": \"\"\n                            },\n            \"organizer\":\n            {\n                \"@type\": \"Person\",\n                \"name\": \"\",\n                \"url\": \"\"\n            },\n            \"offers\":\n            {\n                \"url\": \"https:\/\/www.ekiz-sued.at\/ekiz\/events\/spielgruppe-maxi\/\",\n                \"price\": \"\u20ac56.00\",\n                \"priceCurrency\": \"EUR\",\n                \"availability\": \"https:\/\/schema.org\/InStock\",\n                \"validFrom\": \"2026-04-15T00:00\"\n            },\n            \"performer\": \"\",\n            \"description\": \"&lt;p&gt;Wir entdecken die Welt (12-18 Monate)&lt;br \/&gt; Eine vorbereiteter Spielraum und gleichbleibende Rituale geben den&lt;br \/&gt; Kleinen die n\u00f6tige Sicherheit auf Entdeckungstour gehen zu k\u00f6nnen und die&lt;br \/&gt; anregenden Spielangebote zu erforschen. Erste Sing- und Fingerspiele&lt;br \/&gt; bringen die Kinder zum Staunen und machen Spa\u00df. Auch andere Kinder&lt;br \/&gt; werden nun immer interessanter und genau beobachtet, bei einer&lt;br \/&gt; gemeinsamen Jause werden wir uns kennenlernen und erste soziale&lt;br \/&gt; Kontakte kn\u00fcpfen.&lt;\/p&gt; &lt;p&gt;&lt;em&gt;&lt;strong&gt;Termine:&lt;\/strong&gt;&lt;\/em&gt;&lt;br \/&gt; Kurs 1: Beginn 07.01.26 um 8.45 Uhr &#8211; 6 Einheiten \u20ac 48,-&lt;br \/&gt; Kurs 2: Beginn 25.02.26 um 8.45 Uhr &#8211; 6 Einheiten \u20ac 48,-&lt;br \/&gt; Kurs 3: Beginn 15.04.26 um 8.45 Uhr &#8211; 6 Einheiten \u20ac 48,-&lt;br \/&gt; Kurs 4: Beginn 27.05.26 um 8.45 Uhr &#8211; 7 Einheiten \u20ac 56,-&lt;br \/&gt; Kurs 5: Beginn 16.09.26 um 8.45 Uhr &#8211; 7 Einheiten \u20ac 56,-&lt;br \/&gt; Kurs 6: Beginn 04.11.26 um 8.45 Uhr &#8211; 7 Einheiten \u20ac 56,-&lt;\/p&gt; &lt;p&gt;&nbsp;&lt;\/p&gt; \",\n            \"image\": \"\",\n            \"name\": \"Spielgruppe Maxi\",\n            \"url\": \"https:\/\/www.ekiz-sued.at\/ekiz\/events\/spielgruppe-maxi\/?occurrence=2026-04-15&time=1776242700\"\n        }\n        <\/script>\n                                <article class=\"mec-past-event mec-event-article   \">\n                <div class=\"mec-event-list-weekly-date mec-color\"><span class=\"mec-date-day\">15<\/span>April<\/div>\n                <div class=\"mec-event-image\"><\/div>\n                \n                                <div class=\"mec-event-time mec-color\"><i class=\"mec-sl-clock-o\"><\/i> 8:45<\/div>\n                \n                <h4 class=\"mec-event-title\"><a class=\"mec-color-hover\"  data-event-id=\"3809\" href=\"https:\/\/www.ekiz-sued.at\/ekiz\/events\/spielgruppe-maxi\/?occurrence=2026-04-15&time=1776242700\" target=\"m1\" rel=\"noopener\">Spielgruppe Maxi<\/a><span class=\"event-color\" style=\"background: #\"><\/span><\/h4>\n                                <div class=\"mec-event-detail\"><div class=\"mec-event-loc-place\">Ekiz Wagna<\/div><\/div>\n                                                                            <\/article>\n                            <script type=\"application\/ld+json\">\n        {\n            \"@context\": \"http:\/\/schema.org\",\n            \"@type\": \"Event\",\n            \"eventStatus\": \"https:\/\/schema.org\/EventScheduled\",\n            \"startDate\": \"2026-04-15\",\n            \"endDate\": \"2026-04-15\",\n            \"eventAttendanceMode\": \"https:\/\/schema.org\/OfflineEventAttendanceMode\",\n            \"location\":\n            {\n                \"@type\": \"Place\",\n                                \"name\": \"\",\n                \"image\": \"\",\n                \"address\": \"\"\n                            },\n            \"organizer\":\n            {\n                \"@type\": \"Person\",\n                \"name\": \"\",\n                \"url\": \"\"\n            },\n            \"offers\":\n            {\n                \"url\": \"https:\/\/www.ekiz-sued.at\/ekiz\/events\/zwergen-spielgruppe-fuer-kinde\/\",\n                \"price\": \"\u20ac48.00\",\n                \"priceCurrency\": \"EUR\",\n                \"availability\": \"https:\/\/schema.org\/InStock\",\n                \"validFrom\": \"2026-04-15T00:00\"\n            },\n            \"performer\": \"\",\n            \"description\": \"&lt;p&gt;&lt;strong&gt;Was erwartet Euch in der Eltern-Kind-Spielgruppe?&lt;\/strong&gt;&lt;br \/&gt; In einer liebevollen Umgebung lernt Ihr andere Eltern und Kinder kennen. EKi-Gruppen sind ein Ort, an dem Freundschaften entstehen und Gemeinschaft gelebt wird.&lt;br \/&gt; Eltern reden \u00fcber das Eltern-sein. Kinder spielen mit Kindern. Es erwartet Euch ein abwechslungsreiches Angebot mit singen, spielen, basteln, Geschichten h\u00f6ren, tanzen und gemeinsam jausnen.&lt;br \/&gt; Durch Anwesenheit vertrauter Personen f\u00fchlen sich die Kinder sicher und k\u00f6nnen dabei beim Spielen Erfahrungen mit Gleichaltrigen sammeln. EKi-Gruppen sind eine sanfte Vorbereitung auf Kinderkrippe und Kindergarten.&lt;\/p&gt; &lt;p&gt;&lt;span dir=&quot;ltr&quot; role=&quot;presentation&quot;&gt;&lt;strong&gt;von 1,5 &#8211; 4 Jahre mit Mama, Papa, Oma, Opa&#8230;!&lt;\/strong&gt;&lt;br \/&gt; &lt;\/span&gt;&lt;br role=&quot;presentation&quot; \/&gt;&lt;span dir=&quot;ltr&quot; role=&quot;presentation&quot;&gt;Eltern und Kinder besch\u00e4ftigen sich altersgem\u00e4\u00df zu verschiedenen &lt;\/span&gt;&lt;br role=&quot;presentation&quot; \/&gt;&lt;span dir=&quot;ltr&quot; role=&quot;presentation&quot;&gt;Schwerpunkten im Jahreskreis. Sing- und Fingerspiele, Geschichten, &lt;\/span&gt;&lt;br role=&quot;presentation&quot; \/&gt;&lt;span dir=&quot;ltr&quot; role=&quot;presentation&quot;&gt;kreative Versuche mit verschiedenen Materialien und freie Spielphasen in &lt;\/span&gt;&lt;br role=&quot;presentation&quot; \/&gt;&lt;span dir=&quot;ltr&quot; role=&quot;presentation&quot;&gt;vorbereiteter Umgebung sind Inhalte dieser Gruppe. &lt;\/span&gt;&lt;br role=&quot;presentation&quot; \/&gt;&lt;br role=&quot;presentation&quot; \/&gt;&lt;span dir=&quot;ltr&quot; role=&quot;presentation&quot;&gt;Bei einer gemeinsamen Jause bleibt Zeit zum Plaudern und Kontakte &lt;\/span&gt;&lt;br role=&quot;presentation&quot; \/&gt;&lt;span dir=&quot;ltr&quot; role=&quot;presentation&quot;&gt;kn\u00fcpfen. Durch die Anwesenheit vertrauter Personen f\u00fchlt sich das Kind &lt;\/span&gt;&lt;br role=&quot;presentation&quot; \/&gt;&lt;span dir=&quot;ltr&quot; role=&quot;presentation&quot;&gt;sicher und kann Erfahrungen beim Spielen mit Gleichaltrigen sammeln.&lt;br \/&gt; &lt;\/span&gt;&lt;br role=&quot;presentation&quot; \/&gt;Kurs 1: Winterm\u00e4rchen 08.01.25 &#8211; 6 Einheiten \u20ac 54,-&lt;br \/&gt; Kurs 2: Fr\u00fchlingszauber 26.02.25 &#8211; 6 Einheiten \u20ac 54,-&lt;br \/&gt; Kurs 3: Bl\u00fctentraum 09.04.25 &#8211; 6 Einheiten \u20ac 54,-&lt;br \/&gt; Kurs 4: Sommerspa\u00df 28.05.25 &#8211; 6 Einheiten \u20ac 54,-&lt;br \/&gt; Kurs 5: Herbstzeit 10.09.25 &#8211; 7 Einheiten \u20ac 63,-&lt;br \/&gt; Kurs 6: Lichterglanz 05.11.25 &#8211; 7 Einheiten \u20ac 63,-&lt;\/p&gt; \",\n            \"image\": \"\",\n            \"name\": \"Zwergen &#8211; SPIELGRUPPE f\u00fcr Kinder\",\n            \"url\": \"https:\/\/www.ekiz-sued.at\/ekiz\/events\/zwergen-spielgruppe-fuer-kinde\/?occurrence=2026-04-15&time=1776247200\"\n        }\n        <\/script>\n                                <article class=\"mec-past-event mec-event-article   \">\n                <div class=\"mec-event-list-weekly-date mec-color\"><span class=\"mec-date-day\">15<\/span>April<\/div>\n                <div class=\"mec-event-image\"><\/div>\n                \n                                <div class=\"mec-event-time mec-color\"><i class=\"mec-sl-clock-o\"><\/i> 10:00 - 11:30<\/div>\n                \n                <h4 class=\"mec-event-title\"><a class=\"mec-color-hover\"  data-event-id=\"3845\" href=\"https:\/\/www.ekiz-sued.at\/ekiz\/events\/zwergen-spielgruppe-fuer-kinde\/?occurrence=2026-04-15&time=1776247200\" target=\"m1\" rel=\"noopener\">Zwergen &#8211; SPIELGRUPPE f\u00fcr Kinder<\/a><span class=\"event-color\" style=\"background: #\"><\/span><\/h4>\n                                <div class=\"mec-event-detail\"><div class=\"mec-event-loc-place\"><\/div><\/div>\n                                                                            <\/article>\n                            <script type=\"application\/ld+json\">\n        {\n            \"@context\": \"http:\/\/schema.org\",\n            \"@type\": \"Event\",\n            \"eventStatus\": \"https:\/\/schema.org\/EventScheduled\",\n            \"startDate\": \"2026-04-15\",\n            \"endDate\": \"2026-04-15\",\n            \"eventAttendanceMode\": \"https:\/\/schema.org\/OfflineEventAttendanceMode\",\n            \"location\":\n            {\n                \"@type\": \"Place\",\n                                \"name\": \"\",\n                \"image\": \"\",\n                \"address\": \"\"\n                            },\n            \"organizer\":\n            {\n                \"@type\": \"Person\",\n                \"name\": \"\",\n                \"url\": \"\"\n            },\n            \"offers\":\n            {\n                \"url\": \"https:\/\/www.ekiz-sued.at\/ekiz\/events\/baeren-spielgruppe-fuer-kinder\/\",\n                \"price\": \"\u20ac63.00\",\n                \"priceCurrency\": \"EUR\",\n                \"availability\": \"https:\/\/schema.org\/InStock\",\n                \"validFrom\": \"2026-04-15T00:00\"\n            },\n            \"performer\": \"\",\n            \"description\": \"&lt;p&gt;&lt;span dir=&quot;ltr&quot; role=&quot;presentation&quot;&gt;von 1,5- 4 Jahre mit Mama, Papa, Oma, Opa&#8230;!&lt;\/span&gt;&lt;br role=&quot;presentation&quot; \/&gt;&lt;span dir=&quot;ltr&quot; role=&quot;presentation&quot;&gt;Eltern und Kinder besch\u00e4ftigen sich altersgem\u00e4\u00df zu verschiedenen &lt;\/span&gt;&lt;br role=&quot;presentation&quot; \/&gt;&lt;span dir=&quot;ltr&quot; role=&quot;presentation&quot;&gt;Schwerpunkten im Jahreskreis. Sing- und Fingerspiele, Geschichten, &lt;\/span&gt;&lt;br role=&quot;presentation&quot; \/&gt;&lt;span dir=&quot;ltr&quot; role=&quot;presentation&quot;&gt;kreative Versuche mit verschiedenen Materialien und freie Spielphasen &lt;\/span&gt;&lt;br role=&quot;presentation&quot; \/&gt;&lt;span dir=&quot;ltr&quot; role=&quot;presentation&quot;&gt;in vorbereiteter Umgebung sind Inhalte dieser Gruppe. Bei einer &lt;\/span&gt;&lt;br role=&quot;presentation&quot; \/&gt;&lt;span dir=&quot;ltr&quot; role=&quot;presentation&quot;&gt;gemeinsamen Jause bleibt Zeit zum Plaudern und Kontakte kn\u00fcpfen. &lt;\/span&gt; &lt;br role=&quot;presentation&quot; \/&gt;&lt;span dir=&quot;ltr&quot; role=&quot;presentation&quot;&gt;Durch die Anwesenheit einer Vertrauten Person f\u00fchlt sich das Kind sicher &lt;\/span&gt;&lt;br role=&quot;presentation&quot; \/&gt;&lt;span dir=&quot;ltr&quot; role=&quot;presentation&quot;&gt;und kann Erfahrungen beim Spielen mit Gleichaltrigen sammeln.&lt;\/span&gt;&lt;\/p&gt; &lt;p&gt;Kurs 1: Winterm\u00e4rchen 07.01.26 &#8211; 6 Einheiten \u20ac 54,-&lt;br \/&gt; Kurs 2: Fr\u00fchlingszauber 25.02.26 &#8211; 6 Einheiten \u20ac 54,-&lt;br \/&gt; Kurs 3: Bl\u00fctentraum 15.04.26 &#8211; 6 Einheiten \u20ac 54,-&lt;br \/&gt; Kurs 4: Sommerspa\u00df 27.05.26 &#8211; 7 Einheiten \u20ac 63,-&lt;br \/&gt; Kurs 5: Herbstzeit 16.09.26 &#8211; 7 Einheiten \u20ac 63,-&lt;br \/&gt; Kurs 6: Lichterglanz 04.11.26 &#8211; 7 Einheiten \u20ac 63,-&lt;\/p&gt; &lt;p&gt;Dauer &#038; Kosten: 90 min 15:00-16:30 Uhr | 6 EH \u20ac 54,- und 7 EH \u20ac 63,-&lt;\/p&gt; \",\n            \"image\": \"\",\n            \"name\": \"B\u00e4ren &#8211; SPIELGRUPPE f\u00fcr Kinder\",\n            \"url\": \"https:\/\/www.ekiz-sued.at\/ekiz\/events\/baeren-spielgruppe-fuer-kinder\/?occurrence=2026-04-15&time=1776265200\"\n        }\n        <\/script>\n                                <article class=\"mec-past-event mec-event-article   \">\n                <div class=\"mec-event-list-weekly-date mec-color\"><span class=\"mec-date-day\">15<\/span>April<\/div>\n                <div class=\"mec-event-image\"><\/div>\n                \n                                <div class=\"mec-event-time mec-color\"><i class=\"mec-sl-clock-o\"><\/i> 15:00 - 16:30<\/div>\n                \n                <h4 class=\"mec-event-title\"><a class=\"mec-color-hover\"  data-event-id=\"3847\" href=\"https:\/\/www.ekiz-sued.at\/ekiz\/events\/baeren-spielgruppe-fuer-kinder\/?occurrence=2026-04-15&time=1776265200\" target=\"m1\" rel=\"noopener\">B\u00e4ren &#8211; SPIELGRUPPE f\u00fcr Kinder<\/a><span class=\"event-color\" style=\"background: #\"><\/span><\/h4>\n                                <div class=\"mec-event-detail\"><div class=\"mec-event-loc-place\"><\/div><\/div>\n                                                                            <\/article>\n            <\/li>\n                    <li class=\"mec-weekly-view-date-events mec-util-hidden mec-calendar-day-events mec-clear mec-weekly-view-week-3699-2026043\" id=\"mec_weekly_view_date_events3699_20260416\" data-week-number=\"3\">\n                            <script type=\"application\/ld+json\">\n        {\n            \"@context\": \"http:\/\/schema.org\",\n            \"@type\": \"Event\",\n            \"eventStatus\": \"https:\/\/schema.org\/EventScheduled\",\n            \"startDate\": \"2026-04-16\",\n            \"endDate\": \"2026-04-16\",\n            \"eventAttendanceMode\": \"https:\/\/schema.org\/OfflineEventAttendanceMode\",\n            \"location\":\n            {\n                \"@type\": \"Place\",\n                                \"name\": \"Familienzentrum Leibnitz\",\n                \"image\": \"\",\n                \"address\": \"\"\n                            },\n            \"organizer\":\n            {\n                \"@type\": \"Person\",\n                \"name\": \"\",\n                \"url\": \"\"\n            },\n            \"offers\":\n            {\n                \"url\": \"https:\/\/www.ekiz-sued.at\/ekiz\/events\/bewegung-und-spass-bei-den-turnmaeusen\/\",\n                \"price\": \"\u20ac60.00\",\n                \"priceCurrency\": \"EUR\",\n                \"availability\": \"https:\/\/schema.org\/InStock\",\n                \"validFrom\": \"2026-04-16T00:00\"\n            },\n            \"performer\": \"\",\n            \"description\": \"&lt;p&gt;&lt;span dir=&quot;ltr&quot; role=&quot;presentation&quot;&gt;Bei unserer Bewegungsgruppe k\u00f6nnen schon die Kleinsten ihrem nat\u00fcrlichen&lt;\/span&gt;&lt;br role=&quot;presentation&quot; \/&gt;&lt;span dir=&quot;ltr&quot; role=&quot;presentation&quot;&gt;Bewegungsdrang nachkommen. In ihrem eigenen Tempo probieren die&lt;\/span&gt;&lt;br role=&quot;presentation&quot; \/&gt;&lt;span dir=&quot;ltr&quot; role=&quot;presentation&quot;&gt;Kinder unterschiedlichste Bewegungsangebote aus. Beim Springen, Klettern,&lt;\/span&gt;&lt;br role=&quot;presentation&quot; \/&gt;&lt;span dir=&quot;ltr&quot; role=&quot;presentation&quot;&gt;Balancieren,&#8230; werden wertvolle Erfahrungen gesammelt. Bei Musik und&lt;\/span&gt;&lt;br role=&quot;presentation&quot; \/&gt;&lt;span dir=&quot;ltr&quot; role=&quot;presentation&quot;&gt;Tanz, plus einer gro\u00dfen Portion Spa\u00df, toben sich die Turnm\u00e4use richtig aus!&lt;\/span&gt;&lt;\/p&gt; &lt;p&gt;&lt;br role=&quot;presentation&quot; \/&gt;&lt;span dir=&quot;ltr&quot; role=&quot;presentation&quot;&gt;Alter:&lt;\/span&gt; &lt;span dir=&quot;ltr&quot; role=&quot;presentation&quot;&gt;10 Monate bis 2,5 Jahre in Begleitung einer Bezugsperson&lt;br \/&gt; Kosten: 60 Euro f\u00fcr 6 Einheiten&lt;br \/&gt; &lt;\/span&gt;&lt;\/p&gt; \",\n            \"image\": \"\",\n            \"name\": \"Bewegung und Spa\u00df bei den Turnm\u00e4usen\",\n            \"url\": \"https:\/\/www.ekiz-sued.at\/ekiz\/events\/bewegung-und-spass-bei-den-turnmaeusen\/?occurrence=2026-04-16\"\n        }\n        <\/script>\n                                <article class=\"mec-past-event mec-event-article   \">\n                <div class=\"mec-event-list-weekly-date mec-color\"><span class=\"mec-date-day\">16<\/span>April<\/div>\n                <div class=\"mec-event-image\"><\/div>\n                \n                                <div class=\"mec-event-time mec-color\"><i class=\"mec-sl-clock-o\"><\/i> 9:00<\/div>\n                \n                <h4 class=\"mec-event-title\"><a class=\"mec-color-hover\"  data-event-id=\"4059\" href=\"https:\/\/www.ekiz-sued.at\/ekiz\/events\/bewegung-und-spass-bei-den-turnmaeusen\/?occurrence=2026-04-16\" target=\"m1\" rel=\"noopener\">Bewegung und Spa\u00df bei den Turnm\u00e4usen<\/a><span class=\"event-color\" style=\"background: #\"><\/span><\/h4>\n                                <div class=\"mec-event-detail\"><div class=\"mec-event-loc-place\">Familienzentrum Leibnitz<\/div><\/div>\n                                                                            <\/article>\n                            <script type=\"application\/ld+json\">\n        {\n            \"@context\": \"http:\/\/schema.org\",\n            \"@type\": \"Event\",\n            \"eventStatus\": \"https:\/\/schema.org\/EventScheduled\",\n            \"startDate\": \"2026-04-16\",\n            \"endDate\": \"2026-04-16\",\n            \"eventAttendanceMode\": \"https:\/\/schema.org\/OfflineEventAttendanceMode\",\n            \"location\":\n            {\n                \"@type\": \"Place\",\n                                \"name\": \"Ekiz Wagna\",\n                \"image\": \"\",\n                \"address\": \"\"\n                            },\n            \"organizer\":\n            {\n                \"@type\": \"Person\",\n                \"name\": \"\",\n                \"url\": \"\"\n            },\n            \"offers\":\n            {\n                \"url\": \"https:\/\/www.ekiz-sued.at\/ekiz\/events\/offenes-baby-und-kleinkindertreffen-elterncafe-fuer-mama-papa-oma-opa-2\/\",\n                \"price\": \"\u20ac2.50\",\n                \"priceCurrency\": \"EUR\",\n                \"availability\": \"https:\/\/schema.org\/InStock\",\n                \"validFrom\": \"2026-04-16T00:00\"\n            },\n            \"performer\": \"\",\n            \"description\": \"&lt;p&gt;&lt;strong&gt; Elterncafe f\u00fcr Mama, Papa, Oma, Opa&#8230;.&lt;\/strong&gt;&lt;\/p&gt; &lt;p&gt;&lt;span dir=&quot;ltr&quot; role=&quot;presentation&quot;&gt;Babys und Kleinkinder, die erste Kontakte mit gleichaltrigen &lt;\/span&gt;&lt;br role=&quot;presentation&quot; \/&gt;&lt;span dir=&quot;ltr&quot; role=&quot;presentation&quot;&gt;SpielkollegInnen kn\u00fcpfen wollen, k\u00f6nnen bei uns spielen, &lt;\/span&gt;&lt;br role=&quot;presentation&quot; \/&gt;&lt;span dir=&quot;ltr&quot; role=&quot;presentation&quot;&gt;toben, Spa\u00df haben.&lt;br \/&gt; &lt;\/span&gt;&lt;br role=&quot;presentation&quot; \/&gt;&lt;span dir=&quot;ltr&quot; role=&quot;presentation&quot;&gt;Besonders in der Zeit, in der die Kinder noch sehr klein sind, &lt;\/span&gt;&lt;br role=&quot;presentation&quot; \/&gt;&lt;span dir=&quot;ltr&quot; role=&quot;presentation&quot;&gt;ist es meist f\u00fcr die M\u00fctter eine Bereicherung, sich &lt;\/span&gt;&lt;br role=&quot;presentation&quot; \/&gt;&lt;span dir=&quot;ltr&quot; role=&quot;presentation&quot;&gt;mit anderen Eltern, die sich in derselben Lebensphase befinden, &lt;\/span&gt;&lt;br role=&quot;presentation&quot; \/&gt;&lt;span dir=&quot;ltr&quot; role=&quot;presentation&quot;&gt;auszutauschen. Eine Elternbildnerin begleitet einige dieser &lt;\/span&gt;&lt;br role=&quot;presentation&quot; \/&gt;&lt;span dir=&quot;ltr&quot; role=&quot;presentation&quot;&gt;Treffen und steht f\u00fcr Fragen zur Verf\u00fcgung.&lt;\/span&gt;&lt;\/p&gt; &lt;p&gt;&lt;br role=&quot;presentation&quot; \/&gt;&lt;span dir=&quot;ltr&quot; role=&quot;presentation&quot;&gt;Termine:&lt;\/span&gt;  &lt;br role=&quot;presentation&quot; \/&gt;&lt;span dir=&quot;ltr&quot; role=&quot;presentation&quot;&gt;Jeden Donnerstag von 9.30 bis 11 Uhr (au\u00dfer an Feiertagen)&lt;\/span&gt;&lt;br role=&quot;presentation&quot; \/&gt;&lt;span dir=&quot;ltr&quot; role=&quot;presentation&quot;&gt;Kosten:&lt;\/span&gt;&lt;span dir=&quot;ltr&quot; role=&quot;presentation&quot;&gt; \u20ac 2,50 pro Treffen (f\u00fcr Mitglieder kostenlos) &lt;\/span&gt;&lt;\/p&gt; \",\n            \"image\": \"\",\n            \"name\": \"Offenes Kleinkindertreffen  am DO\",\n            \"url\": \"https:\/\/www.ekiz-sued.at\/ekiz\/events\/offenes-baby-und-kleinkindertreffen-elterncafe-fuer-mama-papa-oma-opa-2\/?occurrence=2026-04-16\"\n        }\n        <\/script>\n                                <article class=\"mec-past-event mec-event-article   \">\n                <div class=\"mec-event-list-weekly-date mec-color\"><span class=\"mec-date-day\">16<\/span>April<\/div>\n                <div class=\"mec-event-image\"><\/div>\n                \n                                <div class=\"mec-event-time mec-color\"><i class=\"mec-sl-clock-o\"><\/i> 9:30<\/div>\n                \n                <h4 class=\"mec-event-title\"><a class=\"mec-color-hover\"  data-event-id=\"3910\" href=\"https:\/\/www.ekiz-sued.at\/ekiz\/events\/offenes-baby-und-kleinkindertreffen-elterncafe-fuer-mama-papa-oma-opa-2\/?occurrence=2026-04-16\" target=\"m1\" rel=\"noopener\">Offenes Kleinkindertreffen  am DO<\/a><span class=\"event-color\" style=\"background: #\"><\/span><\/h4>\n                                <div class=\"mec-event-detail\"><div class=\"mec-event-loc-place\">Ekiz Wagna<\/div><\/div>\n                                                                            <\/article>\n            <\/li>\n                                                        <li class=\"mec-weekly-view-date-events mec-util-hidden mec-calendar-day-events mec-clear mec-weekly-view-week-3699-2026044\" id=\"mec_weekly_view_date_events3699_20260420\" data-week-number=\"4\">\n                            <script type=\"application\/ld+json\">\n        {\n            \"@context\": \"http:\/\/schema.org\",\n            \"@type\": \"Event\",\n            \"eventStatus\": \"https:\/\/schema.org\/EventScheduled\",\n            \"startDate\": \"2026-04-20\",\n            \"endDate\": \"2026-04-20\",\n            \"eventAttendanceMode\": \"https:\/\/schema.org\/OfflineEventAttendanceMode\",\n            \"location\":\n            {\n                \"@type\": \"Place\",\n                                \"name\": \"Ekiz Wagna\",\n                \"image\": \"\",\n                \"address\": \"\"\n                            },\n            \"organizer\":\n            {\n                \"@type\": \"Person\",\n                \"name\": \"\",\n                \"url\": \"\"\n            },\n            \"offers\":\n            {\n                \"url\": \"https:\/\/www.ekiz-sued.at\/ekiz\/events\/englisch-fuer-volksschulkinder-137\/\",\n                \"price\": \"\",\n                \"priceCurrency\": \"EUR\",\n                \"availability\": \"https:\/\/schema.org\/InStock\",\n                \"validFrom\": \"2026-04-20T00:00\"\n            },\n            \"performer\": \"\",\n            \"description\": \"&lt;p&gt;Spielerisch lernen mit Liedern, Reimen, Spielen, Bewegung &amp; Konversation.&lt;\/p&gt; &lt;p&gt;Start Sommersemester: 23.02.2026&lt;br \/&gt; Start Wintersemester 21.09.2026&lt;br \/&gt; montags 14:30-15:15, 15:25-16:10, oder 16:20-17:05&lt;\/p&gt; &lt;p&gt;Leitung: Native Speaker Sarah Nicholson. Langj\u00e4hrige Erfahrung als&lt;br \/&gt; Englisch-Trainerin f\u00fcr Kinder, Jugendliche und Erwachsene, ausgebildete S\u00e4ngerin und Mutter von zwei Kindern.&lt;\/p&gt; &lt;p&gt;Anmeldung: Senden Sie mir bitte den Namen und Geburtsdatum Ihres&lt;br \/&gt; Kindes, Ihre E-Mail Adresse und Telefonnummer an Sarah Nicholson&lt;br \/&gt; sarahsopraan@gmail.com oder 0676 447 6910.&lt;\/p&gt; \",\n            \"image\": \"\",\n            \"name\": \"Englisch f\u00fcr Kindergartenkinder ab 4 Jahre\",\n            \"url\": \"https:\/\/www.ekiz-sued.at\/ekiz\/events\/englisch-fuer-volksschulkinder-137\/?occurrence=2026-04-20\"\n        }\n        <\/script>\n                                <article class=\"mec-past-event mec-event-article   \">\n                <div class=\"mec-event-list-weekly-date mec-color\"><span class=\"mec-date-day\">20<\/span>April<\/div>\n                <div class=\"mec-event-image\"><\/div>\n                \n                                <div class=\"mec-event-time mec-color\"><i class=\"mec-sl-clock-o\"><\/i> 14:30<\/div>\n                \n                <h4 class=\"mec-event-title\"><a class=\"mec-color-hover\"  data-event-id=\"4235\" href=\"https:\/\/www.ekiz-sued.at\/ekiz\/events\/englisch-fuer-volksschulkinder-137\/?occurrence=2026-04-20\" target=\"m1\" rel=\"noopener\">Englisch f\u00fcr Kindergartenkinder ab 4 Jahre<\/a><span class=\"event-color\" style=\"background: #\"><\/span><\/h4>\n                                <div class=\"mec-event-detail\"><div class=\"mec-event-loc-place\">Ekiz Wagna<\/div><\/div>\n                                                                            <\/article>\n            <\/li>\n                    <li class=\"mec-weekly-view-date-events mec-util-hidden mec-calendar-day-events mec-clear mec-weekly-view-week-3699-2026044\" id=\"mec_weekly_view_date_events3699_20260421\" data-week-number=\"4\">\n                            <script type=\"application\/ld+json\">\n        {\n            \"@context\": \"http:\/\/schema.org\",\n            \"@type\": \"Event\",\n            \"eventStatus\": \"https:\/\/schema.org\/EventScheduled\",\n            \"startDate\": \"2026-04-21\",\n            \"endDate\": \"2026-04-21\",\n            \"eventAttendanceMode\": \"https:\/\/schema.org\/OfflineEventAttendanceMode\",\n            \"location\":\n            {\n                \"@type\": \"Place\",\n                                \"name\": \"Familienzentrum Leibnitz\",\n                \"image\": \"\",\n                \"address\": \"\"\n                            },\n            \"organizer\":\n            {\n                \"@type\": \"Person\",\n                \"name\": \"\",\n                \"url\": \"\"\n            },\n            \"offers\":\n            {\n                \"url\": \"https:\/\/www.ekiz-sued.at\/ekiz\/events\/babycafe-2\/\",\n                \"price\": \"\",\n                \"priceCurrency\": \"EUR\",\n                \"availability\": \"https:\/\/schema.org\/InStock\",\n                \"validFrom\": \"2026-04-21T00:00\"\n            },\n            \"performer\": \"\",\n            \"description\": \"&lt;p&gt;&lt;span dir=&quot;ltr&quot; role=&quot;presentation&quot;&gt;Eingeladen sind alle Babys mit ihren M\u00fcttern und V\u00e4tern von &lt;\/span&gt;&lt;br role=&quot;presentation&quot; \/&gt;&lt;span dir=&quot;ltr&quot; role=&quot;presentation&quot;&gt;0 \u2013 1 Jahr. Dieses Treffen bietet die M\u00f6glichkeit in gem\u00fctlicher &lt;\/span&gt;&lt;br role=&quot;presentation&quot; \/&gt;&lt;span dir=&quot;ltr&quot; role=&quot;presentation&quot;&gt;Runde mit anderen Eltern Kontakte zu kn\u00fcpfen und Erfahrungen &lt;\/span&gt;&lt;br role=&quot;presentation&quot; \/&gt;&lt;span dir=&quot;ltr&quot; role=&quot;presentation&quot;&gt;auszutauschen.&lt;br \/&gt; &lt;\/span&gt;&lt;br role=&quot;presentation&quot; \/&gt;&lt;span dir=&quot;ltr&quot; role=&quot;presentation&quot;&gt;Vor allem in den ersten Wochen mit dem Baby, treten oft kleine &lt;\/span&gt;&lt;br role=&quot;presentation&quot; \/&gt;&lt;span dir=&quot;ltr&quot; role=&quot;presentation&quot;&gt;Unsicherheiten im Umgang mit dem Baby auf. Unter fachkundiger &lt;\/span&gt;&lt;br role=&quot;presentation&quot; \/&gt;&lt;span dir=&quot;ltr&quot; role=&quot;presentation&quot;&gt;Leitung k\u00f6nnen aktuelle Probleme und andere Themen &lt;\/span&gt;&lt;br role=&quot;presentation&quot; \/&gt;&lt;span dir=&quot;ltr&quot; role=&quot;presentation&quot;&gt;angesprochen werden.&lt;br \/&gt; &lt;\/span&gt;&lt;br role=&quot;presentation&quot; \/&gt;&lt;span dir=&quot;ltr&quot; role=&quot;presentation&quot;&gt;Weiters haben Eltern die M\u00f6glichkeit ihr Baby zu wiegen und in &lt;\/span&gt;&lt;br role=&quot;presentation&quot; \/&gt;&lt;span dir=&quot;ltr&quot; role=&quot;presentation&quot;&gt;unserer B\u00fccherei weiterf\u00fchrende Literatur zum Thema Baby und &lt;\/span&gt;&lt;br role=&quot;presentation&quot; \/&gt;&lt;span dir=&quot;ltr&quot; role=&quot;presentation&quot;&gt;Stillen zu erhalten.&lt;br \/&gt; &lt;\/span&gt;&lt;br role=&quot;presentation&quot; \/&gt;&lt;span dir=&quot;ltr&quot; role=&quot;presentation&quot;&gt;Termin:&lt;\/span&gt;&lt;span dir=&quot;ltr&quot; role=&quot;presentation&quot;&gt; Jeden Dienstag von 9.30 \u2013 11.00 Uhr &lt;\/span&gt;&lt;br role=&quot;presentation&quot; \/&gt;&lt;span dir=&quot;ltr&quot; role=&quot;presentation&quot;&gt;Kosten:&lt;\/span&gt;&lt;span dir=&quot;ltr&quot; role=&quot;presentation&quot;&gt; \u20ac 3,50 (f\u00fcr Mitglieder kostenlos)&lt;\/span&gt;&lt;br role=&quot;presentation&quot; \/&gt;&lt;span dir=&quot;ltr&quot; role=&quot;presentation&quot;&gt;Leitung: Barbara Maderthaner, Dipl. Kinderkrankenschwester&lt;\/span&gt;&lt;\/p&gt; \",\n            \"image\": \"\",\n            \"name\": \"Babycaf\u00e8\",\n            \"url\": \"https:\/\/www.ekiz-sued.at\/ekiz\/events\/babycafe-2\/?occurrence=2026-04-21\"\n        }\n        <\/script>\n                                <article class=\"mec-past-event mec-event-article   \">\n                <div class=\"mec-event-list-weekly-date mec-color\"><span class=\"mec-date-day\">21<\/span>April<\/div>\n                <div class=\"mec-event-image\"><\/div>\n                \n                                <div class=\"mec-event-time mec-color\"><i class=\"mec-sl-clock-o\"><\/i> 9:30 - 11:00<\/div>\n                \n                <h4 class=\"mec-event-title\"><a class=\"mec-color-hover\"  data-event-id=\"3911\" href=\"https:\/\/www.ekiz-sued.at\/ekiz\/events\/babycafe-2\/?occurrence=2026-04-21\" target=\"m1\" rel=\"noopener\">Babycaf\u00e8<\/a><span class=\"event-color\" style=\"background: #\"><\/span><\/h4>\n                                <div class=\"mec-event-detail\"><div class=\"mec-event-loc-place\">Familienzentrum Leibnitz<\/div><\/div>\n                                                                            <\/article>\n                            <script type=\"application\/ld+json\">\n        {\n            \"@context\": \"http:\/\/schema.org\",\n            \"@type\": \"Event\",\n            \"eventStatus\": \"https:\/\/schema.org\/EventScheduled\",\n            \"startDate\": \"2026-04-21\",\n            \"endDate\": \"2026-04-21\",\n            \"eventAttendanceMode\": \"https:\/\/schema.org\/OfflineEventAttendanceMode\",\n            \"location\":\n            {\n                \"@type\": \"Place\",\n                                \"name\": \"Ekiz Wagna\",\n                \"image\": \"\",\n                \"address\": \"\"\n                            },\n            \"organizer\":\n            {\n                \"@type\": \"Person\",\n                \"name\": \"\",\n                \"url\": \"\"\n            },\n            \"offers\":\n            {\n                \"url\": \"https:\/\/www.ekiz-sued.at\/ekiz\/events\/offenes-baby-und-kleinkindertreffen-elterncafe-fuer-mama-papa-oma-opa\/\",\n                \"price\": \"\",\n                \"priceCurrency\": \"EUR\",\n                \"availability\": \"https:\/\/schema.org\/InStock\",\n                \"validFrom\": \"2026-04-21T00:00\"\n            },\n            \"performer\": \"\",\n            \"description\": \"&lt;p&gt;&lt;span dir=&quot;ltr&quot; role=&quot;presentation&quot;&gt;Babys und Kleinkinder, die erste Kontakte mit gleichaltrigen &lt;\/span&gt;&lt;br role=&quot;presentation&quot; \/&gt;&lt;span dir=&quot;ltr&quot; role=&quot;presentation&quot;&gt;SpielkollegInnen kn\u00fcpfen wollen, k\u00f6nnen bei uns spielen, &lt;\/span&gt;&lt;br role=&quot;presentation&quot; \/&gt;&lt;span dir=&quot;ltr&quot; role=&quot;presentation&quot;&gt;toben, Spa\u00df haben.&lt;br \/&gt; &lt;\/span&gt;&lt;br role=&quot;presentation&quot; \/&gt;&lt;span dir=&quot;ltr&quot; role=&quot;presentation&quot;&gt;Besonders in der Zeit, in der die Kinder noch sehr klein sind, &lt;\/span&gt;&lt;br role=&quot;presentation&quot; \/&gt;&lt;span dir=&quot;ltr&quot; role=&quot;presentation&quot;&gt;ist es meist f\u00fcr die M\u00fctter eine Bereicherung, sich &lt;\/span&gt;&lt;br role=&quot;presentation&quot; \/&gt;&lt;span dir=&quot;ltr&quot; role=&quot;presentation&quot;&gt;mit anderen Eltern, die sich in derselben Lebensphase befinden, &lt;\/span&gt;&lt;br role=&quot;presentation&quot; \/&gt;&lt;span dir=&quot;ltr&quot; role=&quot;presentation&quot;&gt;auszutauschen. Eine Elternbildnerin begleitet einige dieser &lt;\/span&gt;&lt;br role=&quot;presentation&quot; \/&gt;&lt;span dir=&quot;ltr&quot; role=&quot;presentation&quot;&gt;Treffen und steht f\u00fcr Fragen zur Verf\u00fcgung.&lt;\/span&gt;&lt;\/p&gt; &lt;p&gt;&nbsp;&lt;\/p&gt; &lt;p&gt;&lt;span dir=&quot;ltr&quot; role=&quot;presentation&quot;&gt;Termine:&lt;\/span&gt; &lt;span dir=&quot;ltr&quot; role=&quot;presentation&quot;&gt;Jeden Dienstag von 16 bis 17.30 Uhr &lt;\/span&gt;&lt;span dir=&quot;ltr&quot; role=&quot;presentation&quot;&gt;(au\u00dfer an Feiertagen und im August)&lt;\/span&gt;&lt;br role=&quot;presentation&quot; \/&gt;&lt;span dir=&quot;ltr&quot; role=&quot;presentation&quot;&gt;Kosten:&lt;\/span&gt;&lt;span dir=&quot;ltr&quot; role=&quot;presentation&quot;&gt; \u20ac 2,50 pro Treffen (f\u00fcr Mitglieder kostenlos)&lt;\/span&gt;&lt;\/p&gt; \",\n            \"image\": \"\",\n            \"name\": \"Offenes Baby- &#038; Kleinkindertreffen am DI\",\n            \"url\": \"https:\/\/www.ekiz-sued.at\/ekiz\/events\/offenes-baby-und-kleinkindertreffen-elterncafe-fuer-mama-papa-oma-opa\/?occurrence=2026-04-21\"\n        }\n        <\/script>\n                                <article class=\"mec-past-event mec-event-article   \">\n                <div class=\"mec-event-list-weekly-date mec-color\"><span class=\"mec-date-day\">21<\/span>April<\/div>\n                <div class=\"mec-event-image\"><\/div>\n                \n                                <div class=\"mec-event-time mec-color\"><i class=\"mec-sl-clock-o\"><\/i> 16:00 - 17:30<\/div>\n                \n                <h4 class=\"mec-event-title\"><a class=\"mec-color-hover\"  data-event-id=\"3907\" href=\"https:\/\/www.ekiz-sued.at\/ekiz\/events\/offenes-baby-und-kleinkindertreffen-elterncafe-fuer-mama-papa-oma-opa\/?occurrence=2026-04-21\" target=\"m1\" rel=\"noopener\">Offenes Baby- &#038; Kleinkindertreffen am DI<\/a><span class=\"event-color\" style=\"background: #8224e3\"><\/span><\/h4>\n                                <div class=\"mec-event-detail\"><div class=\"mec-event-loc-place\">Ekiz Wagna<\/div><\/div>\n                                                                            <\/article>\n            <\/li>\n                                <li class=\"mec-weekly-view-date-events mec-util-hidden mec-calendar-day-events mec-clear mec-weekly-view-week-3699-2026044\" id=\"mec_weekly_view_date_events3699_20260423\" data-week-number=\"4\">\n                            <script type=\"application\/ld+json\">\n        {\n            \"@context\": \"http:\/\/schema.org\",\n            \"@type\": \"Event\",\n            \"eventStatus\": \"https:\/\/schema.org\/EventScheduled\",\n            \"startDate\": \"2026-04-23\",\n            \"endDate\": \"2026-04-23\",\n            \"eventAttendanceMode\": \"https:\/\/schema.org\/OfflineEventAttendanceMode\",\n            \"location\":\n            {\n                \"@type\": \"Place\",\n                                \"name\": \"Familienzentrum Leibnitz\",\n                \"image\": \"\",\n                \"address\": \"\"\n                            },\n            \"organizer\":\n            {\n                \"@type\": \"Person\",\n                \"name\": \"\",\n                \"url\": \"\"\n            },\n            \"offers\":\n            {\n                \"url\": \"https:\/\/www.ekiz-sued.at\/ekiz\/events\/bewegung-und-spass-bei-den-turnmaeusen\/\",\n                \"price\": \"\u20ac60.00\",\n                \"priceCurrency\": \"EUR\",\n                \"availability\": \"https:\/\/schema.org\/InStock\",\n                \"validFrom\": \"2026-04-23T00:00\"\n            },\n            \"performer\": \"\",\n            \"description\": \"&lt;p&gt;&lt;span dir=&quot;ltr&quot; role=&quot;presentation&quot;&gt;Bei unserer Bewegungsgruppe k\u00f6nnen schon die Kleinsten ihrem nat\u00fcrlichen&lt;\/span&gt;&lt;br role=&quot;presentation&quot; \/&gt;&lt;span dir=&quot;ltr&quot; role=&quot;presentation&quot;&gt;Bewegungsdrang nachkommen. In ihrem eigenen Tempo probieren die&lt;\/span&gt;&lt;br role=&quot;presentation&quot; \/&gt;&lt;span dir=&quot;ltr&quot; role=&quot;presentation&quot;&gt;Kinder unterschiedlichste Bewegungsangebote aus. Beim Springen, Klettern,&lt;\/span&gt;&lt;br role=&quot;presentation&quot; \/&gt;&lt;span dir=&quot;ltr&quot; role=&quot;presentation&quot;&gt;Balancieren,&#8230; werden wertvolle Erfahrungen gesammelt. Bei Musik und&lt;\/span&gt;&lt;br role=&quot;presentation&quot; \/&gt;&lt;span dir=&quot;ltr&quot; role=&quot;presentation&quot;&gt;Tanz, plus einer gro\u00dfen Portion Spa\u00df, toben sich die Turnm\u00e4use richtig aus!&lt;\/span&gt;&lt;\/p&gt; &lt;p&gt;&lt;br role=&quot;presentation&quot; \/&gt;&lt;span dir=&quot;ltr&quot; role=&quot;presentation&quot;&gt;Alter:&lt;\/span&gt; &lt;span dir=&quot;ltr&quot; role=&quot;presentation&quot;&gt;10 Monate bis 2,5 Jahre in Begleitung einer Bezugsperson&lt;br \/&gt; Kosten: 60 Euro f\u00fcr 6 Einheiten&lt;br \/&gt; &lt;\/span&gt;&lt;\/p&gt; \",\n            \"image\": \"\",\n            \"name\": \"Bewegung und Spa\u00df bei den Turnm\u00e4usen\",\n            \"url\": \"https:\/\/www.ekiz-sued.at\/ekiz\/events\/bewegung-und-spass-bei-den-turnmaeusen\/?occurrence=2026-04-23\"\n        }\n        <\/script>\n                                <article class=\"mec-past-event mec-event-article   \">\n                <div class=\"mec-event-list-weekly-date mec-color\"><span class=\"mec-date-day\">23<\/span>April<\/div>\n                <div class=\"mec-event-image\"><\/div>\n                \n                                <div class=\"mec-event-time mec-color\"><i class=\"mec-sl-clock-o\"><\/i> 9:00<\/div>\n                \n                <h4 class=\"mec-event-title\"><a class=\"mec-color-hover\"  data-event-id=\"4059\" href=\"https:\/\/www.ekiz-sued.at\/ekiz\/events\/bewegung-und-spass-bei-den-turnmaeusen\/?occurrence=2026-04-23\" target=\"m1\" rel=\"noopener\">Bewegung und Spa\u00df bei den Turnm\u00e4usen<\/a><span class=\"event-color\" style=\"background: #\"><\/span><\/h4>\n                                <div class=\"mec-event-detail\"><div class=\"mec-event-loc-place\">Familienzentrum Leibnitz<\/div><\/div>\n                                                                            <\/article>\n                            <script type=\"application\/ld+json\">\n        {\n            \"@context\": \"http:\/\/schema.org\",\n            \"@type\": \"Event\",\n            \"eventStatus\": \"https:\/\/schema.org\/EventScheduled\",\n            \"startDate\": \"2026-04-23\",\n            \"endDate\": \"2026-04-23\",\n            \"eventAttendanceMode\": \"https:\/\/schema.org\/OfflineEventAttendanceMode\",\n            \"location\":\n            {\n                \"@type\": \"Place\",\n                                \"name\": \"Ekiz Wagna\",\n                \"image\": \"\",\n                \"address\": \"\"\n                            },\n            \"organizer\":\n            {\n                \"@type\": \"Person\",\n                \"name\": \"\",\n                \"url\": \"\"\n            },\n            \"offers\":\n            {\n                \"url\": \"https:\/\/www.ekiz-sued.at\/ekiz\/events\/offenes-baby-und-kleinkindertreffen-elterncafe-fuer-mama-papa-oma-opa-2\/\",\n                \"price\": \"\u20ac2.50\",\n                \"priceCurrency\": \"EUR\",\n                \"availability\": \"https:\/\/schema.org\/InStock\",\n                \"validFrom\": \"2026-04-23T00:00\"\n            },\n            \"performer\": \"\",\n            \"description\": \"&lt;p&gt;&lt;strong&gt; Elterncafe f\u00fcr Mama, Papa, Oma, Opa&#8230;.&lt;\/strong&gt;&lt;\/p&gt; &lt;p&gt;&lt;span dir=&quot;ltr&quot; role=&quot;presentation&quot;&gt;Babys und Kleinkinder, die erste Kontakte mit gleichaltrigen &lt;\/span&gt;&lt;br role=&quot;presentation&quot; \/&gt;&lt;span dir=&quot;ltr&quot; role=&quot;presentation&quot;&gt;SpielkollegInnen kn\u00fcpfen wollen, k\u00f6nnen bei uns spielen, &lt;\/span&gt;&lt;br role=&quot;presentation&quot; \/&gt;&lt;span dir=&quot;ltr&quot; role=&quot;presentation&quot;&gt;toben, Spa\u00df haben.&lt;br \/&gt; &lt;\/span&gt;&lt;br role=&quot;presentation&quot; \/&gt;&lt;span dir=&quot;ltr&quot; role=&quot;presentation&quot;&gt;Besonders in der Zeit, in der die Kinder noch sehr klein sind, &lt;\/span&gt;&lt;br role=&quot;presentation&quot; \/&gt;&lt;span dir=&quot;ltr&quot; role=&quot;presentation&quot;&gt;ist es meist f\u00fcr die M\u00fctter eine Bereicherung, sich &lt;\/span&gt;&lt;br role=&quot;presentation&quot; \/&gt;&lt;span dir=&quot;ltr&quot; role=&quot;presentation&quot;&gt;mit anderen Eltern, die sich in derselben Lebensphase befinden, &lt;\/span&gt;&lt;br role=&quot;presentation&quot; \/&gt;&lt;span dir=&quot;ltr&quot; role=&quot;presentation&quot;&gt;auszutauschen. Eine Elternbildnerin begleitet einige dieser &lt;\/span&gt;&lt;br role=&quot;presentation&quot; \/&gt;&lt;span dir=&quot;ltr&quot; role=&quot;presentation&quot;&gt;Treffen und steht f\u00fcr Fragen zur Verf\u00fcgung.&lt;\/span&gt;&lt;\/p&gt; &lt;p&gt;&lt;br role=&quot;presentation&quot; \/&gt;&lt;span dir=&quot;ltr&quot; role=&quot;presentation&quot;&gt;Termine:&lt;\/span&gt;  &lt;br role=&quot;presentation&quot; \/&gt;&lt;span dir=&quot;ltr&quot; role=&quot;presentation&quot;&gt;Jeden Donnerstag von 9.30 bis 11 Uhr (au\u00dfer an Feiertagen)&lt;\/span&gt;&lt;br role=&quot;presentation&quot; \/&gt;&lt;span dir=&quot;ltr&quot; role=&quot;presentation&quot;&gt;Kosten:&lt;\/span&gt;&lt;span dir=&quot;ltr&quot; role=&quot;presentation&quot;&gt; \u20ac 2,50 pro Treffen (f\u00fcr Mitglieder kostenlos) &lt;\/span&gt;&lt;\/p&gt; \",\n            \"image\": \"\",\n            \"name\": \"Offenes Kleinkindertreffen  am DO\",\n            \"url\": \"https:\/\/www.ekiz-sued.at\/ekiz\/events\/offenes-baby-und-kleinkindertreffen-elterncafe-fuer-mama-papa-oma-opa-2\/?occurrence=2026-04-23\"\n        }\n        <\/script>\n                                <article class=\"mec-past-event mec-event-article   \">\n                <div class=\"mec-event-list-weekly-date mec-color\"><span class=\"mec-date-day\">23<\/span>April<\/div>\n                <div class=\"mec-event-image\"><\/div>\n                \n                                <div class=\"mec-event-time mec-color\"><i class=\"mec-sl-clock-o\"><\/i> 9:30<\/div>\n                \n                <h4 class=\"mec-event-title\"><a class=\"mec-color-hover\"  data-event-id=\"3910\" href=\"https:\/\/www.ekiz-sued.at\/ekiz\/events\/offenes-baby-und-kleinkindertreffen-elterncafe-fuer-mama-papa-oma-opa-2\/?occurrence=2026-04-23\" target=\"m1\" rel=\"noopener\">Offenes Kleinkindertreffen  am DO<\/a><span class=\"event-color\" style=\"background: #\"><\/span><\/h4>\n                                <div class=\"mec-event-detail\"><div class=\"mec-event-loc-place\">Ekiz Wagna<\/div><\/div>\n                                                                            <\/article>\n                            <script type=\"application\/ld+json\">\n        {\n            \"@context\": \"http:\/\/schema.org\",\n            \"@type\": \"Event\",\n            \"eventStatus\": \"https:\/\/schema.org\/EventScheduled\",\n            \"startDate\": \"2026-04-23\",\n            \"endDate\": \"2026-04-23\",\n            \"eventAttendanceMode\": \"https:\/\/schema.org\/OfflineEventAttendanceMode\",\n            \"location\":\n            {\n                \"@type\": \"Place\",\n                                \"name\": \"Familienzentrum Leibnitz\",\n                \"image\": \"\",\n                \"address\": \"\"\n                            },\n            \"organizer\":\n            {\n                \"@type\": \"Person\",\n                \"name\": \"\",\n                \"url\": \"\"\n            },\n            \"offers\":\n            {\n                \"url\": \"https:\/\/www.ekiz-sued.at\/ekiz\/events\/ernaehrungsworkshop-im-beikostalter\/\",\n                \"price\": \"\",\n                \"priceCurrency\": \"EUR\",\n                \"availability\": \"https:\/\/schema.org\/InStock\",\n                \"validFrom\": \"2026-04-23T00:00\"\n            },\n            \"performer\": \"\",\n            \"description\": \"&lt;p&gt;&lt;strong&gt;&lt;span dir=&quot;ltr&quot; role=&quot;presentation&quot;&gt;Babys erstes L\u00f6ffelchen&lt;\/span&gt;&lt;\/strong&gt;&lt;\/p&gt; &lt;p&gt;&lt;span dir=&quot;ltr&quot; role=&quot;presentation&quot;&gt;Etwa ab dem sechsten Lebensmonat reicht Muttermilch alleine nicht mehr &lt;\/span&gt;&lt;br role=&quot;presentation&quot; \/&gt;&lt;span dir=&quot;ltr&quot; role=&quot;presentation&quot;&gt;aus, um den Energie- und N\u00e4hrstoffbedarf des S\u00e4uglings zu decken. &lt;\/span&gt; &lt;br role=&quot;presentation&quot; \/&gt;&lt;br role=&quot;presentation&quot; \/&gt;&lt;span dir=&quot;ltr&quot; role=&quot;presentation&quot;&gt;Es ist an der Zeit, das Baby an Beikost zu gew\u00f6hnen. Dieser \u00dcbergang von &lt;\/span&gt;&lt;br role=&quot;presentation&quot; \/&gt;&lt;span dir=&quot;ltr&quot; role=&quot;presentation&quot;&gt;Muttermilch zu \u201enormaler\u201c Kost soll behutsam und Schritt f\u00fcr Schritt erfolgen.&lt;\/span&gt;&lt;br role=&quot;presentation&quot; \/&gt;&lt;span dir=&quot;ltr&quot; role=&quot;presentation&quot;&gt;Inhalte: Milchs\u00e4uglingsnahrungen \u2013 Unterschiede, was versteht man unter &lt;\/span&gt;&lt;br role=&quot;presentation&quot; \/&gt;&lt;span dir=&quot;ltr&quot; role=&quot;presentation&quot;&gt;Beikost, wann kann ich mit der Beikost beginnen, Pr\u00e4gung der Geschmacks-&lt;\/span&gt;&lt;br role=&quot;presentation&quot; \/&gt;&lt;span dir=&quot;ltr&quot; role=&quot;presentation&quot;&gt;vorlieben, Energie- und N\u00e4hrstoffbedarf des Kindes, Mahlzeitenzubereitung &lt;\/span&gt;&lt;span dir=&quot;ltr&quot; role=&quot;presentation&quot;&gt;und Rezepte, Ma\u00dfnahmen zur Verhinderung von Allergien und Z\u00f6liakie&lt;\/span&gt;&lt;\/p&gt; &lt;p&gt;&lt;br role=&quot;presentation&quot; \/&gt;&lt;span dir=&quot;ltr&quot; role=&quot;presentation&quot;&gt;Kosten:&lt;\/span&gt;&lt;span dir=&quot;ltr&quot; role=&quot;presentation&quot;&gt; keine, finanziert \u00fcber das Projekt \u201eRichtig essen von Anfang an\u201c&lt;\/span&gt; &lt;br role=&quot;presentation&quot; \/&gt;&lt;span dir=&quot;ltr&quot; role=&quot;presentation&quot;&gt;Anmeldung:&lt;\/span&gt; &lt;span dir=&quot;ltr&quot; role=&quot;presentation&quot;&gt;Mo-Fr von 8-12h unter 05 0766 1511-31&lt;\/span&gt;&lt;br role=&quot;presentation&quot; \/&gt;&lt;span dir=&quot;ltr&quot; role=&quot;presentation&quot;&gt;oder richtigessen-15@oegk.at&lt;\/span&gt;&lt;br role=&quot;presentation&quot; \/&gt;&lt;span dir=&quot;ltr&quot; role=&quot;presentation&quot;&gt;Leitung: Ulrike Kettl, Di\u00e4tologin&lt;\/span&gt;&lt;\/p&gt; \",\n            \"image\": \"\",\n            \"name\": \"Ern\u00e4hrungsworkshop im Beikostalter:\",\n            \"url\": \"https:\/\/www.ekiz-sued.at\/ekiz\/events\/ernaehrungsworkshop-im-beikostalter\/?occurrence=2026-04-23&time=1776952800\"\n        }\n        <\/script>\n                                <article class=\"mec-past-event mec-event-article   \">\n                <div class=\"mec-event-list-weekly-date mec-color\"><span class=\"mec-date-day\">23<\/span>April<\/div>\n                <div class=\"mec-event-image\"><\/div>\n                \n                                <div class=\"mec-event-time mec-color\"><i class=\"mec-sl-clock-o\"><\/i> 14:00 - 16:30<\/div>\n                \n                <h4 class=\"mec-event-title\"><a class=\"mec-color-hover\"  data-event-id=\"3898\" href=\"https:\/\/www.ekiz-sued.at\/ekiz\/events\/ernaehrungsworkshop-im-beikostalter\/?occurrence=2026-04-23&time=1776952800\" target=\"m1\" rel=\"noopener\">Ern\u00e4hrungsworkshop im Beikostalter:<\/a><span class=\"event-color\" style=\"background: #\"><\/span><\/h4>\n                                <div class=\"mec-event-detail\"><div class=\"mec-event-loc-place\">Familienzentrum Leibnitz<\/div><\/div>\n                                                                            <\/article>\n                            <script type=\"application\/ld+json\">\n        {\n            \"@context\": \"http:\/\/schema.org\",\n            \"@type\": \"Event\",\n            \"eventStatus\": \"https:\/\/schema.org\/EventScheduled\",\n            \"startDate\": \"2026-04-23\",\n            \"endDate\": \"2026-04-23\",\n            \"eventAttendanceMode\": \"https:\/\/schema.org\/OfflineEventAttendanceMode\",\n            \"location\":\n            {\n                \"@type\": \"Place\",\n                                \"name\": \"Familienzentrum Leibnitz\",\n                \"image\": \"\",\n                \"address\": \"\"\n                            },\n            \"organizer\":\n            {\n                \"@type\": \"Person\",\n                \"name\": \"\",\n                \"url\": \"\"\n            },\n            \"offers\":\n            {\n                \"url\": \"https:\/\/www.ekiz-sued.at\/ekiz\/events\/resilienz-was-unsere-kinder-psychisch-stark-macht\/\",\n                \"price\": \"\",\n                \"priceCurrency\": \"EUR\",\n                \"availability\": \"https:\/\/schema.org\/InStock\",\n                \"validFrom\": \"2026-04-23T00:00\"\n            },\n            \"performer\": \"\",\n            \"description\": \"&lt;p&gt;In dem Workshop werden wir uns damit besch\u00e4ftigen, wie wir&lt;br \/&gt; unsere Kinder in psychischer Sicht st\u00e4rken k\u00f6nnen.&lt;br \/&gt; Welche Krisen es gibt und wie Kinder und Jugendliche Krisen&lt;br \/&gt; bew\u00e4ltigen k\u00f6nnen. Welche Schutzfaktoren es gibt um Krisen gut&lt;br \/&gt; bew\u00e4ltigen zu k\u00f6nnen. Sie bekommen einige praktische&lt;br \/&gt; Anregungen an die Hand um ihr Kind widerstandsf\u00e4higerin Krisen&lt;br \/&gt; werden zu lassen.&lt;\/p&gt; &lt;p&gt;F\u00fcr MultiplikatorInnen und interessierte Eltern: Krisen und&lt;br \/&gt; Suizidalit\u00e4t erkennen: Krisen erkennen -Abgrenzung zur Sui-&lt;br \/&gt; zidalit\u00e4t, Arten von Krisen, Zahlen und Fakten Gespr\u00e4chsf\u00fchrung,&lt;br \/&gt; Hilfsm\u00f6glichkeiten&lt;\/p&gt; &lt;p&gt;&nbsp;&lt;\/p&gt; &lt;p&gt;Leitung: Mag. Sonja Schuster, Psychotherapeutin,&lt;br \/&gt; GO ON Suizidpr\u00e4vention Steiermark&lt;\/p&gt; &lt;p&gt;Kostenlos&lt;\/p&gt; \",\n            \"image\": \"\",\n            \"name\": \"Resilienz- Was unsere Kinder psychisch stark macht!\",\n            \"url\": \"https:\/\/www.ekiz-sued.at\/ekiz\/events\/resilienz-was-unsere-kinder-psychisch-stark-macht\/?occurrence=2026-04-23&time=1776967200\"\n        }\n        <\/script>\n                                <article class=\"mec-past-event mec-event-article   \">\n                <div class=\"mec-event-list-weekly-date mec-color\"><span class=\"mec-date-day\">23<\/span>April<\/div>\n                <div class=\"mec-event-image\"><\/div>\n                \n                                <div class=\"mec-event-time mec-color\"><i class=\"mec-sl-clock-o\"><\/i> 18:00 - 20:00<\/div>\n                \n                <h4 class=\"mec-event-title\"><a class=\"mec-color-hover\"  data-event-id=\"4226\" href=\"https:\/\/www.ekiz-sued.at\/ekiz\/events\/resilienz-was-unsere-kinder-psychisch-stark-macht\/?occurrence=2026-04-23&time=1776967200\" target=\"m1\" rel=\"noopener\">Resilienz- Was unsere Kinder psychisch stark macht!<\/a><span class=\"event-color\" style=\"background: #\"><\/span><\/h4>\n                                <div class=\"mec-event-detail\"><div class=\"mec-event-loc-place\">Familienzentrum Leibnitz<\/div><\/div>\n                                                                            <\/article>\n            <\/li>\n                    <li class=\"mec-weekly-view-date-events mec-util-hidden mec-calendar-day-events mec-clear mec-weekly-view-week-3699-2026044\" id=\"mec_weekly_view_date_events3699_20260424\" data-week-number=\"4\">\n                            <script type=\"application\/ld+json\">\n        {\n            \"@context\": \"http:\/\/schema.org\",\n            \"@type\": \"Event\",\n            \"eventStatus\": \"https:\/\/schema.org\/EventScheduled\",\n            \"startDate\": \"2026-04-24\",\n            \"endDate\": \"2026-04-24\",\n            \"eventAttendanceMode\": \"https:\/\/schema.org\/OfflineEventAttendanceMode\",\n            \"location\":\n            {\n                \"@type\": \"Place\",\n                                \"name\": \"\",\n                \"image\": \"\",\n                \"address\": \"\"\n                            },\n            \"organizer\":\n            {\n                \"@type\": \"Person\",\n                \"name\": \"\",\n                \"url\": \"\"\n            },\n            \"offers\":\n            {\n                \"url\": \"https:\/\/www.ekiz-sued.at\/ekiz\/events\/__trashed\/\",\n                \"price\": \"\u20ac4.00\",\n                \"priceCurrency\": \"EUR\",\n                \"availability\": \"https:\/\/schema.org\/InStock\",\n                \"validFrom\": \"2026-04-24T00:00\"\n            },\n            \"performer\": \"\",\n            \"description\": \"&lt;p&gt;&lt;span dir=&quot;ltr&quot; role=&quot;presentation&quot;&gt;Zu unserer Stillgruppe laden wir alle Mamas und andere Stillinteressierte &lt;\/span&gt;&lt;br role=&quot;presentation&quot; \/&gt;&lt;span dir=&quot;ltr&quot; role=&quot;presentation&quot;&gt;herzlich ein, sich mit uns rund ums Thema Stillen auszutauschen, &lt;\/span&gt;&lt;br role=&quot;presentation&quot; \/&gt;&lt;span dir=&quot;ltr&quot; role=&quot;presentation&quot;&gt;Informationen einzuholen und sich gegenseitig zu unterst\u00fctzen.&lt;\/span&gt;&lt;br role=&quot;presentation&quot; \/&gt;&lt;span dir=&quot;ltr&quot; role=&quot;presentation&quot;&gt;Wir werden uns zus\u00e4tzlich mit weiteren Themen wie beispielsweise &lt;\/span&gt;&lt;br role=&quot;presentation&quot; \/&gt;&lt;span dir=&quot;ltr&quot; role=&quot;presentation&quot;&gt;sicheres Schlafen, Beikost, Bed\u00fcrfnisse von Mama und Kind, sowie mit &lt;\/span&gt;&lt;br role=&quot;presentation&quot; \/&gt;&lt;span dir=&quot;ltr&quot; role=&quot;presentation&quot;&gt;dem Thema Abstillen besch\u00e4ftigen. &lt;\/span&gt;&lt;br role=&quot;presentation&quot; \/&gt;&lt;br role=&quot;presentation&quot; \/&gt;&lt;span dir=&quot;ltr&quot; role=&quot;presentation&quot;&gt;Gerne sind wir auch bereit auf andere Themenvorschl\u00e4ge einzugehen.&lt;\/span&gt;&lt;\/p&gt; &lt;p&gt;&lt;span dir=&quot;ltr&quot; role=&quot;presentation&quot;&gt;Kosten:&lt;\/span&gt;&lt;span dir=&quot;ltr&quot; role=&quot;presentation&quot;&gt; \u20ac 4,- (f\u00fcr Mitglieder kostenlos) &lt;\/span&gt;&lt;br role=&quot;presentation&quot; \/&gt;&lt;span dir=&quot;ltr&quot; role=&quot;presentation&quot;&gt;Leitung: Marietta Kortschak, Stillberaterin&lt;\/span&gt;&lt;\/p&gt; \",\n            \"image\": \"\",\n            \"name\": \"Stillgruppe im Familienzentrum Leibnitz\",\n            \"url\": \"https:\/\/www.ekiz-sued.at\/ekiz\/events\/__trashed\/?occurrence=2026-04-24&time=1777021200\"\n        }\n        <\/script>\n                                <article class=\"mec-past-event mec-event-article   \">\n                <div class=\"mec-event-list-weekly-date mec-color\"><span class=\"mec-date-day\">24<\/span>April<\/div>\n                <div class=\"mec-event-image\"><\/div>\n                \n                                <div class=\"mec-event-time mec-color\"><i class=\"mec-sl-clock-o\"><\/i> 9:00 - 10:30<\/div>\n                \n                <h4 class=\"mec-event-title\"><a class=\"mec-color-hover\"  data-event-id=\"3780\" href=\"https:\/\/www.ekiz-sued.at\/ekiz\/events\/__trashed\/?occurrence=2026-04-24&time=1777021200\" target=\"m1\" rel=\"noopener\">Stillgruppe im Familienzentrum Leibnitz<\/a><span class=\"event-color\" style=\"background: #\"><\/span><\/h4>\n                                <div class=\"mec-event-detail\"><div class=\"mec-event-loc-place\"><\/div><\/div>\n                                                                            <\/article>\n                            <script type=\"application\/ld+json\">\n        {\n            \"@context\": \"http:\/\/schema.org\",\n            \"@type\": \"Event\",\n            \"eventStatus\": \"https:\/\/schema.org\/EventScheduled\",\n            \"startDate\": \"2026-04-24\",\n            \"endDate\": \"2026-04-24\",\n            \"eventAttendanceMode\": \"https:\/\/schema.org\/OfflineEventAttendanceMode\",\n            \"location\":\n            {\n                \"@type\": \"Place\",\n                                \"name\": \"Familienzentrum Leibnitz\",\n                \"image\": \"\",\n                \"address\": \"\"\n                            },\n            \"organizer\":\n            {\n                \"@type\": \"Person\",\n                \"name\": \"\",\n                \"url\": \"\"\n            },\n            \"offers\":\n            {\n                \"url\": \"https:\/\/www.ekiz-sued.at\/ekiz\/events\/kinderkrankheiten-natuerlich-lindern\/\",\n                \"price\": \"\u20ac39.00\",\n                \"priceCurrency\": \"EUR\",\n                \"availability\": \"https:\/\/schema.org\/InStock\",\n                \"validFrom\": \"2026-04-24T00:00\"\n            },\n            \"performer\": \"\",\n            \"description\": \"&lt;p&gt;Ein Workshop f\u00fcr Familien, die Ihr Kind mit bew\u00e4hrten Hausmitteln gut&lt;br \/&gt; begleiten m\u00f6chten, wenn es krank ist oder Beschwerden hat. Du m\u00f6chtest&lt;br \/&gt; Dein Kind auf nat\u00fcrliche Weise beim Genesen unterst\u00fctzen, wei\u00dft aber&lt;br \/&gt; nicht wie und m\u00f6chtest wissen welche Hausmittel f\u00fcr S\u00e4uglinge und kleine&lt;br \/&gt; Kinder geeignet sind?&lt;br \/&gt; In diesem Vortrag erhaltest Du Tipps zur Linderung von Husten, Schnupfen,&lt;br \/&gt; Fieber, Ohrenschmerzen, Bauchschmerzen, Zahnen und wundem Po aus der&lt;br \/&gt; Naturheilkunde und Hom\u00f6opathie.&lt;\/p&gt; &lt;p&gt;Die Hausmittel und deren Anwendung werden an einer Puppe gezeigt,&lt;br \/&gt; damit Du die n\u00f6tige Sicherheit im Umgang mit den kleinen Patienten&lt;br \/&gt; bekommst. Alle Anwendungen sind auch bei gr\u00f6\u00dferen Kindern und Erwach-&lt;br \/&gt; senen m\u00f6glich!&lt;\/p&gt; &lt;p&gt;Zielgruppe:&lt;br \/&gt; Schwangere bzw. werdende Eltern, Eltern mit Babys und Kleinkinder,&lt;br \/&gt; Gro\u00dfeltern oder andere Bezugspersonen&lt;\/p&gt; &lt;p&gt;&nbsp;&lt;\/p&gt; &lt;p&gt;Referentin: Yvonne Rothmann&lt;\/p&gt; \",\n            \"image\": \"\",\n            \"name\": \"Kinderkrankheiten nat\u00fcrlich lindern\",\n            \"url\": \"https:\/\/www.ekiz-sued.at\/ekiz\/events\/kinderkrankheiten-natuerlich-lindern\/?occurrence=2026-04-24&time=1777021200\"\n        }\n        <\/script>\n                                <article class=\"mec-past-event mec-event-article   \">\n                <div class=\"mec-event-list-weekly-date mec-color\"><span class=\"mec-date-day\">24<\/span>April<\/div>\n                <div class=\"mec-event-image\"><\/div>\n                \n                                <div class=\"mec-event-time mec-color\"><i class=\"mec-sl-clock-o\"><\/i> 9:00 - 11:00<\/div>\n                \n                <h4 class=\"mec-event-title\"><a class=\"mec-color-hover\"  data-event-id=\"4279\" href=\"https:\/\/www.ekiz-sued.at\/ekiz\/events\/kinderkrankheiten-natuerlich-lindern\/?occurrence=2026-04-24&time=1777021200\" target=\"m1\" rel=\"noopener\">Kinderkrankheiten nat\u00fcrlich lindern<\/a><span class=\"event-color\" style=\"background: #\"><\/span><\/h4>\n                                <div class=\"mec-event-detail\"><div class=\"mec-event-loc-place\">Familienzentrum Leibnitz<\/div><\/div>\n                                                                            <\/article>\n            <\/li>\n                                            <li class=\"mec-weekly-view-date-events mec-util-hidden mec-calendar-day-events mec-clear mec-weekly-view-week-3699-2026045\" id=\"mec_weekly_view_date_events3699_20260427\" data-week-number=\"5\">\n                            <script type=\"application\/ld+json\">\n        {\n            \"@context\": \"http:\/\/schema.org\",\n            \"@type\": \"Event\",\n            \"eventStatus\": \"https:\/\/schema.org\/EventScheduled\",\n            \"startDate\": \"2026-04-27\",\n            \"endDate\": \"2026-04-27\",\n            \"eventAttendanceMode\": \"https:\/\/schema.org\/OfflineEventAttendanceMode\",\n            \"location\":\n            {\n                \"@type\": \"Place\",\n                                \"name\": \"Ekiz Wagna\",\n                \"image\": \"\",\n                \"address\": \"\"\n                            },\n            \"organizer\":\n            {\n                \"@type\": \"Person\",\n                \"name\": \"\",\n                \"url\": \"\"\n            },\n            \"offers\":\n            {\n                \"url\": \"https:\/\/www.ekiz-sued.at\/ekiz\/events\/englisch-fuer-volksschulkinder-137\/\",\n                \"price\": \"\",\n                \"priceCurrency\": \"EUR\",\n                \"availability\": \"https:\/\/schema.org\/InStock\",\n                \"validFrom\": \"2026-04-27T00:00\"\n            },\n            \"performer\": \"\",\n            \"description\": \"&lt;p&gt;Spielerisch lernen mit Liedern, Reimen, Spielen, Bewegung &amp; Konversation.&lt;\/p&gt; &lt;p&gt;Start Sommersemester: 23.02.2026&lt;br \/&gt; Start Wintersemester 21.09.2026&lt;br \/&gt; montags 14:30-15:15, 15:25-16:10, oder 16:20-17:05&lt;\/p&gt; &lt;p&gt;Leitung: Native Speaker Sarah Nicholson. Langj\u00e4hrige Erfahrung als&lt;br \/&gt; Englisch-Trainerin f\u00fcr Kinder, Jugendliche und Erwachsene, ausgebildete S\u00e4ngerin und Mutter von zwei Kindern.&lt;\/p&gt; &lt;p&gt;Anmeldung: Senden Sie mir bitte den Namen und Geburtsdatum Ihres&lt;br \/&gt; Kindes, Ihre E-Mail Adresse und Telefonnummer an Sarah Nicholson&lt;br \/&gt; sarahsopraan@gmail.com oder 0676 447 6910.&lt;\/p&gt; \",\n            \"image\": \"\",\n            \"name\": \"Englisch f\u00fcr Kindergartenkinder ab 4 Jahre\",\n            \"url\": \"https:\/\/www.ekiz-sued.at\/ekiz\/events\/englisch-fuer-volksschulkinder-137\/?occurrence=2026-04-27\"\n        }\n        <\/script>\n                                <article class=\"mec-past-event mec-event-article   \">\n                <div class=\"mec-event-list-weekly-date mec-color\"><span class=\"mec-date-day\">27<\/span>April<\/div>\n                <div class=\"mec-event-image\"><\/div>\n                \n                                <div class=\"mec-event-time mec-color\"><i class=\"mec-sl-clock-o\"><\/i> 14:30<\/div>\n                \n                <h4 class=\"mec-event-title\"><a class=\"mec-color-hover\"  data-event-id=\"4235\" href=\"https:\/\/www.ekiz-sued.at\/ekiz\/events\/englisch-fuer-volksschulkinder-137\/?occurrence=2026-04-27\" target=\"m1\" rel=\"noopener\">Englisch f\u00fcr Kindergartenkinder ab 4 Jahre<\/a><span class=\"event-color\" style=\"background: #\"><\/span><\/h4>\n                                <div class=\"mec-event-detail\"><div class=\"mec-event-loc-place\">Ekiz Wagna<\/div><\/div>\n                                                                            <\/article>\n                            <script type=\"application\/ld+json\">\n        {\n            \"@context\": \"http:\/\/schema.org\",\n            \"@type\": \"Event\",\n            \"eventStatus\": \"https:\/\/schema.org\/EventScheduled\",\n            \"startDate\": \"2026-04-27\",\n            \"endDate\": \"2026-04-27\",\n            \"eventAttendanceMode\": \"https:\/\/schema.org\/OfflineEventAttendanceMode\",\n            \"location\":\n            {\n                \"@type\": \"Place\",\n                                \"name\": \"ONLINE\",\n                \"image\": \"\",\n                \"address\": \"via ZOOM\"\n                            },\n            \"organizer\":\n            {\n                \"@type\": \"Person\",\n                \"name\": \"\",\n                \"url\": \"\"\n            },\n            \"offers\":\n            {\n                \"url\": \"https:\/\/www.ekiz-sued.at\/ekiz\/events\/konflikte-beruhigend-begleiten-2-129-390\/\",\n                \"price\": \"\u20ac10.00\",\n                \"priceCurrency\": \"EUR\",\n                \"availability\": \"https:\/\/schema.org\/InStock\",\n                \"validFrom\": \"2026-04-27T00:00\"\n            },\n            \"performer\": \"\",\n            \"description\": \"&lt;p&gt;Vom ersten Atemzug zum ersten L\u00e4cheln, \u00fcber die ersten Schritte und&lt;br \/&gt; Worte hin zum Entdecken des eigenen \u201eICHs\u201c.&lt;br \/&gt; Jeder Entwicklungsschritt bringt neue Herausforderungen f\u00fcr Eltern und&lt;br \/&gt; Kind mit sich. Ein Abend mit gut gef\u00fclltem Werkzeugkoffer, um unsere&lt;br \/&gt; Kinder individuell unterst\u00fctzen und begleiten zu k\u00f6nnen.&lt;br \/&gt; Wer? Mag.a R\u00fchl-Krainer Sabine, Klin. Gesundheitspsychologin, zertif.&lt;br \/&gt; Elternbildnerin&lt;\/p&gt; &lt;p&gt;Kosten: 10 Euro&lt;\/p&gt; &lt;p&gt;&nbsp;&lt;\/p&gt; \",\n            \"image\": \"\",\n            \"name\": \"Erziehungswerkzeugkoffer f\u00fcrs 1. &#038; 2. Lebensjahr\",\n            \"url\": \"https:\/\/www.ekiz-sued.at\/ekiz\/events\/konflikte-beruhigend-begleiten-2-129-390\/?occurrence=2026-04-27\"\n        }\n        <\/script>\n                                <article class=\"mec-past-event mec-event-article   \">\n                <div class=\"mec-event-list-weekly-date mec-color\"><span class=\"mec-date-day\">27<\/span>April<\/div>\n                <div class=\"mec-event-image\"><\/div>\n                \n                                <div class=\"mec-event-time mec-color\"><i class=\"mec-sl-clock-o\"><\/i> 19:30<\/div>\n                \n                <h4 class=\"mec-event-title\"><a class=\"mec-color-hover\"  data-event-id=\"4178\" href=\"https:\/\/www.ekiz-sued.at\/ekiz\/events\/konflikte-beruhigend-begleiten-2-129-390\/?occurrence=2026-04-27\" target=\"m1\" rel=\"noopener\">Erziehungswerkzeugkoffer f\u00fcrs 1. &#038; 2. Lebensjahr<\/a><span class=\"event-color\" style=\"background: #\"><\/span><\/h4>\n                                <div class=\"mec-event-detail\"><div class=\"mec-event-loc-place\">ONLINE<\/div><\/div>\n                                                                            <\/article>\n            <\/li>\n                    <li class=\"mec-weekly-view-date-events mec-util-hidden mec-calendar-day-events mec-clear mec-weekly-view-week-3699-2026045\" id=\"mec_weekly_view_date_events3699_20260428\" data-week-number=\"5\">\n                            <script type=\"application\/ld+json\">\n        {\n            \"@context\": \"http:\/\/schema.org\",\n            \"@type\": \"Event\",\n            \"eventStatus\": \"https:\/\/schema.org\/EventScheduled\",\n            \"startDate\": \"2026-04-28\",\n            \"endDate\": \"2026-04-28\",\n            \"eventAttendanceMode\": \"https:\/\/schema.org\/OfflineEventAttendanceMode\",\n            \"location\":\n            {\n                \"@type\": \"Place\",\n                                \"name\": \"Familienzentrum Leibnitz\",\n                \"image\": \"\",\n                \"address\": \"\"\n                            },\n            \"organizer\":\n            {\n                \"@type\": \"Person\",\n                \"name\": \"\",\n                \"url\": \"\"\n            },\n            \"offers\":\n            {\n                \"url\": \"https:\/\/www.ekiz-sued.at\/ekiz\/events\/babycafe-2\/\",\n                \"price\": \"\",\n                \"priceCurrency\": \"EUR\",\n                \"availability\": \"https:\/\/schema.org\/InStock\",\n                \"validFrom\": \"2026-04-28T00:00\"\n            },\n            \"performer\": \"\",\n            \"description\": \"&lt;p&gt;&lt;span dir=&quot;ltr&quot; role=&quot;presentation&quot;&gt;Eingeladen sind alle Babys mit ihren M\u00fcttern und V\u00e4tern von &lt;\/span&gt;&lt;br role=&quot;presentation&quot; \/&gt;&lt;span dir=&quot;ltr&quot; role=&quot;presentation&quot;&gt;0 \u2013 1 Jahr. Dieses Treffen bietet die M\u00f6glichkeit in gem\u00fctlicher &lt;\/span&gt;&lt;br role=&quot;presentation&quot; \/&gt;&lt;span dir=&quot;ltr&quot; role=&quot;presentation&quot;&gt;Runde mit anderen Eltern Kontakte zu kn\u00fcpfen und Erfahrungen &lt;\/span&gt;&lt;br role=&quot;presentation&quot; \/&gt;&lt;span dir=&quot;ltr&quot; role=&quot;presentation&quot;&gt;auszutauschen.&lt;br \/&gt; &lt;\/span&gt;&lt;br role=&quot;presentation&quot; \/&gt;&lt;span dir=&quot;ltr&quot; role=&quot;presentation&quot;&gt;Vor allem in den ersten Wochen mit dem Baby, treten oft kleine &lt;\/span&gt;&lt;br role=&quot;presentation&quot; \/&gt;&lt;span dir=&quot;ltr&quot; role=&quot;presentation&quot;&gt;Unsicherheiten im Umgang mit dem Baby auf. Unter fachkundiger &lt;\/span&gt;&lt;br role=&quot;presentation&quot; \/&gt;&lt;span dir=&quot;ltr&quot; role=&quot;presentation&quot;&gt;Leitung k\u00f6nnen aktuelle Probleme und andere Themen &lt;\/span&gt;&lt;br role=&quot;presentation&quot; \/&gt;&lt;span dir=&quot;ltr&quot; role=&quot;presentation&quot;&gt;angesprochen werden.&lt;br \/&gt; &lt;\/span&gt;&lt;br role=&quot;presentation&quot; \/&gt;&lt;span dir=&quot;ltr&quot; role=&quot;presentation&quot;&gt;Weiters haben Eltern die M\u00f6glichkeit ihr Baby zu wiegen und in &lt;\/span&gt;&lt;br role=&quot;presentation&quot; \/&gt;&lt;span dir=&quot;ltr&quot; role=&quot;presentation&quot;&gt;unserer B\u00fccherei weiterf\u00fchrende Literatur zum Thema Baby und &lt;\/span&gt;&lt;br role=&quot;presentation&quot; \/&gt;&lt;span dir=&quot;ltr&quot; role=&quot;presentation&quot;&gt;Stillen zu erhalten.&lt;br \/&gt; &lt;\/span&gt;&lt;br role=&quot;presentation&quot; \/&gt;&lt;span dir=&quot;ltr&quot; role=&quot;presentation&quot;&gt;Termin:&lt;\/span&gt;&lt;span dir=&quot;ltr&quot; role=&quot;presentation&quot;&gt; Jeden Dienstag von 9.30 \u2013 11.00 Uhr &lt;\/span&gt;&lt;br role=&quot;presentation&quot; \/&gt;&lt;span dir=&quot;ltr&quot; role=&quot;presentation&quot;&gt;Kosten:&lt;\/span&gt;&lt;span dir=&quot;ltr&quot; role=&quot;presentation&quot;&gt; \u20ac 3,50 (f\u00fcr Mitglieder kostenlos)&lt;\/span&gt;&lt;br role=&quot;presentation&quot; \/&gt;&lt;span dir=&quot;ltr&quot; role=&quot;presentation&quot;&gt;Leitung: Barbara Maderthaner, Dipl. Kinderkrankenschwester&lt;\/span&gt;&lt;\/p&gt; \",\n            \"image\": \"\",\n            \"name\": \"Babycaf\u00e8\",\n            \"url\": \"https:\/\/www.ekiz-sued.at\/ekiz\/events\/babycafe-2\/?occurrence=2026-04-28\"\n        }\n        <\/script>\n                                <article class=\"mec-past-event mec-event-article   \">\n                <div class=\"mec-event-list-weekly-date mec-color\"><span class=\"mec-date-day\">28<\/span>April<\/div>\n                <div class=\"mec-event-image\"><\/div>\n                \n                                <div class=\"mec-event-time mec-color\"><i class=\"mec-sl-clock-o\"><\/i> 9:30 - 11:00<\/div>\n                \n                <h4 class=\"mec-event-title\"><a class=\"mec-color-hover\"  data-event-id=\"3911\" href=\"https:\/\/www.ekiz-sued.at\/ekiz\/events\/babycafe-2\/?occurrence=2026-04-28\" target=\"m1\" rel=\"noopener\">Babycaf\u00e8<\/a><span class=\"event-color\" style=\"background: #\"><\/span><\/h4>\n                                <div class=\"mec-event-detail\"><div class=\"mec-event-loc-place\">Familienzentrum Leibnitz<\/div><\/div>\n                                                                            <\/article>\n                            <script type=\"application\/ld+json\">\n        {\n            \"@context\": \"http:\/\/schema.org\",\n            \"@type\": \"Event\",\n            \"eventStatus\": \"https:\/\/schema.org\/EventScheduled\",\n            \"startDate\": \"2026-04-28\",\n            \"endDate\": \"2026-04-28\",\n            \"eventAttendanceMode\": \"https:\/\/schema.org\/OfflineEventAttendanceMode\",\n            \"location\":\n            {\n                \"@type\": \"Place\",\n                                \"name\": \"Ekiz Wagna\",\n                \"image\": \"\",\n                \"address\": \"\"\n                            },\n            \"organizer\":\n            {\n                \"@type\": \"Person\",\n                \"name\": \"\",\n                \"url\": \"\"\n            },\n            \"offers\":\n            {\n                \"url\": \"https:\/\/www.ekiz-sued.at\/ekiz\/events\/offenes-baby-und-kleinkindertreffen-elterncafe-fuer-mama-papa-oma-opa\/\",\n                \"price\": \"\",\n                \"priceCurrency\": \"EUR\",\n                \"availability\": \"https:\/\/schema.org\/InStock\",\n                \"validFrom\": \"2026-04-28T00:00\"\n            },\n            \"performer\": \"\",\n            \"description\": \"&lt;p&gt;&lt;span dir=&quot;ltr&quot; role=&quot;presentation&quot;&gt;Babys und Kleinkinder, die erste Kontakte mit gleichaltrigen &lt;\/span&gt;&lt;br role=&quot;presentation&quot; \/&gt;&lt;span dir=&quot;ltr&quot; role=&quot;presentation&quot;&gt;SpielkollegInnen kn\u00fcpfen wollen, k\u00f6nnen bei uns spielen, &lt;\/span&gt;&lt;br role=&quot;presentation&quot; \/&gt;&lt;span dir=&quot;ltr&quot; role=&quot;presentation&quot;&gt;toben, Spa\u00df haben.&lt;br \/&gt; &lt;\/span&gt;&lt;br role=&quot;presentation&quot; \/&gt;&lt;span dir=&quot;ltr&quot; role=&quot;presentation&quot;&gt;Besonders in der Zeit, in der die Kinder noch sehr klein sind, &lt;\/span&gt;&lt;br role=&quot;presentation&quot; \/&gt;&lt;span dir=&quot;ltr&quot; role=&quot;presentation&quot;&gt;ist es meist f\u00fcr die M\u00fctter eine Bereicherung, sich &lt;\/span&gt;&lt;br role=&quot;presentation&quot; \/&gt;&lt;span dir=&quot;ltr&quot; role=&quot;presentation&quot;&gt;mit anderen Eltern, die sich in derselben Lebensphase befinden, &lt;\/span&gt;&lt;br role=&quot;presentation&quot; \/&gt;&lt;span dir=&quot;ltr&quot; role=&quot;presentation&quot;&gt;auszutauschen. Eine Elternbildnerin begleitet einige dieser &lt;\/span&gt;&lt;br role=&quot;presentation&quot; \/&gt;&lt;span dir=&quot;ltr&quot; role=&quot;presentation&quot;&gt;Treffen und steht f\u00fcr Fragen zur Verf\u00fcgung.&lt;\/span&gt;&lt;\/p&gt; &lt;p&gt;&nbsp;&lt;\/p&gt; &lt;p&gt;&lt;span dir=&quot;ltr&quot; role=&quot;presentation&quot;&gt;Termine:&lt;\/span&gt; &lt;span dir=&quot;ltr&quot; role=&quot;presentation&quot;&gt;Jeden Dienstag von 16 bis 17.30 Uhr &lt;\/span&gt;&lt;span dir=&quot;ltr&quot; role=&quot;presentation&quot;&gt;(au\u00dfer an Feiertagen und im August)&lt;\/span&gt;&lt;br role=&quot;presentation&quot; \/&gt;&lt;span dir=&quot;ltr&quot; role=&quot;presentation&quot;&gt;Kosten:&lt;\/span&gt;&lt;span dir=&quot;ltr&quot; role=&quot;presentation&quot;&gt; \u20ac 2,50 pro Treffen (f\u00fcr Mitglieder kostenlos)&lt;\/span&gt;&lt;\/p&gt; \",\n            \"image\": \"\",\n            \"name\": \"Offenes Baby- &#038; Kleinkindertreffen am DI\",\n            \"url\": \"https:\/\/www.ekiz-sued.at\/ekiz\/events\/offenes-baby-und-kleinkindertreffen-elterncafe-fuer-mama-papa-oma-opa\/?occurrence=2026-04-28\"\n        }\n        <\/script>\n                                <article class=\"mec-past-event mec-event-article   \">\n                <div class=\"mec-event-list-weekly-date mec-color\"><span class=\"mec-date-day\">28<\/span>April<\/div>\n                <div class=\"mec-event-image\"><\/div>\n                \n                                <div class=\"mec-event-time mec-color\"><i class=\"mec-sl-clock-o\"><\/i> 16:00 - 17:30<\/div>\n                \n                <h4 class=\"mec-event-title\"><a class=\"mec-color-hover\"  data-event-id=\"3907\" href=\"https:\/\/www.ekiz-sued.at\/ekiz\/events\/offenes-baby-und-kleinkindertreffen-elterncafe-fuer-mama-papa-oma-opa\/?occurrence=2026-04-28\" target=\"m1\" rel=\"noopener\">Offenes Baby- &#038; Kleinkindertreffen am DI<\/a><span class=\"event-color\" style=\"background: #8224e3\"><\/span><\/h4>\n                                <div class=\"mec-event-detail\"><div class=\"mec-event-loc-place\">Ekiz Wagna<\/div><\/div>\n                                                                            <\/article>\n                            <script type=\"application\/ld+json\">\n        {\n            \"@context\": \"http:\/\/schema.org\",\n            \"@type\": \"Event\",\n            \"eventStatus\": \"https:\/\/schema.org\/EventScheduled\",\n            \"startDate\": \"2026-04-28\",\n            \"endDate\": \"2026-04-28\",\n            \"eventAttendanceMode\": \"https:\/\/schema.org\/OfflineEventAttendanceMode\",\n            \"location\":\n            {\n                \"@type\": \"Place\",\n                                \"name\": \"Ekiz Wagna\",\n                \"image\": \"\",\n                \"address\": \"\"\n                            },\n            \"organizer\":\n            {\n                \"@type\": \"Person\",\n                \"name\": \"\",\n                \"url\": \"\"\n            },\n            \"offers\":\n            {\n                \"url\": \"https:\/\/www.ekiz-sued.at\/ekiz\/events\/erziehungswerkzeugkoffer-fuers-1-2-lebensjahr\/\",\n                \"price\": \"\",\n                \"priceCurrency\": \"EUR\",\n                \"availability\": \"https:\/\/schema.org\/InStock\",\n                \"validFrom\": \"2026-04-28T00:00\"\n            },\n            \"performer\": \"\",\n            \"description\": \"&lt;p&gt;In diesem interaktiven Workshop werden wir uns \u00fcber M\u00f6glichkeiten&lt;br \/&gt; austauschen unser seelisches Wohlbefinden zu st\u00e4rken um den Alltag als&lt;br \/&gt; Elternteile gut bew\u00e4ltigen zu k\u00f6nnen. Wir lernen unsere Selbstf\u00fcrsorge zu&lt;br \/&gt; st\u00e4rken um somit gute Vorbilder f\u00fcr unsere Kinder zu sein.&lt;br role=&quot;presentation&quot; \/&gt;&lt;br role=&quot;presentation&quot; \/&gt;&lt;\/p&gt; \",\n            \"image\": \"\",\n            \"name\": \"10 Schritte zum seelischen Wohlbefinden\",\n            \"url\": \"https:\/\/www.ekiz-sued.at\/ekiz\/events\/erziehungswerkzeugkoffer-fuers-1-2-lebensjahr\/?occurrence=2026-04-28&time=1777392000\"\n        }\n        <\/script>\n                                <article class=\"mec-event-article   \">\n                <div class=\"mec-event-list-weekly-date mec-color\"><span class=\"mec-date-day\">28<\/span>April<\/div>\n                <div class=\"mec-event-image\"><\/div>\n                \n                                <div class=\"mec-event-time mec-color\"><i class=\"mec-sl-clock-o\"><\/i> 16:00<\/div>\n                \n                <h4 class=\"mec-event-title\"><a class=\"mec-color-hover\"  data-event-id=\"3923\" href=\"https:\/\/www.ekiz-sued.at\/ekiz\/events\/erziehungswerkzeugkoffer-fuers-1-2-lebensjahr\/?occurrence=2026-04-28&time=1777392000\" target=\"m1\" rel=\"noopener\">10 Schritte zum seelischen Wohlbefinden<\/a><span class=\"event-color\" style=\"background: #\"><\/span><\/h4>\n                                <div class=\"mec-event-detail\"><div class=\"mec-event-loc-place\">Ekiz Wagna<\/div><\/div>\n                                                                            <\/article>\n            <\/li>\n                                <li class=\"mec-weekly-view-date-events mec-util-hidden mec-calendar-day-events mec-clear mec-weekly-view-week-3699-2026045\" id=\"mec_weekly_view_date_events3699_20260430\" data-week-number=\"5\">\n                            <script type=\"application\/ld+json\">\n        {\n            \"@context\": \"http:\/\/schema.org\",\n            \"@type\": \"Event\",\n            \"eventStatus\": \"https:\/\/schema.org\/EventScheduled\",\n            \"startDate\": \"2026-04-30\",\n            \"endDate\": \"2026-04-30\",\n            \"eventAttendanceMode\": \"https:\/\/schema.org\/OfflineEventAttendanceMode\",\n            \"location\":\n            {\n                \"@type\": \"Place\",\n                                \"name\": \"Familienzentrum Leibnitz\",\n                \"image\": \"\",\n                \"address\": \"\"\n                            },\n            \"organizer\":\n            {\n                \"@type\": \"Person\",\n                \"name\": \"\",\n                \"url\": \"\"\n            },\n            \"offers\":\n            {\n                \"url\": \"https:\/\/www.ekiz-sued.at\/ekiz\/events\/bewegung-und-spass-bei-den-turnmaeusen\/\",\n                \"price\": \"\u20ac60.00\",\n                \"priceCurrency\": \"EUR\",\n                \"availability\": \"https:\/\/schema.org\/InStock\",\n                \"validFrom\": \"2026-04-30T00:00\"\n            },\n            \"performer\": \"\",\n            \"description\": \"&lt;p&gt;&lt;span dir=&quot;ltr&quot; role=&quot;presentation&quot;&gt;Bei unserer Bewegungsgruppe k\u00f6nnen schon die Kleinsten ihrem nat\u00fcrlichen&lt;\/span&gt;&lt;br role=&quot;presentation&quot; \/&gt;&lt;span dir=&quot;ltr&quot; role=&quot;presentation&quot;&gt;Bewegungsdrang nachkommen. In ihrem eigenen Tempo probieren die&lt;\/span&gt;&lt;br role=&quot;presentation&quot; \/&gt;&lt;span dir=&quot;ltr&quot; role=&quot;presentation&quot;&gt;Kinder unterschiedlichste Bewegungsangebote aus. Beim Springen, Klettern,&lt;\/span&gt;&lt;br role=&quot;presentation&quot; \/&gt;&lt;span dir=&quot;ltr&quot; role=&quot;presentation&quot;&gt;Balancieren,&#8230; werden wertvolle Erfahrungen gesammelt. Bei Musik und&lt;\/span&gt;&lt;br role=&quot;presentation&quot; \/&gt;&lt;span dir=&quot;ltr&quot; role=&quot;presentation&quot;&gt;Tanz, plus einer gro\u00dfen Portion Spa\u00df, toben sich die Turnm\u00e4use richtig aus!&lt;\/span&gt;&lt;\/p&gt; &lt;p&gt;&lt;br role=&quot;presentation&quot; \/&gt;&lt;span dir=&quot;ltr&quot; role=&quot;presentation&quot;&gt;Alter:&lt;\/span&gt; &lt;span dir=&quot;ltr&quot; role=&quot;presentation&quot;&gt;10 Monate bis 2,5 Jahre in Begleitung einer Bezugsperson&lt;br \/&gt; Kosten: 60 Euro f\u00fcr 6 Einheiten&lt;br \/&gt; &lt;\/span&gt;&lt;\/p&gt; \",\n            \"image\": \"\",\n            \"name\": \"Bewegung und Spa\u00df bei den Turnm\u00e4usen\",\n            \"url\": \"https:\/\/www.ekiz-sued.at\/ekiz\/events\/bewegung-und-spass-bei-den-turnmaeusen\/?occurrence=2026-04-30\"\n        }\n        <\/script>\n                                <article class=\"mec-past-event mec-event-article   \">\n                <div class=\"mec-event-list-weekly-date mec-color\"><span class=\"mec-date-day\">30<\/span>April<\/div>\n                <div class=\"mec-event-image\"><\/div>\n                \n                                <div class=\"mec-event-time mec-color\"><i class=\"mec-sl-clock-o\"><\/i> 9:00<\/div>\n                \n                <h4 class=\"mec-event-title\"><a class=\"mec-color-hover\"  data-event-id=\"4059\" href=\"https:\/\/www.ekiz-sued.at\/ekiz\/events\/bewegung-und-spass-bei-den-turnmaeusen\/?occurrence=2026-04-30\" target=\"m1\" rel=\"noopener\">Bewegung und Spa\u00df bei den Turnm\u00e4usen<\/a><span class=\"event-color\" style=\"background: #\"><\/span><\/h4>\n                                <div class=\"mec-event-detail\"><div class=\"mec-event-loc-place\">Familienzentrum Leibnitz<\/div><\/div>\n                                                                            <\/article>\n                            <script type=\"application\/ld+json\">\n        {\n            \"@context\": \"http:\/\/schema.org\",\n            \"@type\": \"Event\",\n            \"eventStatus\": \"https:\/\/schema.org\/EventScheduled\",\n            \"startDate\": \"2026-04-30\",\n            \"endDate\": \"2026-04-30\",\n            \"eventAttendanceMode\": \"https:\/\/schema.org\/OfflineEventAttendanceMode\",\n            \"location\":\n            {\n                \"@type\": \"Place\",\n                                \"name\": \"Ekiz Wagna\",\n                \"image\": \"\",\n                \"address\": \"\"\n                            },\n            \"organizer\":\n            {\n                \"@type\": \"Person\",\n                \"name\": \"\",\n                \"url\": \"\"\n            },\n            \"offers\":\n            {\n                \"url\": \"https:\/\/www.ekiz-sued.at\/ekiz\/events\/offenes-baby-und-kleinkindertreffen-elterncafe-fuer-mama-papa-oma-opa-2\/\",\n                \"price\": \"\u20ac2.50\",\n                \"priceCurrency\": \"EUR\",\n                \"availability\": \"https:\/\/schema.org\/InStock\",\n                \"validFrom\": \"2026-04-30T00:00\"\n            },\n            \"performer\": \"\",\n            \"description\": \"&lt;p&gt;&lt;strong&gt; Elterncafe f\u00fcr Mama, Papa, Oma, Opa&#8230;.&lt;\/strong&gt;&lt;\/p&gt; &lt;p&gt;&lt;span dir=&quot;ltr&quot; role=&quot;presentation&quot;&gt;Babys und Kleinkinder, die erste Kontakte mit gleichaltrigen &lt;\/span&gt;&lt;br role=&quot;presentation&quot; \/&gt;&lt;span dir=&quot;ltr&quot; role=&quot;presentation&quot;&gt;SpielkollegInnen kn\u00fcpfen wollen, k\u00f6nnen bei uns spielen, &lt;\/span&gt;&lt;br role=&quot;presentation&quot; \/&gt;&lt;span dir=&quot;ltr&quot; role=&quot;presentation&quot;&gt;toben, Spa\u00df haben.&lt;br \/&gt; &lt;\/span&gt;&lt;br role=&quot;presentation&quot; \/&gt;&lt;span dir=&quot;ltr&quot; role=&quot;presentation&quot;&gt;Besonders in der Zeit, in der die Kinder noch sehr klein sind, &lt;\/span&gt;&lt;br role=&quot;presentation&quot; \/&gt;&lt;span dir=&quot;ltr&quot; role=&quot;presentation&quot;&gt;ist es meist f\u00fcr die M\u00fctter eine Bereicherung, sich &lt;\/span&gt;&lt;br role=&quot;presentation&quot; \/&gt;&lt;span dir=&quot;ltr&quot; role=&quot;presentation&quot;&gt;mit anderen Eltern, die sich in derselben Lebensphase befinden, &lt;\/span&gt;&lt;br role=&quot;presentation&quot; \/&gt;&lt;span dir=&quot;ltr&quot; role=&quot;presentation&quot;&gt;auszutauschen. Eine Elternbildnerin begleitet einige dieser &lt;\/span&gt;&lt;br role=&quot;presentation&quot; \/&gt;&lt;span dir=&quot;ltr&quot; role=&quot;presentation&quot;&gt;Treffen und steht f\u00fcr Fragen zur Verf\u00fcgung.&lt;\/span&gt;&lt;\/p&gt; &lt;p&gt;&lt;br role=&quot;presentation&quot; \/&gt;&lt;span dir=&quot;ltr&quot; role=&quot;presentation&quot;&gt;Termine:&lt;\/span&gt;  &lt;br role=&quot;presentation&quot; \/&gt;&lt;span dir=&quot;ltr&quot; role=&quot;presentation&quot;&gt;Jeden Donnerstag von 9.30 bis 11 Uhr (au\u00dfer an Feiertagen)&lt;\/span&gt;&lt;br role=&quot;presentation&quot; \/&gt;&lt;span dir=&quot;ltr&quot; role=&quot;presentation&quot;&gt;Kosten:&lt;\/span&gt;&lt;span dir=&quot;ltr&quot; role=&quot;presentation&quot;&gt; \u20ac 2,50 pro Treffen (f\u00fcr Mitglieder kostenlos) &lt;\/span&gt;&lt;\/p&gt; \",\n            \"image\": \"\",\n            \"name\": \"Offenes Kleinkindertreffen  am DO\",\n            \"url\": \"https:\/\/www.ekiz-sued.at\/ekiz\/events\/offenes-baby-und-kleinkindertreffen-elterncafe-fuer-mama-papa-oma-opa-2\/?occurrence=2026-04-30\"\n        }\n        <\/script>\n                                <article class=\"mec-past-event mec-event-article   \">\n                <div class=\"mec-event-list-weekly-date mec-color\"><span class=\"mec-date-day\">30<\/span>April<\/div>\n                <div class=\"mec-event-image\"><\/div>\n                \n                                <div class=\"mec-event-time mec-color\"><i class=\"mec-sl-clock-o\"><\/i> 9:30<\/div>\n                \n                <h4 class=\"mec-event-title\"><a class=\"mec-color-hover\"  data-event-id=\"3910\" href=\"https:\/\/www.ekiz-sued.at\/ekiz\/events\/offenes-baby-und-kleinkindertreffen-elterncafe-fuer-mama-papa-oma-opa-2\/?occurrence=2026-04-30\" target=\"m1\" rel=\"noopener\">Offenes Kleinkindertreffen  am DO<\/a><span class=\"event-color\" style=\"background: #\"><\/span><\/h4>\n                                <div class=\"mec-event-detail\"><div class=\"mec-event-loc-place\">Ekiz Wagna<\/div><\/div>\n                                                                            <\/article>\n                            <script type=\"application\/ld+json\">\n        {\n            \"@context\": \"http:\/\/schema.org\",\n            \"@type\": \"Event\",\n            \"eventStatus\": \"https:\/\/schema.org\/EventScheduled\",\n            \"startDate\": \"2026-04-30\",\n            \"endDate\": \"2026-04-30\",\n            \"eventAttendanceMode\": \"https:\/\/schema.org\/OfflineEventAttendanceMode\",\n            \"location\":\n            {\n                \"@type\": \"Place\",\n                                \"name\": \"\",\n                \"image\": \"\",\n                \"address\": \"\"\n                            },\n            \"organizer\":\n            {\n                \"@type\": \"Person\",\n                \"name\": \"\",\n                \"url\": \"\"\n            },\n            \"offers\":\n            {\n                \"url\": \"https:\/\/www.ekiz-sued.at\/ekiz\/events\/eltern-kind-spielgruppe-in-lang\/\",\n                \"price\": \"\u20ac63.00\",\n                \"priceCurrency\": \"EUR\",\n                \"availability\": \"https:\/\/schema.org\/InStock\",\n                \"validFrom\": \"2026-04-30T00:00\"\n            },\n            \"performer\": \"\",\n            \"description\": \"&lt;p&gt;&lt;span dir=&quot;ltr&quot; role=&quot;presentation&quot;&gt;f\u00fcr Kinder von 1\u2013 4 Jahren mit Mama, Papa, Oma, Opa&#8230;!&lt;\/span&gt;&lt;br role=&quot;presentation&quot; \/&gt;&lt;span dir=&quot;ltr&quot; role=&quot;presentation&quot;&gt;In der Eltern-Kind-Spielgruppe treffen sich Eltern\/Gro\u00dfeltern mit ihren &lt;\/span&gt;&lt;br role=&quot;presentation&quot; \/&gt;&lt;span dir=&quot;ltr&quot; role=&quot;presentation&quot;&gt;Kindern, um gemeinsam zu spielen und neue Erfahrungen zu machen. &lt;\/span&gt;&lt;br role=&quot;presentation&quot; \/&gt;&lt;span dir=&quot;ltr&quot; role=&quot;presentation&quot;&gt;Verschiedene Schwerpunkte im Jahreskreis werden auf die Bed\u00fcrfnisse der &lt;\/span&gt;&lt;br role=&quot;presentation&quot; \/&gt;&lt;span dir=&quot;ltr&quot; role=&quot;presentation&quot;&gt;Kinder mit Sing- und Fingerspielen, Geschichten und Liedern erarbeitet. &lt;\/span&gt;&lt;br role=&quot;presentation&quot; \/&gt;&lt;br role=&quot;presentation&quot; \/&gt;&lt;span dir=&quot;ltr&quot; role=&quot;presentation&quot;&gt;Den Kindern wird die M\u00f6glichkeit geboten, mit unterschiedlichsten &lt;\/span&gt;&lt;br role=&quot;presentation&quot; \/&gt;&lt;span dir=&quot;ltr&quot; role=&quot;presentation&quot;&gt;Materialien zu experimentieren und ihre Phantasie und Kreativit\u00e4t zu &lt;\/span&gt;&lt;br role=&quot;presentation&quot; \/&gt;&lt;span dir=&quot;ltr&quot; role=&quot;presentation&quot;&gt;f\u00f6rdern. Durch die Anwesenheit einer vertrauten Person f\u00fchlt sich das Kind &lt;\/span&gt;&lt;br role=&quot;presentation&quot; \/&gt;&lt;span dir=&quot;ltr&quot; role=&quot;presentation&quot;&gt;sicher und kann Erfahrungen beim Spielen mit Gleichaltrigen &lt;\/span&gt;&lt;br role=&quot;presentation&quot; \/&gt;&lt;span dir=&quot;ltr&quot; role=&quot;presentation&quot;&gt;sammeln. Eltern haben hier Gelegenheit Kontakte zu kn\u00fcpfen und &lt;\/span&gt;&lt;br role=&quot;presentation&quot; \/&gt;&lt;span dir=&quot;ltr&quot; role=&quot;presentation&quot;&gt;Erfahrungen auszutauschen. Am Ende gibt es eine kleine Jause und Zeit &lt;\/span&gt;&lt;br role=&quot;presentation&quot; \/&gt;&lt;span dir=&quot;ltr&quot; role=&quot;presentation&quot;&gt;f\u00fcr Eltern, um sich miteinander auszutauschen.&lt;\/span&gt;&lt;br role=&quot;presentation&quot; \/&gt;&lt;br role=&quot;presentation&quot; \/&gt; &lt;br role=&quot;presentation&quot; \/&gt;&lt;span dir=&quot;ltr&quot; role=&quot;presentation&quot;&gt;Kosten:&lt;\/span&gt;&lt;span dir=&quot;ltr&quot; role=&quot;presentation&quot;&gt; 7 Einheiten \u20ac63,-&lt;\/span&gt;&lt;\/p&gt; \",\n            \"image\": \"\",\n            \"name\": \"Eltern-Kind-Spielgruppe in Lang\",\n            \"url\": \"https:\/\/www.ekiz-sued.at\/ekiz\/events\/eltern-kind-spielgruppe-in-lang\/?occurrence=2026-04-30&time=1777544100\"\n        }\n        <\/script>\n                                <article class=\"mec-past-event mec-event-article   \">\n                <div class=\"mec-event-list-weekly-date mec-color\"><span class=\"mec-date-day\">30<\/span>April<\/div>\n                <div class=\"mec-event-image\"><\/div>\n                \n                \n                <h4 class=\"mec-event-title\"><a class=\"mec-color-hover\"  data-event-id=\"3868\" href=\"https:\/\/www.ekiz-sued.at\/ekiz\/events\/eltern-kind-spielgruppe-in-lang\/?occurrence=2026-04-30&time=1777544100\" target=\"m1\" rel=\"noopener\">Eltern-Kind-Spielgruppe in Lang<\/a><span class=\"event-color\" style=\"background: #\"><\/span><\/h4>\n                                <div class=\"mec-event-detail\"><div class=\"mec-event-loc-place\"><\/div><\/div>\n                                                                            <\/article>\n            <\/li>\n        <\/ul>\n<div class=\"mec-event-footer\"><\/div><\/div>            <\/div>\n        <\/div>\n    <\/div>\n    \n<\/div>    <\/div>\n\n<\/div>\n","protected":false},"excerpt":{"rendered":"","protected":false},"author":1,"featured_media":0,"parent":0,"menu_order":0,"comment_status":"closed","ping_status":"closed","template":"","meta":{"footnotes":""},"class_list":["post-3700","page","type-page","status-publish","hentry"],"_links":{"self":[{"href":"https:\/\/www.ekiz-sued.at\/ekiz\/wp-json\/wp\/v2\/pages\/3700","targetHints":{"allow":["GET"]}}],"collection":[{"href":"https:\/\/www.ekiz-sued.at\/ekiz\/wp-json\/wp\/v2\/pages"}],"about":[{"href":"https:\/\/www.ekiz-sued.at\/ekiz\/wp-json\/wp\/v2\/types\/page"}],"author":[{"embeddable":true,"href":"https:\/\/www.ekiz-sued.at\/ekiz\/wp-json\/wp\/v2\/users\/1"}],"replies":[{"embeddable":true,"href":"https:\/\/www.ekiz-sued.at\/ekiz\/wp-json\/wp\/v2\/comments?post=3700"}],"version-history":[{"count":4,"href":"https:\/\/www.ekiz-sued.at\/ekiz\/wp-json\/wp\/v2\/pages\/3700\/revisions"}],"predecessor-version":[{"id":3729,"href":"https:\/\/www.ekiz-sued.at\/ekiz\/wp-json\/wp\/v2\/pages\/3700\/revisions\/3729"}],"wp:attachment":[{"href":"https:\/\/www.ekiz-sued.at\/ekiz\/wp-json\/wp\/v2\/media?parent=3700"}],"curies":[{"name":"wp","href":"https:\/\/api.w.org\/{rel}","templated":true}]}}