{"id":1070,"date":"2013-04-04T22:19:39","date_gmt":"2013-04-04T20:19:39","guid":{"rendered":"http:\/\/www.kriesi.at\/themes\/enfold\/?page_id=1070"},"modified":"2025-07-24T11:17:02","modified_gmt":"2025-07-24T09:17:02","slug":"team","status":"publish","type":"page","link":"https:\/\/www.ekiz-sued.at\/ekiz\/team\/","title":{"rendered":"Team"},"content":{"rendered":"\n<style type=\"text\/css\" data-created_by=\"avia_inline_auto\" id=\"style-css-av-16ltkm6-3d9220f880c4d9cf1b196f9083efab0e\">\n#top .av-special-heading.av-16ltkm6-3d9220f880c4d9cf1b196f9083efab0e{\npadding-bottom:0px;\n}\n<\/style>\n<div  class='av-special-heading av-16ltkm6-3d9220f880c4d9cf1b196f9083efab0e av-special-heading-h3 blockquote classic-quote  avia-builder-el-0  el_before_av_slideshow  avia-builder-el-first  '><h3 class='av-special-heading-tag '  itemprop=\"headline\"  >Unser Team<\/h3><div class='special-heading-border'><div class='special-heading-inner-border'><\/div><\/div><\/div>\n<div   data-size='no scaling'  data-lightbox_size='large'  data-animation='fade'  data-conditional_play=''  data-ids='3509'  data-video_counter='0'  data-autoplay='true'  data-bg_slider='false'  data-slide_height=''  data-handle='av_slideshow'  data-interval='7'  data-class=' avia-builder-el-1  el_after_av_heading  el_before_av_hr  '  data-el_id=''  data-css_id=''  data-scroll_down=''  data-control_layout='av-control-default'  data-custom_markup=''  data-perma_caption=''  data-autoplay_stopper=''  data-image_attachment=''  data-min_height='0px'  data-lazy_loading='disabled'  data-img_scrset=''  class='avia-slideshow avia-slideshow-1  av-control-default av-default-height-applied avia-slideshow-no scaling av_slideshow  avia-builder-el-1  el_after_av_heading  el_before_av_hr   avia-fade-slider '  itemprop=\"image\" itemscope=\"itemscope\" itemtype=\"https:\/\/schema.org\/ImageObject\" ><ul class='avia-slideshow-inner ' style='padding-bottom: 45%;' ><li  class=' av-single-slide slide-1 ' ><div data-rel='slideshow-1' class='avia-slide-wrap '   ><div class=\"avia-caption av-slideshow-caption\"><div class=\"avia-inner-caption\"><h2  class='avia-caption-title  '  itemprop=\"name\" >Team EKIZ<\/h2><\/div><\/div><img decoding=\"async\" class=\"wp-image-3509 avia-img-lazy-loading-not-3509\"  src=\"https:\/\/www.ekiz-sued.at\/ekiz\/wp-content\/uploads\/2021\/12\/team-scaled.jpg\" width=\"2560\" height=\"1152\" title='team' alt=''  itemprop=\"thumbnailUrl\" srcset=\"https:\/\/www.ekiz-sued.at\/ekiz\/wp-content\/uploads\/2021\/12\/team-scaled.jpg 2560w, https:\/\/www.ekiz-sued.at\/ekiz\/wp-content\/uploads\/2021\/12\/team-300x135.jpg 300w, https:\/\/www.ekiz-sued.at\/ekiz\/wp-content\/uploads\/2021\/12\/team-1024x461.jpg 1024w, https:\/\/www.ekiz-sued.at\/ekiz\/wp-content\/uploads\/2021\/12\/team-768x346.jpg 768w, https:\/\/www.ekiz-sued.at\/ekiz\/wp-content\/uploads\/2021\/12\/team-1536x691.jpg 1536w, https:\/\/www.ekiz-sued.at\/ekiz\/wp-content\/uploads\/2021\/12\/team-2048x921.jpg 2048w, https:\/\/www.ekiz-sued.at\/ekiz\/wp-content\/uploads\/2021\/12\/team-1500x675.jpg 1500w, https:\/\/www.ekiz-sued.at\/ekiz\/wp-content\/uploads\/2021\/12\/team-705x317.jpg 705w\" sizes=\"(max-width: 2560px) 100vw, 2560px\" \/><\/div><\/li><\/ul><\/div>\n\n<style type=\"text\/css\" data-created_by=\"avia_inline_auto\" id=\"style-css-av-xbjr0u-799b39bd45e9625a3e53d0e0616736f0\">\n#top .hr.hr-invisible.av-xbjr0u-799b39bd45e9625a3e53d0e0616736f0{\nheight:30px;\n}\n<\/style>\n<div  class='hr av-xbjr0u-799b39bd45e9625a3e53d0e0616736f0 hr-invisible  avia-builder-el-2  el_after_av_slideshow  el_before_av_one_third  '><span class='hr-inner '><span class=\"hr-inner-style\"><\/span><\/span><\/div>\n<div class='flex_column av-38oc8u-ca385fb32af3da631a60a76363b1a78b av_one_third  avia-builder-el-3  el_after_av_hr  el_before_av_one_third  first flex_column_div '   ><article  class=\"iconbox iconbox_left av-v20fq6-ddaf72e30957196a96a02d2d87034a32  avia-builder-el-4  avia-builder-el-no-sibling  \"  itemscope=\"itemscope\" itemtype=\"https:\/\/schema.org\/CreativeWork\" ><div class=\"iconbox_content\"><header class=\"entry-content-header\"><div class=\"iconbox_icon heading-color\" aria-hidden='true' data-av_icon='\ue807' data-av_iconfont='entypo-fontello'><\/div><h3 class='iconbox_content_title  '  itemprop=\"headline\" ><a href='#janou' title='Leiterin und Initiatorin'  >Leiterin und Initiatorin<\/a><\/h3><\/header><div class='iconbox_content_container  '  itemprop=\"text\" ><p><a href=\"#janou\">Janou H\u00f6dl-Scheibengraf<\/a><\/p>\n<\/div><\/div><footer class=\"entry-footer\"><\/footer><\/article><\/div>\n<div class='flex_column av-tihc4u-90ae2ec04477ffb9a5cc2fbfaf8d78c3 av_one_third  avia-builder-el-5  el_after_av_one_third  el_before_av_one_third  flex_column_div '   ><article  class=\"iconbox iconbox_left av-ri7bam-9ee8c523001e15a9eaaa4d8dd832e76c  avia-builder-el-6  avia-builder-el-no-sibling  \"  itemscope=\"itemscope\" itemtype=\"https:\/\/schema.org\/CreativeWork\" ><div class=\"iconbox_content\"><header class=\"entry-content-header\"><div class=\"iconbox_icon heading-color\" aria-hidden='true' data-av_icon='\ue807' data-av_iconfont='entypo-fontello'><\/div><h3 class='iconbox_content_title  '  itemprop=\"headline\" >Team <\/h3><\/header><div class='iconbox_content_container  '  itemprop=\"text\" ><p><a href=\"#barbara\">Barbara Maderthaner<\/a><br \/>\n<a href=\"#nina\">Nina Lipp<\/a><br \/>\n<a href=\"#isabella\">Isabella Tropper<\/a><br \/>\n<a href=\"#christina\">Christina Pratter-Kastenhuber<\/a><\/p>\n<\/div><\/div><footer class=\"entry-footer\"><\/footer><\/article><\/div>\n<div class='flex_column av-payioe-51d83cc0077801a3bf1991f305a882d9 av_one_third  avia-builder-el-7  el_after_av_one_third  el_before_av_hr  flex_column_div '   ><article  class=\"iconbox iconbox_left av-nhr4i6-469a85f1c8306fa7356b27f9b1fa8a9d  avia-builder-el-8  avia-builder-el-no-sibling  \"  itemscope=\"itemscope\" itemtype=\"https:\/\/schema.org\/CreativeWork\" ><div class=\"iconbox_content\"><header class=\"entry-content-header\"><div class=\"iconbox_icon heading-color\" aria-hidden='true' data-av_icon='\ue807' data-av_iconfont='entypo-fontello'><\/div><h3 class='iconbox_content_title  '  itemprop=\"headline\" >Team<\/h3><\/header><div class='iconbox_content_container  '  itemprop=\"text\" ><p><a href=\"#andrea\">Andrea Maria Koch<\/a><br \/>\n<a href=\"#nadja\">Nadja Golz<\/a><br \/>\nSandrine Barta<\/p>\n<\/div><\/div><footer class=\"entry-footer\"><\/footer><\/article><\/div>\n<div  class='hr av-inpwny-a8fc133dd2e49f22f85c040a2dd5d85d hr-default  avia-builder-el-9  el_after_av_one_third  el_before_av_one_half  '><span class='hr-inner '><span class=\"hr-inner-style\"><\/span><\/span><\/div>\n<div class='flex_column av-kxeqj8jz-5f10c92a802e4286a527c5d0c5eb2fca av_one_half  avia-builder-el-10  el_after_av_hr  el_before_av_one_half  first flex_column_div '   id=\"janou\"  ><section  class='avia-team-member av-kxeq4oz4-8faaba72fb313b6c7dcdd5e381e7da3e  avia-builder-el-11  avia-builder-el-no-sibling  '  itemscope=\"itemscope\" itemtype=\"https:\/\/schema.org\/Person\" ><h3 class='team-member-name '  itemprop=\"name\" >Janou H\u00f6dl-Scheibengraf<\/h3><div class='team-member-job-title '  itemprop=\"jobTitle\" >Leiterin und Initiatorin<\/div><div class='team-member-description '  itemprop=\"description\" ><p> Mein Name ist Janou H\u00f6dl- Scheibengraf ich bin die Leiterin und Initiatorin des EKIZ S\u00fcd und bin selbst Mutter von zwei T\u00f6chtern!<\/p>\n<p>Wir sind ein gemeinn\u00fctziger Verein der Mitglied im Dachverband  f\u00fcr EKiZ \u00d6sterreich ist!<\/p>\n<p>Unser Familienzentrum dient als Anlaufstelle f\u00fcr den gesamten Bezirk Leibnitz.<\/p>\n<p>Unsere Schwerpunkte sind Information, Austausch, Begegnung und Bildung!<\/p>\n<p>Ich w\u00fcrde mich sehr freuen auch Sie in unseren Eltern- Kind- Zentrum begr\u00fc\u00dfen zu d\u00fcrfen! <\/p>\n<p>EKiZ- Ein Kind ist Zukunft<\/p>\n<\/div><span class='hidden team-member-affiliation'  itemprop=\"affiliation\" >Eltern Kind Zentrum S\u00fcd<\/span><\/section><\/div>\n<div class='flex_column av-i5dbsu-1c2d80038dcc2af803a52a0e64419c06 av_one_half  avia-builder-el-12  el_after_av_one_half  el_before_av_hr  flex_column_div '   id=\"janou\"  ><div  class='av-hotspot-image-container av-kxeqawev-52962f0085ba209bac2b1e0245cf55ef  avia-builder-el-13  avia-builder-el-no-sibling  av-hotspot-numbered av-mobile-fallback-active   av-non-fullwidth-hotspot-image'  itemprop=\"image\" itemscope=\"itemscope\" itemtype=\"https:\/\/schema.org\/ImageObject\" ><div class='av-hotspot-container'><div class='av-hotspot-container-inner-cell'><div class='av-hotspot-container-inner-wrap'><img decoding=\"async\" class='wp-image-3523 avia-img-lazy-loading-not-3523 avia_image' src=\"https:\/\/www.ekiz-sued.at\/ekiz\/wp-content\/uploads\/2021\/12\/janou.jpg\" alt='' title='janou'  height=\"299\" width=\"200\"  itemprop=\"thumbnailUrl\"  \/><\/div><\/div><\/div><\/div><\/div>\n<div  class='hr av-g7gtny-5671ed727f52868aaf81a8aa6018b85e hr-default  avia-builder-el-14  el_after_av_one_half  el_before_av_one_half  '><span class='hr-inner '><span class=\"hr-inner-style\"><\/span><\/span><\/div>\n<div class='flex_column av-dsr94e-787b0fdc2489e6796e96d0a2b6af867b av_one_half  avia-builder-el-15  el_after_av_hr  el_before_av_one_half  first flex_column_div '   id=\"barbara\"  ><section  class='avia-team-member av-kxeq7lef-4c517b5cd136c273fda2e0c55ba4242f  avia-builder-el-16  avia-builder-el-no-sibling  '  itemscope=\"itemscope\" itemtype=\"https:\/\/schema.org\/Person\" ><h3 class='team-member-name '  itemprop=\"name\" >Barbara Maderthaner<\/h3><div class='team-member-job-title '  itemprop=\"jobTitle\" >Dipl. Gesundheits- \u2013und Kinderkrankenschwester, Stillberaterin Tagesmutter\/Kinderbetreuerin, Eltern \u2013 Kind - Gruppenleiterin<\/div><div class='team-member-description '  itemprop=\"description\" ><p>\u201eErstens kommt es anders, zweitens als man denkt\u2026\u201c<\/p>\n<p>Dieses Zitat aus dem Buch \u201e Hebammensprechstunde \u201c von Ingeborg Stadelmann traf es auch bei meiner Schwangerschaft , Geburt und Stillbeziehung meiner drei S\u00f6hne auf den Punkt.<\/p>\n<p>Obwohl ich 1994 als Kinderkrankenschwester diplomierte, merkte ich bei meinem ersten Sohn Paul, dass auch ich an so manche Grenze stie\u00df.<\/p>\n<p>So begann ich 2001 die Ausbildung zur Still-rund Laktationsberaterin IBCLC (International Board Certified Lactation Consultant).<\/p>\n<p>2002 kam mein Sohn Felix , 2008 unser Clemens auf die Welt.<\/p>\n<p>Erst jetzt wurde mir klar, um wie viel einfacher das Leben mit Kindern ist, wenn man sich mit anderen M\u00fcttern austauschen kann und wie wichtig es ist gut informiert zu sein.<\/p>\n<p>Die Arbeit mit Kindern, insbesondere mit Babys, hat mir seit jeher gro\u00dfe Freude bereitet und die Unterst\u00fctzung der jungen Eltern liegt mir sehr am Herzen.<\/p>\n<\/div><span class='hidden team-member-affiliation'  itemprop=\"affiliation\" >Eltern Kind Zentrum S\u00fcd<\/span><\/section><\/div>\n<div class='flex_column av-cewucu-581d93e749d2a527c4213d2628f3af89 av_one_half  avia-builder-el-17  el_after_av_one_half  el_before_av_hr  flex_column_div '   ><style type=\"text\/css\" data-created_by=\"avia_inline_auto\" id=\"style-css-av-kxeqbywg-485e05ba7979d5378517bedc03c5a236\">\n.avia-image-container.av-kxeqbywg-485e05ba7979d5378517bedc03c5a236 .av-image-caption-overlay-center{\ncolor:#ffffff;\n}\n<\/style>\n<div  class='avia-image-container av-kxeqbywg-485e05ba7979d5378517bedc03c5a236 av-styling- avia-align-center  avia-builder-el-18  avia-builder-el-no-sibling  '  itemprop=\"image\" itemscope=\"itemscope\" itemtype=\"https:\/\/schema.org\/ImageObject\" ><div class=\"avia-image-container-inner\"><div class=\"avia-image-overlay-wrap\"><img decoding=\"async\" class='wp-image-3530 avia-img-lazy-loading-not-3530 avia_image' src=\"https:\/\/www.ekiz-sued.at\/ekiz\/wp-content\/uploads\/2021\/12\/Foto-stillberaterin.jpg\" alt='' title='911A9016-Edit.jpg'  height=\"300\" width=\"200\"  itemprop=\"thumbnailUrl\"  \/><\/div><\/div><\/div><\/div>\n<div  class='hr av-984gxa-6adfd177b7ab42435ccd7a5277f9ab1c hr-default  avia-builder-el-19  el_after_av_one_half  el_before_av_one_half  '><span class='hr-inner '><span class=\"hr-inner-style\"><\/span><\/span><\/div>\n<div class='flex_column av-ampgha-f8b950bdd89db016040bd50521e75303 av_one_half  avia-builder-el-20  el_after_av_hr  el_before_av_one_half  first flex_column_div '   id=\"christina\"  ><section  class='avia-team-member av-kxeqfvmu-dad613736f69f56265eaddc54185a09a  avia-builder-el-21  avia-builder-el-no-sibling  '  itemscope=\"itemscope\" itemtype=\"https:\/\/schema.org\/Person\" ><h3 class='team-member-name '  itemprop=\"name\" >Christina Pratter-Kastenhuber<\/h3><div class='team-member-description '  itemprop=\"description\" ><p> Geboren am 27. Juni 1973 in Wagna,<br \/>\nverheiratet, 2 Kinder<\/p>\n<p>Seit Beginn meines P\u00e4dagogikstudiums habe ich mein besonderes Interesse an der<br \/>\nArbeit mit Kindern und Erwachsenen festgestellt.<\/p>\n<p>Als Mutter zweier T\u00f6chter habe ich mich eingehend mit Erziehung, Familie und Beziehungsarbeit besch\u00e4ftigt.<br \/>\nZurzeit bin ich Mitten in meiner Ausbildung zur S\u00e4uglings-, Kinder-,<br \/>\nJugendlichen- und Elternberaterin.<\/p>\n<p>Mein T\u00e4tigkeitsbereich<\/p>\n<p>    Spielgruppe<br \/>\n    Elternbildungsseminare<\/p>\n<p>Mein Motto:<\/p>\n<p>\u201eDas Leben der Eltern ist das Buch, in dem die Kinder lesen!\u201c<\/p>\n<\/div><span class='hidden team-member-affiliation'  itemprop=\"affiliation\" >Eltern Kind Zentrum S\u00fcd<\/span><\/section><\/div>\n<div class='flex_column av-9q94am-5ddf4273390a26a4380089132f56b1ef av_one_half  avia-builder-el-22  el_after_av_one_half  el_before_av_hr  flex_column_div '   ><style type=\"text\/css\" data-created_by=\"avia_inline_auto\" id=\"style-css-av-kxeqekbl-ad458352e6b526bcdf9b9113ba938874\">\n.avia-image-container.av-kxeqekbl-ad458352e6b526bcdf9b9113ba938874 .av-image-caption-overlay-center{\ncolor:#ffffff;\n}\n<\/style>\n<div  class='avia-image-container av-kxeqekbl-ad458352e6b526bcdf9b9113ba938874 av-styling- avia-align-center  avia-builder-el-23  avia-builder-el-no-sibling  '  itemprop=\"image\" itemscope=\"itemscope\" itemtype=\"https:\/\/schema.org\/ImageObject\" ><div class=\"avia-image-container-inner\"><div class=\"avia-image-overlay-wrap\"><img decoding=\"async\" class='wp-image-3541 avia-img-lazy-loading-not-3541 avia_image' src=\"https:\/\/www.ekiz-sued.at\/ekiz\/wp-content\/uploads\/2021\/12\/roessler-206x300.jpg\" alt='' title='roessler'  height=\"300\" width=\"206\"  itemprop=\"thumbnailUrl\" srcset=\"https:\/\/www.ekiz-sued.at\/ekiz\/wp-content\/uploads\/2021\/12\/roessler-206x300.jpg 206w, https:\/\/www.ekiz-sued.at\/ekiz\/wp-content\/uploads\/2021\/12\/roessler.jpg 332w\" sizes=\"(max-width: 206px) 100vw, 206px\" \/><\/div><\/div><\/div><\/div>\n<div  class='hr av-7ool2m-58bfb01814fc9860f27e76f4ce24ee0e hr-default  avia-builder-el-24  el_after_av_one_half  el_before_av_one_half  '><span class='hr-inner '><span class=\"hr-inner-style\"><\/span><\/span><\/div>\n<div class='flex_column av-6ew4xq-59f289ffc1c2a55550acb89725c83584 av_one_half  avia-builder-el-25  el_after_av_hr  el_before_av_one_half  first flex_column_div '   id=\"nina\"  ><section  class='avia-team-member av-kxeqgb9b-8d694b1130956bcc6c76b348c9c723c7  avia-builder-el-26  avia-builder-el-no-sibling  '  itemscope=\"itemscope\" itemtype=\"https:\/\/schema.org\/Person\" ><h3 class='team-member-name '  itemprop=\"name\" >Nina Lipp<\/h3><div class='team-member-description '  itemprop=\"description\" ><p>Geboren am 28.11.1975 in Bulgarien, wohnhaft in Leitring, verheiratet, Mutter eines Sohnes.<\/p>\n<p>Ausbildungen:<br \/>\nMusikp\u00e4dagogik<br \/>\nTagesmutter und Kinderbetreuerin<br \/>\nS\u00e4ngerin<\/p>\n<p>Weiterbildungen:<br \/>\nNLP \u2013 Modul \u201eGesundheit aus der Seele\u201c<br \/>\nWebdesign<\/p>\n<p>Ich habe Erfahrung als Musikp\u00e4dagogin, S\u00e4ngerin und in anderen kreativen und k\u00fcnstlerischen Bereichen. Nach der Geburt meines Sohnes Alexander ist mir bewusst geworden, wie wichtig mir die Arbeit mit kleinen Kindern ist.<br \/>\nEines jedoch verbindet alles in meinem Leben und war mir bisher ein st\u00e4ndiger Begleiter \u2013 die Musik. Darum m\u00f6chte ich die vielf\u00e4ltige Kraft der Musik weitergeben und den Kindern ein St\u00fcck Lebensfreude vermitteln.<\/p>\n<\/div><span class='hidden team-member-affiliation'  itemprop=\"affiliation\" >Eltern Kind Zentrum S\u00fcd<\/span><\/section><\/div>\n<div class='flex_column av-99gp1a-9170540df66f8a985a011d503ae81fa0 av_one_half  avia-builder-el-27  el_after_av_one_half  el_before_av_hr  flex_column_div '   ><style type=\"text\/css\" data-created_by=\"avia_inline_auto\" id=\"style-css-av-td4dq-243b4ef9fc9f55fced9077a05971e519\">\n.avia-image-container.av-td4dq-243b4ef9fc9f55fced9077a05971e519 .av-image-caption-overlay-center{\ncolor:#ffffff;\n}\n<\/style>\n<div  class='avia-image-container av-td4dq-243b4ef9fc9f55fced9077a05971e519 av-styling- avia-align-center  avia-builder-el-28  avia-builder-el-no-sibling  '  itemprop=\"image\" itemscope=\"itemscope\" itemtype=\"https:\/\/schema.org\/ImageObject\" ><div class=\"avia-image-container-inner\"><div class=\"avia-image-overlay-wrap\"><img decoding=\"async\" class='wp-image-3540 avia-img-lazy-loading-not-3540 avia_image' src=\"https:\/\/www.ekiz-sued.at\/ekiz\/wp-content\/uploads\/2021\/12\/nina.jpg\" alt='' title='nina'  height=\"299\" width=\"200\"  itemprop=\"thumbnailUrl\"  \/><\/div><\/div><\/div><\/div>\n<div  class='hr av-34w0u6-cb15eb58417200fb80cb405f762cc68c hr-default  avia-builder-el-29  el_after_av_one_half  el_before_av_one_half  '><span class='hr-inner '><span class=\"hr-inner-style\"><\/span><\/span><\/div>\n<div class='flex_column av-5pksam-6e8df1472b7ca67bb1ea5fb2cbdca3f9 av_one_half  avia-builder-el-30  el_after_av_hr  el_before_av_one_half  first flex_column_div '   id=\"andrea\"  ><section  class='avia-team-member av-462jke-30c1d5e4589b5b030c7dd99a7c57786c  avia-builder-el-31  avia-builder-el-no-sibling  '  itemscope=\"itemscope\" itemtype=\"https:\/\/schema.org\/Person\" ><h3 class='team-member-name '  itemprop=\"name\" >Andrea Maria Koch, MSc<\/h3><div class='team-member-job-title '  itemprop=\"jobTitle\" >Eltern- & Erziehungsberaterin, Reform- & Kindergartenp\u00e4dagogin<\/div><div class='team-member-description '  itemprop=\"description\" ><p>Seit \u00fcber 18 Jahren arbeite ich nunmehr mit Kindern, Jugendlichen und deren Familien und das mit gr\u00f6\u00dftem Respekt vor dem Menschen, seiner individuellen Entwicklung und mit sehr viel Leidenschaft und Herzblut.<\/p>\n<p>Ich bin verheiratet, Mutter einer wundervollen Tochter und arbeite als akademische Psychologische Beraterin in eigener Praxis mit dem Schwerpunkt in der Eltern- und Erziehungsberatung. Vor meiner Praxiser\u00f6ffnung \u2013 bis zum Jahre 2019 \u2013 war ich mit gro\u00dfer Ehrfurcht in der Marktgemeinde Wagna \u2013 als Kindergartenp\u00e4dagogin, sowie als p\u00e4dagogische Leiterin des Feriendomizils Himmelreich \u2013 t\u00e4tig. <\/p>\n<p>Mit Fr\u00fchjahr dieses Jahres durfte ich mit gro\u00dfer Freude die Eltern-Kind-Spielgruppen am Mittwoch \u00fcbernehmen und als f\u00fchrende Gruppenleiterin auch einen professionell-beratenden Touch mit in die Gruppen bringen.<\/p>\n<p>Bevor Kinder in die erste Bildungseinrichtung kommen, haben sie in einer Eltern-Kind-Spielgruppe die Gelegenheit in gesch\u00fctzter Atmosph\u00e4re und im sicheren Hafen der eigenen Eltern bzw. Bezugsperson(en) erste soziale Erfahrungen unter Gleichaltrigen zu machen. Diesen meist ersten Einstieg in eine Gruppe begleiten zu d\u00fcrfen ist eine gro\u00dfe Ehre f\u00fcr mich. <\/p>\n<\/div><span class='hidden team-member-affiliation'  itemprop=\"affiliation\" >Eltern Kind Zentrum S\u00fcd<\/span><\/section><\/div>\n<div class='flex_column av-4t7vke-5a9335f9f334d02dfbdaa7a4ff755228 av_one_half  avia-builder-el-32  el_after_av_one_half  el_before_av_hr  flex_column_div '   ><style type=\"text\/css\" data-created_by=\"avia_inline_auto\" id=\"style-css-av-kxeqdwae-c678973135048466f19fdcb514196304\">\n.avia-image-container.av-kxeqdwae-c678973135048466f19fdcb514196304 .av-image-caption-overlay-center{\ncolor:#ffffff;\n}\n<\/style>\n<div  class='avia-image-container av-kxeqdwae-c678973135048466f19fdcb514196304 av-styling- avia-align-center  avia-builder-el-33  avia-builder-el-no-sibling  '  itemprop=\"image\" itemscope=\"itemscope\" itemtype=\"https:\/\/schema.org\/ImageObject\" ><div class=\"avia-image-container-inner\"><div class=\"avia-image-overlay-wrap\"><img decoding=\"async\" class='wp-image-4015 avia-img-lazy-loading-not-4015 avia_image' src=\"https:\/\/www.ekiz-sued.at\/ekiz\/wp-content\/uploads\/2022\/09\/andrea-koch-200x300.jpg\" alt='Andrea Koch' title='andrea-koch'  height=\"300\" width=\"200\"  itemprop=\"thumbnailUrl\" srcset=\"https:\/\/www.ekiz-sued.at\/ekiz\/wp-content\/uploads\/2022\/09\/andrea-koch-200x300.jpg 200w, https:\/\/www.ekiz-sued.at\/ekiz\/wp-content\/uploads\/2022\/09\/andrea-koch-682x1024.jpg 682w, https:\/\/www.ekiz-sued.at\/ekiz\/wp-content\/uploads\/2022\/09\/andrea-koch-768x1152.jpg 768w, https:\/\/www.ekiz-sued.at\/ekiz\/wp-content\/uploads\/2022\/09\/andrea-koch-470x705.jpg 470w, https:\/\/www.ekiz-sued.at\/ekiz\/wp-content\/uploads\/2022\/09\/andrea-koch.jpg 933w\" sizes=\"(max-width: 200px) 100vw, 200px\" \/><\/div><\/div><\/div><\/div>\n<div  class='hr av-36pe8e-150b3041c19ee65fc31f9f72665259f4 hr-default  avia-builder-el-34  el_after_av_one_half  el_before_av_one_half  '><span class='hr-inner '><span class=\"hr-inner-style\"><\/span><\/span><\/div>\n<div class='flex_column av-l84gqbtm-fa5bce5222f3b717a2ee945e287e5ef3 av_one_half  avia-builder-el-35  el_after_av_hr  el_before_av_one_half  first flex_column_div '   id=\"nadja\"  ><section  class='avia-team-member av-l84gr2bj-8bde1f296648ba1c5b5f50f984b52e9e  avia-builder-el-36  avia-builder-el-no-sibling  '  itemscope=\"itemscope\" itemtype=\"https:\/\/schema.org\/Person\" ><h3 class='team-member-name '  itemprop=\"name\" >Nadja Golz<\/h3><div class='team-member-job-title '  itemprop=\"jobTitle\" >Kindergarten - und Hortp\u00e4dagogin<\/div><div class='team-member-description '  itemprop=\"description\" ><p>Mein Name ist Nadja Golz, ich bin Kindergarten - und Hortp\u00e4dagogin und wohne mit meinem Mann und unseren beiden S\u00f6hnen in Wagendorf.<\/p>\n<p>Seit meiner ersten Schwangerschaft besuche ich regelm\u00e4\u00dfig das EKIZ S\u00fcd und nutze das vielf\u00e4ltige Angebot. Die Spielgruppen haben mir und meinen Kindern immer gro\u00dfen Spa\u00df gemacht. Umso mehr freue ich mich, nun selbst an den Spielgruppen mitzugestalten.<br \/>\nDas gemeinsame Singen und Tanzen, wie auch Geschichten erz\u00e4hlen und kreative Arbeiten, machen mir besonders Freude.<\/p>\n<p>Es ist wunderbar, in leuchtende Kinderaugen zu blicken. <\/p>\n<\/div><span class='hidden team-member-affiliation'  itemprop=\"affiliation\" >Eltern Kind Zentrum S\u00fcd<\/span><\/section><\/div>\n<div class='flex_column av-1xn3ge-0bc3201dde0631510d2c8fb4bfe8d43d av_one_half  avia-builder-el-37  el_after_av_one_half  el_before_av_hr  flex_column_div '   ><style type=\"text\/css\" data-created_by=\"avia_inline_auto\" id=\"style-css-av-l84grs4z-be5013a66611796c1279ccd9402a4dbd\">\n.avia-image-container.av-l84grs4z-be5013a66611796c1279ccd9402a4dbd .av-image-caption-overlay-center{\ncolor:#ffffff;\n}\n<\/style>\n<div  class='avia-image-container av-l84grs4z-be5013a66611796c1279ccd9402a4dbd av-styling- avia-align-center  avia-builder-el-38  avia-builder-el-no-sibling  '  itemprop=\"image\" itemscope=\"itemscope\" itemtype=\"https:\/\/schema.org\/ImageObject\" ><div class=\"avia-image-container-inner\"><div class=\"avia-image-overlay-wrap\"><img decoding=\"async\" class='wp-image-4021 avia-img-lazy-loading-not-4021 avia_image' src=\"https:\/\/www.ekiz-sued.at\/ekiz\/wp-content\/uploads\/2022\/09\/nadja-289x300.jpg\" alt='Nadja Golz' title='nadja'  height=\"300\" width=\"289\"  itemprop=\"thumbnailUrl\" srcset=\"https:\/\/www.ekiz-sued.at\/ekiz\/wp-content\/uploads\/2022\/09\/nadja-289x300.jpg 289w, https:\/\/www.ekiz-sued.at\/ekiz\/wp-content\/uploads\/2022\/09\/nadja-987x1024.jpg 987w, https:\/\/www.ekiz-sued.at\/ekiz\/wp-content\/uploads\/2022\/09\/nadja-768x797.jpg 768w, https:\/\/www.ekiz-sued.at\/ekiz\/wp-content\/uploads\/2022\/09\/nadja-36x36.jpg 36w, https:\/\/www.ekiz-sued.at\/ekiz\/wp-content\/uploads\/2022\/09\/nadja-679x705.jpg 679w, https:\/\/www.ekiz-sued.at\/ekiz\/wp-content\/uploads\/2022\/09\/nadja.jpg 1080w\" sizes=\"(max-width: 289px) 100vw, 289px\" \/><\/div><\/div><\/div><\/div>\n<div  class='hr av-2tkkmm-06d42efd6297663b58144678d6c692cb hr-default  avia-builder-el-39  el_after_av_one_half  el_before_av_one_half  '><span class='hr-inner '><span class=\"hr-inner-style\"><\/span><\/span><\/div>\n<div class='flex_column av-aijda-5409a932cbfc58586341f2c6d8243514 av_one_half  avia-builder-el-40  el_after_av_hr  el_before_av_one_half  first flex_column_div '   id=\"nadja\"  ><section  class='avia-team-member av-mdh6auyt-426633dc48197e76824e3ea5adf09ebe  avia-builder-el-41  avia-builder-el-no-sibling  '  itemscope=\"itemscope\" itemtype=\"https:\/\/schema.org\/Person\" ><h3 class='team-member-name '  itemprop=\"name\" >Isabella Tropper<\/h3><div class='team-member-job-title '  itemprop=\"jobTitle\" >Dipl. Gesundheitsp\u00e4dagogin f\u00fcr Kinder Kindermentaltrainerin<\/div><div class='team-member-description '  itemprop=\"description\" ><p><b>\u201eWie k\u00f6nnen wir unsere Kinder f\u00f6rdern, sie bestm\u00f6glich<br \/>\nunterst\u00fctzen und individuell auf ihrem Lebensweg begleiten? Was<br \/>\nk\u00f6nnen wir tun, um ihr Immunsystem, ihr pers\u00f6nliches<br \/>\nBewusstsein und ihre Gesundheit zu st\u00e4rken?\u201c <\/b><br \/>\nDiese Fragen besch\u00e4ftigen uns Eltern immer h\u00e4ufiger.<\/p>\n<p>Mit der Ausbildung zur diplomierten Kinder-Gesundheitsp\u00e4dagogin<br \/>\nkonnte ich mich intensiv mit genau diesen Themen auseinandersetzen.<br \/>\nNach der Geburt meiner beiden wundervollen Kinder versp\u00fcrte ich den<br \/>\nWunsch nach einer beru\u2019ichen Ver\u00e4nderung. In der Eltern-Kind-<br \/>\nSpielgruppe habe ich erlebt, wie viel leichter der Mama-Alltag wird,<br \/>\nwenn Austausch und Information m\u00f6glich sind. Es wurde mir schnell<br \/>\nklar: Ich m\u00f6chte Familien begleiten, mit Fachwissen, Erfahrung und<br \/>\nHerz.<\/p>\n<p>Die Gesundheit unserer Kinder, unserer Zukunft, ist f\u00fcr mich ein echtes<br \/>\nHerzensanliegen. Der Austausch mit anderen Eltern, das Weitergeben<br \/>\nvon Tipps und das gemeinsame Wachsen haben mein Leben sehr<br \/>\nbereichert.<\/p>\n<p>Deshalb freue ich mich sehr, Teil des Teams im EKIZ S\u00fcd zu sein, um<br \/>\nFamilien auf ihrem Weg zu st\u00e4rken und zu begleiten<\/p>\n<\/div><span class='hidden team-member-affiliation'  itemprop=\"affiliation\" >Eltern Kind Zentrum S\u00fcd<\/span><\/section><\/div><div class='flex_column av-272loe-7f0ddfa764ab49d81fbf54e6a2f3aaf3 av_one_half  avia-builder-el-42  el_after_av_one_half  el_before_av_hr  flex_column_div '   id=\"isabella\"  ><style type=\"text\/css\" data-created_by=\"avia_inline_auto\" id=\"style-css-av-mdh69c6f-ffd0ded287ae3305f643f3f984145cb0\">\n.avia-image-container.av-mdh69c6f-ffd0ded287ae3305f643f3f984145cb0 .av-image-caption-overlay-center{\ncolor:#ffffff;\n}\n<\/style>\n<div  class='avia-image-container av-mdh69c6f-ffd0ded287ae3305f643f3f984145cb0 av-styling- avia-align-center  avia-builder-el-43  avia-builder-el-no-sibling  '  itemprop=\"image\" itemscope=\"itemscope\" itemtype=\"https:\/\/schema.org\/ImageObject\" ><div class=\"avia-image-container-inner\"><div class=\"avia-image-overlay-wrap\"><img decoding=\"async\" class='wp-image-4261 avia-img-lazy-loading-not-4261 avia_image' src=\"https:\/\/www.ekiz-sued.at\/ekiz\/wp-content\/uploads\/2025\/07\/Foto_Isabella-225x300.jpeg\" alt='Isabella Tropper' title='Foto_Isabella'  height=\"300\" width=\"225\"  itemprop=\"thumbnailUrl\" srcset=\"https:\/\/www.ekiz-sued.at\/ekiz\/wp-content\/uploads\/2025\/07\/Foto_Isabella-225x300.jpeg 225w, https:\/\/www.ekiz-sued.at\/ekiz\/wp-content\/uploads\/2025\/07\/Foto_Isabella-769x1024.jpeg 769w, https:\/\/www.ekiz-sued.at\/ekiz\/wp-content\/uploads\/2025\/07\/Foto_Isabella-768x1022.jpeg 768w, https:\/\/www.ekiz-sued.at\/ekiz\/wp-content\/uploads\/2025\/07\/Foto_Isabella-300x400.jpeg 300w, https:\/\/www.ekiz-sued.at\/ekiz\/wp-content\/uploads\/2025\/07\/Foto_Isabella-1154x1536.jpeg 1154w, https:\/\/www.ekiz-sued.at\/ekiz\/wp-content\/uploads\/2025\/07\/Foto_Isabella-1127x1500.jpeg 1127w, https:\/\/www.ekiz-sued.at\/ekiz\/wp-content\/uploads\/2025\/07\/Foto_Isabella-530x705.jpeg 530w, https:\/\/www.ekiz-sued.at\/ekiz\/wp-content\/uploads\/2025\/07\/Foto_Isabella.jpeg 1202w\" sizes=\"(max-width: 225px) 100vw, 225px\" \/><\/div><\/div><\/div><\/div><\/p>\n<div  class='hr av-2f3yce-4ef6adc6bcb3a326ccf45411907c3130 hr-default  avia-builder-el-44  el_after_av_one_half  el_before_av_one_half  '><span class='hr-inner '><span class=\"hr-inner-style\"><\/span><\/span><\/div>\n<div class='flex_column av-3w8w32-84383a1aeb60628d58e3c9e710a83ab2 av_one_half  avia-builder-el-45  el_after_av_hr  el_before_av_hr  first flex_column_div '   id=\"nadja\"  ><section  class='avia-team-member av-l84h4iy0-a7b14393f1d97f63091d7a86b36fbf0f  avia-builder-el-46  avia-builder-el-no-sibling  '  itemscope=\"itemscope\" itemtype=\"https:\/\/schema.org\/Person\" ><h3 class='team-member-name '  itemprop=\"name\" >Sandrine Barta<\/h3><div class='team-member-job-title '  itemprop=\"jobTitle\" >Spielgruppenleiterin<\/div><div class='team-member-description '  itemprop=\"description\" ><p>Ich bin verheiratet und Mutter von zwei Buben.<\/p>\n<p>Es gef\u00e4llt mir sehr, in die Welt der Kinder abzutauchen und ihre helfende Hand zu sein. Ich freue mich auf viele spannende Erlebnisse und Abenteuer mit den Spielgruppenkindern.<\/p>\n<\/div><span class='hidden team-member-affiliation'  itemprop=\"affiliation\" >Eltern Kind Zentrum S\u00fcd<\/span><\/section><\/div>\n<div  class='hr av-31uhxq-98cc9e5e19604ecdd0bbbfb9e8b5e74f hr-default  avia-builder-el-47  el_after_av_one_half  avia-builder-el-last  '><span class='hr-inner '><span class=\"hr-inner-style\"><\/span><\/span><\/div>\n","protected":false},"excerpt":{"rendered":"<p>This is a Page excerpt. It will be displayed for search results<\/p>\n","protected":false},"author":1,"featured_media":0,"parent":0,"menu_order":3,"comment_status":"open","ping_status":"closed","template":"","meta":{"footnotes":""},"class_list":["post-1070","page","type-page","status-publish","hentry"],"_links":{"self":[{"href":"https:\/\/www.ekiz-sued.at\/ekiz\/wp-json\/wp\/v2\/pages\/1070","targetHints":{"allow":["GET"]}}],"collection":[{"href":"https:\/\/www.ekiz-sued.at\/ekiz\/wp-json\/wp\/v2\/pages"}],"about":[{"href":"https:\/\/www.ekiz-sued.at\/ekiz\/wp-json\/wp\/v2\/types\/page"}],"author":[{"embeddable":true,"href":"https:\/\/www.ekiz-sued.at\/ekiz\/wp-json\/wp\/v2\/users\/1"}],"replies":[{"embeddable":true,"href":"https:\/\/www.ekiz-sued.at\/ekiz\/wp-json\/wp\/v2\/comments?post=1070"}],"version-history":[{"count":59,"href":"https:\/\/www.ekiz-sued.at\/ekiz\/wp-json\/wp\/v2\/pages\/1070\/revisions"}],"predecessor-version":[{"id":4268,"href":"https:\/\/www.ekiz-sued.at\/ekiz\/wp-json\/wp\/v2\/pages\/1070\/revisions\/4268"}],"wp:attachment":[{"href":"https:\/\/www.ekiz-sued.at\/ekiz\/wp-json\/wp\/v2\/media?parent=1070"}],"curies":[{"name":"wp","href":"https:\/\/api.w.org\/{rel}","templated":true}]}}